{"id":10627,"date":"2020-10-03T04:25:00","date_gmt":"2020-10-03T04:25:00","guid":{"rendered":"https:\/\/bacusevents.com\/home\/"},"modified":"2025-03-04T18:14:00","modified_gmt":"2025-03-04T18:14:00","slug":"home","status":"publish","type":"page","link":"https:\/\/bacusevents.com\/ca\/home\/","title":{"rendered":"HOME"},"content":{"rendered":"<div class=\"flex_column av_one_full  av-animated-generic av-rotateIn  no_margin flex_column_div first  avia-builder-el-0  el_before_av_section  avia-builder-el-no-sibling   \" style='margin-top:50px; margin-bottom:50px; background:url(https:\/\/bacusevents.com\/wp-content\/uploads\/2020\/10\/Evento-Arena-Barcelona-09-2.jpg) top left no-repeat ; -webkit-transform: scale(1.2); -ms-transform: scale(1.2); transform: scale(1.2); z-index: 4;padding:300px; background-color:#000000; border-radius:0px; '><\/div>\n<\/div><\/div><\/div><!-- close content main div --><\/div><\/div><div id='intro' class='avia-section main_color avia-section-default avia-no-border-styling avia-bg-style-scroll   container_wrap sidebar_right' style=' '  ><div class='container' ><div class='template-page content  av-content-small alpha units'><div class='post-entry post-entry-type-page post-entry-10627'><div class='entry-content-wrapper clearfix'>\n<div class=\"flex_column av_one_half  av-animated-generic fade-in  flex_column_div av-zero-column-padding first  \" style='border-radius:0px; '><section class=\"av_textblock_section \"  itemscope=\"itemscope\" itemtype=\"https:\/\/schema.org\/CreativeWork\" ><div class='avia_textblock  '   itemprop=\"text\" ><p><span style=\"font-family: graphik-regular;\">A <strong>Bacus Events<\/strong><\/span> som experts en la creaci\u00f3, el desenvolupament i la producci\u00f3 integral de tot tipus d&#8217;esdeveniments corporatius. Treballem colze a colze amb tu, comprenent les teves necessitats i objectius per dissenyar propostes totalment personalitzades i fer-les realitat amb una efici\u00e8ncia i rapidesa incomparables.<\/p>\n<p>Ens apassionen els reptes i creiem en el poder dels esdeveniments per connectar, emocionar i inspirar. Creativitat i innovaci\u00f3 s\u00f3n els nostres aliats per sortir de la zona de confort i sorprendre a cada projecte.<\/p>\n<\/div><\/section><\/div><div class=\"flex_column av_one_half  av-animated-generic fade-in  flex_column_div av-zero-column-padding   \" style='border-radius:0px; '><section class=\"av_textblock_section \"  itemscope=\"itemscope\" itemtype=\"https:\/\/schema.org\/CreativeWork\" ><div class='avia_textblock  '   itemprop=\"text\" ><p>Som especialistes en Congressos i Convencions impactants, Llan\u00e7aments de Productes memorables, Sopars de Gala i Esdeveniments Tem\u00e0tics \u00fanics, Summer i Xmas Parties inoblidables, Family Days i activitats de Teambuilding din\u00e0miques, Inauguracions i Esdeveniments Institucionals amb estil, Fires, Stands i Brandings.<\/p>\n<p> El nostre objectiu \u00e9s clar: rendibilitzar el teu temps i convertir-te en una figura clau de l equip, treballant junts amb una missi\u00f3 comuna.<\/p>\n<p> T&#8217;atreveixes a viure una experi\u00e8ncia \u00fanica amb <strong>Bacus Events<\/strong> ?<\/p>\n<\/div><\/section><\/div><\/div><\/div><\/div><!-- close content main div --><\/div><\/div><div id='after_section_1' class='main_color av_default_container_wrap container_wrap sidebar_right' style=' '  ><div class='container' ><div class='template-page content  av-content-small alpha units'><div class='post-entry post-entry-type-page post-entry-10627'><div class='entry-content-wrapper clearfix'><\/div><\/div><\/div><!-- close content main div --><\/div><\/div><div id='av_section_2' class='avia-section main_color avia-section-default avia-no-border-styling avia-bg-style-scroll   container_wrap sidebar_right' style='background-color: #f8f8f8;  '  ><div class='container' ><div class='template-page content  av-content-small alpha units'><div class='post-entry post-entry-type-page post-entry-10627'><div class='entry-content-wrapper clearfix'>\n<div style='padding-bottom:0px; color:#000000;font-size:30px;' class='av-special-heading av-special-heading-h1 custom-color-heading blockquote modern-quote modern-centered   av-inherit-size '><h1 class='av-special-heading-tag '  itemprop=\"headline\"  >Esdeveniments Destacats<\/h1><div class='special-heading-border'><div class='special-heading-inner-border' style='border-color:#000000'><\/div><\/div><\/div>\n<\/div><\/div><\/div><!-- close content main div --><\/div><\/div><div id='after_section_2' class='main_color av_default_container_wrap container_wrap sidebar_right' style=' '  ><div class='container' ><div class='template-page content  av-content-small alpha units'><div class='post-entry post-entry-type-page post-entry-10627'><div class='entry-content-wrapper clearfix'><\/p>\n<div class=\"av-portfolio-grid-sorting-container\"><div class='sort_width_container  av-sort-yes' data-portfolio-id='1' ><div id='js_sort_items' ><div class='sort_by_cat hidden '><a href=\"#\" data-filter=\"all_sort\" class=\"all_sort_button active_sort\"><span class=\"inner_sort_button\"><span>All<\/span><small class=\"av-cat-count\"> 6 <\/small><\/span><\/a><\/div><\/div><\/div><div class=' grid-sort-container isotope   no_margin-container with-title-container grid-total-even grid-col-3 grid-links-' data-portfolio-id='1'><div data-ajax-id='11274' class=' grid-entry flex_column isotope-item all_sort no_margin post-entry post-entry-11274 grid-entry-overview grid-loop-1 grid-parity-odd  congressos-i-convencions_sort  av_one_third first default_av_fullwidth '><article class='main_color inner-entry'  itemscope=\"itemscope\" itemtype=\"https:\/\/schema.org\/CreativeWork\" ><a href='https:\/\/bacusevents.com\/ca\/portfolio-item\/02-mitja-markt-tots-volem-tot\/' title='02-MITJA MARKT - Tots Volem Tot'  data-rel='grid-1' class='grid-image avia-hover-fx'><img fetchpriority=\"high\" decoding=\"async\" width=\"1030\" height=\"687\" src=\"https:\/\/bacusevents.com\/wp-content\/uploads\/2023\/04\/1-MM-PORTADA--1030x687.jpg\" class=\"attachment-large size-large wp-post-image\" alt=\"P\u00fablico asistente a evento corporativo de MediaMarkt, sentados en c\u00edrculo, con proyecciones gigantes de &quot;SPOTS TV&quot; en pantallas rojas.\" srcset=\"https:\/\/bacusevents.com\/wp-content\/uploads\/2023\/04\/1-MM-PORTADA--1030x687.jpg 1030w, https:\/\/bacusevents.com\/wp-content\/uploads\/2023\/04\/1-MM-PORTADA--768x513.jpg 768w, https:\/\/bacusevents.com\/wp-content\/uploads\/2023\/04\/1-MM-PORTADA--445x296.jpg 445w, https:\/\/bacusevents.com\/wp-content\/uploads\/2023\/04\/1-MM-PORTADA--412x275.jpg 412w, https:\/\/bacusevents.com\/wp-content\/uploads\/2023\/04\/1-MM-PORTADA--300x200.jpg 300w, https:\/\/bacusevents.com\/wp-content\/uploads\/2023\/04\/1-MM-PORTADA--1536x1025.jpg 1536w, https:\/\/bacusevents.com\/wp-content\/uploads\/2023\/04\/1-MM-PORTADA--2048x1367.jpg 2048w, https:\/\/bacusevents.com\/wp-content\/uploads\/2023\/04\/1-MM-PORTADA--1500x1001.jpg 1500w, https:\/\/bacusevents.com\/wp-content\/uploads\/2023\/04\/1-MM-PORTADA--705x471.jpg 705w, https:\/\/bacusevents.com\/wp-content\/uploads\/2023\/04\/1-MM-PORTADA--450x300.jpg 450w\" sizes=\"(max-width: 1030px) 100vw, 1030px\" \/><\/a><div class='grid-content'><div class='avia-arrow'><\/div><header class=\"entry-content-header\"><h3 class='grid-entry-title entry-title '  itemprop=\"headline\" ><a href='https:\/\/bacusevents.com\/ca\/portfolio-item\/02-mitja-markt-tots-volem-tot\/' title='02-MITJA MARKT - Tots Volem Tot'>02-MITJA MARKT - Tots Volem Tot<\/a><\/h3><\/header><\/div><footer class=\"entry-footer\"><\/footer><\/article><\/div><div data-ajax-id='11277' class=' grid-entry flex_column isotope-item all_sort no_margin post-entry post-entry-11277 grid-entry-overview grid-loop-2 grid-parity-even  congressos-i-convencions_sort esdeveniments-corporatius_sort  av_one_third  default_av_fullwidth '><article class='main_color inner-entry'  itemscope=\"itemscope\" itemtype=\"https:\/\/schema.org\/CreativeWork\" ><a href='https:\/\/bacusevents.com\/ca\/portfolio-item\/10-vidacaixa-esdeveniment-anual-madrid\/' title='10-VIDACAIXA - Esdeveniment anual Madrid'  data-rel='grid-1' class='grid-image avia-hover-fx'><img decoding=\"async\" width=\"1030\" height=\"687\" src=\"https:\/\/bacusevents.com\/wp-content\/uploads\/2023\/04\/02-VIDACAIXA-MAD-Bacus-Events-1030x687.jpg\" class=\"attachment-large size-large wp-post-image\" alt=\"Concierto en evento corporativo de VidaCaixa en Madrid, con asistentes bailando y luces esc\u00e9nicas en tonos morados, verdes y amarillos.\" srcset=\"https:\/\/bacusevents.com\/wp-content\/uploads\/2023\/04\/02-VIDACAIXA-MAD-Bacus-Events-1030x687.jpg 1030w, https:\/\/bacusevents.com\/wp-content\/uploads\/2023\/04\/02-VIDACAIXA-MAD-Bacus-Events-768x513.jpg 768w, https:\/\/bacusevents.com\/wp-content\/uploads\/2023\/04\/02-VIDACAIXA-MAD-Bacus-Events-445x296.jpg 445w, https:\/\/bacusevents.com\/wp-content\/uploads\/2023\/04\/02-VIDACAIXA-MAD-Bacus-Events-412x275.jpg 412w, https:\/\/bacusevents.com\/wp-content\/uploads\/2023\/04\/02-VIDACAIXA-MAD-Bacus-Events-300x200.jpg 300w, https:\/\/bacusevents.com\/wp-content\/uploads\/2023\/04\/02-VIDACAIXA-MAD-Bacus-Events-1536x1025.jpg 1536w, https:\/\/bacusevents.com\/wp-content\/uploads\/2023\/04\/02-VIDACAIXA-MAD-Bacus-Events-2048x1367.jpg 2048w, https:\/\/bacusevents.com\/wp-content\/uploads\/2023\/04\/02-VIDACAIXA-MAD-Bacus-Events-1500x1001.jpg 1500w, https:\/\/bacusevents.com\/wp-content\/uploads\/2023\/04\/02-VIDACAIXA-MAD-Bacus-Events-705x471.jpg 705w, https:\/\/bacusevents.com\/wp-content\/uploads\/2023\/04\/02-VIDACAIXA-MAD-Bacus-Events-450x300.jpg 450w\" sizes=\"(max-width: 1030px) 100vw, 1030px\" \/><\/a><div class='grid-content'><div class='avia-arrow'><\/div><header class=\"entry-content-header\"><h3 class='grid-entry-title entry-title '  itemprop=\"headline\" ><a href='https:\/\/bacusevents.com\/ca\/portfolio-item\/10-vidacaixa-esdeveniment-anual-madrid\/' title='10-VIDACAIXA - Esdeveniment anual Madrid'>10-VIDACAIXA - Esdeveniment anual Madrid<\/a><\/h3><\/header><\/div><footer class=\"entry-footer\"><\/footer><\/article><\/div><div data-ajax-id='11247' class=' grid-entry flex_column isotope-item all_sort no_margin post-entry post-entry-11247 grid-entry-overview grid-loop-3 grid-parity-odd  congressos-i-convencions_sort esdeveniments-corporatius_sort  av_one_third  default_av_fullwidth '><article class='main_color inner-entry'  itemscope=\"itemscope\" itemtype=\"https:\/\/schema.org\/CreativeWork\" ><a href='https:\/\/bacusevents.com\/ca\/portfolio-item\/11-adp-cuban-party\/' title='11-ADP - Cuban Party'  data-rel='grid-1' class='grid-image avia-hover-fx'><img decoding=\"async\" width=\"1030\" height=\"687\" src=\"https:\/\/bacusevents.com\/wp-content\/uploads\/2023\/05\/VIDEO-O-PORTADA-1030x687.jpg\" class=\"attachment-large size-large wp-post-image\" alt=\"Photocall tropical con globos de colores y decoraci\u00f3n selv\u00e1tica durante la fiesta tem\u00e1tica cubana de ADP.\" srcset=\"https:\/\/bacusevents.com\/wp-content\/uploads\/2023\/05\/VIDEO-O-PORTADA-1030x687.jpg 1030w, https:\/\/bacusevents.com\/wp-content\/uploads\/2023\/05\/VIDEO-O-PORTADA-768x512.jpg 768w, https:\/\/bacusevents.com\/wp-content\/uploads\/2023\/05\/VIDEO-O-PORTADA-445x296.jpg 445w, https:\/\/bacusevents.com\/wp-content\/uploads\/2023\/05\/VIDEO-O-PORTADA-412x275.jpg 412w, https:\/\/bacusevents.com\/wp-content\/uploads\/2023\/05\/VIDEO-O-PORTADA-300x200.jpg 300w, https:\/\/bacusevents.com\/wp-content\/uploads\/2023\/05\/VIDEO-O-PORTADA-1536x1024.jpg 1536w, https:\/\/bacusevents.com\/wp-content\/uploads\/2023\/05\/VIDEO-O-PORTADA-2048x1366.jpg 2048w, https:\/\/bacusevents.com\/wp-content\/uploads\/2023\/05\/VIDEO-O-PORTADA-1500x1000.jpg 1500w, https:\/\/bacusevents.com\/wp-content\/uploads\/2023\/05\/VIDEO-O-PORTADA-705x470.jpg 705w, https:\/\/bacusevents.com\/wp-content\/uploads\/2023\/05\/VIDEO-O-PORTADA-450x300.jpg 450w\" sizes=\"(max-width: 1030px) 100vw, 1030px\" \/><\/a><div class='grid-content'><div class='avia-arrow'><\/div><header class=\"entry-content-header\"><h3 class='grid-entry-title entry-title '  itemprop=\"headline\" ><a href='https:\/\/bacusevents.com\/ca\/portfolio-item\/11-adp-cuban-party\/' title='11-ADP - Cuban Party'>11-ADP - Cuban Party<\/a><\/h3><\/header><\/div><footer class=\"entry-footer\"><\/footer><\/article><\/div><div data-ajax-id='11135' class=' grid-entry flex_column isotope-item all_sort no_margin post-entry post-entry-11135 grid-entry-overview grid-loop-4 grid-parity-even  congressos-i-convencions_sort esdeveniments-corporatius_sort presentacio-de-producte_sort  av_one_third first default_av_fullwidth '><article class='main_color inner-entry'  itemscope=\"itemscope\" itemtype=\"https:\/\/schema.org\/CreativeWork\" ><a href='https:\/\/bacusevents.com\/ca\/portfolio-item\/12-one-fashion-global-esdeveniment-i-desfilada-internacional\/' title='12-ONE FASHION GLOBAL - Esdeveniment i desfilada Internacional'  data-rel='grid-1' class='grid-image avia-hover-fx'><img loading=\"lazy\" decoding=\"async\" width=\"1030\" height=\"687\" src=\"https:\/\/bacusevents.com\/wp-content\/uploads\/2020\/10\/Evento-desfile-internacional-1-Fashion-Global-1030x687.jpg\" class=\"attachment-large size-large wp-post-image\" alt=\"Evento Internacional Fashion Global\" srcset=\"https:\/\/bacusevents.com\/wp-content\/uploads\/2020\/10\/Evento-desfile-internacional-1-Fashion-Global-1030x687.jpg 1030w, https:\/\/bacusevents.com\/wp-content\/uploads\/2020\/10\/Evento-desfile-internacional-1-Fashion-Global-768x512.jpg 768w, https:\/\/bacusevents.com\/wp-content\/uploads\/2020\/10\/Evento-desfile-internacional-1-Fashion-Global-445x296.jpg 445w, https:\/\/bacusevents.com\/wp-content\/uploads\/2020\/10\/Evento-desfile-internacional-1-Fashion-Global-412x275.jpg 412w, https:\/\/bacusevents.com\/wp-content\/uploads\/2020\/10\/Evento-desfile-internacional-1-Fashion-Global-300x200.jpg 300w, https:\/\/bacusevents.com\/wp-content\/uploads\/2020\/10\/Evento-desfile-internacional-1-Fashion-Global-1536x1024.jpg 1536w, https:\/\/bacusevents.com\/wp-content\/uploads\/2020\/10\/Evento-desfile-internacional-1-Fashion-Global-1500x1000.jpg 1500w, https:\/\/bacusevents.com\/wp-content\/uploads\/2020\/10\/Evento-desfile-internacional-1-Fashion-Global-705x470.jpg 705w, https:\/\/bacusevents.com\/wp-content\/uploads\/2020\/10\/Evento-desfile-internacional-1-Fashion-Global-450x300.jpg 450w, https:\/\/bacusevents.com\/wp-content\/uploads\/2020\/10\/Evento-desfile-internacional-1-Fashion-Global.jpg 1800w\" sizes=\"(max-width: 1030px) 100vw, 1030px\" \/><\/a><div class='grid-content'><div class='avia-arrow'><\/div><header class=\"entry-content-header\"><h3 class='grid-entry-title entry-title '  itemprop=\"headline\" ><a href='https:\/\/bacusevents.com\/ca\/portfolio-item\/12-one-fashion-global-esdeveniment-i-desfilada-internacional\/' title='12-ONE FASHION GLOBAL - Esdeveniment i desfilada Internacional'>12-ONE FASHION GLOBAL - Esdeveniment i desfilada Internacional<\/a><\/h3><\/header><\/div><footer class=\"entry-footer\"><\/footer><\/article><\/div><div data-ajax-id='11050' class=' grid-entry flex_column isotope-item all_sort no_margin post-entry post-entry-11050 grid-entry-overview grid-loop-5 grid-parity-odd  congressos-i-convencions_sort esdeveniments-corporatius_sort  av_one_third  default_av_fullwidth '><article class='main_color inner-entry'  itemscope=\"itemscope\" itemtype=\"https:\/\/schema.org\/CreativeWork\" ><a href='https:\/\/bacusevents.com\/ca\/portfolio-item\/20-novartis-esdeveniment-convencio-anual-i-sopar-de-gala\/' title='20-NOVARTIS - Esdeveniment convenci\u00f3 anual i sopar de gala'  data-rel='grid-1' class='grid-image avia-hover-fx'><img loading=\"lazy\" decoding=\"async\" width=\"1030\" height=\"687\" src=\"https:\/\/bacusevents.com\/wp-content\/uploads\/2020\/10\/Evento-Cena-Tematica-Circo-2015-01-1030x687.jpg\" class=\"attachment-large size-large wp-post-image\" alt=\"Evento con Tem\u00e1tica Circo\" srcset=\"https:\/\/bacusevents.com\/wp-content\/uploads\/2020\/10\/Evento-Cena-Tematica-Circo-2015-01-1030x687.jpg 1030w, https:\/\/bacusevents.com\/wp-content\/uploads\/2020\/10\/Evento-Cena-Tematica-Circo-2015-01-768x512.jpg 768w, https:\/\/bacusevents.com\/wp-content\/uploads\/2020\/10\/Evento-Cena-Tematica-Circo-2015-01-445x296.jpg 445w, https:\/\/bacusevents.com\/wp-content\/uploads\/2020\/10\/Evento-Cena-Tematica-Circo-2015-01-412x275.jpg 412w, https:\/\/bacusevents.com\/wp-content\/uploads\/2020\/10\/Evento-Cena-Tematica-Circo-2015-01-300x200.jpg 300w, https:\/\/bacusevents.com\/wp-content\/uploads\/2020\/10\/Evento-Cena-Tematica-Circo-2015-01-1536x1024.jpg 1536w, https:\/\/bacusevents.com\/wp-content\/uploads\/2020\/10\/Evento-Cena-Tematica-Circo-2015-01-1500x1000.jpg 1500w, https:\/\/bacusevents.com\/wp-content\/uploads\/2020\/10\/Evento-Cena-Tematica-Circo-2015-01-705x470.jpg 705w, https:\/\/bacusevents.com\/wp-content\/uploads\/2020\/10\/Evento-Cena-Tematica-Circo-2015-01-450x300.jpg 450w, https:\/\/bacusevents.com\/wp-content\/uploads\/2020\/10\/Evento-Cena-Tematica-Circo-2015-01.jpg 1800w\" sizes=\"(max-width: 1030px) 100vw, 1030px\" \/><\/a><div class='grid-content'><div class='avia-arrow'><\/div><header class=\"entry-content-header\"><h3 class='grid-entry-title entry-title '  itemprop=\"headline\" ><a href='https:\/\/bacusevents.com\/ca\/portfolio-item\/20-novartis-esdeveniment-convencio-anual-i-sopar-de-gala\/' title='20-NOVARTIS - Esdeveniment convenci\u00f3 anual i sopar de gala'>20-NOVARTIS - Esdeveniment convenci\u00f3 anual i sopar de gala<\/a><\/h3><\/header><\/div><footer class=\"entry-footer\"><\/footer><\/article><\/div><div data-ajax-id='11222' class=' grid-entry flex_column isotope-item all_sort no_margin post-entry post-entry-11222 grid-entry-overview grid-loop-6 grid-parity-even  post-entry-last  congressos-i-convencions_sort esdeveniments-corporatius_sort  av_one_third  default_av_fullwidth '><article class='main_color inner-entry'  itemscope=\"itemscope\" itemtype=\"https:\/\/schema.org\/CreativeWork\" ><a href='https:\/\/bacusevents.com\/ca\/portfolio-item\/28-vidacaixa-esdeveniment-anual-barcelona\/' title='28-VIDACAIXA - Esdeveniment anual Barcelona'  data-rel='grid-1' class='grid-image avia-hover-fx'><img loading=\"lazy\" decoding=\"async\" width=\"1030\" height=\"773\" src=\"https:\/\/bacusevents.com\/wp-content\/uploads\/2023\/04\/IMG_7056-1030x773.webp\" class=\"attachment-large size-large wp-post-image\" alt=\"Sal\u00f3n azul con barra iluminada en el evento de VidaCaixa\" srcset=\"https:\/\/bacusevents.com\/wp-content\/uploads\/2023\/04\/IMG_7056-1030x773.webp 1030w, https:\/\/bacusevents.com\/wp-content\/uploads\/2023\/04\/IMG_7056-300x225.webp 300w, https:\/\/bacusevents.com\/wp-content\/uploads\/2023\/04\/IMG_7056-768x576.webp 768w, https:\/\/bacusevents.com\/wp-content\/uploads\/2023\/04\/IMG_7056-1536x1152.webp 1536w, https:\/\/bacusevents.com\/wp-content\/uploads\/2023\/04\/IMG_7056-2048x1536.webp 2048w, https:\/\/bacusevents.com\/wp-content\/uploads\/2023\/04\/IMG_7056-1500x1125.webp 1500w, https:\/\/bacusevents.com\/wp-content\/uploads\/2023\/04\/IMG_7056-705x529.webp 705w, https:\/\/bacusevents.com\/wp-content\/uploads\/2023\/04\/IMG_7056-450x338.webp 450w\" sizes=\"(max-width: 1030px) 100vw, 1030px\" \/><\/a><div class='grid-content'><div class='avia-arrow'><\/div><header class=\"entry-content-header\"><h3 class='grid-entry-title entry-title '  itemprop=\"headline\" ><a href='https:\/\/bacusevents.com\/ca\/portfolio-item\/28-vidacaixa-esdeveniment-anual-barcelona\/' title='28-VIDACAIXA - Esdeveniment anual Barcelona'>28-VIDACAIXA - Esdeveniment anual Barcelona<\/a><\/h3><\/header><\/div><footer class=\"entry-footer\"><\/footer><\/article><\/div><\/div><\/div>   <!--   class=\"av-portfolio-grid-sorting-container\"  -->\n<div style='height:50px' class='hr hr-invisible   '><span class='hr-inner ' ><span class='hr-inner-style'><\/span><\/span><\/div>\n<div class='avia-video avia-video-16:9   av-lazyload-immediate  av-lazyload-video-embed  '   itemprop=\"video\" itemtype=\"https:\/\/schema.org\/VideoObject\"  data-original_url='' ><script data-jetpack-boost=\"ignore\" type='text\/html' class='av-video-tmpl'><\/script><div class='av-click-to-play-overlay'><div class=\"avia_playpause_icon\"><\/div><\/div><\/div>\n","protected":false},"excerpt":{"rendered":"","protected":false},"author":3,"featured_media":7501,"parent":0,"menu_order":0,"comment_status":"open","ping_status":"closed","template":"","meta":{"footnotes":""},"class_list":["post-10627","page","type-page","status-publish","has-post-thumbnail","hentry"],"yoast_head":"<!-- This site is optimized with the Yoast SEO Premium plugin v27.0 (Yoast SEO v27.5) - https:\/\/yoast.com\/product\/yoast-seo-premium-wordpress\/ -->\n<title>Ag\u00e8ncia d&#039;Esdeveniments: Creant Experi\u00e8ncies \u00daniques - Bacus Events - Creaci\u00f3n y Organizaci\u00f3n de Eventos<\/title>\n<meta name=\"description\" content=\"Transforma els teus esdeveniments corporatius a la nostra Ag\u00e8ncia d&#039;Esdeveniments. Connectem, emocionem i inspirem amb propostes \u00faniques.\" \/>\n<meta name=\"robots\" content=\"index, follow, max-snippet:-1, max-image-preview:large, max-video-preview:-1\" \/>\n<link rel=\"canonical\" href=\"https:\/\/bacusevents.com\/ca\/home\/\" \/>\n<meta property=\"og:locale\" content=\"ca_ES\" \/>\n<meta property=\"og:type\" content=\"article\" \/>\n<meta property=\"og:title\" content=\"HOME\" \/>\n<meta property=\"og:description\" content=\"Transforma els teus esdeveniments corporatius a la nostra Ag\u00e8ncia d&#039;Esdeveniments. Connectem, emocionem i inspirem amb propostes \u00faniques.\" \/>\n<meta property=\"og:url\" content=\"https:\/\/bacusevents.com\/ca\/home\/\" \/>\n<meta property=\"og:site_name\" content=\"Bacus Events - Creaci\u00f3n y Organizaci\u00f3n de Eventos\" \/>\n<meta property=\"article:publisher\" content=\"https:\/\/www.facebook.com\/BacusEventos\" \/>\n<meta property=\"article:modified_time\" content=\"2025-03-04T18:14:00+00:00\" \/>\n<meta property=\"og:image\" content=\"https:\/\/bacusevents.com\/wp-content\/uploads\/2020\/10\/Evento-Arena-Barcelona-09.jpg\" \/>\n\t<meta property=\"og:image:width\" content=\"1024\" \/>\n\t<meta property=\"og:image:height\" content=\"683\" \/>\n\t<meta property=\"og:image:type\" content=\"image\/jpeg\" \/>\n<meta name=\"twitter:card\" content=\"summary_large_image\" \/>\n<meta name=\"twitter:label1\" content=\"Temps estimat de lectura\" \/>\n\t<meta name=\"twitter:data1\" content=\"4 minuts\" \/>\n<script type=\"application\/ld+json\" class=\"yoast-schema-graph\">{\"@context\":\"https:\\\/\\\/schema.org\",\"@graph\":[{\"@type\":\"WebPage\",\"@id\":\"https:\\\/\\\/bacusevents.com\\\/ca\\\/home\\\/\",\"url\":\"https:\\\/\\\/bacusevents.com\\\/ca\\\/home\\\/\",\"name\":\"Ag\u00e8ncia d'Esdeveniments: Creant Experi\u00e8ncies \u00daniques - Bacus Events - Creaci\u00f3n y Organizaci\u00f3n de Eventos\",\"isPartOf\":{\"@id\":\"https:\\\/\\\/bacusevents.com\\\/ca\\\/#website\"},\"primaryImageOfPage\":{\"@id\":\"https:\\\/\\\/bacusevents.com\\\/ca\\\/home\\\/#primaryimage\"},\"image\":{\"@id\":\"https:\\\/\\\/bacusevents.com\\\/ca\\\/home\\\/#primaryimage\"},\"thumbnailUrl\":\"https:\\\/\\\/bacusevents.com\\\/wp-content\\\/uploads\\\/2020\\\/10\\\/Evento-Arena-Barcelona-09.jpg\",\"datePublished\":\"2020-10-03T04:25:00+00:00\",\"dateModified\":\"2025-03-04T18:14:00+00:00\",\"description\":\"Transforma els teus esdeveniments corporatius a la nostra Ag\u00e8ncia d'Esdeveniments. Connectem, emocionem i inspirem amb propostes \u00faniques.\",\"breadcrumb\":{\"@id\":\"https:\\\/\\\/bacusevents.com\\\/ca\\\/home\\\/#breadcrumb\"},\"inLanguage\":\"ca\",\"potentialAction\":[{\"@type\":\"ReadAction\",\"target\":[\"https:\\\/\\\/bacusevents.com\\\/ca\\\/home\\\/\"]}]},{\"@type\":\"ImageObject\",\"inLanguage\":\"ca\",\"@id\":\"https:\\\/\\\/bacusevents.com\\\/ca\\\/home\\\/#primaryimage\",\"url\":\"https:\\\/\\\/bacusevents.com\\\/wp-content\\\/uploads\\\/2020\\\/10\\\/Evento-Arena-Barcelona-09.jpg\",\"contentUrl\":\"https:\\\/\\\/bacusevents.com\\\/wp-content\\\/uploads\\\/2020\\\/10\\\/Evento-Arena-Barcelona-09.jpg\",\"width\":1024,\"height\":683,\"caption\":\"Evento Arena Barcelona\"},{\"@type\":\"BreadcrumbList\",\"@id\":\"https:\\\/\\\/bacusevents.com\\\/ca\\\/home\\\/#breadcrumb\",\"itemListElement\":[{\"@type\":\"ListItem\",\"position\":1,\"name\":\"Portada\",\"item\":\"https:\\\/\\\/bacusevents.com\\\/ca\\\/\"},{\"@type\":\"ListItem\",\"position\":2,\"name\":\"HOME\"}]},{\"@type\":\"WebSite\",\"@id\":\"https:\\\/\\\/bacusevents.com\\\/ca\\\/#website\",\"url\":\"https:\\\/\\\/bacusevents.com\\\/ca\\\/\",\"name\":\"Bacus Events - Creaci\u00f3n y Organizaci\u00f3n de Eventos\",\"description\":\"Bacus Events - Creaci\u00f3n y Organizaci\u00f3n de Eventos\",\"publisher\":{\"@id\":\"https:\\\/\\\/bacusevents.com\\\/ca\\\/#organization\"},\"potentialAction\":[{\"@type\":\"SearchAction\",\"target\":{\"@type\":\"EntryPoint\",\"urlTemplate\":\"https:\\\/\\\/bacusevents.com\\\/ca\\\/?s={search_term_string}\"},\"query-input\":{\"@type\":\"PropertyValueSpecification\",\"valueRequired\":true,\"valueName\":\"search_term_string\"}}],\"inLanguage\":\"ca\"},{\"@type\":\"Organization\",\"@id\":\"https:\\\/\\\/bacusevents.com\\\/ca\\\/#organization\",\"name\":\"Bacus Events - Creaci\u00f3n y Organizaci\u00f3n de Eventos\",\"url\":\"https:\\\/\\\/bacusevents.com\\\/ca\\\/\",\"logo\":{\"@type\":\"ImageObject\",\"inLanguage\":\"ca\",\"@id\":\"https:\\\/\\\/bacusevents.com\\\/ca\\\/#\\\/schema\\\/logo\\\/image\\\/\",\"url\":\"https:\\\/\\\/bacusevents.com\\\/wp-content\\\/uploads\\\/2025\\\/03\\\/BacusEvents-5.png\",\"contentUrl\":\"https:\\\/\\\/bacusevents.com\\\/wp-content\\\/uploads\\\/2025\\\/03\\\/BacusEvents-5.png\",\"width\":393,\"height\":426,\"caption\":\"Bacus Events - Creaci\u00f3n y Organizaci\u00f3n de Eventos\"},\"image\":{\"@id\":\"https:\\\/\\\/bacusevents.com\\\/ca\\\/#\\\/schema\\\/logo\\\/image\\\/\"},\"sameAs\":[\"https:\\\/\\\/www.facebook.com\\\/BacusEventos\",\"https:\\\/\\\/www.instagram.com\\\/bacusevents\\\/\",\"https:\\\/\\\/www.linkedin.com\\\/company\\\/1481874\\\/admin\\\/dashboard\\\/\"]}]}<\/script>\n<!-- \/ Yoast SEO Premium plugin. -->","yoast_head_json":{"title":"Ag\u00e8ncia d'Esdeveniments: Creant Experi\u00e8ncies \u00daniques - Bacus Events - Creaci\u00f3n y Organizaci\u00f3n de Eventos","description":"Transforma els teus esdeveniments corporatius a la nostra Ag\u00e8ncia d'Esdeveniments. Connectem, emocionem i inspirem amb propostes \u00faniques.","robots":{"index":"index","follow":"follow","max-snippet":"max-snippet:-1","max-image-preview":"max-image-preview:large","max-video-preview":"max-video-preview:-1"},"canonical":"https:\/\/bacusevents.com\/ca\/home\/","og_locale":"ca_ES","og_type":"article","og_title":"HOME","og_description":"Transforma els teus esdeveniments corporatius a la nostra Ag\u00e8ncia d'Esdeveniments. Connectem, emocionem i inspirem amb propostes \u00faniques.","og_url":"https:\/\/bacusevents.com\/ca\/home\/","og_site_name":"Bacus Events - Creaci\u00f3n y Organizaci\u00f3n de Eventos","article_publisher":"https:\/\/www.facebook.com\/BacusEventos","article_modified_time":"2025-03-04T18:14:00+00:00","og_image":[{"width":1024,"height":683,"url":"https:\/\/bacusevents.com\/wp-content\/uploads\/2020\/10\/Evento-Arena-Barcelona-09.jpg","type":"image\/jpeg"}],"twitter_card":"summary_large_image","twitter_misc":{"Temps estimat de lectura":"4 minuts"},"schema":{"@context":"https:\/\/schema.org","@graph":[{"@type":"WebPage","@id":"https:\/\/bacusevents.com\/ca\/home\/","url":"https:\/\/bacusevents.com\/ca\/home\/","name":"Ag\u00e8ncia d'Esdeveniments: Creant Experi\u00e8ncies \u00daniques - Bacus Events - Creaci\u00f3n y Organizaci\u00f3n de Eventos","isPartOf":{"@id":"https:\/\/bacusevents.com\/ca\/#website"},"primaryImageOfPage":{"@id":"https:\/\/bacusevents.com\/ca\/home\/#primaryimage"},"image":{"@id":"https:\/\/bacusevents.com\/ca\/home\/#primaryimage"},"thumbnailUrl":"https:\/\/bacusevents.com\/wp-content\/uploads\/2020\/10\/Evento-Arena-Barcelona-09.jpg","datePublished":"2020-10-03T04:25:00+00:00","dateModified":"2025-03-04T18:14:00+00:00","description":"Transforma els teus esdeveniments corporatius a la nostra Ag\u00e8ncia d'Esdeveniments. Connectem, emocionem i inspirem amb propostes \u00faniques.","breadcrumb":{"@id":"https:\/\/bacusevents.com\/ca\/home\/#breadcrumb"},"inLanguage":"ca","potentialAction":[{"@type":"ReadAction","target":["https:\/\/bacusevents.com\/ca\/home\/"]}]},{"@type":"ImageObject","inLanguage":"ca","@id":"https:\/\/bacusevents.com\/ca\/home\/#primaryimage","url":"https:\/\/bacusevents.com\/wp-content\/uploads\/2020\/10\/Evento-Arena-Barcelona-09.jpg","contentUrl":"https:\/\/bacusevents.com\/wp-content\/uploads\/2020\/10\/Evento-Arena-Barcelona-09.jpg","width":1024,"height":683,"caption":"Evento Arena Barcelona"},{"@type":"BreadcrumbList","@id":"https:\/\/bacusevents.com\/ca\/home\/#breadcrumb","itemListElement":[{"@type":"ListItem","position":1,"name":"Portada","item":"https:\/\/bacusevents.com\/ca\/"},{"@type":"ListItem","position":2,"name":"HOME"}]},{"@type":"WebSite","@id":"https:\/\/bacusevents.com\/ca\/#website","url":"https:\/\/bacusevents.com\/ca\/","name":"Bacus Events - Creaci\u00f3n y Organizaci\u00f3n de Eventos","description":"Bacus Events - Creaci\u00f3n y Organizaci\u00f3n de Eventos","publisher":{"@id":"https:\/\/bacusevents.com\/ca\/#organization"},"potentialAction":[{"@type":"SearchAction","target":{"@type":"EntryPoint","urlTemplate":"https:\/\/bacusevents.com\/ca\/?s={search_term_string}"},"query-input":{"@type":"PropertyValueSpecification","valueRequired":true,"valueName":"search_term_string"}}],"inLanguage":"ca"},{"@type":"Organization","@id":"https:\/\/bacusevents.com\/ca\/#organization","name":"Bacus Events - Creaci\u00f3n y Organizaci\u00f3n de Eventos","url":"https:\/\/bacusevents.com\/ca\/","logo":{"@type":"ImageObject","inLanguage":"ca","@id":"https:\/\/bacusevents.com\/ca\/#\/schema\/logo\/image\/","url":"https:\/\/bacusevents.com\/wp-content\/uploads\/2025\/03\/BacusEvents-5.png","contentUrl":"https:\/\/bacusevents.com\/wp-content\/uploads\/2025\/03\/BacusEvents-5.png","width":393,"height":426,"caption":"Bacus Events - Creaci\u00f3n y Organizaci\u00f3n de Eventos"},"image":{"@id":"https:\/\/bacusevents.com\/ca\/#\/schema\/logo\/image\/"},"sameAs":["https:\/\/www.facebook.com\/BacusEventos","https:\/\/www.instagram.com\/bacusevents\/","https:\/\/www.linkedin.com\/company\/1481874\/admin\/dashboard\/"]}]}},"_links":{"self":[{"href":"https:\/\/bacusevents.com\/ca\/wp-json\/wp\/v2\/pages\/10627","targetHints":{"allow":["GET"]}}],"collection":[{"href":"https:\/\/bacusevents.com\/ca\/wp-json\/wp\/v2\/pages"}],"about":[{"href":"https:\/\/bacusevents.com\/ca\/wp-json\/wp\/v2\/types\/page"}],"author":[{"embeddable":true,"href":"https:\/\/bacusevents.com\/ca\/wp-json\/wp\/v2\/users\/3"}],"replies":[{"embeddable":true,"href":"https:\/\/bacusevents.com\/ca\/wp-json\/wp\/v2\/comments?post=10627"}],"version-history":[{"count":6,"href":"https:\/\/bacusevents.com\/ca\/wp-json\/wp\/v2\/pages\/10627\/revisions"}],"predecessor-version":[{"id":11633,"href":"https:\/\/bacusevents.com\/ca\/wp-json\/wp\/v2\/pages\/10627\/revisions\/11633"}],"wp:featuredmedia":[{"embeddable":true,"href":"https:\/\/bacusevents.com\/ca\/wp-json\/wp\/v2\/media\/7501"}],"wp:attachment":[{"href":"https:\/\/bacusevents.com\/ca\/wp-json\/wp\/v2\/media?parent=10627"}],"curies":[{"name":"wp","href":"https:\/\/api.w.org\/{rel}","templated":true}]}}