{"id":10629,"date":"2017-02-02T12:27:50","date_gmt":"2017-02-02T12:27:50","guid":{"rendered":"https:\/\/bacusevents.com\/projectes\/"},"modified":"2025-03-04T18:14:10","modified_gmt":"2025-03-04T18:14:10","slug":"projectes","status":"publish","type":"page","link":"https:\/\/bacusevents.com\/ca\/projectes\/","title":{"rendered":"PROJECTES"},"content":{"rendered":"<div id='av_section_1' class='avia-section main_color avia-section-huge avia-no-shadow avia-full-stretch av-section-color-overlay-active avia-bg-style-scroll  avia-builder-el-0  el_before_av_submenu  avia-builder-el-first    container_wrap sidebar_right' style='background-repeat: no-repeat; background-image: url(https:\/\/bacusevents.com\/wp-content\/uploads\/2020\/10\/Evento-Arena-Barcelona-09-1024x423.jpg);background-attachment: scroll; background-position: top center;  '  data-section-bg-repeat='stretch'><div class='av-section-color-overlay-wrap'><div class='av-section-color-overlay' style='opacity: 0.6; background-color: #000000; '><\/div><div class='container' ><main  role=\"main\" itemprop=\"mainContentOfPage\"  class='template-page content  av-content-small alpha units'><div class='post-entry post-entry-type-page post-entry-10629'><div class='entry-content-wrapper clearfix'>\n<div style='padding-bottom:0px; color:#ffffff;font-size:40px;' class='av-special-heading av-special-heading-h1 custom-color-heading blockquote modern-quote modern-centered  avia-builder-el-1  el_before_av_hr  avia-builder-el-first   av-inherit-size '><h1 class='av-special-heading-tag '  itemprop=\"headline\"  >Bacus Events<br \/> PROJECTES<\/h1><div class='special-heading-border'><div class='special-heading-inner-border' style='border-color:#ffffff'><\/div><\/div><\/div>\n<div style=' margin-top:30px; margin-bottom:30px;'  class='hr hr-custom hr-center hr-icon-no   avia-builder-el-2  el_after_av_heading  el_before_av_textblock '><span class='hr-inner   inner-border-av-border-fat' style=' width:50px; border-color:#ffffff;' ><span class='hr-inner-style'><\/span><\/span><\/div>\n<section class=\"av_textblock_section \"  itemscope=\"itemscope\" itemtype=\"https:\/\/schema.org\/CreativeWork\" ><div class='avia_textblock  av_inherit_color '  style='color:#dddddd; '  itemprop=\"text\" ><p style=\"text-align: center;\"><span style=\"font-size: 14pt; font-family: graphik-regular;\">Amb m\u00e9s de 30 anys d&#8217;experi\u00e8ncia, transformem les vostres idees en experi\u00e8ncies inoblidables.<\/span><\/p>\n<p style=\"text-align: center;\"><span style=\"font-size: 14pt; font-family: graphik-regular;\">Deixa&#8217;ns inspirar-te amb les nostres produccions m\u00e9s creatives i apassionades.<\/span><\/p>\n<p style=\"text-align: center;\"><span style=\"font-size: 14pt; font-family: graphik-regular;\">We make events happen!<\/span><\/p>\n<\/div><\/section>\n<\/div><\/div><\/main><!-- close content main element --><\/div><\/div><\/div><div class='clear'><\/div><div id='sub_menu1' class='av-submenu-container main_color  avia-builder-el-4  el_after_av_section  el_before_av_portfolio   av-sticky-submenu  submenu-not-first container_wrap sidebar_right' style='  z-index:301' ><div class='container av-menu-mobile-disabled '><ul id=\"menu-proyectos-catalan\" class=\"av-subnav-menu av-submenu-pos-center\"><li id=\"menu-item-11429\" class=\"menu-item menu-item-type-post_type menu-item-object-page menu-item-top-level menu-item-top-level-1\"><a href=\"https:\/\/bacusevents.com\/ca\/projectes-congressos-i-convencions\/\" itemprop=\"url\"><span class=\"avia-bullet\"><\/span><span class=\"avia-menu-text\">PROJECTES &#8211; CONGRESSOS I CONVENCIONS<\/span><span class=\"avia-menu-fx\"><span class=\"avia-arrow-wrap\"><span class=\"avia-arrow\"><\/span><\/span><\/span><\/a><\/li>\n<li id=\"menu-item-11430\" class=\"menu-item menu-item-type-post_type menu-item-object-page menu-item-top-level menu-item-top-level-2\"><a href=\"https:\/\/bacusevents.com\/ca\/projectes-esdeveniments-corporatius\/\" itemprop=\"url\"><span class=\"avia-bullet\"><\/span><span class=\"avia-menu-text\">PROJECTES &#8212; ESDEVENIMENTS CORPORATIUS<\/span><span class=\"avia-menu-fx\"><span class=\"avia-arrow-wrap\"><span class=\"avia-arrow\"><\/span><\/span><\/span><\/a><\/li>\n<li id=\"menu-item-11431\" class=\"menu-item menu-item-type-post_type menu-item-object-page menu-item-top-level menu-item-top-level-3\"><a href=\"https:\/\/bacusevents.com\/ca\/projectes-family-day\/\" itemprop=\"url\"><span class=\"avia-bullet\"><\/span><span class=\"avia-menu-text\">PROJECTES &#8212; FAMILY DAY &#8211;<\/span><span class=\"avia-menu-fx\"><span class=\"avia-arrow-wrap\"><span class=\"avia-arrow\"><\/span><\/span><\/span><\/a><\/li>\n<li id=\"menu-item-11432\" class=\"menu-item menu-item-type-post_type menu-item-object-page menu-item-top-level menu-item-top-level-4\"><a href=\"https:\/\/bacusevents.com\/ca\/projectes-fires-i-stands\/\" itemprop=\"url\"><span class=\"avia-bullet\"><\/span><span class=\"avia-menu-text\">PROJECTES &#8212; FIRES I STANDS<\/span><span class=\"avia-menu-fx\"><span class=\"avia-arrow-wrap\"><span class=\"avia-arrow\"><\/span><\/span><\/span><\/a><\/li>\n<li id=\"menu-item-11434\" class=\"menu-item menu-item-type-post_type menu-item-object-page menu-item-top-level menu-item-top-level-5\"><a href=\"https:\/\/bacusevents.com\/ca\/projectes-incentius-i-team-building\/\" itemprop=\"url\"><span class=\"avia-bullet\"><\/span><span class=\"avia-menu-text\">PROJECTES &#8211; INCENTIUS I TEAM BUILDING<\/span><span class=\"avia-menu-fx\"><span class=\"avia-arrow-wrap\"><span class=\"avia-arrow\"><\/span><\/span><\/span><\/a><\/li>\n<\/ul><\/div><\/div><div class='sticky_placeholder'><\/div><\/p>\n<div class=' grid-sort-container isotope   no_margin-container with-title-container grid-total-even grid-col-3 grid-links-' data-portfolio-id='1'><div data-ajax-id='11263' class=' grid-entry flex_column isotope-item all_sort no_margin post-entry post-entry-11263 grid-entry-overview grid-loop-1 grid-parity-odd  esdeveniments-corporatius_sort  av_one_third first default_av_fullwidth '><article class='main_color inner-entry'  itemscope=\"itemscope\" itemtype=\"https:\/\/schema.org\/CreativeWork\" ><a href='https:\/\/bacusevents.com\/ca\/portfolio-item\/01-wallbox-wall-street-meet-wallbox\/' title='01-WALLBOX Wall Street meet Wallbox'  data-rel='grid-1' class='grid-image avia-hover-fx'><img fetchpriority=\"high\" decoding=\"async\" width=\"300\" height=\"200\" src=\"https:\/\/bacusevents.com\/wp-content\/uploads\/2023\/04\/8-PORTADA-300x200.jpg\" class=\"attachment-medium size-medium wp-post-image\" alt=\"\" srcset=\"https:\/\/bacusevents.com\/wp-content\/uploads\/2023\/04\/8-PORTADA-300x200.jpg 300w, https:\/\/bacusevents.com\/wp-content\/uploads\/2023\/04\/8-PORTADA-768x512.jpg 768w, https:\/\/bacusevents.com\/wp-content\/uploads\/2023\/04\/8-PORTADA-445x296.jpg 445w, https:\/\/bacusevents.com\/wp-content\/uploads\/2023\/04\/8-PORTADA-412x275.jpg 412w, https:\/\/bacusevents.com\/wp-content\/uploads\/2023\/04\/8-PORTADA-1030x687.jpg 1030w, https:\/\/bacusevents.com\/wp-content\/uploads\/2023\/04\/8-PORTADA-1536x1025.jpg 1536w, https:\/\/bacusevents.com\/wp-content\/uploads\/2023\/04\/8-PORTADA-2048x1366.jpg 2048w, https:\/\/bacusevents.com\/wp-content\/uploads\/2023\/04\/8-PORTADA-1500x1001.jpg 1500w, https:\/\/bacusevents.com\/wp-content\/uploads\/2023\/04\/8-PORTADA-705x470.jpg 705w, https:\/\/bacusevents.com\/wp-content\/uploads\/2023\/04\/8-PORTADA-450x300.jpg 450w\" sizes=\"(max-width: 300px) 100vw, 300px\" \/><\/a><div class='grid-content'><div class='avia-arrow'><\/div><header class=\"entry-content-header\"><h3 class='grid-entry-title entry-title '  itemprop=\"headline\" ><a href='https:\/\/bacusevents.com\/ca\/portfolio-item\/01-wallbox-wall-street-meet-wallbox\/' title='01-WALLBOX Wall Street meet Wallbox'>01-WALLBOX Wall Street meet Wallbox<\/a><\/h3><\/header><\/div><footer class=\"entry-footer\"><\/footer><\/article><\/div><div data-ajax-id='11274' class=' grid-entry flex_column isotope-item all_sort no_margin post-entry post-entry-11274 grid-entry-overview grid-loop-2 grid-parity-even  congressos-i-convencions_sort  av_one_third  default_av_fullwidth '><article class='main_color inner-entry'  itemscope=\"itemscope\" itemtype=\"https:\/\/schema.org\/CreativeWork\" ><a href='https:\/\/bacusevents.com\/ca\/portfolio-item\/02-mitja-markt-tots-volem-tot\/' title='02-MITJA MARKT - Tots Volem Tot'  data-rel='grid-1' class='grid-image avia-hover-fx'><img decoding=\"async\" width=\"300\" height=\"200\" src=\"https:\/\/bacusevents.com\/wp-content\/uploads\/2023\/04\/1-MM-PORTADA--300x200.jpg\" class=\"attachment-medium size-medium wp-post-image\" alt=\"P\u00fablico asistente a evento corporativo de MediaMarkt, sentados en c\u00edrculo, con proyecciones gigantes de &quot;SPOTS TV&quot; en pantallas rojas.\" srcset=\"https:\/\/bacusevents.com\/wp-content\/uploads\/2023\/04\/1-MM-PORTADA--300x200.jpg 300w, https:\/\/bacusevents.com\/wp-content\/uploads\/2023\/04\/1-MM-PORTADA--768x513.jpg 768w, https:\/\/bacusevents.com\/wp-content\/uploads\/2023\/04\/1-MM-PORTADA--445x296.jpg 445w, https:\/\/bacusevents.com\/wp-content\/uploads\/2023\/04\/1-MM-PORTADA--412x275.jpg 412w, https:\/\/bacusevents.com\/wp-content\/uploads\/2023\/04\/1-MM-PORTADA--1030x687.jpg 1030w, https:\/\/bacusevents.com\/wp-content\/uploads\/2023\/04\/1-MM-PORTADA--1536x1025.jpg 1536w, https:\/\/bacusevents.com\/wp-content\/uploads\/2023\/04\/1-MM-PORTADA--2048x1367.jpg 2048w, https:\/\/bacusevents.com\/wp-content\/uploads\/2023\/04\/1-MM-PORTADA--1500x1001.jpg 1500w, https:\/\/bacusevents.com\/wp-content\/uploads\/2023\/04\/1-MM-PORTADA--705x471.jpg 705w, https:\/\/bacusevents.com\/wp-content\/uploads\/2023\/04\/1-MM-PORTADA--450x300.jpg 450w\" sizes=\"(max-width: 300px) 100vw, 300px\" \/><\/a><div class='grid-content'><div class='avia-arrow'><\/div><header class=\"entry-content-header\"><h3 class='grid-entry-title entry-title '  itemprop=\"headline\" ><a href='https:\/\/bacusevents.com\/ca\/portfolio-item\/02-mitja-markt-tots-volem-tot\/' title='02-MITJA MARKT - Tots Volem Tot'>02-MITJA MARKT - Tots Volem Tot<\/a><\/h3><\/header><\/div><footer class=\"entry-footer\"><\/footer><\/article><\/div><div data-ajax-id='11276' class=' grid-entry flex_column isotope-item all_sort no_margin post-entry post-entry-11276 grid-entry-overview grid-loop-3 grid-parity-odd  esdeveniments-corporatius_sort  av_one_third  default_av_fullwidth '><article class='main_color inner-entry'  itemscope=\"itemscope\" itemtype=\"https:\/\/schema.org\/CreativeWork\" ><a href='https:\/\/bacusevents.com\/ca\/portfolio-item\/03-wallbox-attacks-summer-party-2022\/' title='03-WALLBOX Attacks - Summer Party 2022'  data-rel='grid-1' class='grid-image avia-hover-fx'><img decoding=\"async\" width=\"300\" height=\"200\" src=\"https:\/\/bacusevents.com\/wp-content\/uploads\/2023\/04\/10-WBX-ATTACK-PORTADA-1-1-300x200.jpg\" class=\"attachment-medium size-medium wp-post-image\" alt=\"\" srcset=\"https:\/\/bacusevents.com\/wp-content\/uploads\/2023\/04\/10-WBX-ATTACK-PORTADA-1-1-300x200.jpg 300w, https:\/\/bacusevents.com\/wp-content\/uploads\/2023\/04\/10-WBX-ATTACK-PORTADA-1-1-768x512.jpg 768w, https:\/\/bacusevents.com\/wp-content\/uploads\/2023\/04\/10-WBX-ATTACK-PORTADA-1-1-445x296.jpg 445w, https:\/\/bacusevents.com\/wp-content\/uploads\/2023\/04\/10-WBX-ATTACK-PORTADA-1-1-412x275.jpg 412w, https:\/\/bacusevents.com\/wp-content\/uploads\/2023\/04\/10-WBX-ATTACK-PORTADA-1-1-1030x687.jpg 1030w, https:\/\/bacusevents.com\/wp-content\/uploads\/2023\/04\/10-WBX-ATTACK-PORTADA-1-1-1536x1025.jpg 1536w, https:\/\/bacusevents.com\/wp-content\/uploads\/2023\/04\/10-WBX-ATTACK-PORTADA-1-1-2048x1366.jpg 2048w, https:\/\/bacusevents.com\/wp-content\/uploads\/2023\/04\/10-WBX-ATTACK-PORTADA-1-1-1500x1001.jpg 1500w, https:\/\/bacusevents.com\/wp-content\/uploads\/2023\/04\/10-WBX-ATTACK-PORTADA-1-1-705x470.jpg 705w, https:\/\/bacusevents.com\/wp-content\/uploads\/2023\/04\/10-WBX-ATTACK-PORTADA-1-1-450x300.jpg 450w\" sizes=\"(max-width: 300px) 100vw, 300px\" \/><\/a><div class='grid-content'><div class='avia-arrow'><\/div><header class=\"entry-content-header\"><h3 class='grid-entry-title entry-title '  itemprop=\"headline\" ><a href='https:\/\/bacusevents.com\/ca\/portfolio-item\/03-wallbox-attacks-summer-party-2022\/' title='03-WALLBOX Attacks - Summer Party 2022'>03-WALLBOX Attacks - Summer Party 2022<\/a><\/h3><\/header><\/div><footer class=\"entry-footer\"><\/footer><\/article><\/div><div data-ajax-id='11202' class=' grid-entry flex_column isotope-item all_sort no_margin post-entry post-entry-11202 grid-entry-overview grid-loop-4 grid-parity-even  esdeveniments-corporatius_sort  av_one_third first default_av_fullwidth '><article class='main_color inner-entry'  itemscope=\"itemscope\" itemtype=\"https:\/\/schema.org\/CreativeWork\" ><a href='https:\/\/bacusevents.com\/ca\/portfolio-item\/04-mitja-markt-oktoberfest\/' title='04-MITJA MARKT - Oktoberfest'  data-rel='grid-1' class='grid-image avia-hover-fx'><img loading=\"lazy\" decoding=\"async\" width=\"300\" height=\"200\" src=\"https:\/\/bacusevents.com\/wp-content\/uploads\/2023\/04\/20_MM_Oktoberfest_PORTADA-300x200.jpg\" class=\"attachment-medium size-medium wp-post-image\" alt=\"\" srcset=\"https:\/\/bacusevents.com\/wp-content\/uploads\/2023\/04\/20_MM_Oktoberfest_PORTADA-300x200.jpg 300w, https:\/\/bacusevents.com\/wp-content\/uploads\/2023\/04\/20_MM_Oktoberfest_PORTADA-768x512.jpg 768w, https:\/\/bacusevents.com\/wp-content\/uploads\/2023\/04\/20_MM_Oktoberfest_PORTADA-445x296.jpg 445w, https:\/\/bacusevents.com\/wp-content\/uploads\/2023\/04\/20_MM_Oktoberfest_PORTADA-412x275.jpg 412w, https:\/\/bacusevents.com\/wp-content\/uploads\/2023\/04\/20_MM_Oktoberfest_PORTADA-1030x687.jpg 1030w, https:\/\/bacusevents.com\/wp-content\/uploads\/2023\/04\/20_MM_Oktoberfest_PORTADA-1536x1024.jpg 1536w, https:\/\/bacusevents.com\/wp-content\/uploads\/2023\/04\/20_MM_Oktoberfest_PORTADA-2048x1365.jpg 2048w, https:\/\/bacusevents.com\/wp-content\/uploads\/2023\/04\/20_MM_Oktoberfest_PORTADA-1500x1000.jpg 1500w, https:\/\/bacusevents.com\/wp-content\/uploads\/2023\/04\/20_MM_Oktoberfest_PORTADA-705x470.jpg 705w, https:\/\/bacusevents.com\/wp-content\/uploads\/2023\/04\/20_MM_Oktoberfest_PORTADA-450x300.jpg 450w\" sizes=\"(max-width: 300px) 100vw, 300px\" \/><\/a><div class='grid-content'><div class='avia-arrow'><\/div><header class=\"entry-content-header\"><h3 class='grid-entry-title entry-title '  itemprop=\"headline\" ><a href='https:\/\/bacusevents.com\/ca\/portfolio-item\/04-mitja-markt-oktoberfest\/' title='04-MITJA MARKT - Oktoberfest'>04-MITJA MARKT - Oktoberfest<\/a><\/h3><\/header><\/div><footer class=\"entry-footer\"><\/footer><\/article><\/div><div data-ajax-id='11149' class=' grid-entry flex_column isotope-item all_sort no_margin post-entry post-entry-11149 grid-entry-overview grid-loop-5 grid-parity-odd  presentacio-de-producte_sort  av_one_third  default_av_fullwidth '><article class='main_color inner-entry'  itemscope=\"itemscope\" itemtype=\"https:\/\/schema.org\/CreativeWork\" ><a href='https:\/\/bacusevents.com\/ca\/portfolio-item\/05-arena-passarella-presentacio-de-producte\/' title='05-ARENA - Passarel\u00b7la presentaci\u00f3 de producte'  data-rel='grid-1' class='grid-image avia-hover-fx'><img loading=\"lazy\" decoding=\"async\" width=\"300\" height=\"200\" src=\"https:\/\/bacusevents.com\/wp-content\/uploads\/2020\/10\/Evento-Arena-Barcelona-08-1-300x200.jpg\" class=\"attachment-medium size-medium wp-post-image\" alt=\"\" srcset=\"https:\/\/bacusevents.com\/wp-content\/uploads\/2020\/10\/Evento-Arena-Barcelona-08-1-300x200.jpg 300w, https:\/\/bacusevents.com\/wp-content\/uploads\/2020\/10\/Evento-Arena-Barcelona-08-1-768x512.jpg 768w, https:\/\/bacusevents.com\/wp-content\/uploads\/2020\/10\/Evento-Arena-Barcelona-08-1-445x296.jpg 445w, https:\/\/bacusevents.com\/wp-content\/uploads\/2020\/10\/Evento-Arena-Barcelona-08-1-412x275.jpg 412w, https:\/\/bacusevents.com\/wp-content\/uploads\/2020\/10\/Evento-Arena-Barcelona-08-1-705x470.jpg 705w, https:\/\/bacusevents.com\/wp-content\/uploads\/2020\/10\/Evento-Arena-Barcelona-08-1-450x300.jpg 450w, https:\/\/bacusevents.com\/wp-content\/uploads\/2020\/10\/Evento-Arena-Barcelona-08-1.jpg 1024w\" sizes=\"(max-width: 300px) 100vw, 300px\" \/><\/a><div class='grid-content'><div class='avia-arrow'><\/div><header class=\"entry-content-header\"><h3 class='grid-entry-title entry-title '  itemprop=\"headline\" ><a href='https:\/\/bacusevents.com\/ca\/portfolio-item\/05-arena-passarella-presentacio-de-producte\/' title='05-ARENA - Passarel\u00b7la presentaci\u00f3 de producte'>05-ARENA - Passarel\u00b7la presentaci\u00f3 de producte<\/a><\/h3><\/header><\/div><footer class=\"entry-footer\"><\/footer><\/article><\/div><div data-ajax-id='11355' class=' grid-entry flex_column isotope-item all_sort no_margin post-entry post-entry-11355 grid-entry-overview grid-loop-6 grid-parity-even  esdeveniments-corporatius_sort  av_one_third  default_av_fullwidth '><article class='main_color inner-entry'  itemscope=\"itemscope\" itemtype=\"https:\/\/schema.org\/CreativeWork\" ><a href='https:\/\/bacusevents.com\/ca\/portfolio-item\/06-gartner-king-circus-party-30s\/' title='06-GARTNER\/KING - Circus Party 30&#039;s'  data-rel='grid-1' class='grid-image avia-hover-fx'><img loading=\"lazy\" decoding=\"async\" width=\"300\" height=\"200\" src=\"https:\/\/bacusevents.com\/wp-content\/uploads\/2023\/04\/5-PORTADA--300x200.jpg\" class=\"attachment-medium size-medium wp-post-image\" alt=\"\" srcset=\"https:\/\/bacusevents.com\/wp-content\/uploads\/2023\/04\/5-PORTADA--300x200.jpg 300w, https:\/\/bacusevents.com\/wp-content\/uploads\/2023\/04\/5-PORTADA--768x511.jpg 768w, https:\/\/bacusevents.com\/wp-content\/uploads\/2023\/04\/5-PORTADA--445x296.jpg 445w, https:\/\/bacusevents.com\/wp-content\/uploads\/2023\/04\/5-PORTADA--412x275.jpg 412w, https:\/\/bacusevents.com\/wp-content\/uploads\/2023\/04\/5-PORTADA--1030x685.jpg 1030w, https:\/\/bacusevents.com\/wp-content\/uploads\/2023\/04\/5-PORTADA--1536x1022.jpg 1536w, https:\/\/bacusevents.com\/wp-content\/uploads\/2023\/04\/5-PORTADA--2048x1363.jpg 2048w, https:\/\/bacusevents.com\/wp-content\/uploads\/2023\/04\/5-PORTADA--1500x998.jpg 1500w, https:\/\/bacusevents.com\/wp-content\/uploads\/2023\/04\/5-PORTADA--705x469.jpg 705w, https:\/\/bacusevents.com\/wp-content\/uploads\/2023\/04\/5-PORTADA--450x299.jpg 450w\" sizes=\"(max-width: 300px) 100vw, 300px\" \/><\/a><div class='grid-content'><div class='avia-arrow'><\/div><header class=\"entry-content-header\"><h3 class='grid-entry-title entry-title '  itemprop=\"headline\" ><a href='https:\/\/bacusevents.com\/ca\/portfolio-item\/06-gartner-king-circus-party-30s\/' title='06-GARTNER\/KING - Circus Party 30&#039;s'>06-GARTNER\/KING - Circus Party 30's<\/a><\/h3><\/header><\/div><footer class=\"entry-footer\"><\/footer><\/article><\/div><div data-ajax-id='11190' class=' grid-entry flex_column isotope-item all_sort no_margin post-entry post-entry-11190 grid-entry-overview grid-loop-7 grid-parity-odd  esdeveniments-corporatius_sort  av_one_third first default_av_fullwidth '><article class='main_color inner-entry'  itemscope=\"itemscope\" itemtype=\"https:\/\/schema.org\/CreativeWork\" ><a href='https:\/\/bacusevents.com\/ca\/portfolio-item\/07-novarama-summer-party-2022\/' title='07-NOVARAMA - Summer Party 2022'  data-rel='grid-1' class='grid-image avia-hover-fx'><img loading=\"lazy\" decoding=\"async\" width=\"300\" height=\"201\" src=\"https:\/\/bacusevents.com\/wp-content\/uploads\/2023\/05\/16-BacusEvents_eventos_summerparty_novarama-1-scaled.jpg\" class=\"attachment-medium size-medium wp-post-image\" alt=\"\" srcset=\"https:\/\/bacusevents.com\/wp-content\/uploads\/2023\/05\/16-BacusEvents_eventos_summerparty_novarama-1-scaled.jpg 2560w, https:\/\/bacusevents.com\/wp-content\/uploads\/2023\/05\/16-BacusEvents_eventos_summerparty_novarama-1-scaled-768x512.jpg 768w, https:\/\/bacusevents.com\/wp-content\/uploads\/2023\/05\/16-BacusEvents_eventos_summerparty_novarama-1-scaled-445x296.jpg 445w, https:\/\/bacusevents.com\/wp-content\/uploads\/2023\/05\/16-BacusEvents_eventos_summerparty_novarama-1-412x275.jpg 412w\" sizes=\"(max-width: 300px) 100vw, 300px\" \/><\/a><div class='grid-content'><div class='avia-arrow'><\/div><header class=\"entry-content-header\"><h3 class='grid-entry-title entry-title '  itemprop=\"headline\" ><a href='https:\/\/bacusevents.com\/ca\/portfolio-item\/07-novarama-summer-party-2022\/' title='07-NOVARAMA - Summer Party 2022'>07-NOVARAMA - Summer Party 2022<\/a><\/h3><\/header><\/div><footer class=\"entry-footer\"><\/footer><\/article><\/div><div data-ajax-id='11338' class=' grid-entry flex_column isotope-item all_sort no_margin post-entry post-entry-11338 grid-entry-overview grid-loop-8 grid-parity-even  fires-i-stands_sort  av_one_third  default_av_fullwidth '><article class='main_color inner-entry'  itemscope=\"itemscope\" itemtype=\"https:\/\/schema.org\/CreativeWork\" ><a href='https:\/\/bacusevents.com\/ca\/portfolio-item\/08-wallbox-fira-de-lautomobil-barcelona-estand\/' title='08-WALLBOX - Fira de l\u00b4autom\u00f2bil Barcelona. Estand'  data-rel='grid-1' class='grid-image avia-hover-fx'><img loading=\"lazy\" decoding=\"async\" width=\"300\" height=\"200\" src=\"https:\/\/bacusevents.com\/wp-content\/uploads\/2023\/05\/1-cotada-300x200.jpg\" class=\"attachment-medium size-medium wp-post-image\" alt=\"\" srcset=\"https:\/\/bacusevents.com\/wp-content\/uploads\/2023\/05\/1-cotada-300x200.jpg 300w, https:\/\/bacusevents.com\/wp-content\/uploads\/2023\/05\/1-cotada-768x512.jpg 768w, https:\/\/bacusevents.com\/wp-content\/uploads\/2023\/05\/1-cotada-445x296.jpg 445w, https:\/\/bacusevents.com\/wp-content\/uploads\/2023\/05\/1-cotada-412x275.jpg 412w, https:\/\/bacusevents.com\/wp-content\/uploads\/2023\/05\/1-cotada-1030x687.jpg 1030w, https:\/\/bacusevents.com\/wp-content\/uploads\/2023\/05\/1-cotada-1536x1025.jpg 1536w, https:\/\/bacusevents.com\/wp-content\/uploads\/2023\/05\/1-cotada-2048x1366.jpg 2048w, https:\/\/bacusevents.com\/wp-content\/uploads\/2023\/05\/1-cotada-1500x1001.jpg 1500w, https:\/\/bacusevents.com\/wp-content\/uploads\/2023\/05\/1-cotada-705x470.jpg 705w, https:\/\/bacusevents.com\/wp-content\/uploads\/2023\/05\/1-cotada-450x300.jpg 450w\" sizes=\"(max-width: 300px) 100vw, 300px\" \/><\/a><div class='grid-content'><div class='avia-arrow'><\/div><header class=\"entry-content-header\"><h3 class='grid-entry-title entry-title '  itemprop=\"headline\" ><a href='https:\/\/bacusevents.com\/ca\/portfolio-item\/08-wallbox-fira-de-lautomobil-barcelona-estand\/' title='08-WALLBOX - Fira de l\u00b4autom\u00f2bil Barcelona. Estand'>08-WALLBOX - Fira de l\u00b4autom\u00f2bil Barcelona. Estand<\/a><\/h3><\/header><\/div><footer class=\"entry-footer\"><\/footer><\/article><\/div><div data-ajax-id='11191' class=' grid-entry flex_column isotope-item all_sort no_margin post-entry post-entry-11191 grid-entry-overview grid-loop-9 grid-parity-odd  family-day-ca_sort  av_one_third  default_av_fullwidth '><article class='main_color inner-entry'  itemscope=\"itemscope\" itemtype=\"https:\/\/schema.org\/CreativeWork\" ><a href='https:\/\/bacusevents.com\/ca\/portfolio-item\/09-amazon-family-day\/' title='09-AMAZON - Family Day'  data-rel='grid-1' class='grid-image avia-hover-fx'><img loading=\"lazy\" decoding=\"async\" width=\"300\" height=\"200\" src=\"https:\/\/bacusevents.com\/wp-content\/uploads\/2023\/04\/Amazon_BCN08_FamilyDay_004-300x200.jpg\" class=\"attachment-medium size-medium wp-post-image\" alt=\"\" srcset=\"https:\/\/bacusevents.com\/wp-content\/uploads\/2023\/04\/Amazon_BCN08_FamilyDay_004-300x200.jpg 300w, https:\/\/bacusevents.com\/wp-content\/uploads\/2023\/04\/Amazon_BCN08_FamilyDay_004-768x512.jpg 768w, https:\/\/bacusevents.com\/wp-content\/uploads\/2023\/04\/Amazon_BCN08_FamilyDay_004-445x296.jpg 445w, https:\/\/bacusevents.com\/wp-content\/uploads\/2023\/04\/Amazon_BCN08_FamilyDay_004-412x275.jpg 412w, https:\/\/bacusevents.com\/wp-content\/uploads\/2023\/04\/Amazon_BCN08_FamilyDay_004-1030x687.jpg 1030w, https:\/\/bacusevents.com\/wp-content\/uploads\/2023\/04\/Amazon_BCN08_FamilyDay_004-1536x1025.jpg 1536w, https:\/\/bacusevents.com\/wp-content\/uploads\/2023\/04\/Amazon_BCN08_FamilyDay_004-2048x1366.jpg 2048w, https:\/\/bacusevents.com\/wp-content\/uploads\/2023\/04\/Amazon_BCN08_FamilyDay_004-1500x1001.jpg 1500w, https:\/\/bacusevents.com\/wp-content\/uploads\/2023\/04\/Amazon_BCN08_FamilyDay_004-705x470.jpg 705w, https:\/\/bacusevents.com\/wp-content\/uploads\/2023\/04\/Amazon_BCN08_FamilyDay_004-450x300.jpg 450w\" sizes=\"(max-width: 300px) 100vw, 300px\" \/><\/a><div class='grid-content'><div class='avia-arrow'><\/div><header class=\"entry-content-header\"><h3 class='grid-entry-title entry-title '  itemprop=\"headline\" ><a href='https:\/\/bacusevents.com\/ca\/portfolio-item\/09-amazon-family-day\/' title='09-AMAZON - Family Day'>09-AMAZON - Family Day<\/a><\/h3><\/header><\/div><footer class=\"entry-footer\"><\/footer><\/article><\/div><div data-ajax-id='11277' class=' grid-entry flex_column isotope-item all_sort no_margin post-entry post-entry-11277 grid-entry-overview grid-loop-10 grid-parity-even  congressos-i-convencions_sort esdeveniments-corporatius_sort  av_one_third first default_av_fullwidth '><article class='main_color inner-entry'  itemscope=\"itemscope\" itemtype=\"https:\/\/schema.org\/CreativeWork\" ><a href='https:\/\/bacusevents.com\/ca\/portfolio-item\/10-vidacaixa-esdeveniment-anual-madrid\/' title='10-VIDACAIXA - Esdeveniment anual Madrid'  data-rel='grid-1' class='grid-image avia-hover-fx'><img loading=\"lazy\" decoding=\"async\" width=\"300\" height=\"200\" src=\"https:\/\/bacusevents.com\/wp-content\/uploads\/2023\/04\/02-VIDACAIXA-MAD-Bacus-Events-300x200.jpg\" class=\"attachment-medium size-medium wp-post-image\" alt=\"Concierto en evento corporativo de VidaCaixa en Madrid, con asistentes bailando y luces esc\u00e9nicas en tonos morados, verdes y amarillos.\" srcset=\"https:\/\/bacusevents.com\/wp-content\/uploads\/2023\/04\/02-VIDACAIXA-MAD-Bacus-Events-300x200.jpg 300w, https:\/\/bacusevents.com\/wp-content\/uploads\/2023\/04\/02-VIDACAIXA-MAD-Bacus-Events-768x513.jpg 768w, https:\/\/bacusevents.com\/wp-content\/uploads\/2023\/04\/02-VIDACAIXA-MAD-Bacus-Events-445x296.jpg 445w, https:\/\/bacusevents.com\/wp-content\/uploads\/2023\/04\/02-VIDACAIXA-MAD-Bacus-Events-412x275.jpg 412w, https:\/\/bacusevents.com\/wp-content\/uploads\/2023\/04\/02-VIDACAIXA-MAD-Bacus-Events-1030x687.jpg 1030w, https:\/\/bacusevents.com\/wp-content\/uploads\/2023\/04\/02-VIDACAIXA-MAD-Bacus-Events-1536x1025.jpg 1536w, https:\/\/bacusevents.com\/wp-content\/uploads\/2023\/04\/02-VIDACAIXA-MAD-Bacus-Events-2048x1367.jpg 2048w, https:\/\/bacusevents.com\/wp-content\/uploads\/2023\/04\/02-VIDACAIXA-MAD-Bacus-Events-1500x1001.jpg 1500w, https:\/\/bacusevents.com\/wp-content\/uploads\/2023\/04\/02-VIDACAIXA-MAD-Bacus-Events-705x471.jpg 705w, https:\/\/bacusevents.com\/wp-content\/uploads\/2023\/04\/02-VIDACAIXA-MAD-Bacus-Events-450x300.jpg 450w\" sizes=\"(max-width: 300px) 100vw, 300px\" \/><\/a><div class='grid-content'><div class='avia-arrow'><\/div><header class=\"entry-content-header\"><h3 class='grid-entry-title entry-title '  itemprop=\"headline\" ><a href='https:\/\/bacusevents.com\/ca\/portfolio-item\/10-vidacaixa-esdeveniment-anual-madrid\/' title='10-VIDACAIXA - Esdeveniment anual Madrid'>10-VIDACAIXA - Esdeveniment anual Madrid<\/a><\/h3><\/header><\/div><footer class=\"entry-footer\"><\/footer><\/article><\/div><div data-ajax-id='11247' class=' grid-entry flex_column isotope-item all_sort no_margin post-entry post-entry-11247 grid-entry-overview grid-loop-11 grid-parity-odd  congressos-i-convencions_sort esdeveniments-corporatius_sort  av_one_third  default_av_fullwidth '><article class='main_color inner-entry'  itemscope=\"itemscope\" itemtype=\"https:\/\/schema.org\/CreativeWork\" ><a href='https:\/\/bacusevents.com\/ca\/portfolio-item\/11-adp-cuban-party\/' title='11-ADP - Cuban Party'  data-rel='grid-1' class='grid-image avia-hover-fx'><img loading=\"lazy\" decoding=\"async\" width=\"300\" height=\"200\" src=\"https:\/\/bacusevents.com\/wp-content\/uploads\/2023\/05\/VIDEO-O-PORTADA-300x200.jpg\" class=\"attachment-medium size-medium wp-post-image\" alt=\"Photocall tropical con globos de colores y decoraci\u00f3n selv\u00e1tica durante la fiesta tem\u00e1tica cubana de ADP.\" srcset=\"https:\/\/bacusevents.com\/wp-content\/uploads\/2023\/05\/VIDEO-O-PORTADA-300x200.jpg 300w, https:\/\/bacusevents.com\/wp-content\/uploads\/2023\/05\/VIDEO-O-PORTADA-768x512.jpg 768w, https:\/\/bacusevents.com\/wp-content\/uploads\/2023\/05\/VIDEO-O-PORTADA-445x296.jpg 445w, https:\/\/bacusevents.com\/wp-content\/uploads\/2023\/05\/VIDEO-O-PORTADA-412x275.jpg 412w, https:\/\/bacusevents.com\/wp-content\/uploads\/2023\/05\/VIDEO-O-PORTADA-1030x687.jpg 1030w, https:\/\/bacusevents.com\/wp-content\/uploads\/2023\/05\/VIDEO-O-PORTADA-1536x1024.jpg 1536w, https:\/\/bacusevents.com\/wp-content\/uploads\/2023\/05\/VIDEO-O-PORTADA-2048x1366.jpg 2048w, https:\/\/bacusevents.com\/wp-content\/uploads\/2023\/05\/VIDEO-O-PORTADA-1500x1000.jpg 1500w, https:\/\/bacusevents.com\/wp-content\/uploads\/2023\/05\/VIDEO-O-PORTADA-705x470.jpg 705w, https:\/\/bacusevents.com\/wp-content\/uploads\/2023\/05\/VIDEO-O-PORTADA-450x300.jpg 450w\" sizes=\"(max-width: 300px) 100vw, 300px\" \/><\/a><div class='grid-content'><div class='avia-arrow'><\/div><header class=\"entry-content-header\"><h3 class='grid-entry-title entry-title '  itemprop=\"headline\" ><a href='https:\/\/bacusevents.com\/ca\/portfolio-item\/11-adp-cuban-party\/' title='11-ADP - Cuban Party'>11-ADP - Cuban Party<\/a><\/h3><\/header><\/div><footer class=\"entry-footer\"><\/footer><\/article><\/div><div data-ajax-id='11135' class=' grid-entry flex_column isotope-item all_sort no_margin post-entry post-entry-11135 grid-entry-overview grid-loop-12 grid-parity-even  congressos-i-convencions_sort esdeveniments-corporatius_sort presentacio-de-producte_sort  av_one_third  default_av_fullwidth '><article class='main_color inner-entry'  itemscope=\"itemscope\" itemtype=\"https:\/\/schema.org\/CreativeWork\" ><a href='https:\/\/bacusevents.com\/ca\/portfolio-item\/12-one-fashion-global-esdeveniment-i-desfilada-internacional\/' title='12-ONE FASHION GLOBAL - Esdeveniment i desfilada Internacional'  data-rel='grid-1' class='grid-image avia-hover-fx'><img loading=\"lazy\" decoding=\"async\" width=\"300\" height=\"200\" src=\"https:\/\/bacusevents.com\/wp-content\/uploads\/2020\/10\/Evento-desfile-internacional-1-Fashion-Global-300x200.jpg\" class=\"attachment-medium size-medium wp-post-image\" alt=\"Evento Internacional Fashion Global\" srcset=\"https:\/\/bacusevents.com\/wp-content\/uploads\/2020\/10\/Evento-desfile-internacional-1-Fashion-Global-300x200.jpg 300w, https:\/\/bacusevents.com\/wp-content\/uploads\/2020\/10\/Evento-desfile-internacional-1-Fashion-Global-768x512.jpg 768w, https:\/\/bacusevents.com\/wp-content\/uploads\/2020\/10\/Evento-desfile-internacional-1-Fashion-Global-445x296.jpg 445w, https:\/\/bacusevents.com\/wp-content\/uploads\/2020\/10\/Evento-desfile-internacional-1-Fashion-Global-412x275.jpg 412w, https:\/\/bacusevents.com\/wp-content\/uploads\/2020\/10\/Evento-desfile-internacional-1-Fashion-Global-1030x687.jpg 1030w, https:\/\/bacusevents.com\/wp-content\/uploads\/2020\/10\/Evento-desfile-internacional-1-Fashion-Global-1536x1024.jpg 1536w, https:\/\/bacusevents.com\/wp-content\/uploads\/2020\/10\/Evento-desfile-internacional-1-Fashion-Global-1500x1000.jpg 1500w, https:\/\/bacusevents.com\/wp-content\/uploads\/2020\/10\/Evento-desfile-internacional-1-Fashion-Global-705x470.jpg 705w, https:\/\/bacusevents.com\/wp-content\/uploads\/2020\/10\/Evento-desfile-internacional-1-Fashion-Global-450x300.jpg 450w, https:\/\/bacusevents.com\/wp-content\/uploads\/2020\/10\/Evento-desfile-internacional-1-Fashion-Global.jpg 1800w\" sizes=\"(max-width: 300px) 100vw, 300px\" \/><\/a><div class='grid-content'><div class='avia-arrow'><\/div><header class=\"entry-content-header\"><h3 class='grid-entry-title entry-title '  itemprop=\"headline\" ><a href='https:\/\/bacusevents.com\/ca\/portfolio-item\/12-one-fashion-global-esdeveniment-i-desfilada-internacional\/' title='12-ONE FASHION GLOBAL - Esdeveniment i desfilada Internacional'>12-ONE FASHION GLOBAL - Esdeveniment i desfilada Internacional<\/a><\/h3><\/header><\/div><footer class=\"entry-footer\"><\/footer><\/article><\/div><div data-ajax-id='11188' class=' grid-entry flex_column isotope-item all_sort no_margin post-entry post-entry-11188 grid-entry-overview grid-loop-13 grid-parity-odd  esdeveniments-corporatius_sort  av_one_third first default_av_fullwidth '><article class='main_color inner-entry'  itemscope=\"itemscope\" itemtype=\"https:\/\/schema.org\/CreativeWork\" ><a href='https:\/\/bacusevents.com\/ca\/portfolio-item\/13-zeptolab-gatsby\/' title='13-ZEPTOLAB - Gatsby'  data-rel='grid-1' class='grid-image avia-hover-fx'><img loading=\"lazy\" decoding=\"async\" width=\"300\" height=\"200\" src=\"https:\/\/bacusevents.com\/wp-content\/uploads\/2023\/04\/1-ZEP-PORTADA--300x200.jpg\" class=\"attachment-medium size-medium wp-post-image\" alt=\"\" srcset=\"https:\/\/bacusevents.com\/wp-content\/uploads\/2023\/04\/1-ZEP-PORTADA--300x200.jpg 300w, https:\/\/bacusevents.com\/wp-content\/uploads\/2023\/04\/1-ZEP-PORTADA--768x512.jpg 768w, https:\/\/bacusevents.com\/wp-content\/uploads\/2023\/04\/1-ZEP-PORTADA--445x296.jpg 445w, https:\/\/bacusevents.com\/wp-content\/uploads\/2023\/04\/1-ZEP-PORTADA--412x275.jpg 412w, https:\/\/bacusevents.com\/wp-content\/uploads\/2023\/04\/1-ZEP-PORTADA--1030x687.jpg 1030w, https:\/\/bacusevents.com\/wp-content\/uploads\/2023\/04\/1-ZEP-PORTADA--1536x1024.jpg 1536w, https:\/\/bacusevents.com\/wp-content\/uploads\/2023\/04\/1-ZEP-PORTADA--2048x1365.jpg 2048w, https:\/\/bacusevents.com\/wp-content\/uploads\/2023\/04\/1-ZEP-PORTADA--1500x1000.jpg 1500w, https:\/\/bacusevents.com\/wp-content\/uploads\/2023\/04\/1-ZEP-PORTADA--705x470.jpg 705w, https:\/\/bacusevents.com\/wp-content\/uploads\/2023\/04\/1-ZEP-PORTADA--450x300.jpg 450w\" sizes=\"(max-width: 300px) 100vw, 300px\" \/><\/a><div class='grid-content'><div class='avia-arrow'><\/div><header class=\"entry-content-header\"><h3 class='grid-entry-title entry-title '  itemprop=\"headline\" ><a href='https:\/\/bacusevents.com\/ca\/portfolio-item\/13-zeptolab-gatsby\/' title='13-ZEPTOLAB - Gatsby'>13-ZEPTOLAB - Gatsby<\/a><\/h3><\/header><\/div><footer class=\"entry-footer\"><\/footer><\/article><\/div><div data-ajax-id='11246' class=' grid-entry flex_column isotope-item all_sort no_margin post-entry post-entry-11246 grid-entry-overview grid-loop-14 grid-parity-even  esdeveniments-corporatius_sort inauguracions_sort  av_one_third  default_av_fullwidth '><article class='main_color inner-entry'  itemscope=\"itemscope\" itemtype=\"https:\/\/schema.org\/CreativeWork\" ><a href='https:\/\/bacusevents.com\/ca\/portfolio-item\/14-wallbox-airlines-2019\/' title='14-WALLBOX Airlines 2019'  data-rel='grid-1' class='grid-image avia-hover-fx'><img loading=\"lazy\" decoding=\"async\" width=\"300\" height=\"200\" src=\"https:\/\/bacusevents.com\/wp-content\/uploads\/2023\/04\/Wallbox_076__K1A7061-300x200.jpg\" class=\"attachment-medium size-medium wp-post-image\" alt=\"\" srcset=\"https:\/\/bacusevents.com\/wp-content\/uploads\/2023\/04\/Wallbox_076__K1A7061-300x200.jpg 300w, https:\/\/bacusevents.com\/wp-content\/uploads\/2023\/04\/Wallbox_076__K1A7061-768x512.jpg 768w, https:\/\/bacusevents.com\/wp-content\/uploads\/2023\/04\/Wallbox_076__K1A7061-445x296.jpg 445w, https:\/\/bacusevents.com\/wp-content\/uploads\/2023\/04\/Wallbox_076__K1A7061-412x275.jpg 412w, https:\/\/bacusevents.com\/wp-content\/uploads\/2023\/04\/Wallbox_076__K1A7061-1030x687.jpg 1030w, https:\/\/bacusevents.com\/wp-content\/uploads\/2023\/04\/Wallbox_076__K1A7061-1536x1024.jpg 1536w, https:\/\/bacusevents.com\/wp-content\/uploads\/2023\/04\/Wallbox_076__K1A7061-2048x1365.jpg 2048w, https:\/\/bacusevents.com\/wp-content\/uploads\/2023\/04\/Wallbox_076__K1A7061-1500x1000.jpg 1500w, https:\/\/bacusevents.com\/wp-content\/uploads\/2023\/04\/Wallbox_076__K1A7061-705x470.jpg 705w, https:\/\/bacusevents.com\/wp-content\/uploads\/2023\/04\/Wallbox_076__K1A7061-450x300.jpg 450w\" sizes=\"(max-width: 300px) 100vw, 300px\" \/><\/a><div class='grid-content'><div class='avia-arrow'><\/div><header class=\"entry-content-header\"><h3 class='grid-entry-title entry-title '  itemprop=\"headline\" ><a href='https:\/\/bacusevents.com\/ca\/portfolio-item\/14-wallbox-airlines-2019\/' title='14-WALLBOX Airlines 2019'>14-WALLBOX Airlines 2019<\/a><\/h3><\/header><\/div><footer class=\"entry-footer\"><\/footer><\/article><\/div><div data-ajax-id='10942' class=' grid-entry flex_column isotope-item all_sort no_margin post-entry post-entry-10942 grid-entry-overview grid-loop-15 grid-parity-odd  esdeveniments-corporatius_sort  av_one_third  default_av_fullwidth '><article class='main_color inner-entry'  itemscope=\"itemscope\" itemtype=\"https:\/\/schema.org\/CreativeWork\" ><a href='https:\/\/bacusevents.com\/ca\/portfolio-item\/15-novartis-convencio-i-sopar-anual-nit-del-terror\/' title='15-NOVARTIS - Convenci\u00f3 i sopar anual - Nit del terror'  data-rel='grid-1' class='grid-image avia-hover-fx'><img loading=\"lazy\" decoding=\"async\" width=\"300\" height=\"200\" src=\"https:\/\/bacusevents.com\/wp-content\/uploads\/2020\/10\/Evento-Convencion-anual-farmaceutica-Masia-Rural-01-300x200.jpg\" class=\"attachment-medium size-medium wp-post-image\" alt=\"\" srcset=\"https:\/\/bacusevents.com\/wp-content\/uploads\/2020\/10\/Evento-Convencion-anual-farmaceutica-Masia-Rural-01-300x200.jpg 300w, https:\/\/bacusevents.com\/wp-content\/uploads\/2020\/10\/Evento-Convencion-anual-farmaceutica-Masia-Rural-01-768x512.jpg 768w, https:\/\/bacusevents.com\/wp-content\/uploads\/2020\/10\/Evento-Convencion-anual-farmaceutica-Masia-Rural-01-445x296.jpg 445w, https:\/\/bacusevents.com\/wp-content\/uploads\/2020\/10\/Evento-Convencion-anual-farmaceutica-Masia-Rural-01-412x275.jpg 412w, https:\/\/bacusevents.com\/wp-content\/uploads\/2020\/10\/Evento-Convencion-anual-farmaceutica-Masia-Rural-01-705x470.jpg 705w, https:\/\/bacusevents.com\/wp-content\/uploads\/2020\/10\/Evento-Convencion-anual-farmaceutica-Masia-Rural-01-450x300.jpg 450w, https:\/\/bacusevents.com\/wp-content\/uploads\/2020\/10\/Evento-Convencion-anual-farmaceutica-Masia-Rural-01.jpg 1024w\" sizes=\"(max-width: 300px) 100vw, 300px\" \/><\/a><div class='grid-content'><div class='avia-arrow'><\/div><header class=\"entry-content-header\"><h3 class='grid-entry-title entry-title '  itemprop=\"headline\" ><a href='https:\/\/bacusevents.com\/ca\/portfolio-item\/15-novartis-convencio-i-sopar-anual-nit-del-terror\/' title='15-NOVARTIS - Convenci\u00f3 i sopar anual - Nit del terror'>15-NOVARTIS - Convenci\u00f3 i sopar anual - Nit del terror<\/a><\/h3><\/header><\/div><footer class=\"entry-footer\"><\/footer><\/article><\/div><div data-ajax-id='11170' class=' grid-entry flex_column isotope-item all_sort no_margin post-entry post-entry-11170 grid-entry-overview grid-loop-16 grid-parity-even   av_one_third first default_av_fullwidth '><article class='main_color inner-entry'  itemscope=\"itemscope\" itemtype=\"https:\/\/schema.org\/CreativeWork\" ><a href='https:\/\/bacusevents.com\/ca\/portfolio-item\/16-novarama-xmans-party-back-to-the-future\/' title='16-NOVARAMA - Xmans Party - Back to the Future'  data-rel='grid-1' class='grid-image avia-hover-fx'><img loading=\"lazy\" decoding=\"async\" width=\"300\" height=\"200\" src=\"https:\/\/bacusevents.com\/wp-content\/uploads\/2023\/05\/Bacus-Events-eventos-Novarama-1-300x200.jpg\" class=\"attachment-medium size-medium wp-post-image\" alt=\"\" srcset=\"https:\/\/bacusevents.com\/wp-content\/uploads\/2023\/05\/Bacus-Events-eventos-Novarama-1-300x200.jpg 300w, https:\/\/bacusevents.com\/wp-content\/uploads\/2023\/05\/Bacus-Events-eventos-Novarama-1-768x512.jpg 768w, https:\/\/bacusevents.com\/wp-content\/uploads\/2023\/05\/Bacus-Events-eventos-Novarama-1-445x296.jpg 445w, https:\/\/bacusevents.com\/wp-content\/uploads\/2023\/05\/Bacus-Events-eventos-Novarama-1-412x275.jpg 412w, https:\/\/bacusevents.com\/wp-content\/uploads\/2023\/05\/Bacus-Events-eventos-Novarama-1-1030x687.jpg 1030w, https:\/\/bacusevents.com\/wp-content\/uploads\/2023\/05\/Bacus-Events-eventos-Novarama-1-1536x1024.jpg 1536w, https:\/\/bacusevents.com\/wp-content\/uploads\/2023\/05\/Bacus-Events-eventos-Novarama-1-2048x1365.jpg 2048w, https:\/\/bacusevents.com\/wp-content\/uploads\/2023\/05\/Bacus-Events-eventos-Novarama-1-1500x1000.jpg 1500w, https:\/\/bacusevents.com\/wp-content\/uploads\/2023\/05\/Bacus-Events-eventos-Novarama-1-705x470.jpg 705w, https:\/\/bacusevents.com\/wp-content\/uploads\/2023\/05\/Bacus-Events-eventos-Novarama-1-450x300.jpg 450w\" sizes=\"(max-width: 300px) 100vw, 300px\" \/><\/a><div class='grid-content'><div class='avia-arrow'><\/div><header class=\"entry-content-header\"><h3 class='grid-entry-title entry-title '  itemprop=\"headline\" ><a href='https:\/\/bacusevents.com\/ca\/portfolio-item\/16-novarama-xmans-party-back-to-the-future\/' title='16-NOVARAMA - Xmans Party - Back to the Future'>16-NOVARAMA - Xmans Party - Back to the Future<\/a><\/h3><\/header><\/div><footer class=\"entry-footer\"><\/footer><\/article><\/div><div data-ajax-id='11309' class=' grid-entry flex_column isotope-item all_sort no_margin post-entry post-entry-11309 grid-entry-overview grid-loop-17 grid-parity-odd  fires-i-stands_sort  av_one_third  default_av_fullwidth '><article class='main_color inner-entry'  itemscope=\"itemscope\" itemtype=\"https:\/\/schema.org\/CreativeWork\" ><a href='https:\/\/bacusevents.com\/ca\/portfolio-item\/17-baywa-fira-tektonica-lisboa-estand\/' title='17-BAYWA \u2013 Fira Tektonica Lisboa. Estand'  data-rel='grid-1' class='grid-image avia-hover-fx'><img loading=\"lazy\" decoding=\"async\" width=\"300\" height=\"200\" src=\"https:\/\/bacusevents.com\/wp-content\/uploads\/2023\/05\/Baywa-Bacus-Events-eventos-feria-stand-11-scaled-e1752684930265.jpg\" class=\"attachment-medium size-medium wp-post-image\" alt=\"\" srcset=\"https:\/\/bacusevents.com\/wp-content\/uploads\/2023\/05\/Baywa-Bacus-Events-eventos-feria-stand-11-scaled-e1752684930265.jpg 2413w, https:\/\/bacusevents.com\/wp-content\/uploads\/2023\/05\/Baywa-Bacus-Events-eventos-feria-stand-11-scaled-e1752684930265-768x512.jpg 768w, https:\/\/bacusevents.com\/wp-content\/uploads\/2023\/05\/Baywa-Bacus-Events-eventos-feria-stand-11-scaled-e1752684930265-445x296.jpg 445w\" sizes=\"(max-width: 300px) 100vw, 300px\" \/><\/a><div class='grid-content'><div class='avia-arrow'><\/div><header class=\"entry-content-header\"><h3 class='grid-entry-title entry-title '  itemprop=\"headline\" ><a href='https:\/\/bacusevents.com\/ca\/portfolio-item\/17-baywa-fira-tektonica-lisboa-estand\/' title='17-BAYWA \u2013 Fira Tektonica Lisboa. Estand'>17-BAYWA \u2013 Fira Tektonica Lisboa. Estand<\/a><\/h3><\/header><\/div><footer class=\"entry-footer\"><\/footer><\/article><\/div><div data-ajax-id='11166' class=' grid-entry flex_column isotope-item all_sort no_margin post-entry post-entry-11166 grid-entry-overview grid-loop-18 grid-parity-even  presentacio-de-producte_sort  av_one_third  default_av_fullwidth '><article class='main_color inner-entry'  itemscope=\"itemscope\" itemtype=\"https:\/\/schema.org\/CreativeWork\" ><a href='https:\/\/bacusevents.com\/ca\/portfolio-item\/18-motor-munich-presentacio-mini-bmw\/' title='18-MOTOR MUNICH - Presentaci\u00f3 MINI BMW'  data-rel='grid-1' class='grid-image avia-hover-fx'><img loading=\"lazy\" decoding=\"async\" width=\"300\" height=\"200\" src=\"https:\/\/bacusevents.com\/wp-content\/uploads\/2023\/04\/Mini\u00a9DavidArnoldi-150-300x200.jpg\" class=\"attachment-medium size-medium wp-post-image\" alt=\"\" srcset=\"https:\/\/bacusevents.com\/wp-content\/uploads\/2023\/04\/Mini\u00a9DavidArnoldi-150-300x200.jpg 300w, https:\/\/bacusevents.com\/wp-content\/uploads\/2023\/04\/Mini\u00a9DavidArnoldi-150-768x511.jpg 768w, https:\/\/bacusevents.com\/wp-content\/uploads\/2023\/04\/Mini\u00a9DavidArnoldi-150-445x296.jpg 445w, https:\/\/bacusevents.com\/wp-content\/uploads\/2023\/04\/Mini\u00a9DavidArnoldi-150-412x275.jpg 412w, https:\/\/bacusevents.com\/wp-content\/uploads\/2023\/04\/Mini\u00a9DavidArnoldi-150-1030x686.jpg 1030w, https:\/\/bacusevents.com\/wp-content\/uploads\/2023\/04\/Mini\u00a9DavidArnoldi-150-1536x1022.jpg 1536w, https:\/\/bacusevents.com\/wp-content\/uploads\/2023\/04\/Mini\u00a9DavidArnoldi-150-1500x998.jpg 1500w, https:\/\/bacusevents.com\/wp-content\/uploads\/2023\/04\/Mini\u00a9DavidArnoldi-150-705x469.jpg 705w, https:\/\/bacusevents.com\/wp-content\/uploads\/2023\/04\/Mini\u00a9DavidArnoldi-150-450x300.jpg 450w, https:\/\/bacusevents.com\/wp-content\/uploads\/2023\/04\/Mini\u00a9DavidArnoldi-150.jpg 1800w\" sizes=\"(max-width: 300px) 100vw, 300px\" \/><\/a><div class='grid-content'><div class='avia-arrow'><\/div><header class=\"entry-content-header\"><h3 class='grid-entry-title entry-title '  itemprop=\"headline\" ><a href='https:\/\/bacusevents.com\/ca\/portfolio-item\/18-motor-munich-presentacio-mini-bmw\/' title='18-MOTOR MUNICH - Presentaci\u00f3 MINI BMW'>18-MOTOR MUNICH - Presentaci\u00f3 MINI BMW<\/a><\/h3><\/header><\/div><footer class=\"entry-footer\"><\/footer><\/article><\/div><div data-ajax-id='10943' class=' grid-entry flex_column isotope-item all_sort no_margin post-entry post-entry-10943 grid-entry-overview grid-loop-19 grid-parity-odd  esdeveniments-corporatius_sort  av_one_third first default_av_fullwidth '><article class='main_color inner-entry'  itemscope=\"itemscope\" itemtype=\"https:\/\/schema.org\/CreativeWork\" ><a href='https:\/\/bacusevents.com\/ca\/portfolio-item\/19-f-iniciativa-celebracio-15-anys\/' title='19-F-INICIATIVA - celebraci\u00f3 15 anys'  data-rel='grid-1' class='grid-image avia-hover-fx'><img loading=\"lazy\" decoding=\"async\" width=\"300\" height=\"200\" src=\"https:\/\/bacusevents.com\/wp-content\/uploads\/2020\/10\/F-Iniciativas-01-300x200.jpg\" class=\"attachment-medium size-medium wp-post-image\" alt=\"\" srcset=\"https:\/\/bacusevents.com\/wp-content\/uploads\/2020\/10\/F-Iniciativas-01-300x200.jpg 300w, https:\/\/bacusevents.com\/wp-content\/uploads\/2020\/10\/F-Iniciativas-01-768x512.jpg 768w, https:\/\/bacusevents.com\/wp-content\/uploads\/2020\/10\/F-Iniciativas-01-445x296.jpg 445w, https:\/\/bacusevents.com\/wp-content\/uploads\/2020\/10\/F-Iniciativas-01-412x275.jpg 412w, https:\/\/bacusevents.com\/wp-content\/uploads\/2020\/10\/F-Iniciativas-01-1030x687.jpg 1030w, https:\/\/bacusevents.com\/wp-content\/uploads\/2020\/10\/F-Iniciativas-01-705x470.jpg 705w, https:\/\/bacusevents.com\/wp-content\/uploads\/2020\/10\/F-Iniciativas-01-450x300.jpg 450w, https:\/\/bacusevents.com\/wp-content\/uploads\/2020\/10\/F-Iniciativas-01.jpg 1144w\" sizes=\"(max-width: 300px) 100vw, 300px\" \/><\/a><div class='grid-content'><div class='avia-arrow'><\/div><header class=\"entry-content-header\"><h3 class='grid-entry-title entry-title '  itemprop=\"headline\" ><a href='https:\/\/bacusevents.com\/ca\/portfolio-item\/19-f-iniciativa-celebracio-15-anys\/' title='19-F-INICIATIVA - celebraci\u00f3 15 anys'>19-F-INICIATIVA - celebraci\u00f3 15 anys<\/a><\/h3><\/header><\/div><footer class=\"entry-footer\"><\/footer><\/article><\/div><div data-ajax-id='11050' class=' grid-entry flex_column isotope-item all_sort no_margin post-entry post-entry-11050 grid-entry-overview grid-loop-20 grid-parity-even  congressos-i-convencions_sort esdeveniments-corporatius_sort  av_one_third  default_av_fullwidth '><article class='main_color inner-entry'  itemscope=\"itemscope\" itemtype=\"https:\/\/schema.org\/CreativeWork\" ><a href='https:\/\/bacusevents.com\/ca\/portfolio-item\/20-novartis-esdeveniment-convencio-anual-i-sopar-de-gala\/' title='20-NOVARTIS - Esdeveniment convenci\u00f3 anual i sopar de gala'  data-rel='grid-1' class='grid-image avia-hover-fx'><img loading=\"lazy\" decoding=\"async\" width=\"300\" height=\"200\" src=\"https:\/\/bacusevents.com\/wp-content\/uploads\/2020\/10\/Evento-Cena-Tematica-Circo-2015-01-300x200.jpg\" class=\"attachment-medium size-medium wp-post-image\" alt=\"Evento con Tem\u00e1tica Circo\" srcset=\"https:\/\/bacusevents.com\/wp-content\/uploads\/2020\/10\/Evento-Cena-Tematica-Circo-2015-01-300x200.jpg 300w, https:\/\/bacusevents.com\/wp-content\/uploads\/2020\/10\/Evento-Cena-Tematica-Circo-2015-01-768x512.jpg 768w, https:\/\/bacusevents.com\/wp-content\/uploads\/2020\/10\/Evento-Cena-Tematica-Circo-2015-01-445x296.jpg 445w, https:\/\/bacusevents.com\/wp-content\/uploads\/2020\/10\/Evento-Cena-Tematica-Circo-2015-01-412x275.jpg 412w, https:\/\/bacusevents.com\/wp-content\/uploads\/2020\/10\/Evento-Cena-Tematica-Circo-2015-01-1030x687.jpg 1030w, https:\/\/bacusevents.com\/wp-content\/uploads\/2020\/10\/Evento-Cena-Tematica-Circo-2015-01-1536x1024.jpg 1536w, https:\/\/bacusevents.com\/wp-content\/uploads\/2020\/10\/Evento-Cena-Tematica-Circo-2015-01-1500x1000.jpg 1500w, https:\/\/bacusevents.com\/wp-content\/uploads\/2020\/10\/Evento-Cena-Tematica-Circo-2015-01-705x470.jpg 705w, https:\/\/bacusevents.com\/wp-content\/uploads\/2020\/10\/Evento-Cena-Tematica-Circo-2015-01-450x300.jpg 450w, https:\/\/bacusevents.com\/wp-content\/uploads\/2020\/10\/Evento-Cena-Tematica-Circo-2015-01.jpg 1800w\" sizes=\"(max-width: 300px) 100vw, 300px\" \/><\/a><div class='grid-content'><div class='avia-arrow'><\/div><header class=\"entry-content-header\"><h3 class='grid-entry-title entry-title '  itemprop=\"headline\" ><a href='https:\/\/bacusevents.com\/ca\/portfolio-item\/20-novartis-esdeveniment-convencio-anual-i-sopar-de-gala\/' title='20-NOVARTIS - Esdeveniment convenci\u00f3 anual i sopar de gala'>20-NOVARTIS - Esdeveniment convenci\u00f3 anual i sopar de gala<\/a><\/h3><\/header><\/div><footer class=\"entry-footer\"><\/footer><\/article><\/div><div data-ajax-id='11152' class=' grid-entry flex_column isotope-item all_sort no_margin post-entry post-entry-11152 grid-entry-overview grid-loop-21 grid-parity-odd  inauguracions_sort presentacio-de-producte_sort  av_one_third  default_av_fullwidth '><article class='main_color inner-entry'  itemscope=\"itemscope\" itemtype=\"https:\/\/schema.org\/CreativeWork\" ><a href='https:\/\/bacusevents.com\/ca\/portfolio-item\/21-kia-esdeveniment-inauguracio-kia-integral-car\/' title='21-KIA - Esdeveniment Inauguraci\u00f3 KIA Integral Car'  data-rel='grid-1' class='grid-image avia-hover-fx'><img loading=\"lazy\" decoding=\"async\" width=\"300\" height=\"200\" src=\"https:\/\/bacusevents.com\/wp-content\/uploads\/2020\/10\/Inauguracion-KIA-Integral-Car-05-300x200.jpg\" class=\"attachment-medium size-medium wp-post-image\" alt=\"\" srcset=\"https:\/\/bacusevents.com\/wp-content\/uploads\/2020\/10\/Inauguracion-KIA-Integral-Car-05-300x200.jpg 300w, https:\/\/bacusevents.com\/wp-content\/uploads\/2020\/10\/Inauguracion-KIA-Integral-Car-05-768x512.jpg 768w, https:\/\/bacusevents.com\/wp-content\/uploads\/2020\/10\/Inauguracion-KIA-Integral-Car-05-445x296.jpg 445w, https:\/\/bacusevents.com\/wp-content\/uploads\/2020\/10\/Inauguracion-KIA-Integral-Car-05-412x275.jpg 412w, https:\/\/bacusevents.com\/wp-content\/uploads\/2020\/10\/Inauguracion-KIA-Integral-Car-05-1030x687.jpg 1030w, https:\/\/bacusevents.com\/wp-content\/uploads\/2020\/10\/Inauguracion-KIA-Integral-Car-05-1536x1024.jpg 1536w, https:\/\/bacusevents.com\/wp-content\/uploads\/2020\/10\/Inauguracion-KIA-Integral-Car-05-1500x1000.jpg 1500w, https:\/\/bacusevents.com\/wp-content\/uploads\/2020\/10\/Inauguracion-KIA-Integral-Car-05-705x470.jpg 705w, https:\/\/bacusevents.com\/wp-content\/uploads\/2020\/10\/Inauguracion-KIA-Integral-Car-05-450x300.jpg 450w, https:\/\/bacusevents.com\/wp-content\/uploads\/2020\/10\/Inauguracion-KIA-Integral-Car-05.jpg 1800w\" sizes=\"(max-width: 300px) 100vw, 300px\" \/><\/a><div class='grid-content'><div class='avia-arrow'><\/div><header class=\"entry-content-header\"><h3 class='grid-entry-title entry-title '  itemprop=\"headline\" ><a href='https:\/\/bacusevents.com\/ca\/portfolio-item\/21-kia-esdeveniment-inauguracio-kia-integral-car\/' title='21-KIA - Esdeveniment Inauguraci\u00f3 KIA Integral Car'>21-KIA - Esdeveniment Inauguraci\u00f3 KIA Integral Car<\/a><\/h3><\/header><\/div><footer class=\"entry-footer\"><\/footer><\/article><\/div><div data-ajax-id='11061' class=' grid-entry flex_column isotope-item all_sort no_margin post-entry post-entry-11061 grid-entry-overview grid-loop-22 grid-parity-even  esdeveniments-corporatius_sort  av_one_third first default_av_fullwidth '><article class='main_color inner-entry'  itemscope=\"itemscope\" itemtype=\"https:\/\/schema.org\/CreativeWork\" ><a href='https:\/\/bacusevents.com\/ca\/portfolio-item\/22-siris-capital-wine-tasting-2017-recinte-modernista-de-sant-pau\/' title='22-SIRIS CAPITAL - Wine Tasting 2017 \u2013 Recinte modernista de Sant Pau'  data-rel='grid-1' class='grid-image avia-hover-fx'><img loading=\"lazy\" decoding=\"async\" width=\"300\" height=\"200\" src=\"https:\/\/bacusevents.com\/wp-content\/uploads\/2015\/02\/Evento-Barcelona-Tasting-2017-SIRIS-06-300x200.jpg\" class=\"attachment-medium size-medium wp-post-image\" alt=\"\" srcset=\"https:\/\/bacusevents.com\/wp-content\/uploads\/2015\/02\/Evento-Barcelona-Tasting-2017-SIRIS-06-300x200.jpg 300w, https:\/\/bacusevents.com\/wp-content\/uploads\/2015\/02\/Evento-Barcelona-Tasting-2017-SIRIS-06-768x512.jpg 768w, https:\/\/bacusevents.com\/wp-content\/uploads\/2015\/02\/Evento-Barcelona-Tasting-2017-SIRIS-06-445x296.jpg 445w, https:\/\/bacusevents.com\/wp-content\/uploads\/2015\/02\/Evento-Barcelona-Tasting-2017-SIRIS-06-412x275.jpg 412w, https:\/\/bacusevents.com\/wp-content\/uploads\/2015\/02\/Evento-Barcelona-Tasting-2017-SIRIS-06-1030x687.jpg 1030w, https:\/\/bacusevents.com\/wp-content\/uploads\/2015\/02\/Evento-Barcelona-Tasting-2017-SIRIS-06-1536x1024.jpg 1536w, https:\/\/bacusevents.com\/wp-content\/uploads\/2015\/02\/Evento-Barcelona-Tasting-2017-SIRIS-06-1500x1000.jpg 1500w, https:\/\/bacusevents.com\/wp-content\/uploads\/2015\/02\/Evento-Barcelona-Tasting-2017-SIRIS-06-705x470.jpg 705w, https:\/\/bacusevents.com\/wp-content\/uploads\/2015\/02\/Evento-Barcelona-Tasting-2017-SIRIS-06-450x300.jpg 450w, https:\/\/bacusevents.com\/wp-content\/uploads\/2015\/02\/Evento-Barcelona-Tasting-2017-SIRIS-06.jpg 1800w\" sizes=\"(max-width: 300px) 100vw, 300px\" \/><\/a><div class='grid-content'><div class='avia-arrow'><\/div><header class=\"entry-content-header\"><h3 class='grid-entry-title entry-title '  itemprop=\"headline\" ><a href='https:\/\/bacusevents.com\/ca\/portfolio-item\/22-siris-capital-wine-tasting-2017-recinte-modernista-de-sant-pau\/' title='22-SIRIS CAPITAL - Wine Tasting 2017 \u2013 Recinte modernista de Sant Pau'>22-SIRIS CAPITAL - Wine Tasting 2017 \u2013 Recinte modernista de Sant Pau<\/a><\/h3><\/header><\/div><footer class=\"entry-footer\"><\/footer><\/article><\/div><div data-ajax-id='10982' class=' grid-entry flex_column isotope-item all_sort no_margin post-entry post-entry-10982 grid-entry-overview grid-loop-23 grid-parity-odd  inauguracions_sort  av_one_third  default_av_fullwidth '><article class='main_color inner-entry'  itemscope=\"itemscope\" itemtype=\"https:\/\/schema.org\/CreativeWork\" ><a href='https:\/\/bacusevents.com\/ca\/portfolio-item\/23-bouyges-immobilier-inauguracio-ibis-styles-city-bogatell\/' title='23-BOUYGES IMMOBILIER - Inauguraci\u00f3 Ibis Styles City Bogatell'  data-rel='grid-1' class='grid-image avia-hover-fx'><img loading=\"lazy\" decoding=\"async\" width=\"300\" height=\"200\" src=\"https:\/\/bacusevents.com\/wp-content\/uploads\/2020\/10\/Evento-Inaguracion-Ibis-Styles-City-Bogatell-08-300x200.jpg\" class=\"attachment-medium size-medium wp-post-image\" alt=\"\" srcset=\"https:\/\/bacusevents.com\/wp-content\/uploads\/2020\/10\/Evento-Inaguracion-Ibis-Styles-City-Bogatell-08-300x200.jpg 300w, https:\/\/bacusevents.com\/wp-content\/uploads\/2020\/10\/Evento-Inaguracion-Ibis-Styles-City-Bogatell-08-768x512.jpg 768w, https:\/\/bacusevents.com\/wp-content\/uploads\/2020\/10\/Evento-Inaguracion-Ibis-Styles-City-Bogatell-08-445x296.jpg 445w, https:\/\/bacusevents.com\/wp-content\/uploads\/2020\/10\/Evento-Inaguracion-Ibis-Styles-City-Bogatell-08-412x275.jpg 412w, https:\/\/bacusevents.com\/wp-content\/uploads\/2020\/10\/Evento-Inaguracion-Ibis-Styles-City-Bogatell-08-1030x687.jpg 1030w, https:\/\/bacusevents.com\/wp-content\/uploads\/2020\/10\/Evento-Inaguracion-Ibis-Styles-City-Bogatell-08-1536x1024.jpg 1536w, https:\/\/bacusevents.com\/wp-content\/uploads\/2020\/10\/Evento-Inaguracion-Ibis-Styles-City-Bogatell-08-1500x1000.jpg 1500w, https:\/\/bacusevents.com\/wp-content\/uploads\/2020\/10\/Evento-Inaguracion-Ibis-Styles-City-Bogatell-08-705x470.jpg 705w, https:\/\/bacusevents.com\/wp-content\/uploads\/2020\/10\/Evento-Inaguracion-Ibis-Styles-City-Bogatell-08-450x300.jpg 450w, https:\/\/bacusevents.com\/wp-content\/uploads\/2020\/10\/Evento-Inaguracion-Ibis-Styles-City-Bogatell-08.jpg 1800w\" sizes=\"(max-width: 300px) 100vw, 300px\" \/><\/a><div class='grid-content'><div class='avia-arrow'><\/div><header class=\"entry-content-header\"><h3 class='grid-entry-title entry-title '  itemprop=\"headline\" ><a href='https:\/\/bacusevents.com\/ca\/portfolio-item\/23-bouyges-immobilier-inauguracio-ibis-styles-city-bogatell\/' title='23-BOUYGES IMMOBILIER - Inauguraci\u00f3 Ibis Styles City Bogatell'>23-BOUYGES IMMOBILIER - Inauguraci\u00f3 Ibis Styles City Bogatell<\/a><\/h3><\/header><\/div><footer class=\"entry-footer\"><\/footer><\/article><\/div><div data-ajax-id='11192' class=' grid-entry flex_column isotope-item all_sort no_margin post-entry post-entry-11192 grid-entry-overview grid-loop-24 grid-parity-even  esdeveniments-corporatius_sort  av_one_third  default_av_fullwidth '><article class='main_color inner-entry'  itemscope=\"itemscope\" itemtype=\"https:\/\/schema.org\/CreativeWork\" ><a href='https:\/\/bacusevents.com\/ca\/portfolio-item\/24-siris-capital-2014s-mwc-networking-coktail-casa-batllo\/' title='24-SIRIS CAPITAL \u2013 2014&#039;s MWC Networking Coktail - Casa Batll\u00f3'  data-rel='grid-1' class='grid-image avia-hover-fx'><img loading=\"lazy\" decoding=\"async\" width=\"300\" height=\"200\" src=\"https:\/\/bacusevents.com\/wp-content\/uploads\/2023\/04\/SirisCapitalGroup-\u00aeDavidArnoldi-55-300x200.jpg\" class=\"attachment-medium size-medium wp-post-image\" alt=\"\" srcset=\"https:\/\/bacusevents.com\/wp-content\/uploads\/2023\/04\/SirisCapitalGroup-\u00aeDavidArnoldi-55-300x200.jpg 300w, https:\/\/bacusevents.com\/wp-content\/uploads\/2023\/04\/SirisCapitalGroup-\u00aeDavidArnoldi-55-768x511.jpg 768w, https:\/\/bacusevents.com\/wp-content\/uploads\/2023\/04\/SirisCapitalGroup-\u00aeDavidArnoldi-55-445x296.jpg 445w, https:\/\/bacusevents.com\/wp-content\/uploads\/2023\/04\/SirisCapitalGroup-\u00aeDavidArnoldi-55-412x275.jpg 412w, https:\/\/bacusevents.com\/wp-content\/uploads\/2023\/04\/SirisCapitalGroup-\u00aeDavidArnoldi-55-1030x686.jpg 1030w, https:\/\/bacusevents.com\/wp-content\/uploads\/2023\/04\/SirisCapitalGroup-\u00aeDavidArnoldi-55-1536x1022.jpg 1536w, https:\/\/bacusevents.com\/wp-content\/uploads\/2023\/04\/SirisCapitalGroup-\u00aeDavidArnoldi-55-1500x998.jpg 1500w, https:\/\/bacusevents.com\/wp-content\/uploads\/2023\/04\/SirisCapitalGroup-\u00aeDavidArnoldi-55-705x469.jpg 705w, https:\/\/bacusevents.com\/wp-content\/uploads\/2023\/04\/SirisCapitalGroup-\u00aeDavidArnoldi-55-450x300.jpg 450w, https:\/\/bacusevents.com\/wp-content\/uploads\/2023\/04\/SirisCapitalGroup-\u00aeDavidArnoldi-55.jpg 1800w\" sizes=\"(max-width: 300px) 100vw, 300px\" \/><\/a><div class='grid-content'><div class='avia-arrow'><\/div><header class=\"entry-content-header\"><h3 class='grid-entry-title entry-title '  itemprop=\"headline\" ><a href='https:\/\/bacusevents.com\/ca\/portfolio-item\/24-siris-capital-2014s-mwc-networking-coktail-casa-batllo\/' title='24-SIRIS CAPITAL \u2013 2014&#039;s MWC Networking Coktail - Casa Batll\u00f3'>24-SIRIS CAPITAL \u2013 2014's MWC Networking Coktail - Casa Batll\u00f3<\/a><\/h3><\/header><\/div><footer class=\"entry-footer\"><\/footer><\/article><\/div><div data-ajax-id='11324' class=' grid-entry flex_column isotope-item all_sort no_margin post-entry post-entry-11324 grid-entry-overview grid-loop-25 grid-parity-odd  presentacio-de-producte_sort  av_one_third first default_av_fullwidth '><article class='main_color inner-entry'  itemscope=\"itemscope\" itemtype=\"https:\/\/schema.org\/CreativeWork\" ><a href='https:\/\/bacusevents.com\/ca\/portfolio-item\/25-motor-munich-presentacio-bmw-s3\/' title='25-MOTOR MUNICH - Presentaci\u00f3 BMW S3'  data-rel='grid-1' class='grid-image avia-hover-fx'><img loading=\"lazy\" decoding=\"async\" width=\"300\" height=\"200\" src=\"https:\/\/bacusevents.com\/wp-content\/uploads\/2023\/04\/BACUS_EVENTOS_AGENCIA_1-300x200.jpg\" class=\"attachment-medium size-medium wp-post-image\" alt=\"\" srcset=\"https:\/\/bacusevents.com\/wp-content\/uploads\/2023\/04\/BACUS_EVENTOS_AGENCIA_1-300x200.jpg 300w, https:\/\/bacusevents.com\/wp-content\/uploads\/2023\/04\/BACUS_EVENTOS_AGENCIA_1-445x296.jpg 445w, https:\/\/bacusevents.com\/wp-content\/uploads\/2023\/04\/BACUS_EVENTOS_AGENCIA_1-412x275.jpg 412w, https:\/\/bacusevents.com\/wp-content\/uploads\/2023\/04\/BACUS_EVENTOS_AGENCIA_1-450x300.jpg 450w, https:\/\/bacusevents.com\/wp-content\/uploads\/2023\/04\/BACUS_EVENTOS_AGENCIA_1.jpg 640w\" sizes=\"(max-width: 300px) 100vw, 300px\" \/><\/a><div class='grid-content'><div class='avia-arrow'><\/div><header class=\"entry-content-header\"><h3 class='grid-entry-title entry-title '  itemprop=\"headline\" ><a href='https:\/\/bacusevents.com\/ca\/portfolio-item\/25-motor-munich-presentacio-bmw-s3\/' title='25-MOTOR MUNICH - Presentaci\u00f3 BMW S3'>25-MOTOR MUNICH - Presentaci\u00f3 BMW S3<\/a><\/h3><\/header><\/div><footer class=\"entry-footer\"><\/footer><\/article><\/div><div data-ajax-id='11220' class=' grid-entry flex_column isotope-item all_sort no_margin post-entry post-entry-11220 grid-entry-overview grid-loop-26 grid-parity-even  incentius-i-teambuilding_sort  av_one_third  default_av_fullwidth '><article class='main_color inner-entry'  itemscope=\"itemscope\" itemtype=\"https:\/\/schema.org\/CreativeWork\" ><a href='https:\/\/bacusevents.com\/ca\/portfolio-item\/26-adp-tour-classic-car\/' title='26-ADP - Tour Classic Car'  data-rel='grid-1' class='grid-image avia-hover-fx'><img loading=\"lazy\" decoding=\"async\" width=\"300\" height=\"200\" src=\"https:\/\/bacusevents.com\/wp-content\/uploads\/2023\/04\/ADP-\u00aeDavidArnoldi-90-300x200.jpg\" class=\"attachment-medium size-medium wp-post-image\" alt=\"\" srcset=\"https:\/\/bacusevents.com\/wp-content\/uploads\/2023\/04\/ADP-\u00aeDavidArnoldi-90-300x200.jpg 300w, https:\/\/bacusevents.com\/wp-content\/uploads\/2023\/04\/ADP-\u00aeDavidArnoldi-90-768x511.jpg 768w, https:\/\/bacusevents.com\/wp-content\/uploads\/2023\/04\/ADP-\u00aeDavidArnoldi-90-445x296.jpg 445w, https:\/\/bacusevents.com\/wp-content\/uploads\/2023\/04\/ADP-\u00aeDavidArnoldi-90-412x275.jpg 412w, https:\/\/bacusevents.com\/wp-content\/uploads\/2023\/04\/ADP-\u00aeDavidArnoldi-90-1030x686.jpg 1030w, https:\/\/bacusevents.com\/wp-content\/uploads\/2023\/04\/ADP-\u00aeDavidArnoldi-90-1536x1022.jpg 1536w, https:\/\/bacusevents.com\/wp-content\/uploads\/2023\/04\/ADP-\u00aeDavidArnoldi-90-1500x998.jpg 1500w, https:\/\/bacusevents.com\/wp-content\/uploads\/2023\/04\/ADP-\u00aeDavidArnoldi-90-705x469.jpg 705w, https:\/\/bacusevents.com\/wp-content\/uploads\/2023\/04\/ADP-\u00aeDavidArnoldi-90-450x300.jpg 450w, https:\/\/bacusevents.com\/wp-content\/uploads\/2023\/04\/ADP-\u00aeDavidArnoldi-90.jpg 1800w\" sizes=\"(max-width: 300px) 100vw, 300px\" \/><\/a><div class='grid-content'><div class='avia-arrow'><\/div><header class=\"entry-content-header\"><h3 class='grid-entry-title entry-title '  itemprop=\"headline\" ><a href='https:\/\/bacusevents.com\/ca\/portfolio-item\/26-adp-tour-classic-car\/' title='26-ADP - Tour Classic Car'>26-ADP - Tour Classic Car<\/a><\/h3><\/header><\/div><footer class=\"entry-footer\"><\/footer><\/article><\/div><div data-ajax-id='11353' class=' grid-entry flex_column isotope-item all_sort no_margin post-entry post-entry-11353 grid-entry-overview grid-loop-27 grid-parity-odd  fires-i-stands_sort  av_one_third  default_av_fullwidth '><article class='main_color inner-entry'  itemscope=\"itemscope\" itemtype=\"https:\/\/schema.org\/CreativeWork\" ><a href='https:\/\/bacusevents.com\/ca\/portfolio-item\/27-wallbox-fira-gerena-madrid-estand\/' title='27-WALLBOX - Fira Gerena Madrid. Estand'  data-rel='grid-1' class='grid-image avia-hover-fx'><img loading=\"lazy\" decoding=\"async\" width=\"300\" height=\"200\" src=\"https:\/\/bacusevents.com\/wp-content\/uploads\/2023\/05\/PORTADA-adelanto-001-300x200.jpg\" class=\"attachment-medium size-medium wp-post-image\" alt=\"\" srcset=\"https:\/\/bacusevents.com\/wp-content\/uploads\/2023\/05\/PORTADA-adelanto-001-300x200.jpg 300w, https:\/\/bacusevents.com\/wp-content\/uploads\/2023\/05\/PORTADA-adelanto-001-768x513.jpg 768w, https:\/\/bacusevents.com\/wp-content\/uploads\/2023\/05\/PORTADA-adelanto-001-445x296.jpg 445w, https:\/\/bacusevents.com\/wp-content\/uploads\/2023\/05\/PORTADA-adelanto-001-412x275.jpg 412w, https:\/\/bacusevents.com\/wp-content\/uploads\/2023\/05\/PORTADA-adelanto-001-1030x687.jpg 1030w, https:\/\/bacusevents.com\/wp-content\/uploads\/2023\/05\/PORTADA-adelanto-001-1536x1025.jpg 1536w, https:\/\/bacusevents.com\/wp-content\/uploads\/2023\/05\/PORTADA-adelanto-001-2048x1367.jpg 2048w, https:\/\/bacusevents.com\/wp-content\/uploads\/2023\/05\/PORTADA-adelanto-001-1500x1001.jpg 1500w, https:\/\/bacusevents.com\/wp-content\/uploads\/2023\/05\/PORTADA-adelanto-001-705x471.jpg 705w, https:\/\/bacusevents.com\/wp-content\/uploads\/2023\/05\/PORTADA-adelanto-001-450x300.jpg 450w\" sizes=\"(max-width: 300px) 100vw, 300px\" \/><\/a><div class='grid-content'><div class='avia-arrow'><\/div><header class=\"entry-content-header\"><h3 class='grid-entry-title entry-title '  itemprop=\"headline\" ><a href='https:\/\/bacusevents.com\/ca\/portfolio-item\/27-wallbox-fira-gerena-madrid-estand\/' title='27-WALLBOX - Fira Gerena Madrid. Estand'>27-WALLBOX - Fira Gerena Madrid. Estand<\/a><\/h3><\/header><\/div><footer class=\"entry-footer\"><\/footer><\/article><\/div><div data-ajax-id='11222' class=' grid-entry flex_column isotope-item all_sort no_margin post-entry post-entry-11222 grid-entry-overview grid-loop-28 grid-parity-even  congressos-i-convencions_sort esdeveniments-corporatius_sort  av_one_third first default_av_fullwidth '><article class='main_color inner-entry'  itemscope=\"itemscope\" itemtype=\"https:\/\/schema.org\/CreativeWork\" ><a href='https:\/\/bacusevents.com\/ca\/portfolio-item\/28-vidacaixa-esdeveniment-anual-barcelona\/' title='28-VIDACAIXA - Esdeveniment anual Barcelona'  data-rel='grid-1' class='grid-image avia-hover-fx'><img loading=\"lazy\" decoding=\"async\" width=\"300\" height=\"225\" src=\"https:\/\/bacusevents.com\/wp-content\/uploads\/2023\/04\/IMG_7056-300x225.webp\" class=\"attachment-medium size-medium wp-post-image\" alt=\"Sal\u00f3n azul con barra iluminada en el evento de VidaCaixa\" srcset=\"https:\/\/bacusevents.com\/wp-content\/uploads\/2023\/04\/IMG_7056-300x225.webp 300w, https:\/\/bacusevents.com\/wp-content\/uploads\/2023\/04\/IMG_7056-1030x773.webp 1030w, https:\/\/bacusevents.com\/wp-content\/uploads\/2023\/04\/IMG_7056-768x576.webp 768w, https:\/\/bacusevents.com\/wp-content\/uploads\/2023\/04\/IMG_7056-1536x1152.webp 1536w, https:\/\/bacusevents.com\/wp-content\/uploads\/2023\/04\/IMG_7056-2048x1536.webp 2048w, https:\/\/bacusevents.com\/wp-content\/uploads\/2023\/04\/IMG_7056-1500x1125.webp 1500w, https:\/\/bacusevents.com\/wp-content\/uploads\/2023\/04\/IMG_7056-705x529.webp 705w, https:\/\/bacusevents.com\/wp-content\/uploads\/2023\/04\/IMG_7056-450x338.webp 450w\" sizes=\"(max-width: 300px) 100vw, 300px\" \/><\/a><div class='grid-content'><div class='avia-arrow'><\/div><header class=\"entry-content-header\"><h3 class='grid-entry-title entry-title '  itemprop=\"headline\" ><a href='https:\/\/bacusevents.com\/ca\/portfolio-item\/28-vidacaixa-esdeveniment-anual-barcelona\/' title='28-VIDACAIXA - Esdeveniment anual Barcelona'>28-VIDACAIXA - Esdeveniment anual Barcelona<\/a><\/h3><\/header><\/div><footer class=\"entry-footer\"><\/footer><\/article><\/div><div data-ajax-id='11168' class=' grid-entry flex_column isotope-item all_sort no_margin post-entry post-entry-11168 grid-entry-overview grid-loop-29 grid-parity-odd  family-day-ca_sort  av_one_third  default_av_fullwidth '><article class='main_color inner-entry'  itemscope=\"itemscope\" itemtype=\"https:\/\/schema.org\/CreativeWork\" ><a href='https:\/\/bacusevents.com\/ca\/portfolio-item\/29-pirelli-family-day\/' title='29-PIRELLI - Family Day'  data-rel='grid-1' class='grid-image avia-hover-fx'><img loading=\"lazy\" decoding=\"async\" width=\"300\" height=\"200\" src=\"https:\/\/bacusevents.com\/wp-content\/uploads\/2023\/04\/1593-Bacus-300x200.jpg\" class=\"attachment-medium size-medium wp-post-image\" alt=\"\" srcset=\"https:\/\/bacusevents.com\/wp-content\/uploads\/2023\/04\/1593-Bacus-300x200.jpg 300w, https:\/\/bacusevents.com\/wp-content\/uploads\/2023\/04\/1593-Bacus-768x512.jpg 768w, https:\/\/bacusevents.com\/wp-content\/uploads\/2023\/04\/1593-Bacus-445x296.jpg 445w, https:\/\/bacusevents.com\/wp-content\/uploads\/2023\/04\/1593-Bacus-412x275.jpg 412w, https:\/\/bacusevents.com\/wp-content\/uploads\/2023\/04\/1593-Bacus-1030x687.jpg 1030w, https:\/\/bacusevents.com\/wp-content\/uploads\/2023\/04\/1593-Bacus-1536x1024.jpg 1536w\" sizes=\"(max-width: 300px) 100vw, 300px\" \/><\/a><div class='grid-content'><div class='avia-arrow'><\/div><header class=\"entry-content-header\"><h3 class='grid-entry-title entry-title '  itemprop=\"headline\" ><a href='https:\/\/bacusevents.com\/ca\/portfolio-item\/29-pirelli-family-day\/' title='29-PIRELLI - Family Day'>29-PIRELLI - Family Day<\/a><\/h3><\/header><\/div><footer class=\"entry-footer\"><\/footer><\/article><\/div><div data-ajax-id='11323' class=' grid-entry flex_column isotope-item all_sort no_margin post-entry post-entry-11323 grid-entry-overview grid-loop-30 grid-parity-even  post-entry-last  family-day-ca_sort  av_one_third  default_av_fullwidth '><article class='main_color inner-entry'  itemscope=\"itemscope\" itemtype=\"https:\/\/schema.org\/CreativeWork\" ><a href='https:\/\/bacusevents.com\/ca\/portfolio-item\/30-ti-auomotive-portes-obertes\/' title='30-TI AUOMOTIVE - Portes Obertes'  data-rel='grid-1' class='grid-image avia-hover-fx'><img loading=\"lazy\" decoding=\"async\" width=\"300\" height=\"200\" src=\"https:\/\/bacusevents.com\/wp-content\/uploads\/2023\/04\/MG_6385-300x200.jpg\" class=\"attachment-medium size-medium wp-post-image\" alt=\"\" srcset=\"https:\/\/bacusevents.com\/wp-content\/uploads\/2023\/04\/MG_6385-300x200.jpg 300w, https:\/\/bacusevents.com\/wp-content\/uploads\/2023\/04\/MG_6385-768x512.jpg 768w, https:\/\/bacusevents.com\/wp-content\/uploads\/2023\/04\/MG_6385-445x296.jpg 445w, https:\/\/bacusevents.com\/wp-content\/uploads\/2023\/04\/MG_6385-412x275.jpg 412w, https:\/\/bacusevents.com\/wp-content\/uploads\/2023\/04\/MG_6385-1030x687.jpg 1030w, https:\/\/bacusevents.com\/wp-content\/uploads\/2023\/04\/MG_6385-1536x1024.jpg 1536w, https:\/\/bacusevents.com\/wp-content\/uploads\/2023\/04\/MG_6385-2048x1365.jpg 2048w, https:\/\/bacusevents.com\/wp-content\/uploads\/2023\/04\/MG_6385-1500x1000.jpg 1500w, https:\/\/bacusevents.com\/wp-content\/uploads\/2023\/04\/MG_6385-705x470.jpg 705w, https:\/\/bacusevents.com\/wp-content\/uploads\/2023\/04\/MG_6385-450x300.jpg 450w\" sizes=\"(max-width: 300px) 100vw, 300px\" \/><\/a><div class='grid-content'><div class='avia-arrow'><\/div><header class=\"entry-content-header\"><h3 class='grid-entry-title entry-title '  itemprop=\"headline\" ><a href='https:\/\/bacusevents.com\/ca\/portfolio-item\/30-ti-auomotive-portes-obertes\/' title='30-TI AUOMOTIVE - Portes Obertes'>30-TI AUOMOTIVE - Portes Obertes<\/a><\/h3><\/header><\/div><footer class=\"entry-footer\"><\/footer><\/article><\/div><\/div>\n","protected":false},"excerpt":{"rendered":"","protected":false},"author":3,"featured_media":7501,"parent":0,"menu_order":0,"comment_status":"closed","ping_status":"closed","template":"","meta":{"footnotes":""},"class_list":["post-10629","page","type-page","status-publish","has-post-thumbnail","hentry"],"yoast_head":"<!-- This site is optimized with the Yoast SEO Premium plugin v27.0 (Yoast SEO v27.5) - https:\/\/yoast.com\/product\/yoast-seo-premium-wordpress\/ -->\n<title>Ag\u00e8ncia d&#039;esdeveniments: creem moments inoblidables - Bacus Events - Creaci\u00f3n y Organizaci\u00f3n de Eventos<\/title>\n<meta name=\"description\" content=\"Descobreix com la nostra ag\u00e8ncia d&#039;esdeveniments transforma les idees en experi\u00e8ncies inoblidables amb m\u00e9s de 30 anys d&#039;experi\u00e8ncia.\" \/>\n<meta name=\"robots\" content=\"index, follow, max-snippet:-1, max-image-preview:large, max-video-preview:-1\" \/>\n<link rel=\"canonical\" href=\"https:\/\/bacusevents.com\/ca\/projectes\/\" \/>\n<meta property=\"og:locale\" content=\"ca_ES\" \/>\n<meta property=\"og:type\" content=\"article\" \/>\n<meta property=\"og:title\" content=\"PROJECTES\" \/>\n<meta property=\"og:description\" content=\"Descobreix com la nostra ag\u00e8ncia d&#039;esdeveniments transforma les idees en experi\u00e8ncies inoblidables amb m\u00e9s de 30 anys d&#039;experi\u00e8ncia.\" \/>\n<meta property=\"og:url\" content=\"https:\/\/bacusevents.com\/ca\/projectes\/\" \/>\n<meta property=\"og:site_name\" content=\"Bacus Events - Creaci\u00f3n y Organizaci\u00f3n de Eventos\" \/>\n<meta property=\"article:publisher\" content=\"https:\/\/www.facebook.com\/BacusEventos\" \/>\n<meta property=\"article:modified_time\" content=\"2025-03-04T18:14:10+00:00\" \/>\n<meta property=\"og:image\" content=\"https:\/\/bacusevents.com\/wp-content\/uploads\/2020\/10\/Evento-Arena-Barcelona-09.jpg\" \/>\n\t<meta property=\"og:image:width\" content=\"1024\" \/>\n\t<meta property=\"og:image:height\" content=\"683\" \/>\n\t<meta property=\"og:image:type\" content=\"image\/jpeg\" \/>\n<meta name=\"twitter:card\" content=\"summary_large_image\" \/>\n<meta name=\"twitter:label1\" content=\"Temps estimat de lectura\" \/>\n\t<meta name=\"twitter:data1\" content=\"2 minuts\" \/>\n<script type=\"application\/ld+json\" class=\"yoast-schema-graph\">{\"@context\":\"https:\\\/\\\/schema.org\",\"@graph\":[{\"@type\":\"WebPage\",\"@id\":\"https:\\\/\\\/bacusevents.com\\\/ca\\\/projectes\\\/\",\"url\":\"https:\\\/\\\/bacusevents.com\\\/ca\\\/projectes\\\/\",\"name\":\"Ag\u00e8ncia d'esdeveniments: creem moments inoblidables - Bacus Events - Creaci\u00f3n y Organizaci\u00f3n de Eventos\",\"isPartOf\":{\"@id\":\"https:\\\/\\\/bacusevents.com\\\/ca\\\/#website\"},\"primaryImageOfPage\":{\"@id\":\"https:\\\/\\\/bacusevents.com\\\/ca\\\/projectes\\\/#primaryimage\"},\"image\":{\"@id\":\"https:\\\/\\\/bacusevents.com\\\/ca\\\/projectes\\\/#primaryimage\"},\"thumbnailUrl\":\"https:\\\/\\\/bacusevents.com\\\/wp-content\\\/uploads\\\/2020\\\/10\\\/Evento-Arena-Barcelona-09.jpg\",\"datePublished\":\"2017-02-02T12:27:50+00:00\",\"dateModified\":\"2025-03-04T18:14:10+00:00\",\"description\":\"Descobreix com la nostra ag\u00e8ncia d'esdeveniments transforma les idees en experi\u00e8ncies inoblidables amb m\u00e9s de 30 anys d'experi\u00e8ncia.\",\"breadcrumb\":{\"@id\":\"https:\\\/\\\/bacusevents.com\\\/ca\\\/projectes\\\/#breadcrumb\"},\"inLanguage\":\"ca\",\"potentialAction\":[{\"@type\":\"ReadAction\",\"target\":[\"https:\\\/\\\/bacusevents.com\\\/ca\\\/projectes\\\/\"]}]},{\"@type\":\"ImageObject\",\"inLanguage\":\"ca\",\"@id\":\"https:\\\/\\\/bacusevents.com\\\/ca\\\/projectes\\\/#primaryimage\",\"url\":\"https:\\\/\\\/bacusevents.com\\\/wp-content\\\/uploads\\\/2020\\\/10\\\/Evento-Arena-Barcelona-09.jpg\",\"contentUrl\":\"https:\\\/\\\/bacusevents.com\\\/wp-content\\\/uploads\\\/2020\\\/10\\\/Evento-Arena-Barcelona-09.jpg\",\"width\":1024,\"height\":683,\"caption\":\"Evento Arena Barcelona\"},{\"@type\":\"BreadcrumbList\",\"@id\":\"https:\\\/\\\/bacusevents.com\\\/ca\\\/projectes\\\/#breadcrumb\",\"itemListElement\":[{\"@type\":\"ListItem\",\"position\":1,\"name\":\"Portada\",\"item\":\"https:\\\/\\\/bacusevents.com\\\/ca\\\/\"},{\"@type\":\"ListItem\",\"position\":2,\"name\":\"PROJECTES\"}]},{\"@type\":\"WebSite\",\"@id\":\"https:\\\/\\\/bacusevents.com\\\/ca\\\/#website\",\"url\":\"https:\\\/\\\/bacusevents.com\\\/ca\\\/\",\"name\":\"Bacus Events - Creaci\u00f3n y Organizaci\u00f3n de Eventos\",\"description\":\"Bacus Events - Creaci\u00f3n y Organizaci\u00f3n de Eventos\",\"publisher\":{\"@id\":\"https:\\\/\\\/bacusevents.com\\\/ca\\\/#organization\"},\"potentialAction\":[{\"@type\":\"SearchAction\",\"target\":{\"@type\":\"EntryPoint\",\"urlTemplate\":\"https:\\\/\\\/bacusevents.com\\\/ca\\\/?s={search_term_string}\"},\"query-input\":{\"@type\":\"PropertyValueSpecification\",\"valueRequired\":true,\"valueName\":\"search_term_string\"}}],\"inLanguage\":\"ca\"},{\"@type\":\"Organization\",\"@id\":\"https:\\\/\\\/bacusevents.com\\\/ca\\\/#organization\",\"name\":\"Bacus Events - Creaci\u00f3n y Organizaci\u00f3n de Eventos\",\"url\":\"https:\\\/\\\/bacusevents.com\\\/ca\\\/\",\"logo\":{\"@type\":\"ImageObject\",\"inLanguage\":\"ca\",\"@id\":\"https:\\\/\\\/bacusevents.com\\\/ca\\\/#\\\/schema\\\/logo\\\/image\\\/\",\"url\":\"https:\\\/\\\/bacusevents.com\\\/wp-content\\\/uploads\\\/2025\\\/03\\\/BacusEvents-5.png\",\"contentUrl\":\"https:\\\/\\\/bacusevents.com\\\/wp-content\\\/uploads\\\/2025\\\/03\\\/BacusEvents-5.png\",\"width\":393,\"height\":426,\"caption\":\"Bacus Events - Creaci\u00f3n y Organizaci\u00f3n de Eventos\"},\"image\":{\"@id\":\"https:\\\/\\\/bacusevents.com\\\/ca\\\/#\\\/schema\\\/logo\\\/image\\\/\"},\"sameAs\":[\"https:\\\/\\\/www.facebook.com\\\/BacusEventos\",\"https:\\\/\\\/www.instagram.com\\\/bacusevents\\\/\",\"https:\\\/\\\/www.linkedin.com\\\/company\\\/1481874\\\/admin\\\/dashboard\\\/\"]}]}<\/script>\n<!-- \/ Yoast SEO Premium plugin. -->","yoast_head_json":{"title":"Ag\u00e8ncia d'esdeveniments: creem moments inoblidables - Bacus Events - Creaci\u00f3n y Organizaci\u00f3n de Eventos","description":"Descobreix com la nostra ag\u00e8ncia d'esdeveniments transforma les idees en experi\u00e8ncies inoblidables amb m\u00e9s de 30 anys d'experi\u00e8ncia.","robots":{"index":"index","follow":"follow","max-snippet":"max-snippet:-1","max-image-preview":"max-image-preview:large","max-video-preview":"max-video-preview:-1"},"canonical":"https:\/\/bacusevents.com\/ca\/projectes\/","og_locale":"ca_ES","og_type":"article","og_title":"PROJECTES","og_description":"Descobreix com la nostra ag\u00e8ncia d'esdeveniments transforma les idees en experi\u00e8ncies inoblidables amb m\u00e9s de 30 anys d'experi\u00e8ncia.","og_url":"https:\/\/bacusevents.com\/ca\/projectes\/","og_site_name":"Bacus Events - Creaci\u00f3n y Organizaci\u00f3n de Eventos","article_publisher":"https:\/\/www.facebook.com\/BacusEventos","article_modified_time":"2025-03-04T18:14:10+00:00","og_image":[{"width":1024,"height":683,"url":"https:\/\/bacusevents.com\/wp-content\/uploads\/2020\/10\/Evento-Arena-Barcelona-09.jpg","type":"image\/jpeg"}],"twitter_card":"summary_large_image","twitter_misc":{"Temps estimat de lectura":"2 minuts"},"schema":{"@context":"https:\/\/schema.org","@graph":[{"@type":"WebPage","@id":"https:\/\/bacusevents.com\/ca\/projectes\/","url":"https:\/\/bacusevents.com\/ca\/projectes\/","name":"Ag\u00e8ncia d'esdeveniments: creem moments inoblidables - Bacus Events - Creaci\u00f3n y Organizaci\u00f3n de Eventos","isPartOf":{"@id":"https:\/\/bacusevents.com\/ca\/#website"},"primaryImageOfPage":{"@id":"https:\/\/bacusevents.com\/ca\/projectes\/#primaryimage"},"image":{"@id":"https:\/\/bacusevents.com\/ca\/projectes\/#primaryimage"},"thumbnailUrl":"https:\/\/bacusevents.com\/wp-content\/uploads\/2020\/10\/Evento-Arena-Barcelona-09.jpg","datePublished":"2017-02-02T12:27:50+00:00","dateModified":"2025-03-04T18:14:10+00:00","description":"Descobreix com la nostra ag\u00e8ncia d'esdeveniments transforma les idees en experi\u00e8ncies inoblidables amb m\u00e9s de 30 anys d'experi\u00e8ncia.","breadcrumb":{"@id":"https:\/\/bacusevents.com\/ca\/projectes\/#breadcrumb"},"inLanguage":"ca","potentialAction":[{"@type":"ReadAction","target":["https:\/\/bacusevents.com\/ca\/projectes\/"]}]},{"@type":"ImageObject","inLanguage":"ca","@id":"https:\/\/bacusevents.com\/ca\/projectes\/#primaryimage","url":"https:\/\/bacusevents.com\/wp-content\/uploads\/2020\/10\/Evento-Arena-Barcelona-09.jpg","contentUrl":"https:\/\/bacusevents.com\/wp-content\/uploads\/2020\/10\/Evento-Arena-Barcelona-09.jpg","width":1024,"height":683,"caption":"Evento Arena Barcelona"},{"@type":"BreadcrumbList","@id":"https:\/\/bacusevents.com\/ca\/projectes\/#breadcrumb","itemListElement":[{"@type":"ListItem","position":1,"name":"Portada","item":"https:\/\/bacusevents.com\/ca\/"},{"@type":"ListItem","position":2,"name":"PROJECTES"}]},{"@type":"WebSite","@id":"https:\/\/bacusevents.com\/ca\/#website","url":"https:\/\/bacusevents.com\/ca\/","name":"Bacus Events - Creaci\u00f3n y Organizaci\u00f3n de Eventos","description":"Bacus Events - Creaci\u00f3n y Organizaci\u00f3n de Eventos","publisher":{"@id":"https:\/\/bacusevents.com\/ca\/#organization"},"potentialAction":[{"@type":"SearchAction","target":{"@type":"EntryPoint","urlTemplate":"https:\/\/bacusevents.com\/ca\/?s={search_term_string}"},"query-input":{"@type":"PropertyValueSpecification","valueRequired":true,"valueName":"search_term_string"}}],"inLanguage":"ca"},{"@type":"Organization","@id":"https:\/\/bacusevents.com\/ca\/#organization","name":"Bacus Events - Creaci\u00f3n y Organizaci\u00f3n de Eventos","url":"https:\/\/bacusevents.com\/ca\/","logo":{"@type":"ImageObject","inLanguage":"ca","@id":"https:\/\/bacusevents.com\/ca\/#\/schema\/logo\/image\/","url":"https:\/\/bacusevents.com\/wp-content\/uploads\/2025\/03\/BacusEvents-5.png","contentUrl":"https:\/\/bacusevents.com\/wp-content\/uploads\/2025\/03\/BacusEvents-5.png","width":393,"height":426,"caption":"Bacus Events - Creaci\u00f3n y Organizaci\u00f3n de Eventos"},"image":{"@id":"https:\/\/bacusevents.com\/ca\/#\/schema\/logo\/image\/"},"sameAs":["https:\/\/www.facebook.com\/BacusEventos","https:\/\/www.instagram.com\/bacusevents\/","https:\/\/www.linkedin.com\/company\/1481874\/admin\/dashboard\/"]}]}},"_links":{"self":[{"href":"https:\/\/bacusevents.com\/ca\/wp-json\/wp\/v2\/pages\/10629","targetHints":{"allow":["GET"]}}],"collection":[{"href":"https:\/\/bacusevents.com\/ca\/wp-json\/wp\/v2\/pages"}],"about":[{"href":"https:\/\/bacusevents.com\/ca\/wp-json\/wp\/v2\/types\/page"}],"author":[{"embeddable":true,"href":"https:\/\/bacusevents.com\/ca\/wp-json\/wp\/v2\/users\/3"}],"replies":[{"embeddable":true,"href":"https:\/\/bacusevents.com\/ca\/wp-json\/wp\/v2\/comments?post=10629"}],"version-history":[{"count":5,"href":"https:\/\/bacusevents.com\/ca\/wp-json\/wp\/v2\/pages\/10629\/revisions"}],"predecessor-version":[{"id":11648,"href":"https:\/\/bacusevents.com\/ca\/wp-json\/wp\/v2\/pages\/10629\/revisions\/11648"}],"wp:featuredmedia":[{"embeddable":true,"href":"https:\/\/bacusevents.com\/ca\/wp-json\/wp\/v2\/media\/7501"}],"wp:attachment":[{"href":"https:\/\/bacusevents.com\/ca\/wp-json\/wp\/v2\/media?parent=10629"}],"curies":[{"name":"wp","href":"https:\/\/api.w.org\/{rel}","templated":true}]}}