{"id":10943,"date":"2020-10-05T13:53:50","date_gmt":"2020-10-05T13:53:50","guid":{"rendered":"https:\/\/bacusevents.com\/portfolio-item\/19-f-iniciativa-celebracio-15-anys\/"},"modified":"2024-05-01T05:56:56","modified_gmt":"2024-05-01T05:56:56","slug":"19-f-iniciativa-celebracio-15-anys","status":"publish","type":"portfolio","link":"https:\/\/bacusevents.com\/ca\/portfolio-item\/19-f-iniciativa-celebracio-15-anys\/","title":{"rendered":"19-F-INICIATIVA &#8211; celebraci\u00f3 15 anys"},"content":{"rendered":"<div id='full_slider_1' class='avia-fullwidth-slider main_color avia-shadow   avia-builder-el-0  el_before_av_one_third  avia-builder-el-first   container_wrap sidebar_right' style=' '  ><div  data-size='1536x1536'  data-lightbox_size='large'  data-animation='slide'  data-conditional_play=''  data-ids='3996,3999,3998,4002,4001,3997,4003,4004,4006,4000,5139,5140'  data-video_counter='0'  data-autoplay='true'  data-bg_slider='false'  data-slide_height=''  data-handle='av_slideshow_full'  data-interval='5'  data-class=' '  data-css_id=''  data-scroll_down=''  data-control_layout='av-control-minimal av-control-minimal-dark'  data-custom_markup=''  data-perma_caption=''  data-autoplay_stopper=''  data-image_attachment=''  data-min_height='0px'  data-src=''  data-position='top left'  data-repeat='no-repeat'  data-attach='scroll'  data-stretch=''  data-default-height='100'  class='avia-slideshow avia-slideshow-1  av-control-minimal av-control-minimal-dark av-default-height-applied avia-slideshow-1536x1536 av_slideshow_full   avia-slide-slider '  itemprop=\"image\" itemscope=\"itemscope\" itemtype=\"https:\/\/schema.org\/ImageObject\" ><ul class='avia-slideshow-inner ' style='padding-bottom: 66.695804195804%;' ><li  class=' slide-1 ' ><div data-rel='slideshow-1' class='avia-slide-wrap '  title='Evento F-Iniciativas' ><img src='https:\/\/bacusevents.com\/wp-content\/uploads\/2020\/10\/F-Iniciativas-01.jpg' width='1144' height='763' title='Evento F-Iniciativas' alt=''  itemprop=\"thumbnailUrl\"   \/><\/div><\/li><li  class=' slide-2 ' ><div data-rel='slideshow-1' class='avia-slide-wrap '  title='Evento F-Iniciativas' ><img src='https:\/\/bacusevents.com\/wp-content\/uploads\/2020\/10\/F-Iniciativas-04.jpg' width='1144' height='763' title='Evento F-Iniciativas' alt=''  itemprop=\"thumbnailUrl\"   \/><\/div><\/li><li  class=' slide-3 ' ><div data-rel='slideshow-1' class='avia-slide-wrap '  title='Evento F-Iniciativas' ><img src='https:\/\/bacusevents.com\/wp-content\/uploads\/2020\/10\/F-Iniciativas-03.jpg' width='1144' height='763' title='Evento F-Iniciativas' alt=''  itemprop=\"thumbnailUrl\"   \/><\/div><\/li><li  class=' slide-4 ' ><div data-rel='slideshow-1' class='avia-slide-wrap '  title='Evento F-Iniciativas' ><img src='https:\/\/bacusevents.com\/wp-content\/uploads\/2020\/10\/F-Iniciativas-07.jpg' width='1144' height='763' title='Evento F-Iniciativas' alt=''  itemprop=\"thumbnailUrl\"   \/><\/div><\/li><li  class=' slide-5 ' ><div data-rel='slideshow-1' class='avia-slide-wrap '  title='Evento F-Iniciativas' ><img src='https:\/\/bacusevents.com\/wp-content\/uploads\/2020\/10\/F-Iniciativas-06.jpg' width='1144' height='763' title='Evento F-Iniciativas' alt=''  itemprop=\"thumbnailUrl\"   \/><\/div><\/li><li  class=' slide-6 ' ><div data-rel='slideshow-1' class='avia-slide-wrap '  title='Evento F-Iniciativas' ><img src='https:\/\/bacusevents.com\/wp-content\/uploads\/2020\/10\/F-Iniciativas-02.jpg' width='1144' height='763' title='Evento F-Iniciativas' alt=''  itemprop=\"thumbnailUrl\"   \/><\/div><\/li><li  class=' slide-7 ' ><div data-rel='slideshow-1' class='avia-slide-wrap '   ><img src='https:\/\/bacusevents.com\/wp-content\/uploads\/2020\/10\/F-Iniciativas-08.jpg' width='1144' height='763' title='Evento F-Iniciativas' alt=''  itemprop=\"thumbnailUrl\"   \/><\/div><\/li><li  class=' slide-8 ' ><div data-rel='slideshow-1' class='avia-slide-wrap '  title='Evento F-Iniciativas' ><img src='https:\/\/bacusevents.com\/wp-content\/uploads\/2020\/10\/F-Iniciativas-09.jpg' width='1144' height='763' title='Evento F-Iniciativas' alt=''  itemprop=\"thumbnailUrl\"   \/><\/div><\/li><li  class=' slide-9 ' ><div data-rel='slideshow-1' class='avia-slide-wrap '  title='Evento F-Iniciativas' ><img src='https:\/\/bacusevents.com\/wp-content\/uploads\/2020\/10\/F-Iniciativas-10.jpg' width='1144' height='763' title='Evento F-Iniciativas' alt=''  itemprop=\"thumbnailUrl\"   \/><\/div><\/li><li  class=' slide-10 ' ><div data-rel='slideshow-1' class='avia-slide-wrap '  title='Evento F-Iniciativas' ><img src='https:\/\/bacusevents.com\/wp-content\/uploads\/2020\/10\/F-Iniciativas-05.jpg' width='1144' height='763' title='Evento F-Iniciativas' alt=''  itemprop=\"thumbnailUrl\"   \/><\/div><\/li><li  class=' slide-11 ' ><div data-rel='slideshow-1' class='avia-slide-wrap '   ><img src='https:\/\/bacusevents.com\/wp-content\/uploads\/2020\/10\/Bacus-MakingOff@DavidArnoldi-27-1536x1024.jpg' width='1536' height='1024' title='Bacus MakingOff@DavidArnoldi-27' alt=''  itemprop=\"thumbnailUrl\"   \/><\/div><\/li><li  class=' slide-12 ' ><div data-rel='slideshow-1' class='avia-slide-wrap '   ><img src='https:\/\/bacusevents.com\/wp-content\/uploads\/2020\/10\/Bacus-MakingOff@DavidArnoldi-28-1536x1024.jpg' width='1536' height='1024' title='Bacus MakingOff@DavidArnoldi-28' alt=''  itemprop=\"thumbnailUrl\"   \/><\/div><\/li><\/ul><div class='avia-slideshow-arrows avia-slideshow-controls'><a href='#prev' class='prev-slide' aria-hidden='true' data-av_icon='\ue87c' data-av_iconfont='entypo-fontello'>Anterior<\/a><a href='#next' class='next-slide' aria-hidden='true' data-av_icon='\ue87d' data-av_iconfont='entypo-fontello'>Seg\u00fcent<\/a><\/div><div class='avia-slideshow-dots avia-slideshow-controls'><a href='#1' class='goto-slide active' >1<\/a><a href='#2' class='goto-slide ' >2<\/a><a href='#3' class='goto-slide ' >3<\/a><a href='#4' class='goto-slide ' >4<\/a><a href='#5' class='goto-slide ' >5<\/a><a href='#6' class='goto-slide ' >6<\/a><a href='#7' class='goto-slide ' >7<\/a><a href='#8' class='goto-slide ' >8<\/a><a href='#9' class='goto-slide ' >9<\/a><a href='#10' class='goto-slide ' >10<\/a><a href='#11' class='goto-slide ' >11<\/a><a href='#12' class='goto-slide ' >12<\/a><\/div><\/div><\/div><div id='after_full_slider_1' class='main_color av_default_container_wrap container_wrap sidebar_right' style=' '  ><div class='container' ><div class='template-page content  av-content-small alpha units'><div class='post-entry post-entry-type-page post-entry-10943'><div class='entry-content-wrapper clearfix'>\n<div class=\"flex_column av_one_third  flex_column_div first  avia-builder-el-1  el_after_av_slideshow_full  el_before_av_two_third  avia-builder-el-first  \" ><p><div style='padding-bottom:10px; color:#000000;font-size:30px;' class='av-special-heading av-special-heading-h1 custom-color-heading blockquote modern-quote  avia-builder-el-2  el_before_av_textblock  avia-builder-el-first   av-inherit-size '><h1 class='av-special-heading-tag '  itemprop=\"headline\"  >FITXA T\u00c8CNICA<\/h1><div class='special-heading-border'><div class='special-heading-inner-border' style='border-color:#000000'><\/div><\/div><\/div><br \/>\n<section class=\"av_textblock_section \"  itemscope=\"itemscope\" itemtype=\"https:\/\/schema.org\/CreativeWork\" ><div class='avia_textblock  '   itemprop=\"text\" ><p><span style=\"font-family: graphik-regular;\">Crear una experi\u00e8ncia de Nadal sorprenent i \u00fanica i sobretot celebrar el 15\u00e8 Aniversari de l&#8217;empresa amb magnific\u00e8ncia. L&#8217;objectiu era agrair a tots els empleats que van passar i els que formen part avui dia de l&#8217;empresa a Espanya, Fran\u00e7a i en altres pa\u00efsos pel seu esfor\u00e7, dedicaci\u00f3 i determinaci\u00f3 a fer de F-Iniciatives l&#8217;empresa que \u00e9s avui a dia. L\u00b4esdeveniment serviria tamb\u00e9 com un homenatge als Fundadors de l\u00b4empresa per la seva visi\u00f3 i \u00e8xit!<\/span><\/p>\n<\/div><\/section><br \/>\n<div style=' margin-top:10px; margin-bottom:15px;'  class='hr hr-custom hr-left hr-icon-no   avia-builder-el-4  el_after_av_textblock  el_before_av_textblock '><span class='hr-inner   inner-border-av-border-fat' style=' width:50px; border-color:#000000;' ><span class='hr-inner-style'><\/span><\/span><\/div><br \/>\n<section class=\"av_textblock_section \"  itemscope=\"itemscope\" itemtype=\"https:\/\/schema.org\/CreativeWork\" ><div class='avia_textblock  '   itemprop=\"text\" ><p><span style=\"font-family: graphik-regular;\"><strong>Client:<\/strong> F-Iniciativa<\/span><br \/>\n<span style=\"font-family: graphik-regular;\"> <strong>Tipologia Esdeveniment:<\/strong> 15\u00e8 aniversari<\/span><br \/>\n<span style=\"font-family: graphik-regular;\"> <strong>N\u00fam. Assistents:<\/strong>  300 pax<\/span><br \/>\n<span style=\"font-family: graphik-regular;\"> <strong>Localitzaci\u00f3:<\/strong> Recinte Modernista Sant Pau, Barcelona<\/span><\/p>\n<\/div><\/section><\/p><\/div><div class=\"flex_column av_two_third  flex_column_div av-zero-column-padding   avia-builder-el-6  el_after_av_one_third  el_before_av_one_full  \" style='border-radius:0px; '><p><div style='padding-bottom:10px; color:#000000;font-size:30px;' class='av-special-heading av-special-heading-h1 custom-color-heading blockquote modern-quote  avia-builder-el-7  el_before_av_tab_container  avia-builder-el-first   av-inherit-size '><h1 class='av-special-heading-tag '  itemprop=\"headline\"  >Esdeveniment F-Iniciatives<\/h1><div class='special-heading-border'><div class='special-heading-inner-border' style='border-color:#000000'><\/div><\/div><\/div><br \/>\n<div class=\"tabcontainer   top_tab   avia-builder-el-8  el_after_av_heading  avia-builder-el-last  \">\n\n<section class=\"av_tab_section\"  itemscope=\"itemscope\" itemtype=\"https:\/\/schema.org\/CreativeWork\" >    <div aria-controls=\"tab-id-1\" role=\"tab\" tabindex=\"0\" data-fake-id=\"#tab-id-1\" class=\"tab active_tab\"  itemprop=\"headline\" >Idea creativa<\/div>\n    <div id=\"tab-id-1-container\" class=\"tab_content active_tab_content\" aria-hidden=\"false\">\n        <div class=\"tab_inner_content invers-color\"  itemprop=\"text\" >\n<p style=\"font-weight: 400;\"><span style=\"font-family: graphik-regular;\">Per tal es va triar un venue que \u00e9s un dels monuments arquitect\u00f2nics de la ciutat, el Recinte Modernista de l&#8217;Hospital de Sant Pau i se&#8217;l va vestir de manera a rebre els empleats i col\u00b7laboradors de l&#8217;empresa per celebrar aquesta ocasi\u00f3 tan especial.<\/span><\/p>\n<blockquote>\n<p style=\"font-weight: 400; text-align: left;\"><span style=\"font-family: graphik-regular;\">Es va crear un concepte que serviria com a fil conductor de tot l&#8217;esdeveniment \u201cTu ets la Pe\u00e7a Clau del nostre \u00e8xit\u201d, un concepte que pretenia homenatjar el treball de tots els empleats de l&#8217;empresa referint la import\u00e0ncia que tenen en el dia a dia per al \u00e8xit de F-iniciatives.<\/span><\/p>\n<\/blockquote>\n<p><span style=\"font-family: graphik-regular;\">Per aix\u00f2, es va distribuir a cada convidat, setmanes abans de l&#8217;esdeveniment, un sobre on trobarien una pe\u00e7a d&#8217;un puzle i un missatge recomanant-los que s&#8217;ajuntessin amb els altres membres de l&#8217;equip. Un cop ho feien es trobaven amb una imatge de la localitzaci\u00f3 de l&#8217;esdeveniment i informaci\u00f3 sobre la data i hora del mateix, alhora que els faltava una pe\u00e7a per acabar el puzle hi havia un missatge que els deia que la trobarien a l&#8217;esdeveniment.<\/span><\/p>\n<p><span style=\"font-family: graphik-regular;\">Durant l&#8217;esdeveniment, els assistents han pogut gaudir d&#8217;un ambient festiu, moltes animacions, xous i altres sorpreses, per\u00f2 un dels moments alts de la nit va ser quan un dels directius va pujar a l&#8217;escenari i dirigint-se a tots els convidats els diu que poden deixar de cercar la pe\u00e7a perduda, ja que aquesta eren ells, les veritables peces claus de l&#8217;\u00e8xit de F-Iniciatives, els seus Treballadors, les persones que porten l&#8217;empresa a l&#8217;\u00e8xit diari.<\/span><\/p>\n\n        <\/div>\n    <\/div>\n<\/section>\n\n<section class=\"av_tab_section\"  itemscope=\"itemscope\" itemtype=\"https:\/\/schema.org\/CreativeWork\" >    <div aria-controls=\"tab-id-2\" role=\"tab\" tabindex=\"0\" data-fake-id=\"#tab-id-2\" class=\"tab \"  itemprop=\"headline\" >Repte<\/div>\n    <div id=\"tab-id-2-container\" class=\"tab_content \" aria-hidden=\"true\">\n        <div class=\"tab_inner_content invers-color\"  itemprop=\"text\" >\n<p><span style=\"font-family: graphik-regular;\">Crear un ambient acollidor i festiu en un espai tan monumental com el Recinte Modernista de Sant Pau a trav\u00e9s de la Il\u00b7luminaci\u00f3 i Decoraci\u00f3 i fer que tots els assistents gaudiran al m\u00e0xim de la localitzaci\u00f3 i de les moltes animacions que els preparem, com un Photocall Cenital amb diferents sets (que els tele transportaven als diferents pa\u00efsos on F Iniciatives es troba), un Trio de Jazz molt cool que animava el Sopar, un divertit Caricaturista, un Dj animant la vetllada o una parella de Coctelers Acrob\u00e0tics fent n\u00fameros de Flair Bartending\u2026<\/span><\/p>\n<p><span style=\"font-family: graphik-regular;\">S&#8217;instal\u00b7l\u00e0 tamb\u00e9 una Zona Chill Out a una sala adjunta i es va fer durant l&#8217;esdeveniment una Retransmissi\u00f3 en Directe, connectant l&#8217;esdeveniment a Barcelona amb els esdeveniments organitzats als altres 5 Pa\u00efsos on F-Iniciativas t\u00e9 representaci\u00f3.<\/span><\/p>\n\n        <\/div>\n    <\/div>\n<\/section>\n\n<section class=\"av_tab_section\"  itemscope=\"itemscope\" itemtype=\"https:\/\/schema.org\/CreativeWork\" >    <div aria-controls=\"tab-id-3\" role=\"tab\" tabindex=\"0\" data-fake-id=\"#tab-id-3\" class=\"tab \"  itemprop=\"headline\" >Resultat<\/div>\n    <div id=\"tab-id-3-container\" class=\"tab_content \" aria-hidden=\"true\">\n        <div class=\"tab_inner_content invers-color\"  itemprop=\"text\" >\n<p><span style=\"font-family: graphik-regular;\">El feedback del client va ser molt positiu, no nom\u00e9s es van complir els Objectius primordials de celebrar el 15\u00e8 Aniversari de F-Iniciatives en un Venue original i que tots els assistents es diverteixin durant l&#8217;esdeveniment, com a m\u00e9s es van assolir aquests objectius fent-ne un esdeveniment memorable, per l&#8217;atenci\u00f3 prestada als molts detalls, com ara la Decoraci\u00f3 de Sala, Entrada, T\u00fanel d&#8217;Acc\u00e9s i Escenari, b\u00e9 com l&#8217;entrada del Past\u00eds de Aniversaris o la pres\u00e8ncia de diferents pantalles distribu\u00efdes per la Sala perqu\u00e8 tots poguessin seguir de la millor forma les pon\u00e8ncies i la Retransmissi\u00f3 en directe.<\/span><\/p>\n<p><span style=\"font-family: graphik-regular;\">Les animacions del Caricaturista i Photocall Cenital van ser un \u00e8xit amb un flux constant de convidats volent participar i fins i tot molts repetint, a m\u00e9s van permetre que els convidats s&#8217;emportessin records f\u00edsics de l&#8217;esdeveniment que segurament recordaran durant molt de temps.<\/span><\/p>\n<p><span style=\"font-family: graphik-regular;\">Tot aix\u00f2, va permetre un gran conviu entre els treballadors, cosa que ajuda en les relacions personals i professionals ia fer de F-Iniciatives un equip cada dia m\u00e9s fort.<\/span><\/p>\n\n        <\/div>\n    <\/div>\n<\/section>\n\n<\/div>\n<\/p><\/div><\/p>\n<div class=\"flex_column av_one_full  flex_column_div av-zero-column-padding first  avia-builder-el-9  el_after_av_two_third  el_before_av_one_full  column-top-margin\" style='border-radius:0px; '><div id='av-masonry-1' class='av-masonry  noHover av-fixed-size av-large-gap av-hover-overlay-active av-masonry-animation-active av-masonry-col-3 av-caption-always av-caption-style- av-masonry-gallery     '  ><div class='av-masonry-container isotope av-js-disabled ' ><div class='av-masonry-entry isotope-item av-masonry-item-no-image '><\/div><a href=\"https:\/\/bacusevents.com\/wp-content\/uploads\/2020\/10\/F-Iniciativas-01-1030x687.jpg\" id='av-masonry-1-item-7611' data-av-masonry-item='7611' class='av-masonry-entry isotope-item post-7611 attachment type-attachment status-inherit hentry  av-masonry-item-with-image' title=\"Evento F-Iniciativas\"  itemprop=\"thumbnailUrl\" ><div class='av-inner-masonry-sizer'><\/div><figure class='av-inner-masonry main_color'><div class=\"av-masonry-outerimage-container\"><div class=\"av-masonry-image-container\" style=\"background-image: url(https:\/\/bacusevents.com\/wp-content\/uploads\/2020\/10\/F-Iniciativas-01-705x470.jpg);\" title=\"Evento F-Iniciativas\" ><\/div><\/div><\/figure><\/a><!--end av-masonry entry--><a href=\"https:\/\/bacusevents.com\/wp-content\/uploads\/2020\/10\/F-Iniciativas-04-1030x687.jpg\" id='av-masonry-1-item-7617' data-av-masonry-item='7617' class='av-masonry-entry isotope-item post-7617 attachment type-attachment status-inherit hentry  av-masonry-item-with-image' title=\"Evento F-Iniciativas\"  itemprop=\"thumbnailUrl\" ><div class='av-inner-masonry-sizer'><\/div><figure class='av-inner-masonry main_color'><div class=\"av-masonry-outerimage-container\"><div class=\"av-masonry-image-container\" style=\"background-image: url(https:\/\/bacusevents.com\/wp-content\/uploads\/2020\/10\/F-Iniciativas-04-705x470.jpg);\" title=\"Evento F-Iniciativas\" ><\/div><\/div><\/figure><\/a><!--end av-masonry entry--><a href=\"https:\/\/bacusevents.com\/wp-content\/uploads\/2020\/10\/F-Iniciativas-03-1030x687.jpg\" id='av-masonry-1-item-7615' data-av-masonry-item='7615' class='av-masonry-entry isotope-item post-7615 attachment type-attachment status-inherit hentry  av-masonry-item-with-image' title=\"Evento F-Iniciativas\"  itemprop=\"thumbnailUrl\" ><div class='av-inner-masonry-sizer'><\/div><figure class='av-inner-masonry main_color'><div class=\"av-masonry-outerimage-container\"><div class=\"av-masonry-image-container\" style=\"background-image: url(https:\/\/bacusevents.com\/wp-content\/uploads\/2020\/10\/F-Iniciativas-03-705x470.jpg);\" title=\"Evento F-Iniciativas\" ><\/div><\/div><\/figure><\/a><!--end av-masonry entry--><a href=\"https:\/\/bacusevents.com\/wp-content\/uploads\/2020\/10\/F-Iniciativas-07-1030x687.jpg\" id='av-masonry-1-item-7623' data-av-masonry-item='7623' class='av-masonry-entry isotope-item post-7623 attachment type-attachment status-inherit hentry  av-masonry-item-with-image' title=\"Evento F-Iniciativas\"  itemprop=\"thumbnailUrl\" ><div class='av-inner-masonry-sizer'><\/div><figure class='av-inner-masonry main_color'><div class=\"av-masonry-outerimage-container\"><div class=\"av-masonry-image-container\" style=\"background-image: url(https:\/\/bacusevents.com\/wp-content\/uploads\/2020\/10\/F-Iniciativas-07-705x470.jpg);\" title=\"Evento F-Iniciativas\" ><\/div><\/div><\/figure><\/a><!--end av-masonry entry--><a href=\"https:\/\/bacusevents.com\/wp-content\/uploads\/2020\/10\/F-Iniciativas-06-1030x687.jpg\" id='av-masonry-1-item-7621' data-av-masonry-item='7621' class='av-masonry-entry isotope-item post-7621 attachment type-attachment status-inherit hentry  av-masonry-item-with-image' title=\"Evento F-Iniciativas\"  itemprop=\"thumbnailUrl\" ><div class='av-inner-masonry-sizer'><\/div><figure class='av-inner-masonry main_color'><div class=\"av-masonry-outerimage-container\"><div class=\"av-masonry-image-container\" style=\"background-image: url(https:\/\/bacusevents.com\/wp-content\/uploads\/2020\/10\/F-Iniciativas-06-705x470.jpg);\" title=\"Evento F-Iniciativas\" ><\/div><\/div><\/figure><\/a><!--end av-masonry entry--><a href=\"https:\/\/bacusevents.com\/wp-content\/uploads\/2020\/10\/F-Iniciativas-02-1030x687.jpg\" id='av-masonry-1-item-7613' data-av-masonry-item='7613' class='av-masonry-entry isotope-item post-7613 attachment type-attachment status-inherit hentry  av-masonry-item-with-image' title=\"Evento F-Iniciativas\"  itemprop=\"thumbnailUrl\" ><div class='av-inner-masonry-sizer'><\/div><figure class='av-inner-masonry main_color'><div class=\"av-masonry-outerimage-container\"><div class=\"av-masonry-image-container\" style=\"background-image: url(https:\/\/bacusevents.com\/wp-content\/uploads\/2020\/10\/F-Iniciativas-02-705x470.jpg);\" title=\"Evento F-Iniciativas\" ><\/div><\/div><\/figure><\/a><!--end av-masonry entry--><a href=\"https:\/\/bacusevents.com\/wp-content\/uploads\/2020\/10\/F-Iniciativas-08-1030x687.jpg\" id='av-masonry-1-item-7625' data-av-masonry-item='7625' class='av-masonry-entry isotope-item post-7625 attachment type-attachment status-inherit hentry  av-masonry-item-with-image' title=\"Evento F-Iniciativas\"  itemprop=\"thumbnailUrl\" ><div class='av-inner-masonry-sizer'><\/div><figure class='av-inner-masonry main_color'><div class=\"av-masonry-outerimage-container\"><div class=\"av-masonry-image-container\" style=\"background-image: url(https:\/\/bacusevents.com\/wp-content\/uploads\/2020\/10\/F-Iniciativas-08-705x470.jpg);\" title=\"Evento F-Iniciativas\" ><\/div><\/div><\/figure><\/a><!--end av-masonry entry--><a href=\"https:\/\/bacusevents.com\/wp-content\/uploads\/2020\/10\/F-Iniciativas-09-1030x687.jpg\" id='av-masonry-1-item-7627' data-av-masonry-item='7627' class='av-masonry-entry isotope-item post-7627 attachment type-attachment status-inherit hentry  av-masonry-item-with-image' title=\"Evento F-Iniciativas\"  itemprop=\"thumbnailUrl\" ><div class='av-inner-masonry-sizer'><\/div><figure class='av-inner-masonry main_color'><div class=\"av-masonry-outerimage-container\"><div class=\"av-masonry-image-container\" style=\"background-image: url(https:\/\/bacusevents.com\/wp-content\/uploads\/2020\/10\/F-Iniciativas-09-705x470.jpg);\" title=\"Evento F-Iniciativas\" ><\/div><\/div><\/figure><\/a><!--end av-masonry entry--><a href=\"https:\/\/bacusevents.com\/wp-content\/uploads\/2020\/10\/F-Iniciativas-10-1030x687.jpg\" id='av-masonry-1-item-7629' data-av-masonry-item='7629' class='av-masonry-entry isotope-item post-7629 attachment type-attachment status-inherit hentry  av-masonry-item-with-image' title=\"Evento F-Iniciativas\"  itemprop=\"thumbnailUrl\" ><div class='av-inner-masonry-sizer'><\/div><figure class='av-inner-masonry main_color'><div class=\"av-masonry-outerimage-container\"><div class=\"av-masonry-image-container\" style=\"background-image: url(https:\/\/bacusevents.com\/wp-content\/uploads\/2020\/10\/F-Iniciativas-10-705x470.jpg);\" title=\"Evento F-Iniciativas\" ><\/div><\/div><\/figure><\/a><!--end av-masonry entry--><a href=\"https:\/\/bacusevents.com\/wp-content\/uploads\/2020\/10\/F-Iniciativas-05-1030x687.jpg\" id='av-masonry-1-item-7619' data-av-masonry-item='7619' class='av-masonry-entry isotope-item post-7619 attachment type-attachment status-inherit hentry  av-masonry-item-with-image' title=\"Evento F-Iniciativas\"  itemprop=\"thumbnailUrl\" ><div class='av-inner-masonry-sizer'><\/div><figure class='av-inner-masonry main_color'><div class=\"av-masonry-outerimage-container\"><div class=\"av-masonry-image-container\" style=\"background-image: url(https:\/\/bacusevents.com\/wp-content\/uploads\/2020\/10\/F-Iniciativas-05-705x470.jpg);\" title=\"Evento F-Iniciativas\" ><\/div><\/div><\/figure><\/a><!--end av-masonry entry--><a href=\"https:\/\/bacusevents.com\/wp-content\/uploads\/2020\/10\/Bacus-MakingOff@DavidArnoldi-27-1030x687.jpg\" id='av-masonry-1-item-8715' data-av-masonry-item='8715' class='av-masonry-entry isotope-item post-8715 attachment type-attachment status-inherit hentry  av-masonry-item-with-image' title=\"Bacus MakingOff@DavidArnoldi-27\"  itemprop=\"thumbnailUrl\" ><div class='av-inner-masonry-sizer'><\/div><figure class='av-inner-masonry main_color'><div class=\"av-masonry-outerimage-container\"><div class=\"av-masonry-image-container\" style=\"background-image: url(https:\/\/bacusevents.com\/wp-content\/uploads\/2020\/10\/Bacus-MakingOff@DavidArnoldi-27-705x470.jpg);\" title=\"Bacus MakingOff@DavidArnoldi-27\" ><\/div><\/div><\/figure><\/a><!--end av-masonry entry--><a href=\"https:\/\/bacusevents.com\/wp-content\/uploads\/2020\/10\/Bacus-MakingOff@DavidArnoldi-28-1030x687.jpg\" id='av-masonry-1-item-8717' data-av-masonry-item='8717' class='av-masonry-entry isotope-item post-8717 attachment type-attachment status-inherit hentry  av-masonry-item-with-image' title=\"Bacus MakingOff@DavidArnoldi-28\"  itemprop=\"thumbnailUrl\" ><div class='av-inner-masonry-sizer'><\/div><figure class='av-inner-masonry main_color'><div class=\"av-masonry-outerimage-container\"><div class=\"av-masonry-image-container\" style=\"background-image: url(https:\/\/bacusevents.com\/wp-content\/uploads\/2020\/10\/Bacus-MakingOff@DavidArnoldi-28-scaled.jpg);\" title=\"Bacus MakingOff@DavidArnoldi-28\" ><\/div><\/div><\/figure><\/a><!--end av-masonry entry--><\/div><\/div><\/div>\n<div class=\"flex_column av_one_full  flex_column_div av-zero-column-padding first  avia-builder-el-11  el_after_av_one_full  el_before_av_section  avia-builder-el-last  column-top-margin\" style='border-radius:0px; '><div class='avia-button-wrap avia-button-center  avia-builder-el-12  avia-builder-el-no-sibling  '><a href='javascript: history.go(-1)'  class='avia-button   avia-icon_select-yes-left-icon avia-color-black avia-size-medium avia-position-center '   ><span class='avia_button_icon avia_button_icon_left ' aria-hidden='true' data-av_icon='\ue880' data-av_iconfont='entypo-fontello'><\/span><span class='avia_iconbox_title' >Enrere<\/span><\/a><\/div><\/div>\n<\/div><\/div><\/div><!-- close content main div --><\/div><\/div><div id='av_section_1' class='avia-section main_color avia-section-default avia-no-border-styling avia-bg-style-scroll  avia-builder-el-13  el_after_av_one_full  el_before_av_portfolio   container_wrap sidebar_right' style='background-color: #f8f8f8;  '  ><div class='container' ><div class='template-page content  av-content-small alpha units'><div class='post-entry post-entry-type-page post-entry-10943'><div class='entry-content-wrapper clearfix'>\n<div style='padding-bottom:0px; color:#000000;font-size:30px;' class='av-special-heading av-special-heading-h1 custom-color-heading blockquote modern-quote modern-centered  avia-builder-el-14  avia-builder-el-no-sibling   av-inherit-size '><h1 class='av-special-heading-tag '  itemprop=\"headline\"  >Esdeveniments recents<\/h1><div class='special-heading-border'><div class='special-heading-inner-border' style='border-color:#000000'><\/div><\/div><\/div>\n\n<div class=' grid-sort-container isotope   no_margin-container with-excerpt-container grid-total-even grid-col-4 grid-links-' data-portfolio-id='1'><div data-ajax-id='11190' class=' grid-entry flex_column isotope-item all_sort no_margin post-entry post-entry-11190 grid-entry-overview grid-loop-1 grid-parity-odd  esdeveniments-corporatius_sort  av_one_fourth first default_av_fullwidth '><article class='main_color inner-entry'  itemscope=\"itemscope\" itemtype=\"https:\/\/schema.org\/CreativeWork\" ><a href='https:\/\/bacusevents.com\/ca\/portfolio-item\/07-novarama-summer-party-2022\/' title='07-NOVARAMA - Summer Party 2022'  data-rel='grid-1' class='grid-image avia-hover-fx'><img decoding=\"async\" width=\"260\" height=\"174\" src=\"https:\/\/bacusevents.com\/wp-content\/uploads\/2023\/05\/16-BacusEvents_eventos_summerparty_novarama-1-scaled.jpg\" class=\"attachment-portfolio_small size-portfolio_small wp-post-image\" alt=\"\" srcset=\"https:\/\/bacusevents.com\/wp-content\/uploads\/2023\/05\/16-BacusEvents_eventos_summerparty_novarama-1-scaled.jpg 2560w, https:\/\/bacusevents.com\/wp-content\/uploads\/2023\/05\/16-BacusEvents_eventos_summerparty_novarama-1-scaled-768x512.jpg 768w, https:\/\/bacusevents.com\/wp-content\/uploads\/2023\/05\/16-BacusEvents_eventos_summerparty_novarama-1-scaled-445x296.jpg 445w, https:\/\/bacusevents.com\/wp-content\/uploads\/2023\/05\/16-BacusEvents_eventos_summerparty_novarama-1-412x275.jpg 412w\" sizes=\"(max-width: 260px) 100vw, 260px\" \/><\/a><div class='grid-content'><div class='avia-arrow'><\/div><header class=\"entry-content-header\"><h3 class='grid-entry-title entry-title '  itemprop=\"headline\" ><a href='https:\/\/bacusevents.com\/ca\/portfolio-item\/07-novarama-summer-party-2022\/' title='07-NOVARAMA - Summer Party 2022'>07-NOVARAMA - Summer Party 2022<\/a><\/h3><\/header><\/div><footer class=\"entry-footer\"><\/footer><\/article><\/div><div data-ajax-id='11338' class=' grid-entry flex_column isotope-item all_sort no_margin post-entry post-entry-11338 grid-entry-overview grid-loop-2 grid-parity-even  fires-i-stands_sort  av_one_fourth  default_av_fullwidth '><article class='main_color inner-entry'  itemscope=\"itemscope\" itemtype=\"https:\/\/schema.org\/CreativeWork\" ><a href='https:\/\/bacusevents.com\/ca\/portfolio-item\/08-wallbox-fira-de-lautomobil-barcelona-estand\/' title='08-WALLBOX - Fira de l\u00b4autom\u00f2bil Barcelona. Estand'  data-rel='grid-1' class='grid-image avia-hover-fx'><img decoding=\"async\" width=\"260\" height=\"185\" src=\"https:\/\/bacusevents.com\/wp-content\/uploads\/2023\/05\/1-cotada-260x185.jpg\" class=\"attachment-portfolio_small size-portfolio_small wp-post-image\" alt=\"\" \/><\/a><div class='grid-content'><div class='avia-arrow'><\/div><header class=\"entry-content-header\"><h3 class='grid-entry-title entry-title '  itemprop=\"headline\" ><a href='https:\/\/bacusevents.com\/ca\/portfolio-item\/08-wallbox-fira-de-lautomobil-barcelona-estand\/' title='08-WALLBOX - Fira de l\u00b4autom\u00f2bil Barcelona. Estand'>08-WALLBOX - Fira de l\u00b4autom\u00f2bil Barcelona. Estand<\/a><\/h3><\/header><\/div><footer class=\"entry-footer\"><\/footer><\/article><\/div><div data-ajax-id='11324' class=' grid-entry flex_column isotope-item all_sort no_margin post-entry post-entry-11324 grid-entry-overview grid-loop-3 grid-parity-odd  presentacio-de-producte_sort  av_one_fourth  default_av_fullwidth '><article class='main_color inner-entry'  itemscope=\"itemscope\" itemtype=\"https:\/\/schema.org\/CreativeWork\" ><a href='https:\/\/bacusevents.com\/ca\/portfolio-item\/25-motor-munich-presentacio-bmw-s3\/' title='25-MOTOR MUNICH - Presentaci\u00f3 BMW S3'  data-rel='grid-1' class='grid-image avia-hover-fx'><img decoding=\"async\" width=\"260\" height=\"185\" src=\"https:\/\/bacusevents.com\/wp-content\/uploads\/2023\/04\/BACUS_EVENTOS_AGENCIA_1-260x185.jpg\" class=\"attachment-portfolio_small size-portfolio_small wp-post-image\" alt=\"\" \/><\/a><div class='grid-content'><div class='avia-arrow'><\/div><header class=\"entry-content-header\"><h3 class='grid-entry-title entry-title '  itemprop=\"headline\" ><a href='https:\/\/bacusevents.com\/ca\/portfolio-item\/25-motor-munich-presentacio-bmw-s3\/' title='25-MOTOR MUNICH - Presentaci\u00f3 BMW S3'>25-MOTOR MUNICH - Presentaci\u00f3 BMW S3<\/a><\/h3><\/header><\/div><footer class=\"entry-footer\"><\/footer><\/article><\/div><div data-ajax-id='11309' class=' grid-entry flex_column isotope-item all_sort no_margin post-entry post-entry-11309 grid-entry-overview grid-loop-4 grid-parity-even  post-entry-last  fires-i-stands_sort  av_one_fourth  default_av_fullwidth '><article class='main_color inner-entry'  itemscope=\"itemscope\" itemtype=\"https:\/\/schema.org\/CreativeWork\" ><a href='https:\/\/bacusevents.com\/ca\/portfolio-item\/17-baywa-fira-tektonica-lisboa-estand\/' title='17-BAYWA \u2013 Fira Tektonica Lisboa. Estand'  data-rel='grid-1' class='grid-image avia-hover-fx'><img loading=\"lazy\" decoding=\"async\" width=\"260\" height=\"173\" src=\"https:\/\/bacusevents.com\/wp-content\/uploads\/2023\/05\/Baywa-Bacus-Events-eventos-feria-stand-11-scaled-e1752684930265.jpg\" class=\"attachment-portfolio_small size-portfolio_small wp-post-image\" alt=\"\" srcset=\"https:\/\/bacusevents.com\/wp-content\/uploads\/2023\/05\/Baywa-Bacus-Events-eventos-feria-stand-11-scaled-e1752684930265.jpg 2413w, https:\/\/bacusevents.com\/wp-content\/uploads\/2023\/05\/Baywa-Bacus-Events-eventos-feria-stand-11-scaled-e1752684930265-768x512.jpg 768w, https:\/\/bacusevents.com\/wp-content\/uploads\/2023\/05\/Baywa-Bacus-Events-eventos-feria-stand-11-scaled-e1752684930265-445x296.jpg 445w\" sizes=\"(max-width: 260px) 100vw, 260px\" \/><\/a><div class='grid-content'><div class='avia-arrow'><\/div><header class=\"entry-content-header\"><h3 class='grid-entry-title entry-title '  itemprop=\"headline\" ><a href='https:\/\/bacusevents.com\/ca\/portfolio-item\/17-baywa-fira-tektonica-lisboa-estand\/' title='17-BAYWA \u2013 Fira Tektonica Lisboa. Estand'>17-BAYWA \u2013 Fira Tektonica Lisboa. Estand<\/a><\/h3><\/header><\/div><footer class=\"entry-footer\"><\/footer><\/article><\/div><\/div>\n","protected":false},"excerpt":{"rendered":"","protected":false},"featured_media":7611,"comment_status":"open","ping_status":"closed","template":"","tags":[],"portfolio_entries":[207],"class_list":["post-10943","portfolio","type-portfolio","status-publish","has-post-thumbnail","hentry","portfolio_entries-esdeveniments-corporatius"],"yoast_head":"<!-- This site is optimized with the Yoast SEO Premium plugin v27.0 (Yoast SEO v27.5) - https:\/\/yoast.com\/product\/yoast-seo-premium-wordpress\/ -->\n<title>19-F-INICIATIVA - celebraci\u00f3 15 anys - Bacus Events - Creaci\u00f3n y Organizaci\u00f3n de Eventos<\/title>\n<meta name=\"robots\" content=\"index, follow, max-snippet:-1, max-image-preview:large, max-video-preview:-1\" \/>\n<link rel=\"canonical\" href=\"https:\/\/bacusevents.com\/ca\/portfolio-item\/19-f-iniciativa-celebracio-15-anys\/\" \/>\n<meta property=\"og:locale\" content=\"ca_ES\" \/>\n<meta property=\"og:type\" content=\"article\" \/>\n<meta property=\"og:title\" content=\"19-F-INICIATIVA - celebraci\u00f3 15 anys\" \/>\n<meta property=\"og:url\" content=\"https:\/\/bacusevents.com\/ca\/portfolio-item\/19-f-iniciativa-celebracio-15-anys\/\" \/>\n<meta property=\"og:site_name\" content=\"Bacus Events - Creaci\u00f3n y Organizaci\u00f3n de Eventos\" \/>\n<meta property=\"article:publisher\" content=\"https:\/\/www.facebook.com\/BacusEventos\" \/>\n<meta property=\"article:modified_time\" content=\"2024-05-01T05:56:56+00:00\" \/>\n<meta property=\"og:image\" content=\"https:\/\/bacusevents.com\/wp-content\/uploads\/2020\/10\/F-Iniciativas-01.jpg\" \/>\n\t<meta property=\"og:image:width\" content=\"1144\" \/>\n\t<meta property=\"og:image:height\" content=\"763\" \/>\n\t<meta property=\"og:image:type\" content=\"image\/jpeg\" \/>\n<meta name=\"twitter:card\" content=\"summary_large_image\" \/>\n<meta name=\"twitter:label1\" content=\"Temps estimat de lectura\" \/>\n\t<meta name=\"twitter:data1\" content=\"16 minuts\" \/>\n<script type=\"application\/ld+json\" class=\"yoast-schema-graph\">{\"@context\":\"https:\\\/\\\/schema.org\",\"@graph\":[{\"@type\":\"WebPage\",\"@id\":\"https:\\\/\\\/bacusevents.com\\\/ca\\\/portfolio-item\\\/19-f-iniciativa-celebracio-15-anys\\\/\",\"url\":\"https:\\\/\\\/bacusevents.com\\\/ca\\\/portfolio-item\\\/19-f-iniciativa-celebracio-15-anys\\\/\",\"name\":\"19-F-INICIATIVA - celebraci\u00f3 15 anys - Bacus Events - Creaci\u00f3n y Organizaci\u00f3n de Eventos\",\"isPartOf\":{\"@id\":\"https:\\\/\\\/bacusevents.com\\\/ca\\\/#website\"},\"primaryImageOfPage\":{\"@id\":\"https:\\\/\\\/bacusevents.com\\\/ca\\\/portfolio-item\\\/19-f-iniciativa-celebracio-15-anys\\\/#primaryimage\"},\"image\":{\"@id\":\"https:\\\/\\\/bacusevents.com\\\/ca\\\/portfolio-item\\\/19-f-iniciativa-celebracio-15-anys\\\/#primaryimage\"},\"thumbnailUrl\":\"https:\\\/\\\/bacusevents.com\\\/wp-content\\\/uploads\\\/2020\\\/10\\\/F-Iniciativas-01.jpg\",\"datePublished\":\"2020-10-05T13:53:50+00:00\",\"dateModified\":\"2024-05-01T05:56:56+00:00\",\"breadcrumb\":{\"@id\":\"https:\\\/\\\/bacusevents.com\\\/ca\\\/portfolio-item\\\/19-f-iniciativa-celebracio-15-anys\\\/#breadcrumb\"},\"inLanguage\":\"ca\",\"potentialAction\":[{\"@type\":\"ReadAction\",\"target\":[\"https:\\\/\\\/bacusevents.com\\\/ca\\\/portfolio-item\\\/19-f-iniciativa-celebracio-15-anys\\\/\"]}]},{\"@type\":\"ImageObject\",\"inLanguage\":\"ca\",\"@id\":\"https:\\\/\\\/bacusevents.com\\\/ca\\\/portfolio-item\\\/19-f-iniciativa-celebracio-15-anys\\\/#primaryimage\",\"url\":\"https:\\\/\\\/bacusevents.com\\\/wp-content\\\/uploads\\\/2020\\\/10\\\/F-Iniciativas-01.jpg\",\"contentUrl\":\"https:\\\/\\\/bacusevents.com\\\/wp-content\\\/uploads\\\/2020\\\/10\\\/F-Iniciativas-01.jpg\",\"width\":1144,\"height\":763},{\"@type\":\"BreadcrumbList\",\"@id\":\"https:\\\/\\\/bacusevents.com\\\/ca\\\/portfolio-item\\\/19-f-iniciativa-celebracio-15-anys\\\/#breadcrumb\",\"itemListElement\":[{\"@type\":\"ListItem\",\"position\":1,\"name\":\"Portada\",\"item\":\"https:\\\/\\\/bacusevents.com\\\/ca\\\/\"},{\"@type\":\"ListItem\",\"position\":2,\"name\":\"19-F-INICIATIVA &#8211; celebraci\u00f3 15 anys\"}]},{\"@type\":\"WebSite\",\"@id\":\"https:\\\/\\\/bacusevents.com\\\/ca\\\/#website\",\"url\":\"https:\\\/\\\/bacusevents.com\\\/ca\\\/\",\"name\":\"Bacus Events - Creaci\u00f3n y Organizaci\u00f3n de Eventos\",\"description\":\"Bacus Events - Creaci\u00f3n y Organizaci\u00f3n de Eventos\",\"publisher\":{\"@id\":\"https:\\\/\\\/bacusevents.com\\\/ca\\\/#organization\"},\"potentialAction\":[{\"@type\":\"SearchAction\",\"target\":{\"@type\":\"EntryPoint\",\"urlTemplate\":\"https:\\\/\\\/bacusevents.com\\\/ca\\\/?s={search_term_string}\"},\"query-input\":{\"@type\":\"PropertyValueSpecification\",\"valueRequired\":true,\"valueName\":\"search_term_string\"}}],\"inLanguage\":\"ca\"},{\"@type\":\"Organization\",\"@id\":\"https:\\\/\\\/bacusevents.com\\\/ca\\\/#organization\",\"name\":\"Bacus Events - Creaci\u00f3n y Organizaci\u00f3n de Eventos\",\"url\":\"https:\\\/\\\/bacusevents.com\\\/ca\\\/\",\"logo\":{\"@type\":\"ImageObject\",\"inLanguage\":\"ca\",\"@id\":\"https:\\\/\\\/bacusevents.com\\\/ca\\\/#\\\/schema\\\/logo\\\/image\\\/\",\"url\":\"https:\\\/\\\/bacusevents.com\\\/wp-content\\\/uploads\\\/2025\\\/03\\\/BacusEvents-5.png\",\"contentUrl\":\"https:\\\/\\\/bacusevents.com\\\/wp-content\\\/uploads\\\/2025\\\/03\\\/BacusEvents-5.png\",\"width\":393,\"height\":426,\"caption\":\"Bacus Events - Creaci\u00f3n y Organizaci\u00f3n de Eventos\"},\"image\":{\"@id\":\"https:\\\/\\\/bacusevents.com\\\/ca\\\/#\\\/schema\\\/logo\\\/image\\\/\"},\"sameAs\":[\"https:\\\/\\\/www.facebook.com\\\/BacusEventos\",\"https:\\\/\\\/www.instagram.com\\\/bacusevents\\\/\",\"https:\\\/\\\/www.linkedin.com\\\/company\\\/1481874\\\/admin\\\/dashboard\\\/\"]}]}<\/script>\n<!-- \/ Yoast SEO Premium plugin. -->","yoast_head_json":{"title":"19-F-INICIATIVA - celebraci\u00f3 15 anys - Bacus Events - Creaci\u00f3n y Organizaci\u00f3n de Eventos","robots":{"index":"index","follow":"follow","max-snippet":"max-snippet:-1","max-image-preview":"max-image-preview:large","max-video-preview":"max-video-preview:-1"},"canonical":"https:\/\/bacusevents.com\/ca\/portfolio-item\/19-f-iniciativa-celebracio-15-anys\/","og_locale":"ca_ES","og_type":"article","og_title":"19-F-INICIATIVA - celebraci\u00f3 15 anys","og_url":"https:\/\/bacusevents.com\/ca\/portfolio-item\/19-f-iniciativa-celebracio-15-anys\/","og_site_name":"Bacus Events - Creaci\u00f3n y Organizaci\u00f3n de Eventos","article_publisher":"https:\/\/www.facebook.com\/BacusEventos","article_modified_time":"2024-05-01T05:56:56+00:00","og_image":[{"width":1144,"height":763,"url":"https:\/\/bacusevents.com\/wp-content\/uploads\/2020\/10\/F-Iniciativas-01.jpg","type":"image\/jpeg"}],"twitter_card":"summary_large_image","twitter_misc":{"Temps estimat de lectura":"16 minuts"},"schema":{"@context":"https:\/\/schema.org","@graph":[{"@type":"WebPage","@id":"https:\/\/bacusevents.com\/ca\/portfolio-item\/19-f-iniciativa-celebracio-15-anys\/","url":"https:\/\/bacusevents.com\/ca\/portfolio-item\/19-f-iniciativa-celebracio-15-anys\/","name":"19-F-INICIATIVA - celebraci\u00f3 15 anys - Bacus Events - Creaci\u00f3n y Organizaci\u00f3n de Eventos","isPartOf":{"@id":"https:\/\/bacusevents.com\/ca\/#website"},"primaryImageOfPage":{"@id":"https:\/\/bacusevents.com\/ca\/portfolio-item\/19-f-iniciativa-celebracio-15-anys\/#primaryimage"},"image":{"@id":"https:\/\/bacusevents.com\/ca\/portfolio-item\/19-f-iniciativa-celebracio-15-anys\/#primaryimage"},"thumbnailUrl":"https:\/\/bacusevents.com\/wp-content\/uploads\/2020\/10\/F-Iniciativas-01.jpg","datePublished":"2020-10-05T13:53:50+00:00","dateModified":"2024-05-01T05:56:56+00:00","breadcrumb":{"@id":"https:\/\/bacusevents.com\/ca\/portfolio-item\/19-f-iniciativa-celebracio-15-anys\/#breadcrumb"},"inLanguage":"ca","potentialAction":[{"@type":"ReadAction","target":["https:\/\/bacusevents.com\/ca\/portfolio-item\/19-f-iniciativa-celebracio-15-anys\/"]}]},{"@type":"ImageObject","inLanguage":"ca","@id":"https:\/\/bacusevents.com\/ca\/portfolio-item\/19-f-iniciativa-celebracio-15-anys\/#primaryimage","url":"https:\/\/bacusevents.com\/wp-content\/uploads\/2020\/10\/F-Iniciativas-01.jpg","contentUrl":"https:\/\/bacusevents.com\/wp-content\/uploads\/2020\/10\/F-Iniciativas-01.jpg","width":1144,"height":763},{"@type":"BreadcrumbList","@id":"https:\/\/bacusevents.com\/ca\/portfolio-item\/19-f-iniciativa-celebracio-15-anys\/#breadcrumb","itemListElement":[{"@type":"ListItem","position":1,"name":"Portada","item":"https:\/\/bacusevents.com\/ca\/"},{"@type":"ListItem","position":2,"name":"19-F-INICIATIVA &#8211; celebraci\u00f3 15 anys"}]},{"@type":"WebSite","@id":"https:\/\/bacusevents.com\/ca\/#website","url":"https:\/\/bacusevents.com\/ca\/","name":"Bacus Events - Creaci\u00f3n y Organizaci\u00f3n de Eventos","description":"Bacus Events - Creaci\u00f3n y Organizaci\u00f3n de Eventos","publisher":{"@id":"https:\/\/bacusevents.com\/ca\/#organization"},"potentialAction":[{"@type":"SearchAction","target":{"@type":"EntryPoint","urlTemplate":"https:\/\/bacusevents.com\/ca\/?s={search_term_string}"},"query-input":{"@type":"PropertyValueSpecification","valueRequired":true,"valueName":"search_term_string"}}],"inLanguage":"ca"},{"@type":"Organization","@id":"https:\/\/bacusevents.com\/ca\/#organization","name":"Bacus Events - Creaci\u00f3n y Organizaci\u00f3n de Eventos","url":"https:\/\/bacusevents.com\/ca\/","logo":{"@type":"ImageObject","inLanguage":"ca","@id":"https:\/\/bacusevents.com\/ca\/#\/schema\/logo\/image\/","url":"https:\/\/bacusevents.com\/wp-content\/uploads\/2025\/03\/BacusEvents-5.png","contentUrl":"https:\/\/bacusevents.com\/wp-content\/uploads\/2025\/03\/BacusEvents-5.png","width":393,"height":426,"caption":"Bacus Events - Creaci\u00f3n y Organizaci\u00f3n de Eventos"},"image":{"@id":"https:\/\/bacusevents.com\/ca\/#\/schema\/logo\/image\/"},"sameAs":["https:\/\/www.facebook.com\/BacusEventos","https:\/\/www.instagram.com\/bacusevents\/","https:\/\/www.linkedin.com\/company\/1481874\/admin\/dashboard\/"]}]}},"_links":{"self":[{"href":"https:\/\/bacusevents.com\/ca\/wp-json\/wp\/v2\/portfolio\/10943","targetHints":{"allow":["GET"]}}],"collection":[{"href":"https:\/\/bacusevents.com\/ca\/wp-json\/wp\/v2\/portfolio"}],"about":[{"href":"https:\/\/bacusevents.com\/ca\/wp-json\/wp\/v2\/types\/portfolio"}],"replies":[{"embeddable":true,"href":"https:\/\/bacusevents.com\/ca\/wp-json\/wp\/v2\/comments?post=10943"}],"version-history":[{"count":10,"href":"https:\/\/bacusevents.com\/ca\/wp-json\/wp\/v2\/portfolio\/10943\/revisions"}],"predecessor-version":[{"id":11155,"href":"https:\/\/bacusevents.com\/ca\/wp-json\/wp\/v2\/portfolio\/10943\/revisions\/11155"}],"wp:featuredmedia":[{"embeddable":true,"href":"https:\/\/bacusevents.com\/ca\/wp-json\/wp\/v2\/media\/7611"}],"wp:attachment":[{"href":"https:\/\/bacusevents.com\/ca\/wp-json\/wp\/v2\/media?parent=10943"}],"wp:term":[{"taxonomy":"post_tag","embeddable":true,"href":"https:\/\/bacusevents.com\/ca\/wp-json\/wp\/v2\/tags?post=10943"},{"taxonomy":"portfolio_entries","embeddable":true,"href":"https:\/\/bacusevents.com\/ca\/wp-json\/wp\/v2\/portfolio_entries?post=10943"}],"curies":[{"name":"wp","href":"https:\/\/api.w.org\/{rel}","templated":true}]}}