{"id":11135,"date":"2020-10-05T13:37:35","date_gmt":"2020-10-05T13:37:35","guid":{"rendered":"https:\/\/bacusevents.com\/portfolio-item\/12-one-fashion-global-esdeveniment-i-desfilada-internacional\/"},"modified":"2024-05-01T05:56:57","modified_gmt":"2024-05-01T05:56:57","slug":"12-one-fashion-global-esdeveniment-i-desfilada-internacional","status":"publish","type":"portfolio","link":"https:\/\/bacusevents.com\/ca\/portfolio-item\/12-one-fashion-global-esdeveniment-i-desfilada-internacional\/","title":{"rendered":"12-ONE FASHION GLOBAL &#8211; Esdeveniment i desfilada Internacional"},"content":{"rendered":"<div id='full_slider_1' class='avia-fullwidth-slider main_color avia-shadow   avia-builder-el-0  el_before_av_one_third  avia-builder-el-first   container_wrap sidebar_right' style=' '  ><div  data-size='featured_large'  data-lightbox_size='large'  data-animation='slide'  data-conditional_play=''  data-ids='3990,3988,3987,3993,3991,3985,3992,3986,3984,5134,5135,6315,6316,6317,6318,6319,6320,6321,6322,6323,3989'  data-video_counter='0'  data-autoplay='true'  data-bg_slider='false'  data-slide_height=''  data-handle='av_slideshow_full'  data-interval='5'  data-class=' image_no_stretch'  data-css_id=''  data-scroll_down=''  data-control_layout='av-control-minimal av-control-minimal-dark'  data-custom_markup=''  data-perma_caption=''  data-autoplay_stopper=''  data-image_attachment=''  data-min_height='0px'  data-src=''  data-position='top left'  data-repeat='no-repeat'  data-attach='scroll'  data-stretch='image_no_stretch'  data-default-height='42'  class='avia-slideshow avia-slideshow-1  av-control-minimal av-control-minimal-dark av-default-height-applied avia-slideshow-featured_large av_slideshow_full  image_no_stretch avia-slide-slider '  itemprop=\"image\" itemscope=\"itemscope\" itemtype=\"https:\/\/schema.org\/ImageObject\" ><ul class='avia-slideshow-inner ' style='padding-bottom: 42%;' ><li  class=' slide-1 ' ><div data-rel='slideshow-1' class='avia-slide-wrap '  title='Evento desfile Internacional 1 Fashion Global' ><img src='https:\/\/bacusevents.com\/wp-content\/uploads\/2020\/10\/Evento-desfile-internacional-1-Fashion-Global-1500x630.jpg' width='1500' height='630' title='Evento desfile Internacional 1 Fashion Global' alt='Evento Internacional Fashion Global'  itemprop=\"thumbnailUrl\"   \/><\/div><\/li><li  class=' slide-2 ' ><div data-rel='slideshow-1' class='avia-slide-wrap '  title='Evento desfile Internacional 1 Fashion Global' ><img src='https:\/\/bacusevents.com\/wp-content\/uploads\/2020\/10\/Evento-desfile-internacional-1-Fashion-Global-09-1500x630.jpg' width='1500' height='630' title='Evento desfile Internacional 1 Fashion Global' alt=''  itemprop=\"thumbnailUrl\"   \/><\/div><\/li><li  class=' slide-3 ' ><div data-rel='slideshow-1' class='avia-slide-wrap '  title='Evento desfile Internacional 1 Fashion Global' ><img src='https:\/\/bacusevents.com\/wp-content\/uploads\/2020\/10\/Evento-desfile-internacional-1-Fashion-Global-08-1500x630.jpg' width='1500' height='630' title='Evento desfile Internacional 1 Fashion Global' alt=''  itemprop=\"thumbnailUrl\"   \/><\/div><\/li><li  class=' slide-4 ' ><div data-rel='slideshow-1' class='avia-slide-wrap '   ><img src='https:\/\/bacusevents.com\/wp-content\/uploads\/2020\/10\/Evento-desfile-internacional-1-Fashion-Global-04-1500x630.jpg' width='1500' height='630' title='Evento desfile internacional 1 Fashion Global' alt=''  itemprop=\"thumbnailUrl\"   \/><\/div><\/li><li  class=' slide-5 ' ><div data-rel='slideshow-1' class='avia-slide-wrap '  title='Evento desfile Internacional 1 Fashion Global' ><img src='https:\/\/bacusevents.com\/wp-content\/uploads\/2020\/10\/Evento-desfile-internacional-1-Fashion-Global-02-1500x630.jpg' width='1500' height='630' title='Evento desfile Internacional 1 Fashion Global' alt=''  itemprop=\"thumbnailUrl\"   \/><\/div><\/li><li  class=' slide-6 ' ><div data-rel='slideshow-1' class='avia-slide-wrap '  title='Evento desfile Internacional 1 Fashion Global' ><img src='https:\/\/bacusevents.com\/wp-content\/uploads\/2020\/10\/Evento-desfile-internacional-1-Fashion-Global-06-1500x630.jpg' width='1500' height='630' title='Evento desfile Internacional 1 Fashion Global' alt=''  itemprop=\"thumbnailUrl\"   \/><\/div><\/li><li  class=' slide-7 ' ><div data-rel='slideshow-1' class='avia-slide-wrap '  title='Evento desfile Internacional 1 Fashion Global' ><img src='https:\/\/bacusevents.com\/wp-content\/uploads\/2020\/10\/Evento-desfile-internacional-1-Fashion-Global-03-1500x630.jpg' width='1500' height='630' title='Evento desfile internacional 1 Fashion Global' alt=''  itemprop=\"thumbnailUrl\"   \/><\/div><\/li><li  class=' slide-8 ' ><div data-rel='slideshow-1' class='avia-slide-wrap '  title='Evento desfile Internacional 1 Fashion Global' ><img src='https:\/\/bacusevents.com\/wp-content\/uploads\/2020\/10\/Evento-desfile-internacional-1-Fashion-Global-07-1500x630.jpg' width='1500' height='630' title='Evento desfile Internacional 1 Fashion Global' alt=''  itemprop=\"thumbnailUrl\"   \/><\/div><\/li><li  class=' slide-9 ' ><div data-rel='slideshow-1' class='avia-slide-wrap '  title='Evento desfile Internacional 1 Fashion Global' ><img src='https:\/\/bacusevents.com\/wp-content\/uploads\/2020\/10\/Evento-desfile-internacional-1-Fashion-Global-05-1500x630.jpg' width='1500' height='630' title='Evento desfile internacional 1 Fashion Global' alt=''  itemprop=\"thumbnailUrl\"   \/><\/div><\/li><li  class=' slide-10 ' ><div data-rel='slideshow-1' class='avia-slide-wrap '   ><img src='https:\/\/bacusevents.com\/wp-content\/uploads\/2020\/10\/1FG_Event_G_0741-1500x630.jpg' width='1500' height='630' title='1FG_Event_G_0741' alt=''  itemprop=\"thumbnailUrl\"   \/><\/div><\/li><li  class=' slide-11 ' ><div data-rel='slideshow-1' class='avia-slide-wrap '   ><img src='https:\/\/bacusevents.com\/wp-content\/uploads\/2020\/10\/1FG_Event_G-746-1500x630.jpg' width='1500' height='630' title='1FG_Event_G-746' alt=''  itemprop=\"thumbnailUrl\"   \/><\/div><\/li><li  class=' slide-12 ' ><div data-rel='slideshow-1' class='avia-slide-wrap '   ><img src='https:\/\/bacusevents.com\/wp-content\/uploads\/2020\/10\/1FG_Event_G_0014-1500x630.jpg' width='1500' height='630' title='1FG_Event_G_0014' alt=''  itemprop=\"thumbnailUrl\"   \/><\/div><\/li><li  class=' slide-13 ' ><div data-rel='slideshow-1' class='avia-slide-wrap '   ><img src='https:\/\/bacusevents.com\/wp-content\/uploads\/2020\/10\/1FG_Event_G_0363-1500x630.jpg' width='1500' height='630' title='1FG_Event_G_0363' alt=''  itemprop=\"thumbnailUrl\"   \/><\/div><\/li><li  class=' slide-14 ' ><div data-rel='slideshow-1' class='avia-slide-wrap '   ><img src='https:\/\/bacusevents.com\/wp-content\/uploads\/2020\/10\/1FG_Event_G_0524-1500x630.jpg' width='1500' height='630' title='1FG_Event_G_0524' alt=''  itemprop=\"thumbnailUrl\"   \/><\/div><\/li><li  class=' slide-15 ' ><div data-rel='slideshow-1' class='avia-slide-wrap '   ><img src='https:\/\/bacusevents.com\/wp-content\/uploads\/2020\/10\/1FG_Event_G_0548-1500x630.jpg' width='1500' height='630' title='1FG_Event_G_0548' alt=''  itemprop=\"thumbnailUrl\"   \/><\/div><\/li><li  class=' slide-16 ' ><div data-rel='slideshow-1' class='avia-slide-wrap '   ><img src='https:\/\/bacusevents.com\/wp-content\/uploads\/2020\/10\/1FG_Event_G_0586-1500x630.jpg' width='1500' height='630' title='1FG_Event_G_0586' alt=''  itemprop=\"thumbnailUrl\"   \/><\/div><\/li><li  class=' slide-17 ' ><div data-rel='slideshow-1' class='avia-slide-wrap '   ><img src='https:\/\/bacusevents.com\/wp-content\/uploads\/2020\/10\/1FG_Event_G_0594-1500x630.jpg' width='1500' height='630' title='1FG_Event_G_0594' alt=''  itemprop=\"thumbnailUrl\"   \/><\/div><\/li><li  class=' slide-18 ' ><div data-rel='slideshow-1' class='avia-slide-wrap '   ><img src='https:\/\/bacusevents.com\/wp-content\/uploads\/2020\/10\/1FG_Event_V_0416-1500x630.jpg' width='1500' height='630' title='1FG_Event_V_0416' alt=''  itemprop=\"thumbnailUrl\"   \/><\/div><\/li><li  class=' slide-19 ' ><div data-rel='slideshow-1' class='avia-slide-wrap '   ><img src='https:\/\/bacusevents.com\/wp-content\/uploads\/2020\/10\/1FG_Event_V_0520-1500x630.jpg' width='1500' height='630' title='1FG_Event_V_0520' alt=''  itemprop=\"thumbnailUrl\"   \/><\/div><\/li><li  class=' slide-20 ' ><div data-rel='slideshow-1' class='avia-slide-wrap '   ><img src='https:\/\/bacusevents.com\/wp-content\/uploads\/2020\/10\/1FG_Event_V_0597-1500x630.jpg' width='1500' height='630' title='1FG_Event_V_0597' alt=''  itemprop=\"thumbnailUrl\"   \/><\/div><\/li><li  class=' slide-21 ' ><div data-rel='slideshow-1' class='avia-slide-wrap '   ><img src='https:\/\/bacusevents.com\/wp-content\/uploads\/2020\/10\/Evento-desfile-internacional-1-Fashion-Global-10-1500x630.jpg' width='1500' height='630' title='Evento desfile Internacional 1 Fashion Global' alt=''  itemprop=\"thumbnailUrl\"   \/><\/div><\/li><\/ul><div class='avia-slideshow-arrows avia-slideshow-controls'><a href='#prev' class='prev-slide' aria-hidden='true' data-av_icon='\ue87c' data-av_iconfont='entypo-fontello'>Anterior<\/a><a href='#next' class='next-slide' aria-hidden='true' data-av_icon='\ue87d' data-av_iconfont='entypo-fontello'>Seg\u00fcent<\/a><\/div><div class='avia-slideshow-dots avia-slideshow-controls'><a href='#1' class='goto-slide active' >1<\/a><a href='#2' class='goto-slide ' >2<\/a><a href='#3' class='goto-slide ' >3<\/a><a href='#4' class='goto-slide ' >4<\/a><a href='#5' class='goto-slide ' >5<\/a><a href='#6' class='goto-slide ' >6<\/a><a href='#7' class='goto-slide ' >7<\/a><a href='#8' class='goto-slide ' >8<\/a><a href='#9' class='goto-slide ' >9<\/a><a href='#10' class='goto-slide ' >10<\/a><a href='#11' class='goto-slide ' >11<\/a><a href='#12' class='goto-slide ' >12<\/a><a href='#13' class='goto-slide ' >13<\/a><a href='#14' class='goto-slide ' >14<\/a><a href='#15' class='goto-slide ' >15<\/a><a href='#16' class='goto-slide ' >16<\/a><a href='#17' class='goto-slide ' >17<\/a><a href='#18' class='goto-slide ' >18<\/a><a href='#19' class='goto-slide ' >19<\/a><a href='#20' class='goto-slide ' >20<\/a><a href='#21' class='goto-slide ' >21<\/a><\/div><\/div><\/div><div id='after_full_slider_1' class='main_color av_default_container_wrap container_wrap sidebar_right' style=' '  ><div class='container' ><div class='template-page content  av-content-small alpha units'><div class='post-entry post-entry-type-page post-entry-11135'><div class='entry-content-wrapper clearfix'>\n<div class=\"flex_column av_one_third  flex_column_div first  avia-builder-el-1  el_after_av_slideshow_full  el_before_av_two_third  avia-builder-el-first  \" ><p><div style='padding-bottom:10px; color:#000000;font-size:30px;' class='av-special-heading av-special-heading-h1 custom-color-heading blockquote modern-quote  avia-builder-el-2  el_before_av_textblock  avia-builder-el-first   av-inherit-size '><h1 class='av-special-heading-tag '  itemprop=\"headline\"  >FITXA T\u00c8CNICA<\/h1><div class='special-heading-border'><div class='special-heading-inner-border' style='border-color:#000000'><\/div><\/div><\/div><br \/>\n<section class=\"av_textblock_section \"  itemscope=\"itemscope\" itemtype=\"https:\/\/schema.org\/CreativeWork\" ><div class='avia_textblock  '   itemprop=\"text\" ><p><span style=\"font-family: graphik-regular;\">Crear una escenografia amb passarel\u00b7la impactant que representar\u00e0 la pres\u00e8ncia de la marca a nivell mundial. Hav\u00edem de disposar d&#8217;un espai de graderies i platea amb capacitat des de les 400 persones fins a l&#8217;opci\u00f3 d&#8217;arribar a les 1.000pax, ja que l&#8217;assist\u00e8ncia podia ser molt variable, adaptant l&#8217;espai a l&#8217;assist\u00e8ncia final.<\/span><\/p>\n<\/div><\/section><br \/>\n<div style=' margin-top:10px; margin-bottom:15px;'  class='hr hr-custom hr-left hr-icon-no   avia-builder-el-4  el_after_av_textblock  el_before_av_textblock '><span class='hr-inner   inner-border-av-border-fat' style=' width:50px; border-color:#000000;' ><span class='hr-inner-style'><\/span><\/span><\/div><br \/>\n<section class=\"av_textblock_section \"  itemscope=\"itemscope\" itemtype=\"https:\/\/schema.org\/CreativeWork\" ><div class='avia_textblock  '   itemprop=\"text\" ><p><span style=\"font-family: graphik-regular;\"><strong>Client:<\/strong> One Fashion Global<\/span><br \/>\n<span style=\"font-family: graphik-regular;\"> <strong>Tipologia Esdeveniment:<\/strong> Primer esdeveniment i desfilada internacional amb sopar de gala VIP<\/span><br \/>\n<span style=\"font-family: graphik-regular;\"> <strong>N\u00fam. Assistents:<\/strong>  350 pax<\/span><br \/>\n<span style=\"font-family: graphik-regular;\"> <strong>Localitzaci\u00f3:<\/strong> PortAventura, Tarragona<\/span><\/p>\n<\/div><\/section><\/p><\/div><div class=\"flex_column av_two_third  flex_column_div av-zero-column-padding   avia-builder-el-6  el_after_av_one_third  el_before_av_one_full  \" style='border-radius:0px; '><p><div style='padding-bottom:10px; color:#000000;font-size:30px;' class='av-special-heading av-special-heading-h1 custom-color-heading blockquote modern-quote  avia-builder-el-7  el_before_av_tab_container  avia-builder-el-first   av-inherit-size '><h1 class='av-special-heading-tag '  itemprop=\"headline\"  >1 FASHION GLOBAL &#8211; Esdeveniment i desfilada Internacional  <\/h1><div class='special-heading-border'><div class='special-heading-inner-border' style='border-color:#000000'><\/div><\/div><\/div><br \/>\n<div class=\"tabcontainer   top_tab   avia-builder-el-8  el_after_av_heading  avia-builder-el-last  \">\n\n<section class=\"av_tab_section\"  itemscope=\"itemscope\" itemtype=\"https:\/\/schema.org\/CreativeWork\" >    <div aria-controls=\"tab-id-1\" role=\"tab\" tabindex=\"0\" data-fake-id=\"#tab-id-1\" class=\"tab active_tab\"  itemprop=\"headline\" >Idea creativa<\/div>\n    <div id=\"tab-id-1-container\" class=\"tab_content active_tab_content\" aria-hidden=\"false\">\n        <div class=\"tab_inner_content invers-color\"  itemprop=\"text\" >\n<p><span style=\"font-family: graphik-regular;\">La idea creativa es va basar en un contingut audiovisual i projeccions variats, aix\u00ed com diversos espectacles que linkaven el m\u00f3n de la moda amb l&#8217;art, l&#8217;estil i la for\u00e7a de la marca.<\/span><\/p>\n<blockquote>\n<p style=\"font-weight: 400; text-align: left;\"><span style=\"font-family: graphik-regular;\">Des de coreografies de ballarins amb acr\u00f2bates aeris, fusi\u00f3 de balls tradicionals amb altres de m\u00e9s avantguardistes, fins a transmetre el naixement de la marca a trav\u00e9s d&#8217;un xou l\u00e0ser personalitzat per a 1 Fashion global.<\/span><\/p>\n<\/blockquote>\n<p style=\"font-weight: 400;\">\n<p style=\"font-weight: 400;\">\n\n        <\/div>\n    <\/div>\n<\/section>\n\n<section class=\"av_tab_section\"  itemscope=\"itemscope\" itemtype=\"https:\/\/schema.org\/CreativeWork\" >    <div aria-controls=\"tab-id-2\" role=\"tab\" tabindex=\"0\" data-fake-id=\"#tab-id-2\" class=\"tab \"  itemprop=\"headline\" >Repte<\/div>\n    <div id=\"tab-id-2-container\" class=\"tab_content \" aria-hidden=\"true\">\n        <div class=\"tab_inner_content invers-color\"  itemprop=\"text\" >\n<p><span style=\"font-family: graphik-regular;\">Aconseguir la flu\u00efdesa i efectivitat necess\u00e0ria en una recepci\u00f3 i hospitality de 800 persones, generant fluxos de convidats a les respectives zones, entrada general, VIPS i socis honor\u00edfics. Es va transformar la sala central del centre de convencions, generant una escenografia amb una pantalla central de 15x4m, 2 laterals de 7x4m, un escenari de 18x4m amb 3 nivells diferents i una passarel\u00b7la de 9m en un sol dia de muntatge.<\/span><\/p>\n<p><span style=\"font-family: graphik-regular;\">S&#8217;aconsegu\u00ed adaptar la sala a les 800 persones finals d&#8217;assist\u00e8ncia creant l&#8217;ambient perfecte per a l&#8217;esdeveniment.<\/span><\/p>\n\n        <\/div>\n    <\/div>\n<\/section>\n\n<section class=\"av_tab_section\"  itemscope=\"itemscope\" itemtype=\"https:\/\/schema.org\/CreativeWork\" >    <div aria-controls=\"tab-id-3\" role=\"tab\" tabindex=\"0\" data-fake-id=\"#tab-id-3\" class=\"tab \"  itemprop=\"headline\" >Resultat<\/div>\n    <div id=\"tab-id-3-container\" class=\"tab_content \" aria-hidden=\"true\">\n        <div class=\"tab_inner_content invers-color\"  itemprop=\"text\" >\n<p><span style=\"font-family: graphik-regular;\">\u00c8xit en el resultat de l&#8217;esdeveniment gr\u00e0cies a la repercussi\u00f3 dels convidats en xarxes socials i mitjans de comunicaci\u00f3, aix\u00ed com haver superat els objectius de la c\u00fapula directiva d&#8217;1 Fashion Global, de gran import\u00e0ncia per a tot l&#8217;equip Bacus.<\/span><\/p>\n<p><span style=\"font-family: graphik-regular;\">Tractant-se d&#8217;una marca de creaci\u00f3 recent, es va generar un fort vincle de pertinen\u00e7a, demostrant el que la marca pot arribar a oferir-los. L&#8217;impacte ha estat tan gran que s&#8217;est\u00e0 valorant espais com el Palau Sant Jordi per a l&#8217;edici\u00f3 de l&#8217;any seg\u00fcent per la repercussi\u00f3 creada i l&#8217;increment exponencial dels clients en els mesos consecutius.<\/span><\/p>\n\n        <\/div>\n    <\/div>\n<\/section>\n\n<\/div>\n<\/p><\/div><div class=\"flex_column av_one_full  flex_column_div av-zero-column-padding first  avia-builder-el-9  el_after_av_two_third  el_before_av_one_full  column-top-margin\" style='border-radius:0px; '><div id='av-masonry-1' class='av-masonry  noHover av-fixed-size av-large-gap av-hover-overlay-active av-masonry-animation-active av-masonry-col-3 av-caption-always av-caption-style- av-masonry-gallery     '  ><div class='av-masonry-container isotope av-js-disabled ' ><div class='av-masonry-entry isotope-item av-masonry-item-no-image '><\/div><a href=\"https:\/\/bacusevents.com\/wp-content\/uploads\/2020\/10\/Evento-desfile-internacional-1-Fashion-Global-1030x687.jpg\" id='av-masonry-1-item-7603' data-av-masonry-item='7603' class='av-masonry-entry isotope-item post-7603 attachment type-attachment status-inherit hentry  av-masonry-item-with-image' title=\"Evento desfile Internacional 1 Fashion Global\"  itemprop=\"thumbnailUrl\" ><div class='av-inner-masonry-sizer'><\/div><figure class='av-inner-masonry main_color'><div class=\"av-masonry-outerimage-container\"><div class=\"av-masonry-image-container\" style=\"background-image: url(https:\/\/bacusevents.com\/wp-content\/uploads\/2020\/10\/Evento-desfile-internacional-1-Fashion-Global-705x470.jpg);\" title=\"Evento desfile Internacional 1 Fashion Global\" ><\/div><\/div><\/figure><\/a><!--end av-masonry entry--><a href=\"https:\/\/bacusevents.com\/wp-content\/uploads\/2020\/10\/Evento-desfile-internacional-1-Fashion-Global-09-1030x687.jpg\" id='av-masonry-1-item-7599' data-av-masonry-item='7599' class='av-masonry-entry isotope-item post-7599 attachment type-attachment status-inherit hentry  av-masonry-item-with-image' title=\"Evento desfile Internacional 1 Fashion Global\"  itemprop=\"thumbnailUrl\" ><div class='av-inner-masonry-sizer'><\/div><figure class='av-inner-masonry main_color'><div class=\"av-masonry-outerimage-container\"><div class=\"av-masonry-image-container\" style=\"background-image: url(https:\/\/bacusevents.com\/wp-content\/uploads\/2020\/10\/Evento-desfile-internacional-1-Fashion-Global-09-705x470.jpg);\" title=\"Evento desfile Internacional 1 Fashion Global\" ><\/div><\/div><\/figure><\/a><!--end av-masonry entry--><a href=\"https:\/\/bacusevents.com\/wp-content\/uploads\/2020\/10\/Evento-desfile-internacional-1-Fashion-Global-08-1030x687.jpg\" id='av-masonry-1-item-7597' data-av-masonry-item='7597' class='av-masonry-entry isotope-item post-7597 attachment type-attachment status-inherit hentry  av-masonry-item-with-image' title=\"Evento desfile Internacional 1 Fashion Global\"  itemprop=\"thumbnailUrl\" ><div class='av-inner-masonry-sizer'><\/div><figure class='av-inner-masonry main_color'><div class=\"av-masonry-outerimage-container\"><div class=\"av-masonry-image-container\" style=\"background-image: url(https:\/\/bacusevents.com\/wp-content\/uploads\/2020\/10\/Evento-desfile-internacional-1-Fashion-Global-08-705x470.jpg);\" title=\"Evento desfile Internacional 1 Fashion Global\" ><\/div><\/div><\/figure><\/a><!--end av-masonry entry--><a href=\"https:\/\/bacusevents.com\/wp-content\/uploads\/2020\/10\/Evento-desfile-internacional-1-Fashion-Global-04-1030x687.jpg\" id='av-masonry-1-item-7609' data-av-masonry-item='7609' class='av-masonry-entry isotope-item post-7609 attachment type-attachment status-inherit hentry  av-masonry-item-with-image' title=\"Evento desfile internacional 1 Fashion Global\"  itemprop=\"thumbnailUrl\" ><div class='av-inner-masonry-sizer'><\/div><figure class='av-inner-masonry main_color'><div class=\"av-masonry-outerimage-container\"><div class=\"av-masonry-image-container\" style=\"background-image: url(https:\/\/bacusevents.com\/wp-content\/uploads\/2020\/10\/Evento-desfile-internacional-1-Fashion-Global-04-705x470.jpg);\" title=\"Evento desfile internacional 1 Fashion Global\" ><\/div><\/div><\/figure><\/a><!--end av-masonry entry--><a href=\"https:\/\/bacusevents.com\/wp-content\/uploads\/2020\/10\/Evento-desfile-internacional-1-Fashion-Global-02-1030x687.jpg\" id='av-masonry-1-item-7605' data-av-masonry-item='7605' class='av-masonry-entry isotope-item post-7605 attachment type-attachment status-inherit hentry  av-masonry-item-with-image' title=\"Evento desfile Internacional 1 Fashion Global\"  itemprop=\"thumbnailUrl\" ><div class='av-inner-masonry-sizer'><\/div><figure class='av-inner-masonry main_color'><div class=\"av-masonry-outerimage-container\"><div class=\"av-masonry-image-container\" style=\"background-image: url(https:\/\/bacusevents.com\/wp-content\/uploads\/2020\/10\/Evento-desfile-internacional-1-Fashion-Global-02-705x470.jpg);\" title=\"Evento desfile Internacional 1 Fashion Global\" ><\/div><\/div><\/figure><\/a><!--end av-masonry entry--><a href=\"https:\/\/bacusevents.com\/wp-content\/uploads\/2020\/10\/Evento-desfile-internacional-1-Fashion-Global-06-1030x687.jpg\" id='av-masonry-1-item-7593' data-av-masonry-item='7593' class='av-masonry-entry isotope-item post-7593 attachment type-attachment status-inherit hentry  av-masonry-item-with-image' title=\"Evento desfile Internacional 1 Fashion Global\"  itemprop=\"thumbnailUrl\" ><div class='av-inner-masonry-sizer'><\/div><figure class='av-inner-masonry main_color'><div class=\"av-masonry-outerimage-container\"><div class=\"av-masonry-image-container\" style=\"background-image: url(https:\/\/bacusevents.com\/wp-content\/uploads\/2020\/10\/Evento-desfile-internacional-1-Fashion-Global-06-705x470.jpg);\" title=\"Evento desfile Internacional 1 Fashion Global\" ><\/div><\/div><\/figure><\/a><!--end av-masonry entry--><a href=\"https:\/\/bacusevents.com\/wp-content\/uploads\/2020\/10\/Evento-desfile-internacional-1-Fashion-Global-03-1030x687.jpg\" id='av-masonry-1-item-7607' data-av-masonry-item='7607' class='av-masonry-entry isotope-item post-7607 attachment type-attachment status-inherit hentry  av-masonry-item-with-image' title=\"Evento desfile internacional 1 Fashion Global\"  itemprop=\"thumbnailUrl\" ><div class='av-inner-masonry-sizer'><\/div><figure class='av-inner-masonry main_color'><div class=\"av-masonry-outerimage-container\"><div class=\"av-masonry-image-container\" style=\"background-image: url(https:\/\/bacusevents.com\/wp-content\/uploads\/2020\/10\/Evento-desfile-internacional-1-Fashion-Global-03-705x470.jpg);\" title=\"Evento desfile internacional 1 Fashion Global\" ><\/div><\/div><\/figure><\/a><!--end av-masonry entry--><a href=\"https:\/\/bacusevents.com\/wp-content\/uploads\/2020\/10\/Evento-desfile-internacional-1-Fashion-Global-07-1030x687.jpg\" id='av-masonry-1-item-7595' data-av-masonry-item='7595' class='av-masonry-entry isotope-item post-7595 attachment type-attachment status-inherit hentry  av-masonry-item-with-image' title=\"Evento desfile Internacional 1 Fashion Global\"  itemprop=\"thumbnailUrl\" ><div class='av-inner-masonry-sizer'><\/div><figure class='av-inner-masonry main_color'><div class=\"av-masonry-outerimage-container\"><div class=\"av-masonry-image-container\" style=\"background-image: url(https:\/\/bacusevents.com\/wp-content\/uploads\/2020\/10\/Evento-desfile-internacional-1-Fashion-Global-07-705x470.jpg);\" title=\"Evento desfile Internacional 1 Fashion Global\" ><\/div><\/div><\/figure><\/a><!--end av-masonry entry--><a href=\"https:\/\/bacusevents.com\/wp-content\/uploads\/2020\/10\/Evento-desfile-internacional-1-Fashion-Global-05-1030x687.jpg\" id='av-masonry-1-item-7591' data-av-masonry-item='7591' class='av-masonry-entry isotope-item post-7591 attachment type-attachment status-inherit hentry  av-masonry-item-with-image' title=\"Evento desfile internacional 1 Fashion Global\"  itemprop=\"thumbnailUrl\" ><div class='av-inner-masonry-sizer'><\/div><figure class='av-inner-masonry main_color'><div class=\"av-masonry-outerimage-container\"><div class=\"av-masonry-image-container\" style=\"background-image: url(https:\/\/bacusevents.com\/wp-content\/uploads\/2020\/10\/Evento-desfile-internacional-1-Fashion-Global-05-705x470.jpg);\" title=\"Evento desfile internacional 1 Fashion Global\" ><\/div><\/div><\/figure><\/a><!--end av-masonry entry--><a href=\"https:\/\/bacusevents.com\/wp-content\/uploads\/2020\/10\/1FG_Event_G_0741-1030x687.jpg\" id='av-masonry-1-item-8709' data-av-masonry-item='8709' class='av-masonry-entry isotope-item post-8709 attachment type-attachment status-inherit hentry  av-masonry-item-with-image' title=\"1FG_Event_G_0741\"  itemprop=\"thumbnailUrl\" ><div class='av-inner-masonry-sizer'><\/div><figure class='av-inner-masonry main_color'><div class=\"av-masonry-outerimage-container\"><div class=\"av-masonry-image-container\" style=\"background-image: url(https:\/\/bacusevents.com\/wp-content\/uploads\/2020\/10\/1FG_Event_G_0741-705x470.jpg);\" title=\"1FG_Event_G_0741\" ><\/div><\/div><\/figure><\/a><!--end av-masonry entry--><a href=\"https:\/\/bacusevents.com\/wp-content\/uploads\/2020\/10\/1FG_Event_G-746-1030x687.jpg\" id='av-masonry-1-item-8711' data-av-masonry-item='8711' class='av-masonry-entry isotope-item post-8711 attachment type-attachment status-inherit hentry  av-masonry-item-with-image' title=\"1FG_Event_G-746\"  itemprop=\"thumbnailUrl\" ><div class='av-inner-masonry-sizer'><\/div><figure class='av-inner-masonry main_color'><div class=\"av-masonry-outerimage-container\"><div class=\"av-masonry-image-container\" style=\"background-image: url(https:\/\/bacusevents.com\/wp-content\/uploads\/2020\/10\/1FG_Event_G-746-705x470.jpg);\" title=\"1FG_Event_G-746\" ><\/div><\/div><\/figure><\/a><!--end av-masonry entry--><a href=\"https:\/\/bacusevents.com\/wp-content\/uploads\/2020\/10\/1FG_Event_G_0014-1030x687.jpg\" id='av-masonry-1-item-9777' data-av-masonry-item='9777' class='av-masonry-entry isotope-item post-9777 attachment type-attachment status-inherit hentry  av-masonry-item-with-image' title=\"1FG_Event_G_0014\"  itemprop=\"thumbnailUrl\" ><div class='av-inner-masonry-sizer'><\/div><figure class='av-inner-masonry main_color'><div class=\"av-masonry-outerimage-container\"><div class=\"av-masonry-image-container\" style=\"background-image: url(https:\/\/bacusevents.com\/wp-content\/uploads\/2020\/10\/1FG_Event_G_0014-705x470.jpg);\" title=\"1FG_Event_G_0014\" ><\/div><\/div><\/figure><\/a><!--end av-masonry entry--><a href=\"https:\/\/bacusevents.com\/wp-content\/uploads\/2020\/10\/1FG_Event_G_0363-687x1030.jpg\" id='av-masonry-1-item-9779' data-av-masonry-item='9779' class='av-masonry-entry isotope-item post-9779 attachment type-attachment status-inherit hentry  av-masonry-item-with-image' title=\"1FG_Event_G_0363\"  itemprop=\"thumbnailUrl\" ><div class='av-inner-masonry-sizer'><\/div><figure class='av-inner-masonry main_color'><div class=\"av-masonry-outerimage-container\"><div class=\"av-masonry-image-container\" style=\"background-image: url(https:\/\/bacusevents.com\/wp-content\/uploads\/2020\/10\/1FG_Event_G_0363-470x705.jpg);\" title=\"1FG_Event_G_0363\" ><\/div><\/div><\/figure><\/a><!--end av-masonry entry--><a href=\"https:\/\/bacusevents.com\/wp-content\/uploads\/2020\/10\/1FG_Event_G_0524-1030x687.jpg\" id='av-masonry-1-item-9781' data-av-masonry-item='9781' class='av-masonry-entry isotope-item post-9781 attachment type-attachment status-inherit hentry  av-masonry-item-with-image' title=\"1FG_Event_G_0524\"  itemprop=\"thumbnailUrl\" ><div class='av-inner-masonry-sizer'><\/div><figure class='av-inner-masonry main_color'><div class=\"av-masonry-outerimage-container\"><div class=\"av-masonry-image-container\" style=\"background-image: url(https:\/\/bacusevents.com\/wp-content\/uploads\/2020\/10\/1FG_Event_G_0524-705x470.jpg);\" title=\"1FG_Event_G_0524\" ><\/div><\/div><\/figure><\/a><!--end av-masonry entry--><a href=\"https:\/\/bacusevents.com\/wp-content\/uploads\/2020\/10\/1FG_Event_G_0548-1030x687.jpg\" id='av-masonry-1-item-9783' data-av-masonry-item='9783' class='av-masonry-entry isotope-item post-9783 attachment type-attachment status-inherit hentry  av-masonry-item-with-image' title=\"1FG_Event_G_0548\"  itemprop=\"thumbnailUrl\" ><div class='av-inner-masonry-sizer'><\/div><figure class='av-inner-masonry main_color'><div class=\"av-masonry-outerimage-container\"><div class=\"av-masonry-image-container\" style=\"background-image: url(https:\/\/bacusevents.com\/wp-content\/uploads\/2020\/10\/1FG_Event_G_0548-705x470.jpg);\" title=\"1FG_Event_G_0548\" ><\/div><\/div><\/figure><\/a><!--end av-masonry entry--><a href=\"https:\/\/bacusevents.com\/wp-content\/uploads\/2020\/10\/1FG_Event_G_0586-1030x667.jpg\" id='av-masonry-1-item-9785' data-av-masonry-item='9785' class='av-masonry-entry isotope-item post-9785 attachment type-attachment status-inherit hentry  av-masonry-item-with-image' title=\"1FG_Event_G_0586\"  itemprop=\"thumbnailUrl\" ><div class='av-inner-masonry-sizer'><\/div><figure class='av-inner-masonry main_color'><div class=\"av-masonry-outerimage-container\"><div class=\"av-masonry-image-container\" style=\"background-image: url(https:\/\/bacusevents.com\/wp-content\/uploads\/2020\/10\/1FG_Event_G_0586-705x457.jpg);\" title=\"1FG_Event_G_0586\" ><\/div><\/div><\/figure><\/a><!--end av-masonry entry--><a href=\"https:\/\/bacusevents.com\/wp-content\/uploads\/2020\/10\/1FG_Event_G_0594-1030x687.jpg\" id='av-masonry-1-item-9787' data-av-masonry-item='9787' class='av-masonry-entry isotope-item post-9787 attachment type-attachment status-inherit hentry  av-masonry-item-with-image' title=\"1FG_Event_G_0594\"  itemprop=\"thumbnailUrl\" ><div class='av-inner-masonry-sizer'><\/div><figure class='av-inner-masonry main_color'><div class=\"av-masonry-outerimage-container\"><div class=\"av-masonry-image-container\" style=\"background-image: url(https:\/\/bacusevents.com\/wp-content\/uploads\/2020\/10\/1FG_Event_G_0594-705x470.jpg);\" title=\"1FG_Event_G_0594\" ><\/div><\/div><\/figure><\/a><!--end av-masonry entry--><a href=\"https:\/\/bacusevents.com\/wp-content\/uploads\/2020\/10\/1FG_Event_V_0416-1030x687.jpg\" id='av-masonry-1-item-9789' data-av-masonry-item='9789' class='av-masonry-entry isotope-item post-9789 attachment type-attachment status-inherit hentry  av-masonry-item-with-image' title=\"1FG_Event_V_0416\"  itemprop=\"thumbnailUrl\" ><div class='av-inner-masonry-sizer'><\/div><figure class='av-inner-masonry main_color'><div class=\"av-masonry-outerimage-container\"><div class=\"av-masonry-image-container\" style=\"background-image: url(https:\/\/bacusevents.com\/wp-content\/uploads\/2020\/10\/1FG_Event_V_0416-705x470.jpg);\" title=\"1FG_Event_V_0416\" ><\/div><\/div><\/figure><\/a><!--end av-masonry entry--><a href=\"https:\/\/bacusevents.com\/wp-content\/uploads\/2020\/10\/1FG_Event_V_0520-1030x687.jpg\" id='av-masonry-1-item-9791' data-av-masonry-item='9791' class='av-masonry-entry isotope-item post-9791 attachment type-attachment status-inherit hentry  av-masonry-item-with-image' title=\"1FG_Event_V_0520\"  itemprop=\"thumbnailUrl\" ><div class='av-inner-masonry-sizer'><\/div><figure class='av-inner-masonry main_color'><div class=\"av-masonry-outerimage-container\"><div class=\"av-masonry-image-container\" style=\"background-image: url(https:\/\/bacusevents.com\/wp-content\/uploads\/2020\/10\/1FG_Event_V_0520-705x470.jpg);\" title=\"1FG_Event_V_0520\" ><\/div><\/div><\/figure><\/a><!--end av-masonry entry--><a href=\"https:\/\/bacusevents.com\/wp-content\/uploads\/2020\/10\/1FG_Event_V_0597-1030x687.jpg\" id='av-masonry-1-item-9793' data-av-masonry-item='9793' class='av-masonry-entry isotope-item post-9793 attachment type-attachment status-inherit hentry  av-masonry-item-with-image' title=\"1FG_Event_V_0597\"  itemprop=\"thumbnailUrl\" ><div class='av-inner-masonry-sizer'><\/div><figure class='av-inner-masonry main_color'><div class=\"av-masonry-outerimage-container\"><div class=\"av-masonry-image-container\" style=\"background-image: url(https:\/\/bacusevents.com\/wp-content\/uploads\/2020\/10\/1FG_Event_V_0597-705x470.jpg);\" title=\"1FG_Event_V_0597\" ><\/div><\/div><\/figure><\/a><!--end av-masonry entry--><a href=\"https:\/\/bacusevents.com\/wp-content\/uploads\/2020\/10\/Evento-desfile-internacional-1-Fashion-Global-10-1030x687.jpg\" id='av-masonry-1-item-7601' data-av-masonry-item='7601' class='av-masonry-entry isotope-item post-7601 attachment type-attachment status-inherit hentry  av-masonry-item-with-image' title=\"Evento desfile Internacional 1 Fashion Global\"  itemprop=\"thumbnailUrl\" ><div class='av-inner-masonry-sizer'><\/div><figure class='av-inner-masonry main_color'><div class=\"av-masonry-outerimage-container\"><div class=\"av-masonry-image-container\" style=\"background-image: url(https:\/\/bacusevents.com\/wp-content\/uploads\/2020\/10\/Evento-desfile-internacional-1-Fashion-Global-10-705x470.jpg);\" title=\"Evento desfile Internacional 1 Fashion Global\" ><\/div><\/div><\/figure><\/a><!--end av-masonry entry--><\/div><\/div><\/div><\/p>\n<div class=\"flex_column av_one_full  flex_column_div av-zero-column-padding first  avia-builder-el-11  el_after_av_one_full  el_before_av_section  avia-builder-el-last  column-top-margin\" style='border-radius:0px; '><div class='avia-button-wrap avia-button-center  avia-builder-el-12  avia-builder-el-no-sibling  '><a href='javascript: history.go(-1)'  class='avia-button   avia-icon_select-yes-left-icon avia-color-black avia-size-medium avia-position-center '   ><span class='avia_button_icon avia_button_icon_left ' aria-hidden='true' data-av_icon='\ue880' data-av_iconfont='entypo-fontello'><\/span><span class='avia_iconbox_title' >Enrere<\/span><\/a><\/div><\/div>\n<\/div><\/div><\/div><!-- close content main div --><\/div><\/div><div id='av_section_1' class='avia-section main_color avia-section-default avia-no-border-styling avia-bg-style-scroll  avia-builder-el-13  el_after_av_one_full  el_before_av_portfolio   container_wrap sidebar_right' style='background-color: #f8f8f8;  '  ><div class='container' ><div class='template-page content  av-content-small alpha units'><div class='post-entry post-entry-type-page post-entry-11135'><div class='entry-content-wrapper clearfix'>\n<div style='padding-bottom:0px; color:#000000;font-size:30px;' class='av-special-heading av-special-heading-h1 custom-color-heading blockquote modern-quote modern-centered  avia-builder-el-14  avia-builder-el-no-sibling   av-inherit-size '><h1 class='av-special-heading-tag '  itemprop=\"headline\"  >Esdeveniments recents<\/h1><div class='special-heading-border'><div class='special-heading-inner-border' style='border-color:#000000'><\/div><\/div><\/div>\n\n<div class=' grid-sort-container isotope   no_margin-container with-excerpt-container grid-total-even grid-col-4 grid-links-' data-portfolio-id='1'><div data-ajax-id='11190' class=' grid-entry flex_column isotope-item all_sort no_margin post-entry post-entry-11190 grid-entry-overview grid-loop-1 grid-parity-odd  esdeveniments-corporatius_sort  av_one_fourth first default_av_fullwidth '><article class='main_color inner-entry'  itemscope=\"itemscope\" itemtype=\"https:\/\/schema.org\/CreativeWork\" ><a href='https:\/\/bacusevents.com\/ca\/portfolio-item\/07-novarama-summer-party-2022\/' title='07-NOVARAMA - Summer Party 2022'  data-rel='grid-1' class='grid-image avia-hover-fx'><img decoding=\"async\" width=\"260\" height=\"174\" src=\"https:\/\/bacusevents.com\/wp-content\/uploads\/2023\/05\/16-BacusEvents_eventos_summerparty_novarama-1-scaled.jpg\" class=\"attachment-portfolio_small size-portfolio_small wp-post-image\" alt=\"\" srcset=\"https:\/\/bacusevents.com\/wp-content\/uploads\/2023\/05\/16-BacusEvents_eventos_summerparty_novarama-1-scaled.jpg 2560w, https:\/\/bacusevents.com\/wp-content\/uploads\/2023\/05\/16-BacusEvents_eventos_summerparty_novarama-1-scaled-768x512.jpg 768w, https:\/\/bacusevents.com\/wp-content\/uploads\/2023\/05\/16-BacusEvents_eventos_summerparty_novarama-1-scaled-445x296.jpg 445w, https:\/\/bacusevents.com\/wp-content\/uploads\/2023\/05\/16-BacusEvents_eventos_summerparty_novarama-1-412x275.jpg 412w\" sizes=\"(max-width: 260px) 100vw, 260px\" \/><\/a><div class='grid-content'><div class='avia-arrow'><\/div><header class=\"entry-content-header\"><h3 class='grid-entry-title entry-title '  itemprop=\"headline\" ><a href='https:\/\/bacusevents.com\/ca\/portfolio-item\/07-novarama-summer-party-2022\/' title='07-NOVARAMA - Summer Party 2022'>07-NOVARAMA - Summer Party 2022<\/a><\/h3><\/header><\/div><footer class=\"entry-footer\"><\/footer><\/article><\/div><div data-ajax-id='11338' class=' grid-entry flex_column isotope-item all_sort no_margin post-entry post-entry-11338 grid-entry-overview grid-loop-2 grid-parity-even  fires-i-stands_sort  av_one_fourth  default_av_fullwidth '><article class='main_color inner-entry'  itemscope=\"itemscope\" itemtype=\"https:\/\/schema.org\/CreativeWork\" ><a href='https:\/\/bacusevents.com\/ca\/portfolio-item\/08-wallbox-fira-de-lautomobil-barcelona-estand\/' title='08-WALLBOX - Fira de l\u00b4autom\u00f2bil Barcelona. Estand'  data-rel='grid-1' class='grid-image avia-hover-fx'><img decoding=\"async\" width=\"260\" height=\"185\" src=\"https:\/\/bacusevents.com\/wp-content\/uploads\/2023\/05\/1-cotada-260x185.jpg\" class=\"attachment-portfolio_small size-portfolio_small wp-post-image\" alt=\"\" \/><\/a><div class='grid-content'><div class='avia-arrow'><\/div><header class=\"entry-content-header\"><h3 class='grid-entry-title entry-title '  itemprop=\"headline\" ><a href='https:\/\/bacusevents.com\/ca\/portfolio-item\/08-wallbox-fira-de-lautomobil-barcelona-estand\/' title='08-WALLBOX - Fira de l\u00b4autom\u00f2bil Barcelona. Estand'>08-WALLBOX - Fira de l\u00b4autom\u00f2bil Barcelona. Estand<\/a><\/h3><\/header><\/div><footer class=\"entry-footer\"><\/footer><\/article><\/div><div data-ajax-id='11324' class=' grid-entry flex_column isotope-item all_sort no_margin post-entry post-entry-11324 grid-entry-overview grid-loop-3 grid-parity-odd  presentacio-de-producte_sort  av_one_fourth  default_av_fullwidth '><article class='main_color inner-entry'  itemscope=\"itemscope\" itemtype=\"https:\/\/schema.org\/CreativeWork\" ><a href='https:\/\/bacusevents.com\/ca\/portfolio-item\/25-motor-munich-presentacio-bmw-s3\/' title='25-MOTOR MUNICH - Presentaci\u00f3 BMW S3'  data-rel='grid-1' class='grid-image avia-hover-fx'><img decoding=\"async\" width=\"260\" height=\"185\" src=\"https:\/\/bacusevents.com\/wp-content\/uploads\/2023\/04\/BACUS_EVENTOS_AGENCIA_1-260x185.jpg\" class=\"attachment-portfolio_small size-portfolio_small wp-post-image\" alt=\"\" \/><\/a><div class='grid-content'><div class='avia-arrow'><\/div><header class=\"entry-content-header\"><h3 class='grid-entry-title entry-title '  itemprop=\"headline\" ><a href='https:\/\/bacusevents.com\/ca\/portfolio-item\/25-motor-munich-presentacio-bmw-s3\/' title='25-MOTOR MUNICH - Presentaci\u00f3 BMW S3'>25-MOTOR MUNICH - Presentaci\u00f3 BMW S3<\/a><\/h3><\/header><\/div><footer class=\"entry-footer\"><\/footer><\/article><\/div><div data-ajax-id='11309' class=' grid-entry flex_column isotope-item all_sort no_margin post-entry post-entry-11309 grid-entry-overview grid-loop-4 grid-parity-even  post-entry-last  fires-i-stands_sort  av_one_fourth  default_av_fullwidth '><article class='main_color inner-entry'  itemscope=\"itemscope\" itemtype=\"https:\/\/schema.org\/CreativeWork\" ><a href='https:\/\/bacusevents.com\/ca\/portfolio-item\/17-baywa-fira-tektonica-lisboa-estand\/' title='17-BAYWA \u2013 Fira Tektonica Lisboa. Estand'  data-rel='grid-1' class='grid-image avia-hover-fx'><img loading=\"lazy\" decoding=\"async\" width=\"260\" height=\"173\" src=\"https:\/\/bacusevents.com\/wp-content\/uploads\/2023\/05\/Baywa-Bacus-Events-eventos-feria-stand-11-scaled-e1752684930265.jpg\" class=\"attachment-portfolio_small size-portfolio_small wp-post-image\" alt=\"\" srcset=\"https:\/\/bacusevents.com\/wp-content\/uploads\/2023\/05\/Baywa-Bacus-Events-eventos-feria-stand-11-scaled-e1752684930265.jpg 2413w, https:\/\/bacusevents.com\/wp-content\/uploads\/2023\/05\/Baywa-Bacus-Events-eventos-feria-stand-11-scaled-e1752684930265-768x512.jpg 768w, https:\/\/bacusevents.com\/wp-content\/uploads\/2023\/05\/Baywa-Bacus-Events-eventos-feria-stand-11-scaled-e1752684930265-445x296.jpg 445w\" sizes=\"(max-width: 260px) 100vw, 260px\" \/><\/a><div class='grid-content'><div class='avia-arrow'><\/div><header class=\"entry-content-header\"><h3 class='grid-entry-title entry-title '  itemprop=\"headline\" ><a href='https:\/\/bacusevents.com\/ca\/portfolio-item\/17-baywa-fira-tektonica-lisboa-estand\/' title='17-BAYWA \u2013 Fira Tektonica Lisboa. Estand'>17-BAYWA \u2013 Fira Tektonica Lisboa. Estand<\/a><\/h3><\/header><\/div><footer class=\"entry-footer\"><\/footer><\/article><\/div><\/div>\n","protected":false},"excerpt":{"rendered":"","protected":false},"featured_media":7603,"comment_status":"open","ping_status":"closed","template":"","tags":[],"portfolio_entries":[229,207,234],"class_list":["post-11135","portfolio","type-portfolio","status-publish","has-post-thumbnail","hentry","portfolio_entries-congressos-i-convencions","portfolio_entries-esdeveniments-corporatius","portfolio_entries-presentacio-de-producte"],"yoast_head":"<!-- This site is optimized with the Yoast SEO Premium plugin v27.0 (Yoast SEO v27.4) - https:\/\/yoast.com\/product\/yoast-seo-premium-wordpress\/ -->\n<title>12-ONE FASHION GLOBAL - Esdeveniment i desfilada Internacional - Bacus Events - Creaci\u00f3n y Organizaci\u00f3n de Eventos<\/title>\n<meta name=\"robots\" content=\"index, follow, max-snippet:-1, max-image-preview:large, max-video-preview:-1\" \/>\n<link rel=\"canonical\" href=\"https:\/\/bacusevents.com\/ca\/portfolio-item\/12-one-fashion-global-esdeveniment-i-desfilada-internacional\/\" \/>\n<meta property=\"og:locale\" content=\"ca_ES\" \/>\n<meta property=\"og:type\" content=\"article\" \/>\n<meta property=\"og:title\" content=\"12-ONE FASHION GLOBAL - Esdeveniment i desfilada Internacional\" \/>\n<meta property=\"og:url\" content=\"https:\/\/bacusevents.com\/ca\/portfolio-item\/12-one-fashion-global-esdeveniment-i-desfilada-internacional\/\" \/>\n<meta property=\"og:site_name\" content=\"Bacus Events - Creaci\u00f3n y Organizaci\u00f3n de Eventos\" \/>\n<meta property=\"article:publisher\" content=\"https:\/\/www.facebook.com\/BacusEventos\" \/>\n<meta property=\"article:modified_time\" content=\"2024-05-01T05:56:57+00:00\" \/>\n<meta property=\"og:image\" content=\"https:\/\/bacusevents.com\/wp-content\/uploads\/2020\/10\/Evento-desfile-internacional-1-Fashion-Global.jpg\" \/>\n\t<meta property=\"og:image:width\" content=\"1800\" \/>\n\t<meta property=\"og:image:height\" content=\"1200\" \/>\n\t<meta property=\"og:image:type\" content=\"image\/jpeg\" \/>\n<meta name=\"twitter:card\" content=\"summary_large_image\" \/>\n<meta name=\"twitter:label1\" content=\"Temps estimat de lectura\" \/>\n\t<meta name=\"twitter:data1\" content=\"15 minuts\" \/>\n<script type=\"application\/ld+json\" class=\"yoast-schema-graph\">{\"@context\":\"https:\\\/\\\/schema.org\",\"@graph\":[{\"@type\":\"WebPage\",\"@id\":\"https:\\\/\\\/bacusevents.com\\\/ca\\\/portfolio-item\\\/12-one-fashion-global-esdeveniment-i-desfilada-internacional\\\/\",\"url\":\"https:\\\/\\\/bacusevents.com\\\/ca\\\/portfolio-item\\\/12-one-fashion-global-esdeveniment-i-desfilada-internacional\\\/\",\"name\":\"12-ONE FASHION GLOBAL - Esdeveniment i desfilada Internacional - Bacus Events - Creaci\u00f3n y Organizaci\u00f3n de Eventos\",\"isPartOf\":{\"@id\":\"https:\\\/\\\/bacusevents.com\\\/ca\\\/#website\"},\"primaryImageOfPage\":{\"@id\":\"https:\\\/\\\/bacusevents.com\\\/ca\\\/portfolio-item\\\/12-one-fashion-global-esdeveniment-i-desfilada-internacional\\\/#primaryimage\"},\"image\":{\"@id\":\"https:\\\/\\\/bacusevents.com\\\/ca\\\/portfolio-item\\\/12-one-fashion-global-esdeveniment-i-desfilada-internacional\\\/#primaryimage\"},\"thumbnailUrl\":\"https:\\\/\\\/bacusevents.com\\\/wp-content\\\/uploads\\\/2020\\\/10\\\/Evento-desfile-internacional-1-Fashion-Global.jpg\",\"datePublished\":\"2020-10-05T13:37:35+00:00\",\"dateModified\":\"2024-05-01T05:56:57+00:00\",\"breadcrumb\":{\"@id\":\"https:\\\/\\\/bacusevents.com\\\/ca\\\/portfolio-item\\\/12-one-fashion-global-esdeveniment-i-desfilada-internacional\\\/#breadcrumb\"},\"inLanguage\":\"ca\",\"potentialAction\":[{\"@type\":\"ReadAction\",\"target\":[\"https:\\\/\\\/bacusevents.com\\\/ca\\\/portfolio-item\\\/12-one-fashion-global-esdeveniment-i-desfilada-internacional\\\/\"]}]},{\"@type\":\"ImageObject\",\"inLanguage\":\"ca\",\"@id\":\"https:\\\/\\\/bacusevents.com\\\/ca\\\/portfolio-item\\\/12-one-fashion-global-esdeveniment-i-desfilada-internacional\\\/#primaryimage\",\"url\":\"https:\\\/\\\/bacusevents.com\\\/wp-content\\\/uploads\\\/2020\\\/10\\\/Evento-desfile-internacional-1-Fashion-Global.jpg\",\"contentUrl\":\"https:\\\/\\\/bacusevents.com\\\/wp-content\\\/uploads\\\/2020\\\/10\\\/Evento-desfile-internacional-1-Fashion-Global.jpg\",\"width\":1800,\"height\":1200,\"caption\":\"Evento Internacional Fashion Global\"},{\"@type\":\"BreadcrumbList\",\"@id\":\"https:\\\/\\\/bacusevents.com\\\/ca\\\/portfolio-item\\\/12-one-fashion-global-esdeveniment-i-desfilada-internacional\\\/#breadcrumb\",\"itemListElement\":[{\"@type\":\"ListItem\",\"position\":1,\"name\":\"Portada\",\"item\":\"https:\\\/\\\/bacusevents.com\\\/ca\\\/\"},{\"@type\":\"ListItem\",\"position\":2,\"name\":\"12-ONE FASHION GLOBAL &#8211; Esdeveniment i desfilada Internacional\"}]},{\"@type\":\"WebSite\",\"@id\":\"https:\\\/\\\/bacusevents.com\\\/ca\\\/#website\",\"url\":\"https:\\\/\\\/bacusevents.com\\\/ca\\\/\",\"name\":\"Bacus Events - Creaci\u00f3n y Organizaci\u00f3n de Eventos\",\"description\":\"Bacus Events - Creaci\u00f3n y Organizaci\u00f3n de Eventos\",\"publisher\":{\"@id\":\"https:\\\/\\\/bacusevents.com\\\/ca\\\/#organization\"},\"potentialAction\":[{\"@type\":\"SearchAction\",\"target\":{\"@type\":\"EntryPoint\",\"urlTemplate\":\"https:\\\/\\\/bacusevents.com\\\/ca\\\/?s={search_term_string}\"},\"query-input\":{\"@type\":\"PropertyValueSpecification\",\"valueRequired\":true,\"valueName\":\"search_term_string\"}}],\"inLanguage\":\"ca\"},{\"@type\":\"Organization\",\"@id\":\"https:\\\/\\\/bacusevents.com\\\/ca\\\/#organization\",\"name\":\"Bacus Events - Creaci\u00f3n y Organizaci\u00f3n de Eventos\",\"url\":\"https:\\\/\\\/bacusevents.com\\\/ca\\\/\",\"logo\":{\"@type\":\"ImageObject\",\"inLanguage\":\"ca\",\"@id\":\"https:\\\/\\\/bacusevents.com\\\/ca\\\/#\\\/schema\\\/logo\\\/image\\\/\",\"url\":\"https:\\\/\\\/bacusevents.com\\\/wp-content\\\/uploads\\\/2025\\\/03\\\/BacusEvents-5.png\",\"contentUrl\":\"https:\\\/\\\/bacusevents.com\\\/wp-content\\\/uploads\\\/2025\\\/03\\\/BacusEvents-5.png\",\"width\":393,\"height\":426,\"caption\":\"Bacus Events - Creaci\u00f3n y Organizaci\u00f3n de Eventos\"},\"image\":{\"@id\":\"https:\\\/\\\/bacusevents.com\\\/ca\\\/#\\\/schema\\\/logo\\\/image\\\/\"},\"sameAs\":[\"https:\\\/\\\/www.facebook.com\\\/BacusEventos\",\"https:\\\/\\\/www.instagram.com\\\/bacusevents\\\/\",\"https:\\\/\\\/www.linkedin.com\\\/company\\\/1481874\\\/admin\\\/dashboard\\\/\"]}]}<\/script>\n<!-- \/ Yoast SEO Premium plugin. -->","yoast_head_json":{"title":"12-ONE FASHION GLOBAL - Esdeveniment i desfilada Internacional - Bacus Events - Creaci\u00f3n y Organizaci\u00f3n de Eventos","robots":{"index":"index","follow":"follow","max-snippet":"max-snippet:-1","max-image-preview":"max-image-preview:large","max-video-preview":"max-video-preview:-1"},"canonical":"https:\/\/bacusevents.com\/ca\/portfolio-item\/12-one-fashion-global-esdeveniment-i-desfilada-internacional\/","og_locale":"ca_ES","og_type":"article","og_title":"12-ONE FASHION GLOBAL - Esdeveniment i desfilada Internacional","og_url":"https:\/\/bacusevents.com\/ca\/portfolio-item\/12-one-fashion-global-esdeveniment-i-desfilada-internacional\/","og_site_name":"Bacus Events - Creaci\u00f3n y Organizaci\u00f3n de Eventos","article_publisher":"https:\/\/www.facebook.com\/BacusEventos","article_modified_time":"2024-05-01T05:56:57+00:00","og_image":[{"width":1800,"height":1200,"url":"https:\/\/bacusevents.com\/wp-content\/uploads\/2020\/10\/Evento-desfile-internacional-1-Fashion-Global.jpg","type":"image\/jpeg"}],"twitter_card":"summary_large_image","twitter_misc":{"Temps estimat de lectura":"15 minuts"},"schema":{"@context":"https:\/\/schema.org","@graph":[{"@type":"WebPage","@id":"https:\/\/bacusevents.com\/ca\/portfolio-item\/12-one-fashion-global-esdeveniment-i-desfilada-internacional\/","url":"https:\/\/bacusevents.com\/ca\/portfolio-item\/12-one-fashion-global-esdeveniment-i-desfilada-internacional\/","name":"12-ONE FASHION GLOBAL - Esdeveniment i desfilada Internacional - Bacus Events - Creaci\u00f3n y Organizaci\u00f3n de Eventos","isPartOf":{"@id":"https:\/\/bacusevents.com\/ca\/#website"},"primaryImageOfPage":{"@id":"https:\/\/bacusevents.com\/ca\/portfolio-item\/12-one-fashion-global-esdeveniment-i-desfilada-internacional\/#primaryimage"},"image":{"@id":"https:\/\/bacusevents.com\/ca\/portfolio-item\/12-one-fashion-global-esdeveniment-i-desfilada-internacional\/#primaryimage"},"thumbnailUrl":"https:\/\/bacusevents.com\/wp-content\/uploads\/2020\/10\/Evento-desfile-internacional-1-Fashion-Global.jpg","datePublished":"2020-10-05T13:37:35+00:00","dateModified":"2024-05-01T05:56:57+00:00","breadcrumb":{"@id":"https:\/\/bacusevents.com\/ca\/portfolio-item\/12-one-fashion-global-esdeveniment-i-desfilada-internacional\/#breadcrumb"},"inLanguage":"ca","potentialAction":[{"@type":"ReadAction","target":["https:\/\/bacusevents.com\/ca\/portfolio-item\/12-one-fashion-global-esdeveniment-i-desfilada-internacional\/"]}]},{"@type":"ImageObject","inLanguage":"ca","@id":"https:\/\/bacusevents.com\/ca\/portfolio-item\/12-one-fashion-global-esdeveniment-i-desfilada-internacional\/#primaryimage","url":"https:\/\/bacusevents.com\/wp-content\/uploads\/2020\/10\/Evento-desfile-internacional-1-Fashion-Global.jpg","contentUrl":"https:\/\/bacusevents.com\/wp-content\/uploads\/2020\/10\/Evento-desfile-internacional-1-Fashion-Global.jpg","width":1800,"height":1200,"caption":"Evento Internacional Fashion Global"},{"@type":"BreadcrumbList","@id":"https:\/\/bacusevents.com\/ca\/portfolio-item\/12-one-fashion-global-esdeveniment-i-desfilada-internacional\/#breadcrumb","itemListElement":[{"@type":"ListItem","position":1,"name":"Portada","item":"https:\/\/bacusevents.com\/ca\/"},{"@type":"ListItem","position":2,"name":"12-ONE FASHION GLOBAL &#8211; Esdeveniment i desfilada Internacional"}]},{"@type":"WebSite","@id":"https:\/\/bacusevents.com\/ca\/#website","url":"https:\/\/bacusevents.com\/ca\/","name":"Bacus Events - Creaci\u00f3n y Organizaci\u00f3n de Eventos","description":"Bacus Events - Creaci\u00f3n y Organizaci\u00f3n de Eventos","publisher":{"@id":"https:\/\/bacusevents.com\/ca\/#organization"},"potentialAction":[{"@type":"SearchAction","target":{"@type":"EntryPoint","urlTemplate":"https:\/\/bacusevents.com\/ca\/?s={search_term_string}"},"query-input":{"@type":"PropertyValueSpecification","valueRequired":true,"valueName":"search_term_string"}}],"inLanguage":"ca"},{"@type":"Organization","@id":"https:\/\/bacusevents.com\/ca\/#organization","name":"Bacus Events - Creaci\u00f3n y Organizaci\u00f3n de Eventos","url":"https:\/\/bacusevents.com\/ca\/","logo":{"@type":"ImageObject","inLanguage":"ca","@id":"https:\/\/bacusevents.com\/ca\/#\/schema\/logo\/image\/","url":"https:\/\/bacusevents.com\/wp-content\/uploads\/2025\/03\/BacusEvents-5.png","contentUrl":"https:\/\/bacusevents.com\/wp-content\/uploads\/2025\/03\/BacusEvents-5.png","width":393,"height":426,"caption":"Bacus Events - Creaci\u00f3n y Organizaci\u00f3n de Eventos"},"image":{"@id":"https:\/\/bacusevents.com\/ca\/#\/schema\/logo\/image\/"},"sameAs":["https:\/\/www.facebook.com\/BacusEventos","https:\/\/www.instagram.com\/bacusevents\/","https:\/\/www.linkedin.com\/company\/1481874\/admin\/dashboard\/"]}]}},"_links":{"self":[{"href":"https:\/\/bacusevents.com\/ca\/wp-json\/wp\/v2\/portfolio\/11135","targetHints":{"allow":["GET"]}}],"collection":[{"href":"https:\/\/bacusevents.com\/ca\/wp-json\/wp\/v2\/portfolio"}],"about":[{"href":"https:\/\/bacusevents.com\/ca\/wp-json\/wp\/v2\/types\/portfolio"}],"replies":[{"embeddable":true,"href":"https:\/\/bacusevents.com\/ca\/wp-json\/wp\/v2\/comments?post=11135"}],"version-history":[{"count":1,"href":"https:\/\/bacusevents.com\/ca\/wp-json\/wp\/v2\/portfolio\/11135\/revisions"}],"predecessor-version":[{"id":11147,"href":"https:\/\/bacusevents.com\/ca\/wp-json\/wp\/v2\/portfolio\/11135\/revisions\/11147"}],"wp:featuredmedia":[{"embeddable":true,"href":"https:\/\/bacusevents.com\/ca\/wp-json\/wp\/v2\/media\/7603"}],"wp:attachment":[{"href":"https:\/\/bacusevents.com\/ca\/wp-json\/wp\/v2\/media?parent=11135"}],"wp:term":[{"taxonomy":"post_tag","embeddable":true,"href":"https:\/\/bacusevents.com\/ca\/wp-json\/wp\/v2\/tags?post=11135"},{"taxonomy":"portfolio_entries","embeddable":true,"href":"https:\/\/bacusevents.com\/ca\/wp-json\/wp\/v2\/portfolio_entries?post=11135"}],"curies":[{"name":"wp","href":"https:\/\/api.w.org\/{rel}","templated":true}]}}