{"id":11324,"date":"2023-05-16T05:40:47","date_gmt":"2023-05-16T05:40:47","guid":{"rendered":"https:\/\/bacusevents.com\/portfolio-item\/25-motor-munich-presentacio-bmw-s3\/"},"modified":"2024-05-01T05:57:37","modified_gmt":"2024-05-01T05:57:37","slug":"25-motor-munich-presentacio-bmw-s3","status":"publish","type":"portfolio","link":"https:\/\/bacusevents.com\/ca\/portfolio-item\/25-motor-munich-presentacio-bmw-s3\/","title":{"rendered":"25-MOTOR MUNICH &#8211; Presentaci\u00f3 BMW S3"},"content":{"rendered":"<div id='full_slider_1' class='avia-fullwidth-slider main_color avia-shadow   avia-builder-el-0  el_before_av_one_third  avia-builder-el-first   container_wrap sidebar_right' style=' '  ><div  data-size='1536x1536'  data-lightbox_size='large'  data-animation='slide'  data-conditional_play=''  data-ids='5789,5790,5791,5792,5793,5794,5795,5796'  data-video_counter='0'  data-autoplay='true'  data-bg_slider='false'  data-slide_height=''  data-handle='av_slideshow_full'  data-interval='5'  data-class=' '  data-css_id=''  data-scroll_down=''  data-control_layout='av-control-minimal av-control-minimal-dark'  data-custom_markup=''  data-perma_caption=''  data-autoplay_stopper=''  data-image_attachment=''  data-min_height='0px'  data-src=''  data-position='top left'  data-repeat='no-repeat'  data-attach='scroll'  data-stretch=''  data-default-height='100'  class='avia-slideshow avia-slideshow-1  av-control-minimal av-control-minimal-dark av-default-height-applied avia-slideshow-1536x1536 av_slideshow_full   avia-slide-slider '  itemprop=\"image\" itemscope=\"itemscope\" itemtype=\"https:\/\/schema.org\/ImageObject\" ><ul class='avia-slideshow-inner ' style='padding-bottom: 66.536458333333%;' ><li  class=' slide-1 ' ><div data-rel='slideshow-1' class='avia-slide-wrap '   ><img src='https:\/\/bacusevents.com\/wp-content\/uploads\/2023\/05\/Bacus-Event-premio-Eventoplus-2012-oro-2-1536x1022.jpg' width='1536' height='1022' title='Bacus Event - premio Eventoplus 2012 - oro -2' alt=''  itemprop=\"thumbnailUrl\"   \/><\/div><\/li><li  class=' slide-2 ' ><div data-rel='slideshow-1' class='avia-slide-wrap '   ><img src='https:\/\/bacusevents.com\/wp-content\/uploads\/2023\/05\/Bacus-Event-premio-Eventoplus-2012-oro-3-1536x1022.jpg' width='1536' height='1022' title='Bacus Event - premio Eventoplus 2012 - oro -3' alt=''  itemprop=\"thumbnailUrl\"   \/><\/div><\/li><li  class=' slide-3 ' ><div data-rel='slideshow-1' class='avia-slide-wrap '   ><img src='https:\/\/bacusevents.com\/wp-content\/uploads\/2023\/05\/Bacus-Event-premio-Eventoplus-2012-oro-4-1536x1022.jpg' width='1536' height='1022' title='Bacus Event - premio Eventoplus 2012 - oro -4' alt=''  itemprop=\"thumbnailUrl\"   \/><\/div><\/li><li  class=' slide-4 ' ><div data-rel='slideshow-1' class='avia-slide-wrap '   ><img src='https:\/\/bacusevents.com\/wp-content\/uploads\/2023\/05\/Bacus-Event-premio-Eventoplus-2012-oro-5-1536x1022.jpg' width='1536' height='1022' title='Bacus Event - premio Eventoplus 2012 - oro -5' alt=''  itemprop=\"thumbnailUrl\"   \/><\/div><\/li><li  class=' slide-5 ' ><div data-rel='slideshow-1' class='avia-slide-wrap '   ><img src='https:\/\/bacusevents.com\/wp-content\/uploads\/2023\/05\/Bacus-Event-premio-Eventoplus-2012-oro-6-1536x1022.jpg' width='1536' height='1022' title='Bacus Event - premio Eventoplus 2012 - oro -6' alt=''  itemprop=\"thumbnailUrl\"   \/><\/div><\/li><li  class=' slide-6 ' ><div data-rel='slideshow-1' class='avia-slide-wrap '   ><img src='https:\/\/bacusevents.com\/wp-content\/uploads\/2023\/05\/Bacus-Event-premio-Eventoplus-2012-oro-7-1536x1022.jpg' width='1536' height='1022' title='Bacus Event - premio Eventoplus 2012 - oro -7' alt=''  itemprop=\"thumbnailUrl\"   \/><\/div><\/li><li  class=' slide-7 ' ><div data-rel='slideshow-1' class='avia-slide-wrap '   ><img src='https:\/\/bacusevents.com\/wp-content\/uploads\/2023\/05\/Bacus-Event-premio-Eventoplus-2012-oro-8-1536x1022.jpg' width='1536' height='1022' title='Bacus Event - premio Eventoplus 2012 - oro -8' alt=''  itemprop=\"thumbnailUrl\"   \/><\/div><\/li><li  class=' slide-8 ' ><div data-rel='slideshow-1' class='avia-slide-wrap '   ><img src='https:\/\/bacusevents.com\/wp-content\/uploads\/2023\/05\/Bacus-Event-premio-Eventoplus-2012-oro-9-1536x1022.jpg' width='1536' height='1022' title='Bacus Event - premio Eventoplus 2012 - oro -9' alt=''  itemprop=\"thumbnailUrl\"   \/><\/div><\/li><\/ul><div class='avia-slideshow-arrows avia-slideshow-controls'><a href='#prev' class='prev-slide' aria-hidden='true' data-av_icon='\ue87c' data-av_iconfont='entypo-fontello'>Anterior<\/a><a href='#next' class='next-slide' aria-hidden='true' data-av_icon='\ue87d' data-av_iconfont='entypo-fontello'>Seg\u00fcent<\/a><\/div><div class='avia-slideshow-dots avia-slideshow-controls'><a href='#1' class='goto-slide active' >1<\/a><a href='#2' class='goto-slide ' >2<\/a><a href='#3' class='goto-slide ' >3<\/a><a href='#4' class='goto-slide ' >4<\/a><a href='#5' class='goto-slide ' >5<\/a><a href='#6' class='goto-slide ' >6<\/a><a href='#7' class='goto-slide ' >7<\/a><a href='#8' class='goto-slide ' >8<\/a><\/div><\/div><\/div><div id='after_full_slider_1' class='main_color av_default_container_wrap container_wrap sidebar_right' style=' '  ><div class='container' ><div class='template-page content  av-content-small alpha units'><div class='post-entry post-entry-type-page post-entry-11324'><div class='entry-content-wrapper clearfix'>\n<div class=\"flex_column av_one_third  flex_column_div first  avia-builder-el-1  el_after_av_slideshow_full  el_before_av_two_third  avia-builder-el-first  \" ><p><div style='padding-bottom:10px; color:#000000;font-size:30px;' class='av-special-heading av-special-heading-h1 custom-color-heading blockquote modern-quote  avia-builder-el-2  el_before_av_textblock  avia-builder-el-first   av-inherit-size '><h1 class='av-special-heading-tag '  itemprop=\"headline\"  >FITXA T\u00c8CNICA<\/h1><div class='special-heading-border'><div class='special-heading-inner-border' style='border-color:#000000'><\/div><\/div><\/div><br \/>\n<section class=\"av_textblock_section \"  itemscope=\"itemscope\" itemtype=\"https:\/\/schema.org\/CreativeWork\" ><div class='avia_textblock  '   itemprop=\"text\" ><p><span style=\"font-family: graphik-regular;\">Presentaci\u00f3 a premsa i clients VIP de les noves gammes BMW S3.<\/span><\/p>\n<\/div><\/section><br \/>\n<div style=' margin-top:10px; margin-bottom:15px;'  class='hr hr-custom hr-left hr-icon-no   avia-builder-el-4  el_after_av_textblock  el_before_av_textblock '><span class='hr-inner   inner-border-av-border-fat' style=' width:50px; border-color:#000000;' ><span class='hr-inner-style'><\/span><\/span><\/div><br \/>\n<section class=\"av_textblock_section \"  itemscope=\"itemscope\" itemtype=\"https:\/\/schema.org\/CreativeWork\" ><div class='avia_textblock  '   itemprop=\"text\" ><p><span style=\"font-family: graphik-regular;\"><strong>Client:<\/strong> Motor Munich BMW<\/span><br \/>\n<span style=\"font-family: graphik-regular;\"> <strong>Tipologia Esdeveniment:<\/strong> Presentaci\u00f3 de producte<\/span><br \/>\n<span style=\"font-family: graphik-regular;\"> <strong>N\u00fam. Assistents:<\/strong>  550 pax<\/span><br \/>\n<span style=\"font-family: graphik-regular;\"> <strong>Data:<\/strong> Febrer 2012<\/span><br \/>\n<span style=\"font-family: graphik-regular;\"> <strong>Localitzaci\u00f3:<\/strong> Hotel W, Barcelona<\/span><\/p>\n<\/div><\/section><\/p><\/div><div class=\"flex_column av_two_third  flex_column_div av-zero-column-padding   avia-builder-el-6  el_after_av_one_third  el_before_av_one_full  \" style='border-radius:0px; '><p><div style='padding-bottom:10px; color:#000000;font-size:30px;' class='av-special-heading av-special-heading-h1 custom-color-heading blockquote modern-quote  avia-builder-el-7  el_before_av_tab_container  avia-builder-el-first   av-inherit-size '><h1 class='av-special-heading-tag '  itemprop=\"headline\"  >MOTOR MUNICH &#8211; Presentaci\u00f3 BMW S3<\/h1><div class='special-heading-border'><div class='special-heading-inner-border' style='border-color:#000000'><\/div><\/div><\/div><br \/>\n<div class=\"tabcontainer   top_tab   avia-builder-el-8  el_after_av_heading  avia-builder-el-last  \">\n\n<section class=\"av_tab_section\"  itemscope=\"itemscope\" itemtype=\"https:\/\/schema.org\/CreativeWork\" >    <div aria-controls=\"tab-id-1\" role=\"tab\" tabindex=\"0\" data-fake-id=\"#tab-id-1\" class=\"tab active_tab\"  itemprop=\"headline\" >Idea creativa<\/div>\n    <div id=\"tab-id-1-container\" class=\"tab_content active_tab_content\" aria-hidden=\"false\">\n        <div class=\"tab_inner_content invers-color\"  itemprop=\"text\" >\n<p style=\"font-weight: 400;\"><span style=\"font-family: graphik-regular;\">Sota el Claim \u201cMotor Munic conquereix el Cel\u201d un BMW S3 va sobrevolar les platges de Barcelona penjat d&#8217;un Helic\u00f2pter, i va arribar a l&#8217;Hotel per a la presentaci\u00f3 posterior a la nit. Paral\u00b7lelament i sota el Claim oficial de la Marca \u201c\u00c0nima de Guanyador\u201d es va crear un v\u00eddeo exclusiu per a l&#8217;esdeveniment i presentaci\u00f3 de les tres gammes del producte.<\/span><\/p>\n<p style=\"font-weight: 400;\"><span style=\"font-family: graphik-regular;\">El v\u00eddeo es va crear fusionant imatges de la campanya publicit\u00e0ria de BMW, del vol matinal del cotxe i imatges d&#8217;impacte, tot sense mostrar el vehicle complet en cap moment, que es va presentar finalment destapant les tres gammes de BMW S3 exposats a la sala del Hotel W.<\/span><\/p>\n<p style=\"font-weight: 400;\">\n\n        <\/div>\n    <\/div>\n<\/section>\n\n<section class=\"av_tab_section\"  itemscope=\"itemscope\" itemtype=\"https:\/\/schema.org\/CreativeWork\" >    <div aria-controls=\"tab-id-2\" role=\"tab\" tabindex=\"0\" data-fake-id=\"#tab-id-2\" class=\"tab \"  itemprop=\"headline\" >Repte<\/div>\n    <div id=\"tab-id-2-container\" class=\"tab_content \" aria-hidden=\"true\">\n        <div class=\"tab_inner_content invers-color\"  itemprop=\"text\" >\n<blockquote>\n<p><span style=\"font-family: graphik-regular;\">Vol i enregistrament del vehicle, per a la qual cosa es va haver de contractar dos helic\u00f2pters i un equip de v\u00eddeo i fotografia d&#8217;esports extrems, assegurances especials i permisos a diferents institucions per desenvolupar-lo.<\/span><\/p>\n<\/blockquote>\n<p><span style=\"font-family: graphik-regular;\">Vol i enregistrament del vehicle, per a la qual cosa es va haver de contractar dos helic\u00f2pters i un equip de v\u00eddeo i fotografia d&#8217;esports extrems, assegurances especials i permisos a diferents institucions per desenvolupar-lo.<\/span><\/p>\n<p><span style=\"font-family: graphik-regular;\">L&#8217;\u00e8xit del convocat\u00f2ria va ser tan gran que cinc hores abans de l&#8217;esdeveniment es va haver de contractar sales annexes i duplicar el c\u00e0tering ja que es va passar de 250 convidats a 550.<\/span><\/p>\n<p><span style=\"font-family: graphik-regular;\">La col\u00b7laboraci\u00f3 de l&#8217;Hotel W va ser determinant per incorporar totes les confirmacions d&#8217;\u00faltima hora.<\/span><\/p>\n\n        <\/div>\n    <\/div>\n<\/section>\n\n<section class=\"av_tab_section\"  itemscope=\"itemscope\" itemtype=\"https:\/\/schema.org\/CreativeWork\" >    <div aria-controls=\"tab-id-3\" role=\"tab\" tabindex=\"0\" data-fake-id=\"#tab-id-3\" class=\"tab \"  itemprop=\"headline\" >Resultat<\/div>\n    <div id=\"tab-id-3-container\" class=\"tab_content \" aria-hidden=\"true\">\n        <div class=\"tab_inner_content invers-color\"  itemprop=\"text\" >\n<p><span style=\"font-family: graphik-regular;\">L&#8217;impacte de l&#8217;esdeveniment en la notorietat del client va ser tan gran que un any despr\u00e9s el v\u00eddeo de l&#8217;esdeveniment continua sent dels m\u00e9s vistos a la xarxa i la pr\u00f2pia marca a nivell internacional considero la presentaci\u00f3 com la millor de la marca aquest any.<\/span><\/p>\n<p><span style=\"font-family: graphik-regular;\">La Presentaci\u00f3 del BMW S3 per a Motormunich ha guanyat El Premi Eventoplus 2013 a la millor Presentaci\u00f3 de Producte el 2012.<\/span><\/p>\n\n        <\/div>\n    <\/div>\n<\/section>\n\n<\/div>\n<\/p><\/div><\/p>\n<div class=\"flex_column av_one_full  flex_column_div av-zero-column-padding first  avia-builder-el-9  el_after_av_two_third  el_before_av_one_full  column-top-margin\" style='border-radius:0px; '><div id='av-masonry-1' class='av-masonry  noHover av-flex-size av-large-gap av-hover-overlay-active av-masonry-animation-active av-masonry-col-3 av-caption-always av-caption-style- av-masonry-gallery     '  ><div class='av-masonry-container isotope av-js-disabled ' ><div class='av-masonry-entry isotope-item av-masonry-item-no-image '><\/div><a href=\"https:\/\/bacusevents.com\/wp-content\/uploads\/2023\/05\/Bacus-Event-premio-Eventoplus-2012-oro-1-685x1030.jpg\" id='av-masonry-1-item-9531' data-av-masonry-item='9531' class='av-masonry-entry isotope-item post-9531 attachment type-attachment status-inherit hentry  av-masonry-item-with-image' title=\"Bacus Event &#8211; premio Eventoplus 2012 &#8211; oro -1\"  itemprop=\"thumbnailUrl\" ><div class='av-inner-masonry-sizer'><\/div><figure class='av-inner-masonry main_color'><div class=\"av-masonry-outerimage-container\"><div class=\"av-masonry-image-container\" ><img decoding=\"async\" src=\"https:\/\/bacusevents.com\/wp-content\/uploads\/2023\/05\/Bacus-Event-premio-Eventoplus-2012-oro-1-469x705.jpg\" title=\"Bacus Event &#8211; premio Eventoplus 2012 &#8211; oro -1\" alt=\"\" \/><\/div><\/div><\/figure><\/a><!--end av-masonry entry--><a href=\"https:\/\/bacusevents.com\/wp-content\/uploads\/2023\/05\/Bacus-Event-premio-Eventoplus-2012-oro-2-1030x685.jpg\" id='av-masonry-1-item-9515' data-av-masonry-item='9515' class='av-masonry-entry isotope-item post-9515 attachment type-attachment status-inherit hentry  av-masonry-item-with-image' title=\"Bacus Event &#8211; premio Eventoplus 2012 &#8211; oro -2\"  itemprop=\"thumbnailUrl\" ><div class='av-inner-masonry-sizer'><\/div><figure class='av-inner-masonry main_color'><div class=\"av-masonry-outerimage-container\"><div class=\"av-masonry-image-container\" ><img decoding=\"async\" src=\"https:\/\/bacusevents.com\/wp-content\/uploads\/2023\/05\/Bacus-Event-premio-Eventoplus-2012-oro-2-705x469.jpg\" title=\"Bacus Event &#8211; premio Eventoplus 2012 &#8211; oro -2\" alt=\"\" \/><\/div><\/div><\/figure><\/a><!--end av-masonry entry--><a href=\"https:\/\/bacusevents.com\/wp-content\/uploads\/2023\/05\/Bacus-Event-premio-Eventoplus-2012-oro-3-1030x685.jpg\" id='av-masonry-1-item-9517' data-av-masonry-item='9517' class='av-masonry-entry isotope-item post-9517 attachment type-attachment status-inherit hentry  av-masonry-item-with-image' title=\"Bacus Event &#8211; premio Eventoplus 2012 &#8211; oro -3\"  itemprop=\"thumbnailUrl\" ><div class='av-inner-masonry-sizer'><\/div><figure class='av-inner-masonry main_color'><div class=\"av-masonry-outerimage-container\"><div class=\"av-masonry-image-container\" ><img decoding=\"async\" src=\"https:\/\/bacusevents.com\/wp-content\/uploads\/2023\/05\/Bacus-Event-premio-Eventoplus-2012-oro-3-705x469.jpg\" title=\"Bacus Event &#8211; premio Eventoplus 2012 &#8211; oro -3\" alt=\"\" \/><\/div><\/div><\/figure><\/a><!--end av-masonry entry--><a href=\"https:\/\/bacusevents.com\/wp-content\/uploads\/2023\/05\/Bacus-Event-premio-Eventoplus-2012-oro-4-1030x685.jpg\" id='av-masonry-1-item-9519' data-av-masonry-item='9519' class='av-masonry-entry isotope-item post-9519 attachment type-attachment status-inherit hentry  av-masonry-item-with-image' title=\"Bacus Event &#8211; premio Eventoplus 2012 &#8211; oro -4\"  itemprop=\"thumbnailUrl\" ><div class='av-inner-masonry-sizer'><\/div><figure class='av-inner-masonry main_color'><div class=\"av-masonry-outerimage-container\"><div class=\"av-masonry-image-container\" ><img decoding=\"async\" src=\"https:\/\/bacusevents.com\/wp-content\/uploads\/2023\/05\/Bacus-Event-premio-Eventoplus-2012-oro-4-705x469.jpg\" title=\"Bacus Event &#8211; premio Eventoplus 2012 &#8211; oro -4\" alt=\"\" \/><\/div><\/div><\/figure><\/a><!--end av-masonry entry--><a href=\"https:\/\/bacusevents.com\/wp-content\/uploads\/2023\/05\/Bacus-Event-premio-Eventoplus-2012-oro-5-1030x685.jpg\" id='av-masonry-1-item-9521' data-av-masonry-item='9521' class='av-masonry-entry isotope-item post-9521 attachment type-attachment status-inherit hentry  av-masonry-item-with-image' title=\"Bacus Event &#8211; premio Eventoplus 2012 &#8211; oro -5\"  itemprop=\"thumbnailUrl\" ><div class='av-inner-masonry-sizer'><\/div><figure class='av-inner-masonry main_color'><div class=\"av-masonry-outerimage-container\"><div class=\"av-masonry-image-container\" ><img decoding=\"async\" src=\"https:\/\/bacusevents.com\/wp-content\/uploads\/2023\/05\/Bacus-Event-premio-Eventoplus-2012-oro-5-705x469.jpg\" title=\"Bacus Event &#8211; premio Eventoplus 2012 &#8211; oro -5\" alt=\"\" \/><\/div><\/div><\/figure><\/a><!--end av-masonry entry--><a href=\"https:\/\/bacusevents.com\/wp-content\/uploads\/2023\/05\/Bacus-Event-premio-Eventoplus-2012-oro-6-1030x685.jpg\" id='av-masonry-1-item-9523' data-av-masonry-item='9523' class='av-masonry-entry isotope-item post-9523 attachment type-attachment status-inherit hentry  av-masonry-item-with-image' title=\"Bacus Event &#8211; premio Eventoplus 2012 &#8211; oro -6\"  itemprop=\"thumbnailUrl\" ><div class='av-inner-masonry-sizer'><\/div><figure class='av-inner-masonry main_color'><div class=\"av-masonry-outerimage-container\"><div class=\"av-masonry-image-container\" ><img decoding=\"async\" src=\"https:\/\/bacusevents.com\/wp-content\/uploads\/2023\/05\/Bacus-Event-premio-Eventoplus-2012-oro-6-705x469.jpg\" title=\"Bacus Event &#8211; premio Eventoplus 2012 &#8211; oro -6\" alt=\"\" \/><\/div><\/div><\/figure><\/a><!--end av-masonry entry--><a href=\"https:\/\/bacusevents.com\/wp-content\/uploads\/2023\/05\/Bacus-Event-premio-Eventoplus-2012-oro-7-1030x685.jpg\" id='av-masonry-1-item-9525' data-av-masonry-item='9525' class='av-masonry-entry isotope-item post-9525 attachment type-attachment status-inherit hentry  av-masonry-item-with-image' title=\"Bacus Event &#8211; premio Eventoplus 2012 &#8211; oro -7\"  itemprop=\"thumbnailUrl\" ><div class='av-inner-masonry-sizer'><\/div><figure class='av-inner-masonry main_color'><div class=\"av-masonry-outerimage-container\"><div class=\"av-masonry-image-container\" ><img decoding=\"async\" src=\"https:\/\/bacusevents.com\/wp-content\/uploads\/2023\/05\/Bacus-Event-premio-Eventoplus-2012-oro-7-705x469.jpg\" title=\"Bacus Event &#8211; premio Eventoplus 2012 &#8211; oro -7\" alt=\"\" \/><\/div><\/div><\/figure><\/a><!--end av-masonry entry--><a href=\"https:\/\/bacusevents.com\/wp-content\/uploads\/2023\/05\/Bacus-Event-premio-Eventoplus-2012-oro-8-1030x685.jpg\" id='av-masonry-1-item-9527' data-av-masonry-item='9527' class='av-masonry-entry isotope-item post-9527 attachment type-attachment status-inherit hentry  av-masonry-item-with-image' title=\"Bacus Event &#8211; premio Eventoplus 2012 &#8211; oro -8\"  itemprop=\"thumbnailUrl\" ><div class='av-inner-masonry-sizer'><\/div><figure class='av-inner-masonry main_color'><div class=\"av-masonry-outerimage-container\"><div class=\"av-masonry-image-container\" ><img decoding=\"async\" src=\"https:\/\/bacusevents.com\/wp-content\/uploads\/2023\/05\/Bacus-Event-premio-Eventoplus-2012-oro-8-705x469.jpg\" title=\"Bacus Event &#8211; premio Eventoplus 2012 &#8211; oro -8\" alt=\"\" \/><\/div><\/div><\/figure><\/a><!--end av-masonry entry--><a href=\"https:\/\/bacusevents.com\/wp-content\/uploads\/2023\/05\/Bacus-Event-premio-Eventoplus-2012-oro-9-1030x685.jpg\" id='av-masonry-1-item-9529' data-av-masonry-item='9529' class='av-masonry-entry isotope-item post-9529 attachment type-attachment status-inherit hentry  av-masonry-item-with-image' title=\"Bacus Event &#8211; premio Eventoplus 2012 &#8211; oro -9\"  itemprop=\"thumbnailUrl\" ><div class='av-inner-masonry-sizer'><\/div><figure class='av-inner-masonry main_color'><div class=\"av-masonry-outerimage-container\"><div class=\"av-masonry-image-container\" ><img decoding=\"async\" src=\"https:\/\/bacusevents.com\/wp-content\/uploads\/2023\/05\/Bacus-Event-premio-Eventoplus-2012-oro-9-705x469.jpg\" title=\"Bacus Event &#8211; premio Eventoplus 2012 &#8211; oro -9\" alt=\"\" \/><\/div><\/div><\/figure><\/a><!--end av-masonry entry--><\/div><\/div><\/div>\n<div class=\"flex_column av_one_full  flex_column_div av-zero-column-padding first  avia-builder-el-11  el_after_av_one_full  el_before_av_section  avia-builder-el-last  column-top-margin\" style='border-radius:0px; '><div class='avia-button-wrap avia-button-center  avia-builder-el-12  avia-builder-el-no-sibling  '><a href='javascript: history.go(-1)'  class='avia-button   avia-icon_select-yes-left-icon avia-color-black avia-size-medium avia-position-center '   ><span class='avia_button_icon avia_button_icon_left ' aria-hidden='true' data-av_icon='\ue880' data-av_iconfont='entypo-fontello'><\/span><span class='avia_iconbox_title' >Enrere<\/span><\/a><\/div><\/div>\n<\/div><\/div><\/div><!-- close content main div --><\/div><\/div><div id='av_section_1' class='avia-section main_color avia-section-default avia-no-border-styling avia-bg-style-scroll  avia-builder-el-13  el_after_av_one_full  el_before_av_portfolio   container_wrap sidebar_right' style='background-color: #f8f8f8;  '  ><div class='container' ><div class='template-page content  av-content-small alpha units'><div class='post-entry post-entry-type-page post-entry-11324'><div class='entry-content-wrapper clearfix'>\n<div style='padding-bottom:0px; color:#000000;font-size:30px;' class='av-special-heading av-special-heading-h1 custom-color-heading blockquote modern-quote modern-centered  avia-builder-el-14  avia-builder-el-no-sibling   av-inherit-size '><h1 class='av-special-heading-tag '  itemprop=\"headline\"  >Esdeveniments recents<\/h1><div class='special-heading-border'><div class='special-heading-inner-border' style='border-color:#000000'><\/div><\/div><\/div>\n\n<div class=' grid-sort-container isotope   no_margin-container with-excerpt-container grid-total-even grid-col-4 grid-links-' data-portfolio-id='1'><div data-ajax-id='11190' class=' grid-entry flex_column isotope-item all_sort no_margin post-entry post-entry-11190 grid-entry-overview grid-loop-1 grid-parity-odd  esdeveniments-corporatius_sort  av_one_fourth first default_av_fullwidth '><article class='main_color inner-entry'  itemscope=\"itemscope\" itemtype=\"https:\/\/schema.org\/CreativeWork\" ><a href='https:\/\/bacusevents.com\/ca\/portfolio-item\/07-novarama-summer-party-2022\/' title='07-NOVARAMA - Summer Party 2022'  data-rel='grid-1' class='grid-image avia-hover-fx'><img decoding=\"async\" width=\"260\" height=\"174\" src=\"https:\/\/bacusevents.com\/wp-content\/uploads\/2023\/05\/16-BacusEvents_eventos_summerparty_novarama-1-scaled.jpg\" class=\"attachment-portfolio_small size-portfolio_small wp-post-image\" alt=\"\" srcset=\"https:\/\/bacusevents.com\/wp-content\/uploads\/2023\/05\/16-BacusEvents_eventos_summerparty_novarama-1-scaled.jpg 2560w, https:\/\/bacusevents.com\/wp-content\/uploads\/2023\/05\/16-BacusEvents_eventos_summerparty_novarama-1-scaled-768x512.jpg 768w, https:\/\/bacusevents.com\/wp-content\/uploads\/2023\/05\/16-BacusEvents_eventos_summerparty_novarama-1-scaled-445x296.jpg 445w, https:\/\/bacusevents.com\/wp-content\/uploads\/2023\/05\/16-BacusEvents_eventos_summerparty_novarama-1-412x275.jpg 412w\" sizes=\"(max-width: 260px) 100vw, 260px\" \/><\/a><div class='grid-content'><div class='avia-arrow'><\/div><header class=\"entry-content-header\"><h3 class='grid-entry-title entry-title '  itemprop=\"headline\" ><a href='https:\/\/bacusevents.com\/ca\/portfolio-item\/07-novarama-summer-party-2022\/' title='07-NOVARAMA - Summer Party 2022'>07-NOVARAMA - Summer Party 2022<\/a><\/h3><\/header><\/div><footer class=\"entry-footer\"><\/footer><\/article><\/div><div data-ajax-id='11338' class=' grid-entry flex_column isotope-item all_sort no_margin post-entry post-entry-11338 grid-entry-overview grid-loop-2 grid-parity-even  fires-i-stands_sort  av_one_fourth  default_av_fullwidth '><article class='main_color inner-entry'  itemscope=\"itemscope\" itemtype=\"https:\/\/schema.org\/CreativeWork\" ><a href='https:\/\/bacusevents.com\/ca\/portfolio-item\/08-wallbox-fira-de-lautomobil-barcelona-estand\/' title='08-WALLBOX - Fira de l\u00b4autom\u00f2bil Barcelona. Estand'  data-rel='grid-1' class='grid-image avia-hover-fx'><img decoding=\"async\" width=\"260\" height=\"185\" src=\"https:\/\/bacusevents.com\/wp-content\/uploads\/2023\/05\/1-cotada-260x185.jpg\" class=\"attachment-portfolio_small size-portfolio_small wp-post-image\" alt=\"\" \/><\/a><div class='grid-content'><div class='avia-arrow'><\/div><header class=\"entry-content-header\"><h3 class='grid-entry-title entry-title '  itemprop=\"headline\" ><a href='https:\/\/bacusevents.com\/ca\/portfolio-item\/08-wallbox-fira-de-lautomobil-barcelona-estand\/' title='08-WALLBOX - Fira de l\u00b4autom\u00f2bil Barcelona. Estand'>08-WALLBOX - Fira de l\u00b4autom\u00f2bil Barcelona. Estand<\/a><\/h3><\/header><\/div><footer class=\"entry-footer\"><\/footer><\/article><\/div><div data-ajax-id='11324' class=' grid-entry flex_column isotope-item all_sort no_margin post-entry post-entry-11324 grid-entry-overview grid-loop-3 grid-parity-odd  presentacio-de-producte_sort  av_one_fourth  default_av_fullwidth '><article class='main_color inner-entry'  itemscope=\"itemscope\" itemtype=\"https:\/\/schema.org\/CreativeWork\" ><a href='https:\/\/bacusevents.com\/ca\/portfolio-item\/25-motor-munich-presentacio-bmw-s3\/' title='25-MOTOR MUNICH - Presentaci\u00f3 BMW S3'  data-rel='grid-1' class='grid-image avia-hover-fx'><img decoding=\"async\" width=\"260\" height=\"185\" src=\"https:\/\/bacusevents.com\/wp-content\/uploads\/2023\/04\/BACUS_EVENTOS_AGENCIA_1-260x185.jpg\" class=\"attachment-portfolio_small size-portfolio_small wp-post-image\" alt=\"\" \/><\/a><div class='grid-content'><div class='avia-arrow'><\/div><header class=\"entry-content-header\"><h3 class='grid-entry-title entry-title '  itemprop=\"headline\" ><a href='https:\/\/bacusevents.com\/ca\/portfolio-item\/25-motor-munich-presentacio-bmw-s3\/' title='25-MOTOR MUNICH - Presentaci\u00f3 BMW S3'>25-MOTOR MUNICH - Presentaci\u00f3 BMW S3<\/a><\/h3><\/header><\/div><footer class=\"entry-footer\"><\/footer><\/article><\/div><div data-ajax-id='11309' class=' grid-entry flex_column isotope-item all_sort no_margin post-entry post-entry-11309 grid-entry-overview grid-loop-4 grid-parity-even  post-entry-last  fires-i-stands_sort  av_one_fourth  default_av_fullwidth '><article class='main_color inner-entry'  itemscope=\"itemscope\" itemtype=\"https:\/\/schema.org\/CreativeWork\" ><a href='https:\/\/bacusevents.com\/ca\/portfolio-item\/17-baywa-fira-tektonica-lisboa-estand\/' title='17-BAYWA \u2013 Fira Tektonica Lisboa. Estand'  data-rel='grid-1' class='grid-image avia-hover-fx'><img loading=\"lazy\" decoding=\"async\" width=\"260\" height=\"173\" src=\"https:\/\/bacusevents.com\/wp-content\/uploads\/2023\/05\/Baywa-Bacus-Events-eventos-feria-stand-11-scaled-e1752684930265.jpg\" class=\"attachment-portfolio_small size-portfolio_small wp-post-image\" alt=\"\" srcset=\"https:\/\/bacusevents.com\/wp-content\/uploads\/2023\/05\/Baywa-Bacus-Events-eventos-feria-stand-11-scaled-e1752684930265.jpg 2413w, https:\/\/bacusevents.com\/wp-content\/uploads\/2023\/05\/Baywa-Bacus-Events-eventos-feria-stand-11-scaled-e1752684930265-768x512.jpg 768w, https:\/\/bacusevents.com\/wp-content\/uploads\/2023\/05\/Baywa-Bacus-Events-eventos-feria-stand-11-scaled-e1752684930265-445x296.jpg 445w\" sizes=\"(max-width: 260px) 100vw, 260px\" \/><\/a><div class='grid-content'><div class='avia-arrow'><\/div><header class=\"entry-content-header\"><h3 class='grid-entry-title entry-title '  itemprop=\"headline\" ><a href='https:\/\/bacusevents.com\/ca\/portfolio-item\/17-baywa-fira-tektonica-lisboa-estand\/' title='17-BAYWA \u2013 Fira Tektonica Lisboa. Estand'>17-BAYWA \u2013 Fira Tektonica Lisboa. Estand<\/a><\/h3><\/header><\/div><footer class=\"entry-footer\"><\/footer><\/article><\/div><\/div>\n","protected":false},"excerpt":{"rendered":"","protected":false},"featured_media":8189,"comment_status":"open","ping_status":"closed","template":"","tags":[],"portfolio_entries":[234],"class_list":["post-11324","portfolio","type-portfolio","status-publish","has-post-thumbnail","hentry","portfolio_entries-presentacio-de-producte"],"yoast_head":"<!-- This site is optimized with the Yoast SEO Premium plugin v27.0 (Yoast SEO v27.5) - https:\/\/yoast.com\/product\/yoast-seo-premium-wordpress\/ -->\n<title>25-MOTOR MUNICH - Presentaci\u00f3 BMW S3 - Bacus Events - Creaci\u00f3n y Organizaci\u00f3n de Eventos<\/title>\n<meta name=\"robots\" content=\"index, follow, max-snippet:-1, max-image-preview:large, max-video-preview:-1\" \/>\n<link rel=\"canonical\" href=\"https:\/\/bacusevents.com\/ca\/portfolio-item\/25-motor-munich-presentacio-bmw-s3\/\" \/>\n<meta property=\"og:locale\" content=\"ca_ES\" \/>\n<meta property=\"og:type\" content=\"article\" \/>\n<meta property=\"og:title\" content=\"25-MOTOR MUNICH - Presentaci\u00f3 BMW S3\" \/>\n<meta property=\"og:url\" content=\"https:\/\/bacusevents.com\/ca\/portfolio-item\/25-motor-munich-presentacio-bmw-s3\/\" \/>\n<meta property=\"og:site_name\" content=\"Bacus Events - Creaci\u00f3n y Organizaci\u00f3n de Eventos\" \/>\n<meta property=\"article:publisher\" content=\"https:\/\/www.facebook.com\/BacusEventos\" \/>\n<meta property=\"article:modified_time\" content=\"2024-05-01T05:57:37+00:00\" \/>\n<meta property=\"og:image\" content=\"https:\/\/bacusevents.com\/wp-content\/uploads\/2023\/04\/BACUS_EVENTOS_AGENCIA_1.jpg\" \/>\n\t<meta property=\"og:image:width\" content=\"640\" \/>\n\t<meta property=\"og:image:height\" content=\"426\" \/>\n\t<meta property=\"og:image:type\" content=\"image\/jpeg\" \/>\n<meta name=\"twitter:card\" content=\"summary_large_image\" \/>\n<meta name=\"twitter:label1\" content=\"Temps estimat de lectura\" \/>\n\t<meta name=\"twitter:data1\" content=\"11 minuts\" \/>\n<script type=\"application\/ld+json\" class=\"yoast-schema-graph\">{\"@context\":\"https:\\\/\\\/schema.org\",\"@graph\":[{\"@type\":\"WebPage\",\"@id\":\"https:\\\/\\\/bacusevents.com\\\/ca\\\/portfolio-item\\\/25-motor-munich-presentacio-bmw-s3\\\/\",\"url\":\"https:\\\/\\\/bacusevents.com\\\/ca\\\/portfolio-item\\\/25-motor-munich-presentacio-bmw-s3\\\/\",\"name\":\"25-MOTOR MUNICH - Presentaci\u00f3 BMW S3 - Bacus Events - Creaci\u00f3n y Organizaci\u00f3n de Eventos\",\"isPartOf\":{\"@id\":\"https:\\\/\\\/bacusevents.com\\\/ca\\\/#website\"},\"primaryImageOfPage\":{\"@id\":\"https:\\\/\\\/bacusevents.com\\\/ca\\\/portfolio-item\\\/25-motor-munich-presentacio-bmw-s3\\\/#primaryimage\"},\"image\":{\"@id\":\"https:\\\/\\\/bacusevents.com\\\/ca\\\/portfolio-item\\\/25-motor-munich-presentacio-bmw-s3\\\/#primaryimage\"},\"thumbnailUrl\":\"https:\\\/\\\/bacusevents.com\\\/wp-content\\\/uploads\\\/2023\\\/04\\\/BACUS_EVENTOS_AGENCIA_1.jpg\",\"datePublished\":\"2023-05-16T05:40:47+00:00\",\"dateModified\":\"2024-05-01T05:57:37+00:00\",\"breadcrumb\":{\"@id\":\"https:\\\/\\\/bacusevents.com\\\/ca\\\/portfolio-item\\\/25-motor-munich-presentacio-bmw-s3\\\/#breadcrumb\"},\"inLanguage\":\"ca\",\"potentialAction\":[{\"@type\":\"ReadAction\",\"target\":[\"https:\\\/\\\/bacusevents.com\\\/ca\\\/portfolio-item\\\/25-motor-munich-presentacio-bmw-s3\\\/\"]}]},{\"@type\":\"ImageObject\",\"inLanguage\":\"ca\",\"@id\":\"https:\\\/\\\/bacusevents.com\\\/ca\\\/portfolio-item\\\/25-motor-munich-presentacio-bmw-s3\\\/#primaryimage\",\"url\":\"https:\\\/\\\/bacusevents.com\\\/wp-content\\\/uploads\\\/2023\\\/04\\\/BACUS_EVENTOS_AGENCIA_1.jpg\",\"contentUrl\":\"https:\\\/\\\/bacusevents.com\\\/wp-content\\\/uploads\\\/2023\\\/04\\\/BACUS_EVENTOS_AGENCIA_1.jpg\",\"width\":640,\"height\":426},{\"@type\":\"BreadcrumbList\",\"@id\":\"https:\\\/\\\/bacusevents.com\\\/ca\\\/portfolio-item\\\/25-motor-munich-presentacio-bmw-s3\\\/#breadcrumb\",\"itemListElement\":[{\"@type\":\"ListItem\",\"position\":1,\"name\":\"Portada\",\"item\":\"https:\\\/\\\/bacusevents.com\\\/ca\\\/\"},{\"@type\":\"ListItem\",\"position\":2,\"name\":\"25-MOTOR MUNICH &#8211; Presentaci\u00f3 BMW S3\"}]},{\"@type\":\"WebSite\",\"@id\":\"https:\\\/\\\/bacusevents.com\\\/ca\\\/#website\",\"url\":\"https:\\\/\\\/bacusevents.com\\\/ca\\\/\",\"name\":\"Bacus Events - Creaci\u00f3n y Organizaci\u00f3n de Eventos\",\"description\":\"Bacus Events - Creaci\u00f3n y Organizaci\u00f3n de Eventos\",\"publisher\":{\"@id\":\"https:\\\/\\\/bacusevents.com\\\/ca\\\/#organization\"},\"potentialAction\":[{\"@type\":\"SearchAction\",\"target\":{\"@type\":\"EntryPoint\",\"urlTemplate\":\"https:\\\/\\\/bacusevents.com\\\/ca\\\/?s={search_term_string}\"},\"query-input\":{\"@type\":\"PropertyValueSpecification\",\"valueRequired\":true,\"valueName\":\"search_term_string\"}}],\"inLanguage\":\"ca\"},{\"@type\":\"Organization\",\"@id\":\"https:\\\/\\\/bacusevents.com\\\/ca\\\/#organization\",\"name\":\"Bacus Events - Creaci\u00f3n y Organizaci\u00f3n de Eventos\",\"url\":\"https:\\\/\\\/bacusevents.com\\\/ca\\\/\",\"logo\":{\"@type\":\"ImageObject\",\"inLanguage\":\"ca\",\"@id\":\"https:\\\/\\\/bacusevents.com\\\/ca\\\/#\\\/schema\\\/logo\\\/image\\\/\",\"url\":\"https:\\\/\\\/bacusevents.com\\\/wp-content\\\/uploads\\\/2025\\\/03\\\/BacusEvents-5.png\",\"contentUrl\":\"https:\\\/\\\/bacusevents.com\\\/wp-content\\\/uploads\\\/2025\\\/03\\\/BacusEvents-5.png\",\"width\":393,\"height\":426,\"caption\":\"Bacus Events - Creaci\u00f3n y Organizaci\u00f3n de Eventos\"},\"image\":{\"@id\":\"https:\\\/\\\/bacusevents.com\\\/ca\\\/#\\\/schema\\\/logo\\\/image\\\/\"},\"sameAs\":[\"https:\\\/\\\/www.facebook.com\\\/BacusEventos\",\"https:\\\/\\\/www.instagram.com\\\/bacusevents\\\/\",\"https:\\\/\\\/www.linkedin.com\\\/company\\\/1481874\\\/admin\\\/dashboard\\\/\"]}]}<\/script>\n<!-- \/ Yoast SEO Premium plugin. -->","yoast_head_json":{"title":"25-MOTOR MUNICH - Presentaci\u00f3 BMW S3 - Bacus Events - Creaci\u00f3n y Organizaci\u00f3n de Eventos","robots":{"index":"index","follow":"follow","max-snippet":"max-snippet:-1","max-image-preview":"max-image-preview:large","max-video-preview":"max-video-preview:-1"},"canonical":"https:\/\/bacusevents.com\/ca\/portfolio-item\/25-motor-munich-presentacio-bmw-s3\/","og_locale":"ca_ES","og_type":"article","og_title":"25-MOTOR MUNICH - Presentaci\u00f3 BMW S3","og_url":"https:\/\/bacusevents.com\/ca\/portfolio-item\/25-motor-munich-presentacio-bmw-s3\/","og_site_name":"Bacus Events - Creaci\u00f3n y Organizaci\u00f3n de Eventos","article_publisher":"https:\/\/www.facebook.com\/BacusEventos","article_modified_time":"2024-05-01T05:57:37+00:00","og_image":[{"width":640,"height":426,"url":"https:\/\/bacusevents.com\/wp-content\/uploads\/2023\/04\/BACUS_EVENTOS_AGENCIA_1.jpg","type":"image\/jpeg"}],"twitter_card":"summary_large_image","twitter_misc":{"Temps estimat de lectura":"11 minuts"},"schema":{"@context":"https:\/\/schema.org","@graph":[{"@type":"WebPage","@id":"https:\/\/bacusevents.com\/ca\/portfolio-item\/25-motor-munich-presentacio-bmw-s3\/","url":"https:\/\/bacusevents.com\/ca\/portfolio-item\/25-motor-munich-presentacio-bmw-s3\/","name":"25-MOTOR MUNICH - Presentaci\u00f3 BMW S3 - Bacus Events - Creaci\u00f3n y Organizaci\u00f3n de Eventos","isPartOf":{"@id":"https:\/\/bacusevents.com\/ca\/#website"},"primaryImageOfPage":{"@id":"https:\/\/bacusevents.com\/ca\/portfolio-item\/25-motor-munich-presentacio-bmw-s3\/#primaryimage"},"image":{"@id":"https:\/\/bacusevents.com\/ca\/portfolio-item\/25-motor-munich-presentacio-bmw-s3\/#primaryimage"},"thumbnailUrl":"https:\/\/bacusevents.com\/wp-content\/uploads\/2023\/04\/BACUS_EVENTOS_AGENCIA_1.jpg","datePublished":"2023-05-16T05:40:47+00:00","dateModified":"2024-05-01T05:57:37+00:00","breadcrumb":{"@id":"https:\/\/bacusevents.com\/ca\/portfolio-item\/25-motor-munich-presentacio-bmw-s3\/#breadcrumb"},"inLanguage":"ca","potentialAction":[{"@type":"ReadAction","target":["https:\/\/bacusevents.com\/ca\/portfolio-item\/25-motor-munich-presentacio-bmw-s3\/"]}]},{"@type":"ImageObject","inLanguage":"ca","@id":"https:\/\/bacusevents.com\/ca\/portfolio-item\/25-motor-munich-presentacio-bmw-s3\/#primaryimage","url":"https:\/\/bacusevents.com\/wp-content\/uploads\/2023\/04\/BACUS_EVENTOS_AGENCIA_1.jpg","contentUrl":"https:\/\/bacusevents.com\/wp-content\/uploads\/2023\/04\/BACUS_EVENTOS_AGENCIA_1.jpg","width":640,"height":426},{"@type":"BreadcrumbList","@id":"https:\/\/bacusevents.com\/ca\/portfolio-item\/25-motor-munich-presentacio-bmw-s3\/#breadcrumb","itemListElement":[{"@type":"ListItem","position":1,"name":"Portada","item":"https:\/\/bacusevents.com\/ca\/"},{"@type":"ListItem","position":2,"name":"25-MOTOR MUNICH &#8211; Presentaci\u00f3 BMW S3"}]},{"@type":"WebSite","@id":"https:\/\/bacusevents.com\/ca\/#website","url":"https:\/\/bacusevents.com\/ca\/","name":"Bacus Events - Creaci\u00f3n y Organizaci\u00f3n de Eventos","description":"Bacus Events - Creaci\u00f3n y Organizaci\u00f3n de Eventos","publisher":{"@id":"https:\/\/bacusevents.com\/ca\/#organization"},"potentialAction":[{"@type":"SearchAction","target":{"@type":"EntryPoint","urlTemplate":"https:\/\/bacusevents.com\/ca\/?s={search_term_string}"},"query-input":{"@type":"PropertyValueSpecification","valueRequired":true,"valueName":"search_term_string"}}],"inLanguage":"ca"},{"@type":"Organization","@id":"https:\/\/bacusevents.com\/ca\/#organization","name":"Bacus Events - Creaci\u00f3n y Organizaci\u00f3n de Eventos","url":"https:\/\/bacusevents.com\/ca\/","logo":{"@type":"ImageObject","inLanguage":"ca","@id":"https:\/\/bacusevents.com\/ca\/#\/schema\/logo\/image\/","url":"https:\/\/bacusevents.com\/wp-content\/uploads\/2025\/03\/BacusEvents-5.png","contentUrl":"https:\/\/bacusevents.com\/wp-content\/uploads\/2025\/03\/BacusEvents-5.png","width":393,"height":426,"caption":"Bacus Events - Creaci\u00f3n y Organizaci\u00f3n de Eventos"},"image":{"@id":"https:\/\/bacusevents.com\/ca\/#\/schema\/logo\/image\/"},"sameAs":["https:\/\/www.facebook.com\/BacusEventos","https:\/\/www.instagram.com\/bacusevents\/","https:\/\/www.linkedin.com\/company\/1481874\/admin\/dashboard\/"]}]}},"_links":{"self":[{"href":"https:\/\/bacusevents.com\/ca\/wp-json\/wp\/v2\/portfolio\/11324","targetHints":{"allow":["GET"]}}],"collection":[{"href":"https:\/\/bacusevents.com\/ca\/wp-json\/wp\/v2\/portfolio"}],"about":[{"href":"https:\/\/bacusevents.com\/ca\/wp-json\/wp\/v2\/types\/portfolio"}],"replies":[{"embeddable":true,"href":"https:\/\/bacusevents.com\/ca\/wp-json\/wp\/v2\/comments?post=11324"}],"version-history":[{"count":1,"href":"https:\/\/bacusevents.com\/ca\/wp-json\/wp\/v2\/portfolio\/11324\/revisions"}],"predecessor-version":[{"id":11336,"href":"https:\/\/bacusevents.com\/ca\/wp-json\/wp\/v2\/portfolio\/11324\/revisions\/11336"}],"wp:featuredmedia":[{"embeddable":true,"href":"https:\/\/bacusevents.com\/ca\/wp-json\/wp\/v2\/media\/8189"}],"wp:attachment":[{"href":"https:\/\/bacusevents.com\/ca\/wp-json\/wp\/v2\/media?parent=11324"}],"wp:term":[{"taxonomy":"post_tag","embeddable":true,"href":"https:\/\/bacusevents.com\/ca\/wp-json\/wp\/v2\/tags?post=11324"},{"taxonomy":"portfolio_entries","embeddable":true,"href":"https:\/\/bacusevents.com\/ca\/wp-json\/wp\/v2\/portfolio_entries?post=11324"}],"curies":[{"name":"wp","href":"https:\/\/api.w.org\/{rel}","templated":true}]}}