{"id":11353,"date":"2023-05-11T16:37:31","date_gmt":"2023-05-11T16:37:31","guid":{"rendered":"https:\/\/bacusevents.com\/portfolio-item\/27-wallbox-fira-gerena-madrid-estand\/"},"modified":"2024-05-01T05:57:40","modified_gmt":"2024-05-01T05:57:40","slug":"27-wallbox-fira-gerena-madrid-estand","status":"publish","type":"portfolio","link":"https:\/\/bacusevents.com\/ca\/portfolio-item\/27-wallbox-fira-gerena-madrid-estand\/","title":{"rendered":"27-WALLBOX &#8211; Fira Gerena Madrid. Estand"},"content":{"rendered":"<div id='full_slider_1' class='avia-fullwidth-slider main_color avia-shadow   avia-builder-el-0  el_before_av_one_third  avia-builder-el-first   container_wrap sidebar_right' style=' '  ><div  data-size='1536x1536'  data-lightbox_size='large'  data-animation='slide'  data-conditional_play=''  data-ids='5175,5163,5164,5165,5166,5174,5705,5706,5170,5171,5176,5707'  data-video_counter='0'  data-autoplay='true'  data-bg_slider='false'  data-slide_height=''  data-handle='av_slideshow_full'  data-interval='5'  data-class=' '  data-css_id=''  data-scroll_down=''  data-control_layout='av-control-minimal av-control-minimal-dark'  data-custom_markup=''  data-perma_caption=''  data-autoplay_stopper=''  data-image_attachment=''  data-min_height='0px'  data-src=''  data-position='top left'  data-repeat='no-repeat'  data-attach='scroll'  data-stretch=''  data-default-height='100'  class='avia-slideshow avia-slideshow-1  av-control-minimal av-control-minimal-dark av-default-height-applied avia-slideshow-1536x1536 av_slideshow_full   avia-slide-slider '  itemprop=\"image\" itemscope=\"itemscope\" itemtype=\"https:\/\/schema.org\/ImageObject\" ><ul class='avia-slideshow-inner ' style='padding-bottom: 66.731770833333%;' ><li  class=' slide-1 ' ><div data-rel='slideshow-1' class='avia-slide-wrap '   ><img src='https:\/\/bacusevents.com\/wp-content\/uploads\/2023\/05\/adelanto-006-1-1536x1025.jpg' width='1536' height='1025' title='adelanto-006' alt=''  itemprop=\"thumbnailUrl\"   \/><\/div><\/li><li  class=' slide-2 ' ><div data-rel='slideshow-1' class='avia-slide-wrap '   ><img src='https:\/\/bacusevents.com\/wp-content\/uploads\/2023\/05\/adelanto-002-1536x1025.jpg' width='1536' height='1025' title='adelanto-002' alt=''  itemprop=\"thumbnailUrl\"   \/><\/div><\/li><li  class=' slide-3 ' ><div data-rel='slideshow-1' class='avia-slide-wrap '   ><img src='https:\/\/bacusevents.com\/wp-content\/uploads\/2023\/05\/adelanto-003-1536x1025.jpg' width='1536' height='1025' title='adelanto-003' alt=''  itemprop=\"thumbnailUrl\"   \/><\/div><\/li><li  class=' slide-4 ' ><div data-rel='slideshow-1' class='avia-slide-wrap '   ><img src='https:\/\/bacusevents.com\/wp-content\/uploads\/2023\/05\/adelanto-004-1536x1025.jpg' width='1536' height='1025' title='adelanto-004' alt=''  itemprop=\"thumbnailUrl\"   \/><\/div><\/li><li  class=' slide-5 ' ><div data-rel='slideshow-1' class='avia-slide-wrap '   ><img src='https:\/\/bacusevents.com\/wp-content\/uploads\/2023\/05\/adelanto-005-1536x1025.jpg' width='1536' height='1025' title='adelanto-005' alt=''  itemprop=\"thumbnailUrl\"   \/><\/div><\/li><li  class=' slide-6 ' ><div data-rel='slideshow-1' class='avia-slide-wrap '   ><img src='https:\/\/bacusevents.com\/wp-content\/uploads\/2023\/05\/PORTADA-adelanto-001-1536x1025.jpg' width='1536' height='1025' title='PORTADA adelanto-001' alt=''  itemprop=\"thumbnailUrl\"   \/><\/div><\/li><li  class=' slide-7 ' ><div data-rel='slideshow-1' class='avia-slide-wrap '   ><img src='https:\/\/bacusevents.com\/wp-content\/uploads\/2023\/05\/adelanto-011-1536x1025.jpg' width='1536' height='1025' title='adelanto-011' alt=''  itemprop=\"thumbnailUrl\"   \/><\/div><\/li><li  class=' slide-8 ' ><div data-rel='slideshow-1' class='avia-slide-wrap '   ><img src='https:\/\/bacusevents.com\/wp-content\/uploads\/2023\/05\/adelanto-012-1536x1025.jpg' width='1536' height='1025' title='adelanto-012' alt=''  itemprop=\"thumbnailUrl\"   \/><\/div><\/li><li  class=' slide-9 ' ><div data-rel='slideshow-1' class='avia-slide-wrap '   ><img src='https:\/\/bacusevents.com\/wp-content\/uploads\/2023\/05\/adelanto-015-1536x1135.jpg' width='1536' height='1135' title='adelanto-015' alt=''  itemprop=\"thumbnailUrl\"   \/><\/div><\/li><li  class=' slide-10 ' ><div data-rel='slideshow-1' class='avia-slide-wrap '   ><img src='https:\/\/bacusevents.com\/wp-content\/uploads\/2023\/05\/adelanto-017-1536x1025.jpg' width='1536' height='1025' title='adelanto-017' alt=''  itemprop=\"thumbnailUrl\"   \/><\/div><\/li><li  class=' slide-11 ' ><div data-rel='slideshow-1' class='avia-slide-wrap '   ><img src='https:\/\/bacusevents.com\/wp-content\/uploads\/2023\/05\/adelanto-018-1-1536x1025.jpg' width='1536' height='1025' title='adelanto-018' alt=''  itemprop=\"thumbnailUrl\"   \/><\/div><\/li><li  class=' slide-12 ' ><div data-rel='slideshow-1' class='avia-slide-wrap '   ><img src='https:\/\/bacusevents.com\/wp-content\/uploads\/2023\/05\/adelanto-019-1-1536x1025.jpg' width='1536' height='1025' title='adelanto-019' alt=''  itemprop=\"thumbnailUrl\"   \/><\/div><\/li><\/ul><div class='avia-slideshow-arrows avia-slideshow-controls'><a href='#prev' class='prev-slide' aria-hidden='true' data-av_icon='\ue87c' data-av_iconfont='entypo-fontello'>Anterior<\/a><a href='#next' class='next-slide' aria-hidden='true' data-av_icon='\ue87d' data-av_iconfont='entypo-fontello'>Seg\u00fcent<\/a><\/div><div class='avia-slideshow-dots avia-slideshow-controls'><a href='#1' class='goto-slide active' >1<\/a><a href='#2' class='goto-slide ' >2<\/a><a href='#3' class='goto-slide ' >3<\/a><a href='#4' class='goto-slide ' >4<\/a><a href='#5' class='goto-slide ' >5<\/a><a href='#6' class='goto-slide ' >6<\/a><a href='#7' class='goto-slide ' >7<\/a><a href='#8' class='goto-slide ' >8<\/a><a href='#9' class='goto-slide ' >9<\/a><a href='#10' class='goto-slide ' >10<\/a><a href='#11' class='goto-slide ' >11<\/a><a href='#12' class='goto-slide ' >12<\/a><\/div><\/div><\/div><div id='after_full_slider_1' class='main_color av_default_container_wrap container_wrap sidebar_right' style=' '  ><div class='container' ><div class='template-page content  av-content-small alpha units'><div class='post-entry post-entry-type-page post-entry-11353'><div class='entry-content-wrapper clearfix'>\n<div class=\"flex_column av_one_third  flex_column_div first  avia-builder-el-1  el_after_av_slideshow_full  el_before_av_two_third  avia-builder-el-first  \" ><p><div style='padding-bottom:10px; color:#000000;font-size:30px;' class='av-special-heading av-special-heading-h1 custom-color-heading blockquote modern-quote  avia-builder-el-2  el_before_av_textblock  avia-builder-el-first   av-inherit-size '><h1 class='av-special-heading-tag '  itemprop=\"headline\"  >FITXA T\u00c8CNICA<\/h1><div class='special-heading-border'><div class='special-heading-inner-border' style='border-color:#000000'><\/div><\/div><\/div><br \/>\n<section class=\"av_textblock_section \"  itemscope=\"itemscope\" itemtype=\"https:\/\/schema.org\/CreativeWork\" ><div class='avia_textblock  '   itemprop=\"text\" ><p><span class=\"EOP SCXP86064770 BCX0\"><span style=\"font-family: graphik-regular;\">Wallbox, marca capdavantera en carregadors el\u00e8ctrics per a cotxes ens sol\u00b7licita la realitzaci\u00f3 d&#8217;un estand per a la fira m\u00e9s important d&#8217;energies renovables a Espanya, on poder mostrar els diferents models de carregadors dins de les 3 categories que disposen i dirigit a un visitant de tipologia professional .<\/span><br \/>\n\u200b<\/span><\/p>\n<\/div><\/section><br \/>\n<div style=' margin-top:10px; margin-bottom:15px;'  class='hr hr-custom hr-left hr-icon-no   avia-builder-el-4  el_after_av_textblock  el_before_av_textblock '><span class='hr-inner   inner-border-av-border-fat' style=' width:50px; border-color:#000000;' ><span class='hr-inner-style'><\/span><\/span><\/div><br \/>\n<section class=\"av_textblock_section \"  itemscope=\"itemscope\" itemtype=\"https:\/\/schema.org\/CreativeWork\" ><div class='avia_textblock  '   itemprop=\"text\" ><p><span style=\"font-family: graphik-regular;\"><strong>Client:<\/strong> Wallbox<\/span><br \/>\n<span style=\"font-family: graphik-regular;\"> <strong>Tipologia Esdeveniment:<\/strong> Stand Ferial<\/span><br \/>\n<span style=\"font-family: graphik-regular;\"> <strong>N\u00fam. Assistents:<\/strong>  &#8212;<\/span><br \/>\n<span style=\"font-family: graphik-regular;\"> <strong>Localitzaci\u00f3:<\/strong> IFEMA, Madrid<\/span><\/p>\n<\/div><\/section><\/p><\/div><div class=\"flex_column av_two_third  flex_column_div av-zero-column-padding   avia-builder-el-6  el_after_av_one_third  el_before_av_one_full  \" style='border-radius:0px; '><p><div style='padding-bottom:10px; color:#000000;font-size:30px;' class='av-special-heading av-special-heading-h1 custom-color-heading blockquote modern-quote  avia-builder-el-7  el_before_av_tab_container  avia-builder-el-first   av-inherit-size '><h1 class='av-special-heading-tag '  itemprop=\"headline\"  >WALLBOX &#8211; Fira Gerena Madrid. Estand<\/h1><div class='special-heading-border'><div class='special-heading-inner-border' style='border-color:#000000'><\/div><\/div><\/div><br \/>\n<div class=\"tabcontainer   top_tab   avia-builder-el-8  el_after_av_heading  avia-builder-el-last  \">\n\n<section class=\"av_tab_section\"  itemscope=\"itemscope\" itemtype=\"https:\/\/schema.org\/CreativeWork\" >    <div aria-controls=\"tab-id-1\" role=\"tab\" tabindex=\"0\" data-fake-id=\"#tab-id-1\" class=\"tab active_tab\"  itemprop=\"headline\" >Idea creativa<\/div>\n    <div id=\"tab-id-1-container\" class=\"tab_content active_tab_content\" aria-hidden=\"false\">\n        <div class=\"tab_inner_content invers-color\"  itemprop=\"text\" >\n<p style=\"font-weight: 400;\"><span style=\"font-family: graphik-regular;\">Vam dissenyar un estand on els visitants podien distingir clarament les diferents zones per tipologia de carregadors, HOME, BUSINESS i PUBLIC CHARGE.<\/span><\/p>\n<p style=\"font-weight: 400;\"><span style=\"font-family: graphik-regular;\">Generant unes parets a 6m d&#8217;al\u00e7ada per solucionar l&#8217;inconvenient de no poder volar estructures penjants. Vam impacter amb uns logos ECO en fusta amb llum leds en tot el seu per\u00edmetre, i es va jugar molt amb les qualitats de fusta a terra, parets i plantes naturals per donar sempre una imatge natural i propera.<\/span><\/p>\n<p style=\"font-weight: 400;\">\n\n        <\/div>\n    <\/div>\n<\/section>\n\n<section class=\"av_tab_section\"  itemscope=\"itemscope\" itemtype=\"https:\/\/schema.org\/CreativeWork\" >    <div aria-controls=\"tab-id-2\" role=\"tab\" tabindex=\"0\" data-fake-id=\"#tab-id-2\" class=\"tab \"  itemprop=\"headline\" >Repte<\/div>\n    <div id=\"tab-id-2-container\" class=\"tab_content \" aria-hidden=\"true\">\n        <div class=\"tab_inner_content invers-color\"  itemprop=\"text\" >\n<p><span style=\"font-family: graphik-regular;\">Crear un estand que compleixi amb les seves necessitats, en l&#8217;esc\u00e0s timing marcat, reutilitzant part d&#8217;elements ja constru\u00efts a fires anteriors per donar continu\u00eftat a la seva filosofia i pol\u00edtica d&#8217;empresa de sostenibilitat i amb l&#8217;handicap de no poder fer cap tipus d&#8217;ancoratge, rigging en sostres.<\/span><\/p>\n\n        <\/div>\n    <\/div>\n<\/section>\n\n<section class=\"av_tab_section\"  itemscope=\"itemscope\" itemtype=\"https:\/\/schema.org\/CreativeWork\" >    <div aria-controls=\"tab-id-3\" role=\"tab\" tabindex=\"0\" data-fake-id=\"#tab-id-3\" class=\"tab \"  itemprop=\"headline\" >Resultat<\/div>\n    <div id=\"tab-id-3-container\" class=\"tab_content \" aria-hidden=\"true\">\n        <div class=\"tab_inner_content invers-color\"  itemprop=\"text\" >\n<p><span style=\"font-family: graphik-regular;\">Wallbox va superar el seu objectiu a leads de la fira, tenint un impacte de vendes directe sobre l&#8217;equip comercial, generant cues de clients que requerien l&#8217;atenci\u00f3 dels comercials.<\/span><\/p>\n<p><span style=\"font-family: graphik-regular;\">Sent una marca Catalana, per l&#8217;estand van passar personalitats i pol\u00edtics com Bego\u00f1a Villac\u00eds, vicealcaldessa de Madrid i membre Executiu de Ciutadans, aix\u00ed com la Ministra d&#8217;energia i medi ambient, Teresa Ribera.<\/span><\/p>\n<p><span style=\"font-family: graphik-regular;\">Demostrat una vegada m\u00e9s, la tornada de la inversi\u00f3 realitzada.<\/span><\/p>\n\n        <\/div>\n    <\/div>\n<\/section>\n\n<\/div>\n<\/p><\/div><\/p>\n<div class=\"flex_column av_one_full  flex_column_div av-zero-column-padding first  avia-builder-el-9  el_after_av_two_third  el_before_av_one_full  column-top-margin\" style='border-radius:0px; '><div id='av-masonry-1' class='av-masonry  noHover av-fixed-size av-large-gap av-hover-overlay-active av-masonry-animation-active av-masonry-col-3 av-caption-always av-caption-style- av-masonry-gallery     '  ><div class='av-masonry-container isotope av-js-disabled ' ><div class='av-masonry-entry isotope-item av-masonry-item-no-image '><\/div><a href=\"https:\/\/bacusevents.com\/wp-content\/uploads\/2023\/05\/adelanto-006-1-1030x687.jpg\" id='av-masonry-1-item-8767' data-av-masonry-item='8767' class='av-masonry-entry isotope-item post-8767 attachment type-attachment status-inherit hentry  av-masonry-item-with-image' title=\"adelanto-006\"  itemprop=\"thumbnailUrl\" ><div class='av-inner-masonry-sizer'><\/div><figure class='av-inner-masonry main_color'><div class=\"av-masonry-outerimage-container\"><div class=\"av-masonry-image-container\" style=\"background-image: url(https:\/\/bacusevents.com\/wp-content\/uploads\/2023\/05\/adelanto-006-1-705x471.jpg);\" title=\"adelanto-006\" ><\/div><\/div><\/figure><\/a><!--end av-masonry entry--><a href=\"https:\/\/bacusevents.com\/wp-content\/uploads\/2023\/05\/adelanto-002-1030x687.jpg\" id='av-masonry-1-item-8743' data-av-masonry-item='8743' class='av-masonry-entry isotope-item post-8743 attachment type-attachment status-inherit hentry  av-masonry-item-with-image' title=\"adelanto-002\"  itemprop=\"thumbnailUrl\" ><div class='av-inner-masonry-sizer'><\/div><figure class='av-inner-masonry main_color'><div class=\"av-masonry-outerimage-container\"><div class=\"av-masonry-image-container\" style=\"background-image: url(https:\/\/bacusevents.com\/wp-content\/uploads\/2023\/05\/adelanto-002-705x471.jpg);\" title=\"adelanto-002\" ><\/div><\/div><\/figure><\/a><!--end av-masonry entry--><a href=\"https:\/\/bacusevents.com\/wp-content\/uploads\/2023\/05\/adelanto-003-1030x687.jpg\" id='av-masonry-1-item-8745' data-av-masonry-item='8745' class='av-masonry-entry isotope-item post-8745 attachment type-attachment status-inherit hentry  av-masonry-item-with-image' title=\"adelanto-003\"  itemprop=\"thumbnailUrl\" ><div class='av-inner-masonry-sizer'><\/div><figure class='av-inner-masonry main_color'><div class=\"av-masonry-outerimage-container\"><div class=\"av-masonry-image-container\" style=\"background-image: url(https:\/\/bacusevents.com\/wp-content\/uploads\/2023\/05\/adelanto-003-705x471.jpg);\" title=\"adelanto-003\" ><\/div><\/div><\/figure><\/a><!--end av-masonry entry--><a href=\"https:\/\/bacusevents.com\/wp-content\/uploads\/2023\/05\/adelanto-004-1030x687.jpg\" id='av-masonry-1-item-8747' data-av-masonry-item='8747' class='av-masonry-entry isotope-item post-8747 attachment type-attachment status-inherit hentry  av-masonry-item-with-image' title=\"adelanto-004\"  itemprop=\"thumbnailUrl\" ><div class='av-inner-masonry-sizer'><\/div><figure class='av-inner-masonry main_color'><div class=\"av-masonry-outerimage-container\"><div class=\"av-masonry-image-container\" style=\"background-image: url(https:\/\/bacusevents.com\/wp-content\/uploads\/2023\/05\/adelanto-004-705x471.jpg);\" title=\"adelanto-004\" ><\/div><\/div><\/figure><\/a><!--end av-masonry entry--><a href=\"https:\/\/bacusevents.com\/wp-content\/uploads\/2023\/05\/adelanto-005-1030x687.jpg\" id='av-masonry-1-item-8749' data-av-masonry-item='8749' class='av-masonry-entry isotope-item post-8749 attachment type-attachment status-inherit hentry  av-masonry-item-with-image' title=\"adelanto-005\"  itemprop=\"thumbnailUrl\" ><div class='av-inner-masonry-sizer'><\/div><figure class='av-inner-masonry main_color'><div class=\"av-masonry-outerimage-container\"><div class=\"av-masonry-image-container\" style=\"background-image: url(https:\/\/bacusevents.com\/wp-content\/uploads\/2023\/05\/adelanto-005-705x471.jpg);\" title=\"adelanto-005\" ><\/div><\/div><\/figure><\/a><!--end av-masonry entry--><a href=\"https:\/\/bacusevents.com\/wp-content\/uploads\/2023\/05\/PORTADA-adelanto-001-1030x687.jpg\" id='av-masonry-1-item-8765' data-av-masonry-item='8765' class='av-masonry-entry isotope-item post-8765 attachment type-attachment status-inherit hentry  av-masonry-item-with-image' title=\"PORTADA adelanto-001\"  itemprop=\"thumbnailUrl\" ><div class='av-inner-masonry-sizer'><\/div><figure class='av-inner-masonry main_color'><div class=\"av-masonry-outerimage-container\"><div class=\"av-masonry-image-container\" style=\"background-image: url(https:\/\/bacusevents.com\/wp-content\/uploads\/2023\/05\/PORTADA-adelanto-001-705x471.jpg);\" title=\"PORTADA adelanto-001\" ><\/div><\/div><\/figure><\/a><!--end av-masonry entry--><a href=\"https:\/\/bacusevents.com\/wp-content\/uploads\/2023\/05\/adelanto-011-1030x687.jpg\" id='av-masonry-1-item-9451' data-av-masonry-item='9451' class='av-masonry-entry isotope-item post-9451 attachment type-attachment status-inherit hentry  av-masonry-item-with-image' title=\"adelanto-011\"  itemprop=\"thumbnailUrl\" ><div class='av-inner-masonry-sizer'><\/div><figure class='av-inner-masonry main_color'><div class=\"av-masonry-outerimage-container\"><div class=\"av-masonry-image-container\" style=\"background-image: url(https:\/\/bacusevents.com\/wp-content\/uploads\/2023\/05\/adelanto-011-705x471.jpg);\" title=\"adelanto-011\" ><\/div><\/div><\/figure><\/a><!--end av-masonry entry--><a href=\"https:\/\/bacusevents.com\/wp-content\/uploads\/2023\/05\/adelanto-012-1030x687.jpg\" id='av-masonry-1-item-9453' data-av-masonry-item='9453' class='av-masonry-entry isotope-item post-9453 attachment type-attachment status-inherit hentry  av-masonry-item-with-image' title=\"adelanto-012\"  itemprop=\"thumbnailUrl\" ><div class='av-inner-masonry-sizer'><\/div><figure class='av-inner-masonry main_color'><div class=\"av-masonry-outerimage-container\"><div class=\"av-masonry-image-container\" style=\"background-image: url(https:\/\/bacusevents.com\/wp-content\/uploads\/2023\/05\/adelanto-012-705x471.jpg);\" title=\"adelanto-012\" ><\/div><\/div><\/figure><\/a><!--end av-masonry entry--><a href=\"https:\/\/bacusevents.com\/wp-content\/uploads\/2023\/05\/adelanto-015-1030x761.jpg\" id='av-masonry-1-item-8757' data-av-masonry-item='8757' class='av-masonry-entry isotope-item post-8757 attachment type-attachment status-inherit hentry  av-masonry-item-with-image' title=\"adelanto-015\"  itemprop=\"thumbnailUrl\" ><div class='av-inner-masonry-sizer'><\/div><figure class='av-inner-masonry main_color'><div class=\"av-masonry-outerimage-container\"><div class=\"av-masonry-image-container\" style=\"background-image: url(https:\/\/bacusevents.com\/wp-content\/uploads\/2023\/05\/adelanto-015-705x521.jpg);\" title=\"adelanto-015\" ><\/div><\/div><\/figure><\/a><!--end av-masonry entry--><a href=\"https:\/\/bacusevents.com\/wp-content\/uploads\/2023\/05\/adelanto-017-1030x687.jpg\" id='av-masonry-1-item-8759' data-av-masonry-item='8759' class='av-masonry-entry isotope-item post-8759 attachment type-attachment status-inherit hentry  av-masonry-item-with-image' title=\"adelanto-017\"  itemprop=\"thumbnailUrl\" ><div class='av-inner-masonry-sizer'><\/div><figure class='av-inner-masonry main_color'><div class=\"av-masonry-outerimage-container\"><div class=\"av-masonry-image-container\" style=\"background-image: url(https:\/\/bacusevents.com\/wp-content\/uploads\/2023\/05\/adelanto-017-705x471.jpg);\" title=\"adelanto-017\" ><\/div><\/div><\/figure><\/a><!--end av-masonry entry--><a href=\"https:\/\/bacusevents.com\/wp-content\/uploads\/2023\/05\/adelanto-018-1-1030x687.jpg\" id='av-masonry-1-item-8769' data-av-masonry-item='8769' class='av-masonry-entry isotope-item post-8769 attachment type-attachment status-inherit hentry  av-masonry-item-with-image' title=\"adelanto-018\"  itemprop=\"thumbnailUrl\" ><div class='av-inner-masonry-sizer'><\/div><figure class='av-inner-masonry main_color'><div class=\"av-masonry-outerimage-container\"><div class=\"av-masonry-image-container\" style=\"background-image: url(https:\/\/bacusevents.com\/wp-content\/uploads\/2023\/05\/adelanto-018-1-705x471.jpg);\" title=\"adelanto-018\" ><\/div><\/div><\/figure><\/a><!--end av-masonry entry--><a href=\"https:\/\/bacusevents.com\/wp-content\/uploads\/2023\/05\/adelanto-019-1-1030x687.jpg\" id='av-masonry-1-item-9455' data-av-masonry-item='9455' class='av-masonry-entry isotope-item post-9455 attachment type-attachment status-inherit hentry  av-masonry-item-with-image' title=\"adelanto-019\"  itemprop=\"thumbnailUrl\" ><div class='av-inner-masonry-sizer'><\/div><figure class='av-inner-masonry main_color'><div class=\"av-masonry-outerimage-container\"><div class=\"av-masonry-image-container\" style=\"background-image: url(https:\/\/bacusevents.com\/wp-content\/uploads\/2023\/05\/adelanto-019-1-705x471.jpg);\" title=\"adelanto-019\" ><\/div><\/div><\/figure><\/a><!--end av-masonry entry--><\/div><\/div><\/div>\n<div class=\"flex_column av_one_full  flex_column_div av-zero-column-padding first  avia-builder-el-11  el_after_av_one_full  el_before_av_section  avia-builder-el-last  column-top-margin\" style='border-radius:0px; '><div class='avia-button-wrap avia-button-center  avia-builder-el-12  avia-builder-el-no-sibling  '><a href='javascript: history.go(-1)'  class='avia-button   avia-icon_select-yes-left-icon avia-color-black avia-size-medium avia-position-center '   ><span class='avia_button_icon avia_button_icon_left ' aria-hidden='true' data-av_icon='\ue880' data-av_iconfont='entypo-fontello'><\/span><span class='avia_iconbox_title' >Enrere<\/span><\/a><\/div><\/div>\n<\/div><\/div><\/div><!-- close content main div --><\/div><\/div><div id='av_section_1' class='avia-section main_color avia-section-default avia-no-border-styling avia-bg-style-scroll  avia-builder-el-13  el_after_av_one_full  el_before_av_portfolio   container_wrap sidebar_right' style='background-color: #f8f8f8;  '  ><div class='container' ><div class='template-page content  av-content-small alpha units'><div class='post-entry post-entry-type-page post-entry-11353'><div class='entry-content-wrapper clearfix'>\n<div style='padding-bottom:0px; color:#000000;font-size:30px;' class='av-special-heading av-special-heading-h1 custom-color-heading blockquote modern-quote modern-centered  avia-builder-el-14  avia-builder-el-no-sibling   av-inherit-size '><h1 class='av-special-heading-tag '  itemprop=\"headline\"  >Esdeveniments recents<\/h1><div class='special-heading-border'><div class='special-heading-inner-border' style='border-color:#000000'><\/div><\/div><\/div>\n\n<div class=' grid-sort-container isotope   no_margin-container with-excerpt-container grid-total-even grid-col-4 grid-links-' data-portfolio-id='1'><div data-ajax-id='11190' class=' grid-entry flex_column isotope-item all_sort no_margin post-entry post-entry-11190 grid-entry-overview grid-loop-1 grid-parity-odd  esdeveniments-corporatius_sort  av_one_fourth first default_av_fullwidth '><article class='main_color inner-entry'  itemscope=\"itemscope\" itemtype=\"https:\/\/schema.org\/CreativeWork\" ><a href='https:\/\/bacusevents.com\/ca\/portfolio-item\/07-novarama-summer-party-2022\/' title='07-NOVARAMA - Summer Party 2022'  data-rel='grid-1' class='grid-image avia-hover-fx'><img decoding=\"async\" width=\"260\" height=\"174\" src=\"https:\/\/bacusevents.com\/wp-content\/uploads\/2023\/05\/16-BacusEvents_eventos_summerparty_novarama-1-scaled.jpg\" class=\"attachment-portfolio_small size-portfolio_small wp-post-image\" alt=\"\" srcset=\"https:\/\/bacusevents.com\/wp-content\/uploads\/2023\/05\/16-BacusEvents_eventos_summerparty_novarama-1-scaled.jpg 2560w, https:\/\/bacusevents.com\/wp-content\/uploads\/2023\/05\/16-BacusEvents_eventos_summerparty_novarama-1-scaled-768x512.jpg 768w, https:\/\/bacusevents.com\/wp-content\/uploads\/2023\/05\/16-BacusEvents_eventos_summerparty_novarama-1-scaled-445x296.jpg 445w, https:\/\/bacusevents.com\/wp-content\/uploads\/2023\/05\/16-BacusEvents_eventos_summerparty_novarama-1-412x275.jpg 412w\" sizes=\"(max-width: 260px) 100vw, 260px\" \/><\/a><div class='grid-content'><div class='avia-arrow'><\/div><header class=\"entry-content-header\"><h3 class='grid-entry-title entry-title '  itemprop=\"headline\" ><a href='https:\/\/bacusevents.com\/ca\/portfolio-item\/07-novarama-summer-party-2022\/' title='07-NOVARAMA - Summer Party 2022'>07-NOVARAMA - Summer Party 2022<\/a><\/h3><\/header><\/div><footer class=\"entry-footer\"><\/footer><\/article><\/div><div data-ajax-id='11338' class=' grid-entry flex_column isotope-item all_sort no_margin post-entry post-entry-11338 grid-entry-overview grid-loop-2 grid-parity-even  fires-i-stands_sort  av_one_fourth  default_av_fullwidth '><article class='main_color inner-entry'  itemscope=\"itemscope\" itemtype=\"https:\/\/schema.org\/CreativeWork\" ><a href='https:\/\/bacusevents.com\/ca\/portfolio-item\/08-wallbox-fira-de-lautomobil-barcelona-estand\/' title='08-WALLBOX - Fira de l\u00b4autom\u00f2bil Barcelona. Estand'  data-rel='grid-1' class='grid-image avia-hover-fx'><img decoding=\"async\" width=\"260\" height=\"185\" src=\"https:\/\/bacusevents.com\/wp-content\/uploads\/2023\/05\/1-cotada-260x185.jpg\" class=\"attachment-portfolio_small size-portfolio_small wp-post-image\" alt=\"\" \/><\/a><div class='grid-content'><div class='avia-arrow'><\/div><header class=\"entry-content-header\"><h3 class='grid-entry-title entry-title '  itemprop=\"headline\" ><a href='https:\/\/bacusevents.com\/ca\/portfolio-item\/08-wallbox-fira-de-lautomobil-barcelona-estand\/' title='08-WALLBOX - Fira de l\u00b4autom\u00f2bil Barcelona. Estand'>08-WALLBOX - Fira de l\u00b4autom\u00f2bil Barcelona. Estand<\/a><\/h3><\/header><\/div><footer class=\"entry-footer\"><\/footer><\/article><\/div><div data-ajax-id='11324' class=' grid-entry flex_column isotope-item all_sort no_margin post-entry post-entry-11324 grid-entry-overview grid-loop-3 grid-parity-odd  presentacio-de-producte_sort  av_one_fourth  default_av_fullwidth '><article class='main_color inner-entry'  itemscope=\"itemscope\" itemtype=\"https:\/\/schema.org\/CreativeWork\" ><a href='https:\/\/bacusevents.com\/ca\/portfolio-item\/25-motor-munich-presentacio-bmw-s3\/' title='25-MOTOR MUNICH - Presentaci\u00f3 BMW S3'  data-rel='grid-1' class='grid-image avia-hover-fx'><img decoding=\"async\" width=\"260\" height=\"185\" src=\"https:\/\/bacusevents.com\/wp-content\/uploads\/2023\/04\/BACUS_EVENTOS_AGENCIA_1-260x185.jpg\" class=\"attachment-portfolio_small size-portfolio_small wp-post-image\" alt=\"\" \/><\/a><div class='grid-content'><div class='avia-arrow'><\/div><header class=\"entry-content-header\"><h3 class='grid-entry-title entry-title '  itemprop=\"headline\" ><a href='https:\/\/bacusevents.com\/ca\/portfolio-item\/25-motor-munich-presentacio-bmw-s3\/' title='25-MOTOR MUNICH - Presentaci\u00f3 BMW S3'>25-MOTOR MUNICH - Presentaci\u00f3 BMW S3<\/a><\/h3><\/header><\/div><footer class=\"entry-footer\"><\/footer><\/article><\/div><div data-ajax-id='11309' class=' grid-entry flex_column isotope-item all_sort no_margin post-entry post-entry-11309 grid-entry-overview grid-loop-4 grid-parity-even  post-entry-last  fires-i-stands_sort  av_one_fourth  default_av_fullwidth '><article class='main_color inner-entry'  itemscope=\"itemscope\" itemtype=\"https:\/\/schema.org\/CreativeWork\" ><a href='https:\/\/bacusevents.com\/ca\/portfolio-item\/17-baywa-fira-tektonica-lisboa-estand\/' title='17-BAYWA \u2013 Fira Tektonica Lisboa. Estand'  data-rel='grid-1' class='grid-image avia-hover-fx'><img loading=\"lazy\" decoding=\"async\" width=\"260\" height=\"173\" src=\"https:\/\/bacusevents.com\/wp-content\/uploads\/2023\/05\/Baywa-Bacus-Events-eventos-feria-stand-11-scaled-e1752684930265.jpg\" class=\"attachment-portfolio_small size-portfolio_small wp-post-image\" alt=\"\" srcset=\"https:\/\/bacusevents.com\/wp-content\/uploads\/2023\/05\/Baywa-Bacus-Events-eventos-feria-stand-11-scaled-e1752684930265.jpg 2413w, https:\/\/bacusevents.com\/wp-content\/uploads\/2023\/05\/Baywa-Bacus-Events-eventos-feria-stand-11-scaled-e1752684930265-768x512.jpg 768w, https:\/\/bacusevents.com\/wp-content\/uploads\/2023\/05\/Baywa-Bacus-Events-eventos-feria-stand-11-scaled-e1752684930265-445x296.jpg 445w\" sizes=\"(max-width: 260px) 100vw, 260px\" \/><\/a><div class='grid-content'><div class='avia-arrow'><\/div><header class=\"entry-content-header\"><h3 class='grid-entry-title entry-title '  itemprop=\"headline\" ><a href='https:\/\/bacusevents.com\/ca\/portfolio-item\/17-baywa-fira-tektonica-lisboa-estand\/' title='17-BAYWA \u2013 Fira Tektonica Lisboa. Estand'>17-BAYWA \u2013 Fira Tektonica Lisboa. Estand<\/a><\/h3><\/header><\/div><footer class=\"entry-footer\"><\/footer><\/article><\/div><\/div>\n","protected":false},"excerpt":{"rendered":"","protected":false},"featured_media":8765,"comment_status":"open","ping_status":"closed","template":"","tags":[],"portfolio_entries":[239],"class_list":["post-11353","portfolio","type-portfolio","status-publish","has-post-thumbnail","hentry","portfolio_entries-fires-i-stands"],"yoast_head":"<!-- This site is optimized with the Yoast SEO Premium plugin v27.0 (Yoast SEO v27.5) - https:\/\/yoast.com\/product\/yoast-seo-premium-wordpress\/ -->\n<title>27-WALLBOX - Fira Gerena Madrid. Estand - Bacus Events - Creaci\u00f3n y Organizaci\u00f3n de Eventos<\/title>\n<meta name=\"robots\" content=\"index, follow, max-snippet:-1, max-image-preview:large, max-video-preview:-1\" \/>\n<link rel=\"canonical\" href=\"https:\/\/bacusevents.com\/ca\/portfolio-item\/27-wallbox-fira-gerena-madrid-estand\/\" \/>\n<meta property=\"og:locale\" content=\"ca_ES\" \/>\n<meta property=\"og:type\" content=\"article\" \/>\n<meta property=\"og:title\" content=\"27-WALLBOX - Fira Gerena Madrid. Estand\" \/>\n<meta property=\"og:url\" content=\"https:\/\/bacusevents.com\/ca\/portfolio-item\/27-wallbox-fira-gerena-madrid-estand\/\" \/>\n<meta property=\"og:site_name\" content=\"Bacus Events - Creaci\u00f3n y Organizaci\u00f3n de Eventos\" \/>\n<meta property=\"article:publisher\" content=\"https:\/\/www.facebook.com\/BacusEventos\" \/>\n<meta property=\"article:modified_time\" content=\"2024-05-01T05:57:40+00:00\" \/>\n<meta property=\"og:image\" content=\"https:\/\/bacusevents.com\/wp-content\/uploads\/2023\/05\/PORTADA-adelanto-001-1030x687.jpg\" \/>\n\t<meta property=\"og:image:width\" content=\"1030\" \/>\n\t<meta property=\"og:image:height\" content=\"687\" \/>\n\t<meta property=\"og:image:type\" content=\"image\/jpeg\" \/>\n<meta name=\"twitter:card\" content=\"summary_large_image\" \/>\n<meta name=\"twitter:label1\" content=\"Temps estimat de lectura\" \/>\n\t<meta name=\"twitter:data1\" content=\"12 minuts\" \/>\n<script type=\"application\/ld+json\" class=\"yoast-schema-graph\">{\"@context\":\"https:\\\/\\\/schema.org\",\"@graph\":[{\"@type\":\"WebPage\",\"@id\":\"https:\\\/\\\/bacusevents.com\\\/ca\\\/portfolio-item\\\/27-wallbox-fira-gerena-madrid-estand\\\/\",\"url\":\"https:\\\/\\\/bacusevents.com\\\/ca\\\/portfolio-item\\\/27-wallbox-fira-gerena-madrid-estand\\\/\",\"name\":\"27-WALLBOX - Fira Gerena Madrid. Estand - Bacus Events - Creaci\u00f3n y Organizaci\u00f3n de Eventos\",\"isPartOf\":{\"@id\":\"https:\\\/\\\/bacusevents.com\\\/ca\\\/#website\"},\"primaryImageOfPage\":{\"@id\":\"https:\\\/\\\/bacusevents.com\\\/ca\\\/portfolio-item\\\/27-wallbox-fira-gerena-madrid-estand\\\/#primaryimage\"},\"image\":{\"@id\":\"https:\\\/\\\/bacusevents.com\\\/ca\\\/portfolio-item\\\/27-wallbox-fira-gerena-madrid-estand\\\/#primaryimage\"},\"thumbnailUrl\":\"https:\\\/\\\/bacusevents.com\\\/wp-content\\\/uploads\\\/2023\\\/05\\\/PORTADA-adelanto-001-scaled.jpg\",\"datePublished\":\"2023-05-11T16:37:31+00:00\",\"dateModified\":\"2024-05-01T05:57:40+00:00\",\"breadcrumb\":{\"@id\":\"https:\\\/\\\/bacusevents.com\\\/ca\\\/portfolio-item\\\/27-wallbox-fira-gerena-madrid-estand\\\/#breadcrumb\"},\"inLanguage\":\"ca\",\"potentialAction\":[{\"@type\":\"ReadAction\",\"target\":[\"https:\\\/\\\/bacusevents.com\\\/ca\\\/portfolio-item\\\/27-wallbox-fira-gerena-madrid-estand\\\/\"]}]},{\"@type\":\"ImageObject\",\"inLanguage\":\"ca\",\"@id\":\"https:\\\/\\\/bacusevents.com\\\/ca\\\/portfolio-item\\\/27-wallbox-fira-gerena-madrid-estand\\\/#primaryimage\",\"url\":\"https:\\\/\\\/bacusevents.com\\\/wp-content\\\/uploads\\\/2023\\\/05\\\/PORTADA-adelanto-001-scaled.jpg\",\"contentUrl\":\"https:\\\/\\\/bacusevents.com\\\/wp-content\\\/uploads\\\/2023\\\/05\\\/PORTADA-adelanto-001-scaled.jpg\",\"width\":3500,\"height\":2336},{\"@type\":\"BreadcrumbList\",\"@id\":\"https:\\\/\\\/bacusevents.com\\\/ca\\\/portfolio-item\\\/27-wallbox-fira-gerena-madrid-estand\\\/#breadcrumb\",\"itemListElement\":[{\"@type\":\"ListItem\",\"position\":1,\"name\":\"Portada\",\"item\":\"https:\\\/\\\/bacusevents.com\\\/ca\\\/\"},{\"@type\":\"ListItem\",\"position\":2,\"name\":\"27-WALLBOX &#8211; Fira Gerena Madrid. Estand\"}]},{\"@type\":\"WebSite\",\"@id\":\"https:\\\/\\\/bacusevents.com\\\/ca\\\/#website\",\"url\":\"https:\\\/\\\/bacusevents.com\\\/ca\\\/\",\"name\":\"Bacus Events - Creaci\u00f3n y Organizaci\u00f3n de Eventos\",\"description\":\"Bacus Events - Creaci\u00f3n y Organizaci\u00f3n de Eventos\",\"publisher\":{\"@id\":\"https:\\\/\\\/bacusevents.com\\\/ca\\\/#organization\"},\"potentialAction\":[{\"@type\":\"SearchAction\",\"target\":{\"@type\":\"EntryPoint\",\"urlTemplate\":\"https:\\\/\\\/bacusevents.com\\\/ca\\\/?s={search_term_string}\"},\"query-input\":{\"@type\":\"PropertyValueSpecification\",\"valueRequired\":true,\"valueName\":\"search_term_string\"}}],\"inLanguage\":\"ca\"},{\"@type\":\"Organization\",\"@id\":\"https:\\\/\\\/bacusevents.com\\\/ca\\\/#organization\",\"name\":\"Bacus Events - Creaci\u00f3n y Organizaci\u00f3n de Eventos\",\"url\":\"https:\\\/\\\/bacusevents.com\\\/ca\\\/\",\"logo\":{\"@type\":\"ImageObject\",\"inLanguage\":\"ca\",\"@id\":\"https:\\\/\\\/bacusevents.com\\\/ca\\\/#\\\/schema\\\/logo\\\/image\\\/\",\"url\":\"https:\\\/\\\/bacusevents.com\\\/wp-content\\\/uploads\\\/2025\\\/03\\\/BacusEvents-5.png\",\"contentUrl\":\"https:\\\/\\\/bacusevents.com\\\/wp-content\\\/uploads\\\/2025\\\/03\\\/BacusEvents-5.png\",\"width\":393,\"height\":426,\"caption\":\"Bacus Events - Creaci\u00f3n y Organizaci\u00f3n de Eventos\"},\"image\":{\"@id\":\"https:\\\/\\\/bacusevents.com\\\/ca\\\/#\\\/schema\\\/logo\\\/image\\\/\"},\"sameAs\":[\"https:\\\/\\\/www.facebook.com\\\/BacusEventos\",\"https:\\\/\\\/www.instagram.com\\\/bacusevents\\\/\",\"https:\\\/\\\/www.linkedin.com\\\/company\\\/1481874\\\/admin\\\/dashboard\\\/\"]}]}<\/script>\n<!-- \/ Yoast SEO Premium plugin. -->","yoast_head_json":{"title":"27-WALLBOX - Fira Gerena Madrid. Estand - Bacus Events - Creaci\u00f3n y Organizaci\u00f3n de Eventos","robots":{"index":"index","follow":"follow","max-snippet":"max-snippet:-1","max-image-preview":"max-image-preview:large","max-video-preview":"max-video-preview:-1"},"canonical":"https:\/\/bacusevents.com\/ca\/portfolio-item\/27-wallbox-fira-gerena-madrid-estand\/","og_locale":"ca_ES","og_type":"article","og_title":"27-WALLBOX - Fira Gerena Madrid. Estand","og_url":"https:\/\/bacusevents.com\/ca\/portfolio-item\/27-wallbox-fira-gerena-madrid-estand\/","og_site_name":"Bacus Events - Creaci\u00f3n y Organizaci\u00f3n de Eventos","article_publisher":"https:\/\/www.facebook.com\/BacusEventos","article_modified_time":"2024-05-01T05:57:40+00:00","og_image":[{"width":1030,"height":687,"url":"https:\/\/bacusevents.com\/wp-content\/uploads\/2023\/05\/PORTADA-adelanto-001-1030x687.jpg","type":"image\/jpeg"}],"twitter_card":"summary_large_image","twitter_misc":{"Temps estimat de lectura":"12 minuts"},"schema":{"@context":"https:\/\/schema.org","@graph":[{"@type":"WebPage","@id":"https:\/\/bacusevents.com\/ca\/portfolio-item\/27-wallbox-fira-gerena-madrid-estand\/","url":"https:\/\/bacusevents.com\/ca\/portfolio-item\/27-wallbox-fira-gerena-madrid-estand\/","name":"27-WALLBOX - Fira Gerena Madrid. Estand - Bacus Events - Creaci\u00f3n y Organizaci\u00f3n de Eventos","isPartOf":{"@id":"https:\/\/bacusevents.com\/ca\/#website"},"primaryImageOfPage":{"@id":"https:\/\/bacusevents.com\/ca\/portfolio-item\/27-wallbox-fira-gerena-madrid-estand\/#primaryimage"},"image":{"@id":"https:\/\/bacusevents.com\/ca\/portfolio-item\/27-wallbox-fira-gerena-madrid-estand\/#primaryimage"},"thumbnailUrl":"https:\/\/bacusevents.com\/wp-content\/uploads\/2023\/05\/PORTADA-adelanto-001-scaled.jpg","datePublished":"2023-05-11T16:37:31+00:00","dateModified":"2024-05-01T05:57:40+00:00","breadcrumb":{"@id":"https:\/\/bacusevents.com\/ca\/portfolio-item\/27-wallbox-fira-gerena-madrid-estand\/#breadcrumb"},"inLanguage":"ca","potentialAction":[{"@type":"ReadAction","target":["https:\/\/bacusevents.com\/ca\/portfolio-item\/27-wallbox-fira-gerena-madrid-estand\/"]}]},{"@type":"ImageObject","inLanguage":"ca","@id":"https:\/\/bacusevents.com\/ca\/portfolio-item\/27-wallbox-fira-gerena-madrid-estand\/#primaryimage","url":"https:\/\/bacusevents.com\/wp-content\/uploads\/2023\/05\/PORTADA-adelanto-001-scaled.jpg","contentUrl":"https:\/\/bacusevents.com\/wp-content\/uploads\/2023\/05\/PORTADA-adelanto-001-scaled.jpg","width":3500,"height":2336},{"@type":"BreadcrumbList","@id":"https:\/\/bacusevents.com\/ca\/portfolio-item\/27-wallbox-fira-gerena-madrid-estand\/#breadcrumb","itemListElement":[{"@type":"ListItem","position":1,"name":"Portada","item":"https:\/\/bacusevents.com\/ca\/"},{"@type":"ListItem","position":2,"name":"27-WALLBOX &#8211; Fira Gerena Madrid. Estand"}]},{"@type":"WebSite","@id":"https:\/\/bacusevents.com\/ca\/#website","url":"https:\/\/bacusevents.com\/ca\/","name":"Bacus Events - Creaci\u00f3n y Organizaci\u00f3n de Eventos","description":"Bacus Events - Creaci\u00f3n y Organizaci\u00f3n de Eventos","publisher":{"@id":"https:\/\/bacusevents.com\/ca\/#organization"},"potentialAction":[{"@type":"SearchAction","target":{"@type":"EntryPoint","urlTemplate":"https:\/\/bacusevents.com\/ca\/?s={search_term_string}"},"query-input":{"@type":"PropertyValueSpecification","valueRequired":true,"valueName":"search_term_string"}}],"inLanguage":"ca"},{"@type":"Organization","@id":"https:\/\/bacusevents.com\/ca\/#organization","name":"Bacus Events - Creaci\u00f3n y Organizaci\u00f3n de Eventos","url":"https:\/\/bacusevents.com\/ca\/","logo":{"@type":"ImageObject","inLanguage":"ca","@id":"https:\/\/bacusevents.com\/ca\/#\/schema\/logo\/image\/","url":"https:\/\/bacusevents.com\/wp-content\/uploads\/2025\/03\/BacusEvents-5.png","contentUrl":"https:\/\/bacusevents.com\/wp-content\/uploads\/2025\/03\/BacusEvents-5.png","width":393,"height":426,"caption":"Bacus Events - Creaci\u00f3n y Organizaci\u00f3n de Eventos"},"image":{"@id":"https:\/\/bacusevents.com\/ca\/#\/schema\/logo\/image\/"},"sameAs":["https:\/\/www.facebook.com\/BacusEventos","https:\/\/www.instagram.com\/bacusevents\/","https:\/\/www.linkedin.com\/company\/1481874\/admin\/dashboard\/"]}]}},"_links":{"self":[{"href":"https:\/\/bacusevents.com\/ca\/wp-json\/wp\/v2\/portfolio\/11353","targetHints":{"allow":["GET"]}}],"collection":[{"href":"https:\/\/bacusevents.com\/ca\/wp-json\/wp\/v2\/portfolio"}],"about":[{"href":"https:\/\/bacusevents.com\/ca\/wp-json\/wp\/v2\/types\/portfolio"}],"replies":[{"embeddable":true,"href":"https:\/\/bacusevents.com\/ca\/wp-json\/wp\/v2\/comments?post=11353"}],"version-history":[{"count":1,"href":"https:\/\/bacusevents.com\/ca\/wp-json\/wp\/v2\/portfolio\/11353\/revisions"}],"predecessor-version":[{"id":11365,"href":"https:\/\/bacusevents.com\/ca\/wp-json\/wp\/v2\/portfolio\/11353\/revisions\/11365"}],"wp:featuredmedia":[{"embeddable":true,"href":"https:\/\/bacusevents.com\/ca\/wp-json\/wp\/v2\/media\/8765"}],"wp:attachment":[{"href":"https:\/\/bacusevents.com\/ca\/wp-json\/wp\/v2\/media?parent=11353"}],"wp:term":[{"taxonomy":"post_tag","embeddable":true,"href":"https:\/\/bacusevents.com\/ca\/wp-json\/wp\/v2\/tags?post=11353"},{"taxonomy":"portfolio_entries","embeddable":true,"href":"https:\/\/bacusevents.com\/ca\/wp-json\/wp\/v2\/portfolio_entries?post=11353"}],"curies":[{"name":"wp","href":"https:\/\/api.w.org\/{rel}","templated":true}]}}