{"id":10673,"date":"2024-04-15T04:49:51","date_gmt":"2024-04-15T04:49:51","guid":{"rendered":"https:\/\/bacusevents.com\/projects-congresses-and-conventions\/"},"modified":"2025-03-04T18:14:10","modified_gmt":"2025-03-04T18:14:10","slug":"projects-congresses-and-conventions","status":"publish","type":"page","link":"https:\/\/bacusevents.com\/en\/projects-congresses-and-conventions\/","title":{"rendered":"PROJECTS &#8212; CONGRESSES AND CONVENTIONS"},"content":{"rendered":"<div id='av_section_1' class='avia-section main_color avia-section-huge avia-no-shadow avia-full-stretch av-section-color-overlay-active avia-bg-style-scroll  avia-builder-el-0  el_before_av_submenu  avia-builder-el-first    container_wrap sidebar_right' style='background-repeat: no-repeat; background-image: url(https:\/\/bacusevents.com\/wp-content\/uploads\/2020\/10\/Evento-desfile-internacional-1-Fashion-Global-02.jpg);background-attachment: scroll; background-position: center center;  '  data-section-bg-repeat='stretch'><div class='av-section-color-overlay-wrap'><div class='av-section-color-overlay' style='opacity: 0.6; background-color: #000000; '><\/div><div class='container' ><main  role=\"main\" itemprop=\"mainContentOfPage\"  class='template-page content  av-content-small alpha units'><div class='post-entry post-entry-type-page post-entry-10673'><div class='entry-content-wrapper clearfix'>\n<div style='padding-bottom:0px; color:#ffffff;font-size:40px;' class='av-special-heading av-special-heading-h1 custom-color-heading blockquote modern-quote modern-centered  avia-builder-el-1  el_before_av_hr  avia-builder-el-first   av-inherit-size '><h1 class='av-special-heading-tag '  itemprop=\"headline\"  >Bacus Events<br \/>CONGRESSES AND CONVENTIONS<\/h1><div class='special-heading-border'><div class='special-heading-inner-border' style='border-color:#ffffff'><\/div><\/div><\/div>\n<div style=' margin-top:30px; margin-bottom:30px;'  class='hr hr-custom hr-center hr-icon-no   avia-builder-el-2  el_after_av_heading  el_before_av_textblock '><span class='hr-inner   inner-border-av-border-fat' style=' width:50px; border-color:#ffffff;' ><span class='hr-inner-style'><\/span><\/span><\/div>\n<section class=\"av_textblock_section \"  itemscope=\"itemscope\" itemtype=\"https:\/\/schema.org\/CreativeWork\" ><div class='avia_textblock  av_inherit_color '  style='color:#dddddd; '  itemprop=\"text\" ><p style=\"text-align: center;\"><span style=\"font-size: 14pt; font-family: graphik-regular;\">With more than 30 years of experience, we transform your ideas into unforgettable experiences.<\/span><\/p>\n<p style=\"text-align: center;\"><span style=\"font-size: 14pt; font-family: graphik-regular;\">Let us inspire you with our most creative and passionate productions.<\/span><\/p>\n<p style=\"text-align: center;\"><span style=\"font-size: 14pt; font-family: graphik-regular;\">We make events happen!<\/span><\/p>\n<\/div><\/section>\n<\/div><\/div><\/main><!-- close content main element --><\/div><\/div><\/div><div class='clear'><\/div><div id='sub_menu1' class='av-submenu-container main_color  avia-builder-el-4  el_after_av_section  el_before_av_portfolio   av-sticky-submenu  submenu-not-first container_wrap sidebar_right' style='  z-index:301' ><div class='container av-menu-mobile-disabled '><ul id=\"menu-proyectos-ingles\" class=\"av-subnav-menu av-submenu-pos-center\"><li id=\"menu-item-11436\" class=\"menu-item menu-item-type-post_type menu-item-object-page menu-item-top-level menu-item-top-level-1\"><a href=\"https:\/\/bacusevents.com\/en\/projects-congresses-and-conventions\/\" itemprop=\"url\"><span class=\"avia-bullet\"><\/span><span class=\"avia-menu-text\">PROJECTS &#8212; CONGRESSES AND CONVENTIONS<\/span><span class=\"avia-menu-fx\"><span class=\"avia-arrow-wrap\"><span class=\"avia-arrow\"><\/span><\/span><\/span><\/a><\/li>\n<li id=\"menu-item-11437\" class=\"menu-item menu-item-type-post_type menu-item-object-page menu-item-top-level menu-item-top-level-2\"><a href=\"https:\/\/bacusevents.com\/en\/projects-corporate-events\/\" itemprop=\"url\"><span class=\"avia-bullet\"><\/span><span class=\"avia-menu-text\">PROJECTS &#8212; CORPORATE EVENTS<\/span><span class=\"avia-menu-fx\"><span class=\"avia-arrow-wrap\"><span class=\"avia-arrow\"><\/span><\/span><\/span><\/a><\/li>\n<li id=\"menu-item-11438\" class=\"menu-item menu-item-type-post_type menu-item-object-page menu-item-top-level menu-item-top-level-3\"><a href=\"https:\/\/bacusevents.com\/en\/projects-family-day\/\" itemprop=\"url\"><span class=\"avia-bullet\"><\/span><span class=\"avia-menu-text\">PROJECTS &#8212; FAMILY DAY &#8211;<\/span><span class=\"avia-menu-fx\"><span class=\"avia-arrow-wrap\"><span class=\"avia-arrow\"><\/span><\/span><\/span><\/a><\/li>\n<li id=\"menu-item-11439\" class=\"menu-item menu-item-type-post_type menu-item-object-page menu-item-top-level menu-item-top-level-4\"><a href=\"https:\/\/bacusevents.com\/en\/projects-fairs-and-stands\/\" itemprop=\"url\"><span class=\"avia-bullet\"><\/span><span class=\"avia-menu-text\">PROJECTS &#8212; FAIRS AND STANDS<\/span><span class=\"avia-menu-fx\"><span class=\"avia-arrow-wrap\"><span class=\"avia-arrow\"><\/span><\/span><\/span><\/a><\/li>\n<li id=\"menu-item-11441\" class=\"menu-item menu-item-type-post_type menu-item-object-page menu-item-top-level menu-item-top-level-5\"><a href=\"https:\/\/bacusevents.com\/en\/projects-incentives-and-team-building\/\" itemprop=\"url\"><span class=\"avia-bullet\"><\/span><span class=\"avia-menu-text\">PROJECTS &#8212; INCENTIVES AND TEAM BUILDING<\/span><span class=\"avia-menu-fx\"><span class=\"avia-arrow-wrap\"><span class=\"avia-arrow\"><\/span><\/span><\/span><\/a><\/li>\n<\/ul><\/div><\/div><div class='sticky_placeholder'><\/div><\/p>\n<div class=' grid-sort-container isotope   no_margin-container with-title-container grid-total-even grid-col-3 grid-links-' data-portfolio-id='1'><div data-ajax-id='11167' class=' grid-entry flex_column isotope-item all_sort no_margin post-entry post-entry-11167 grid-entry-overview grid-loop-1 grid-parity-odd  congresses-and-conventions_sort  av_one_third first default_av_fullwidth '><article class='main_color inner-entry'  itemscope=\"itemscope\" itemtype=\"https:\/\/schema.org\/CreativeWork\" ><a href='https:\/\/bacusevents.com\/en\/portfolio-item\/02-media-markt-we-all-want-it-all\/' title='02-MEDIA MARKT - We All Want It All'  data-rel='grid-1' class='grid-image avia-hover-fx'><img fetchpriority=\"high\" decoding=\"async\" width=\"1030\" height=\"687\" src=\"https:\/\/bacusevents.com\/wp-content\/uploads\/2023\/04\/1-MM-PORTADA--1030x687.jpg\" class=\"attachment-large size-large wp-post-image\" alt=\"P\u00fablico asistente a evento corporativo de MediaMarkt, sentados en c\u00edrculo, con proyecciones gigantes de &quot;SPOTS TV&quot; en pantallas rojas.\" srcset=\"https:\/\/bacusevents.com\/wp-content\/uploads\/2023\/04\/1-MM-PORTADA--1030x687.jpg 1030w, https:\/\/bacusevents.com\/wp-content\/uploads\/2023\/04\/1-MM-PORTADA--768x513.jpg 768w, https:\/\/bacusevents.com\/wp-content\/uploads\/2023\/04\/1-MM-PORTADA--445x296.jpg 445w, https:\/\/bacusevents.com\/wp-content\/uploads\/2023\/04\/1-MM-PORTADA--412x275.jpg 412w, https:\/\/bacusevents.com\/wp-content\/uploads\/2023\/04\/1-MM-PORTADA--300x200.jpg 300w, https:\/\/bacusevents.com\/wp-content\/uploads\/2023\/04\/1-MM-PORTADA--1536x1025.jpg 1536w, https:\/\/bacusevents.com\/wp-content\/uploads\/2023\/04\/1-MM-PORTADA--2048x1367.jpg 2048w, https:\/\/bacusevents.com\/wp-content\/uploads\/2023\/04\/1-MM-PORTADA--1500x1001.jpg 1500w, https:\/\/bacusevents.com\/wp-content\/uploads\/2023\/04\/1-MM-PORTADA--705x471.jpg 705w, https:\/\/bacusevents.com\/wp-content\/uploads\/2023\/04\/1-MM-PORTADA--450x300.jpg 450w\" sizes=\"(max-width: 1030px) 100vw, 1030px\" \/><\/a><div class='grid-content'><div class='avia-arrow'><\/div><header class=\"entry-content-header\"><h3 class='grid-entry-title entry-title '  itemprop=\"headline\" ><a href='https:\/\/bacusevents.com\/en\/portfolio-item\/02-media-markt-we-all-want-it-all\/' title='02-MEDIA MARKT - We All Want It All'>02-MEDIA MARKT - We All Want It All<\/a><\/h3><\/header><\/div><footer class=\"entry-footer\"><\/footer><\/article><\/div><div data-ajax-id='11171' class=' grid-entry flex_column isotope-item all_sort no_margin post-entry post-entry-11171 grid-entry-overview grid-loop-2 grid-parity-even  congresses-and-conventions_sort corporate-events_sort  av_one_third  default_av_fullwidth '><article class='main_color inner-entry'  itemscope=\"itemscope\" itemtype=\"https:\/\/schema.org\/CreativeWork\" ><a href='https:\/\/bacusevents.com\/en\/portfolio-item\/10-vidacaixa-annual-event-madrid\/' title='10-VIDACAIXA - Annual event Madrid'  data-rel='grid-1' class='grid-image avia-hover-fx'><img decoding=\"async\" width=\"1030\" height=\"687\" src=\"https:\/\/bacusevents.com\/wp-content\/uploads\/2023\/04\/02-VIDACAIXA-MAD-Bacus-Events-1030x687.jpg\" class=\"attachment-large size-large wp-post-image\" alt=\"Concierto en evento corporativo de VidaCaixa en Madrid, con asistentes bailando y luces esc\u00e9nicas en tonos morados, verdes y amarillos.\" srcset=\"https:\/\/bacusevents.com\/wp-content\/uploads\/2023\/04\/02-VIDACAIXA-MAD-Bacus-Events-1030x687.jpg 1030w, https:\/\/bacusevents.com\/wp-content\/uploads\/2023\/04\/02-VIDACAIXA-MAD-Bacus-Events-768x513.jpg 768w, https:\/\/bacusevents.com\/wp-content\/uploads\/2023\/04\/02-VIDACAIXA-MAD-Bacus-Events-445x296.jpg 445w, https:\/\/bacusevents.com\/wp-content\/uploads\/2023\/04\/02-VIDACAIXA-MAD-Bacus-Events-412x275.jpg 412w, https:\/\/bacusevents.com\/wp-content\/uploads\/2023\/04\/02-VIDACAIXA-MAD-Bacus-Events-300x200.jpg 300w, https:\/\/bacusevents.com\/wp-content\/uploads\/2023\/04\/02-VIDACAIXA-MAD-Bacus-Events-1536x1025.jpg 1536w, https:\/\/bacusevents.com\/wp-content\/uploads\/2023\/04\/02-VIDACAIXA-MAD-Bacus-Events-2048x1367.jpg 2048w, https:\/\/bacusevents.com\/wp-content\/uploads\/2023\/04\/02-VIDACAIXA-MAD-Bacus-Events-1500x1001.jpg 1500w, https:\/\/bacusevents.com\/wp-content\/uploads\/2023\/04\/02-VIDACAIXA-MAD-Bacus-Events-705x471.jpg 705w, https:\/\/bacusevents.com\/wp-content\/uploads\/2023\/04\/02-VIDACAIXA-MAD-Bacus-Events-450x300.jpg 450w\" sizes=\"(max-width: 1030px) 100vw, 1030px\" \/><\/a><div class='grid-content'><div class='avia-arrow'><\/div><header class=\"entry-content-header\"><h3 class='grid-entry-title entry-title '  itemprop=\"headline\" ><a href='https:\/\/bacusevents.com\/en\/portfolio-item\/10-vidacaixa-annual-event-madrid\/' title='10-VIDACAIXA - Annual event Madrid'>10-VIDACAIXA - Annual event Madrid<\/a><\/h3><\/header><\/div><footer class=\"entry-footer\"><\/footer><\/article><\/div><div data-ajax-id='11279' class=' grid-entry flex_column isotope-item all_sort no_margin post-entry post-entry-11279 grid-entry-overview grid-loop-3 grid-parity-odd  congresses-and-conventions_sort corporate-events_sort  av_one_third  default_av_fullwidth '><article class='main_color inner-entry'  itemscope=\"itemscope\" itemtype=\"https:\/\/schema.org\/CreativeWork\" ><a href='https:\/\/bacusevents.com\/en\/portfolio-item\/11-adp-cuban-party\/' title='11-ADP - Cuban Party'  data-rel='grid-1' class='grid-image avia-hover-fx'><img decoding=\"async\" width=\"1030\" height=\"687\" src=\"https:\/\/bacusevents.com\/wp-content\/uploads\/2023\/05\/VIDEO-O-PORTADA-1030x687.jpg\" class=\"attachment-large size-large wp-post-image\" alt=\"Photocall tropical con globos de colores y decoraci\u00f3n selv\u00e1tica durante la fiesta tem\u00e1tica cubana de ADP.\" srcset=\"https:\/\/bacusevents.com\/wp-content\/uploads\/2023\/05\/VIDEO-O-PORTADA-1030x687.jpg 1030w, https:\/\/bacusevents.com\/wp-content\/uploads\/2023\/05\/VIDEO-O-PORTADA-768x512.jpg 768w, https:\/\/bacusevents.com\/wp-content\/uploads\/2023\/05\/VIDEO-O-PORTADA-445x296.jpg 445w, https:\/\/bacusevents.com\/wp-content\/uploads\/2023\/05\/VIDEO-O-PORTADA-412x275.jpg 412w, https:\/\/bacusevents.com\/wp-content\/uploads\/2023\/05\/VIDEO-O-PORTADA-300x200.jpg 300w, https:\/\/bacusevents.com\/wp-content\/uploads\/2023\/05\/VIDEO-O-PORTADA-1536x1024.jpg 1536w, https:\/\/bacusevents.com\/wp-content\/uploads\/2023\/05\/VIDEO-O-PORTADA-2048x1366.jpg 2048w, https:\/\/bacusevents.com\/wp-content\/uploads\/2023\/05\/VIDEO-O-PORTADA-1500x1000.jpg 1500w, https:\/\/bacusevents.com\/wp-content\/uploads\/2023\/05\/VIDEO-O-PORTADA-705x470.jpg 705w, https:\/\/bacusevents.com\/wp-content\/uploads\/2023\/05\/VIDEO-O-PORTADA-450x300.jpg 450w\" sizes=\"(max-width: 1030px) 100vw, 1030px\" \/><\/a><div class='grid-content'><div class='avia-arrow'><\/div><header class=\"entry-content-header\"><h3 class='grid-entry-title entry-title '  itemprop=\"headline\" ><a href='https:\/\/bacusevents.com\/en\/portfolio-item\/11-adp-cuban-party\/' title='11-ADP - Cuban Party'>11-ADP - Cuban Party<\/a><\/h3><\/header><\/div><footer class=\"entry-footer\"><\/footer><\/article><\/div><div data-ajax-id='11151' class=' grid-entry flex_column isotope-item all_sort no_margin post-entry post-entry-11151 grid-entry-overview grid-loop-4 grid-parity-even  congresses-and-conventions_sort corporate-events_sort product-presentation_sort  av_one_third first default_av_fullwidth '><article class='main_color inner-entry'  itemscope=\"itemscope\" itemtype=\"https:\/\/schema.org\/CreativeWork\" ><a href='https:\/\/bacusevents.com\/en\/portfolio-item\/12-one-fashion-global-international-event-and-fashion-show\/' title='12-ONE FASHION GLOBAL - International Event and Fashion Show'  data-rel='grid-1' class='grid-image avia-hover-fx'><img loading=\"lazy\" decoding=\"async\" width=\"1030\" height=\"687\" src=\"https:\/\/bacusevents.com\/wp-content\/uploads\/2020\/10\/Evento-desfile-internacional-1-Fashion-Global-1030x687.jpg\" class=\"attachment-large size-large wp-post-image\" alt=\"Evento Internacional Fashion Global\" srcset=\"https:\/\/bacusevents.com\/wp-content\/uploads\/2020\/10\/Evento-desfile-internacional-1-Fashion-Global-1030x687.jpg 1030w, https:\/\/bacusevents.com\/wp-content\/uploads\/2020\/10\/Evento-desfile-internacional-1-Fashion-Global-768x512.jpg 768w, https:\/\/bacusevents.com\/wp-content\/uploads\/2020\/10\/Evento-desfile-internacional-1-Fashion-Global-445x296.jpg 445w, https:\/\/bacusevents.com\/wp-content\/uploads\/2020\/10\/Evento-desfile-internacional-1-Fashion-Global-412x275.jpg 412w, https:\/\/bacusevents.com\/wp-content\/uploads\/2020\/10\/Evento-desfile-internacional-1-Fashion-Global-300x200.jpg 300w, https:\/\/bacusevents.com\/wp-content\/uploads\/2020\/10\/Evento-desfile-internacional-1-Fashion-Global-1536x1024.jpg 1536w, https:\/\/bacusevents.com\/wp-content\/uploads\/2020\/10\/Evento-desfile-internacional-1-Fashion-Global-1500x1000.jpg 1500w, https:\/\/bacusevents.com\/wp-content\/uploads\/2020\/10\/Evento-desfile-internacional-1-Fashion-Global-705x470.jpg 705w, https:\/\/bacusevents.com\/wp-content\/uploads\/2020\/10\/Evento-desfile-internacional-1-Fashion-Global-450x300.jpg 450w, https:\/\/bacusevents.com\/wp-content\/uploads\/2020\/10\/Evento-desfile-internacional-1-Fashion-Global.jpg 1800w\" sizes=\"(max-width: 1030px) 100vw, 1030px\" \/><\/a><div class='grid-content'><div class='avia-arrow'><\/div><header class=\"entry-content-header\"><h3 class='grid-entry-title entry-title '  itemprop=\"headline\" ><a href='https:\/\/bacusevents.com\/en\/portfolio-item\/12-one-fashion-global-international-event-and-fashion-show\/' title='12-ONE FASHION GLOBAL - International Event and Fashion Show'>12-ONE FASHION GLOBAL - International Event and Fashion Show<\/a><\/h3><\/header><\/div><footer class=\"entry-footer\"><\/footer><\/article><\/div><div data-ajax-id='11107' class=' grid-entry flex_column isotope-item all_sort no_margin post-entry post-entry-11107 grid-entry-overview grid-loop-5 grid-parity-odd  congresses-and-conventions_sort corporate-events_sort  av_one_third  default_av_fullwidth '><article class='main_color inner-entry'  itemscope=\"itemscope\" itemtype=\"https:\/\/schema.org\/CreativeWork\" ><a href='https:\/\/bacusevents.com\/en\/portfolio-item\/20-novartis-annual-convention-and-gala-dinner-event\/' title='20-NOVARTIS - Annual convention and gala dinner event'  data-rel='grid-1' class='grid-image avia-hover-fx'><img loading=\"lazy\" decoding=\"async\" width=\"1030\" height=\"687\" src=\"https:\/\/bacusevents.com\/wp-content\/uploads\/2020\/10\/Evento-Cena-Tematica-Circo-2015-01-1030x687.jpg\" class=\"attachment-large size-large wp-post-image\" alt=\"Evento con Tem\u00e1tica Circo\" srcset=\"https:\/\/bacusevents.com\/wp-content\/uploads\/2020\/10\/Evento-Cena-Tematica-Circo-2015-01-1030x687.jpg 1030w, https:\/\/bacusevents.com\/wp-content\/uploads\/2020\/10\/Evento-Cena-Tematica-Circo-2015-01-768x512.jpg 768w, https:\/\/bacusevents.com\/wp-content\/uploads\/2020\/10\/Evento-Cena-Tematica-Circo-2015-01-445x296.jpg 445w, https:\/\/bacusevents.com\/wp-content\/uploads\/2020\/10\/Evento-Cena-Tematica-Circo-2015-01-412x275.jpg 412w, https:\/\/bacusevents.com\/wp-content\/uploads\/2020\/10\/Evento-Cena-Tematica-Circo-2015-01-300x200.jpg 300w, https:\/\/bacusevents.com\/wp-content\/uploads\/2020\/10\/Evento-Cena-Tematica-Circo-2015-01-1536x1024.jpg 1536w, https:\/\/bacusevents.com\/wp-content\/uploads\/2020\/10\/Evento-Cena-Tematica-Circo-2015-01-1500x1000.jpg 1500w, https:\/\/bacusevents.com\/wp-content\/uploads\/2020\/10\/Evento-Cena-Tematica-Circo-2015-01-705x470.jpg 705w, https:\/\/bacusevents.com\/wp-content\/uploads\/2020\/10\/Evento-Cena-Tematica-Circo-2015-01-450x300.jpg 450w, https:\/\/bacusevents.com\/wp-content\/uploads\/2020\/10\/Evento-Cena-Tematica-Circo-2015-01.jpg 1800w\" sizes=\"(max-width: 1030px) 100vw, 1030px\" \/><\/a><div class='grid-content'><div class='avia-arrow'><\/div><header class=\"entry-content-header\"><h3 class='grid-entry-title entry-title '  itemprop=\"headline\" ><a href='https:\/\/bacusevents.com\/en\/portfolio-item\/20-novartis-annual-convention-and-gala-dinner-event\/' title='20-NOVARTIS - Annual convention and gala dinner event'>20-NOVARTIS - Annual convention and gala dinner event<\/a><\/h3><\/header><\/div><footer class=\"entry-footer\"><\/footer><\/article><\/div><div data-ajax-id='11250' class=' grid-entry flex_column isotope-item all_sort no_margin post-entry post-entry-11250 grid-entry-overview grid-loop-6 grid-parity-even  post-entry-last  congresses-and-conventions_sort corporate-events_sort  av_one_third  default_av_fullwidth '><article class='main_color inner-entry'  itemscope=\"itemscope\" itemtype=\"https:\/\/schema.org\/CreativeWork\" ><a href='https:\/\/bacusevents.com\/en\/portfolio-item\/28-vidacaixa-annual-event-barcelona\/' title='28-VIDACAIXA - Annual Event Barcelona'  data-rel='grid-1' class='grid-image avia-hover-fx'><img loading=\"lazy\" decoding=\"async\" width=\"1030\" height=\"773\" src=\"https:\/\/bacusevents.com\/wp-content\/uploads\/2023\/04\/IMG_7056-1030x773.webp\" class=\"attachment-large size-large wp-post-image\" alt=\"Sal\u00f3n azul con barra iluminada en el evento de VidaCaixa\" srcset=\"https:\/\/bacusevents.com\/wp-content\/uploads\/2023\/04\/IMG_7056-1030x773.webp 1030w, https:\/\/bacusevents.com\/wp-content\/uploads\/2023\/04\/IMG_7056-300x225.webp 300w, https:\/\/bacusevents.com\/wp-content\/uploads\/2023\/04\/IMG_7056-768x576.webp 768w, https:\/\/bacusevents.com\/wp-content\/uploads\/2023\/04\/IMG_7056-1536x1152.webp 1536w, https:\/\/bacusevents.com\/wp-content\/uploads\/2023\/04\/IMG_7056-2048x1536.webp 2048w, https:\/\/bacusevents.com\/wp-content\/uploads\/2023\/04\/IMG_7056-1500x1125.webp 1500w, https:\/\/bacusevents.com\/wp-content\/uploads\/2023\/04\/IMG_7056-705x529.webp 705w, https:\/\/bacusevents.com\/wp-content\/uploads\/2023\/04\/IMG_7056-450x338.webp 450w\" sizes=\"(max-width: 1030px) 100vw, 1030px\" \/><\/a><div class='grid-content'><div class='avia-arrow'><\/div><header class=\"entry-content-header\"><h3 class='grid-entry-title entry-title '  itemprop=\"headline\" ><a href='https:\/\/bacusevents.com\/en\/portfolio-item\/28-vidacaixa-annual-event-barcelona\/' title='28-VIDACAIXA - Annual Event Barcelona'>28-VIDACAIXA - Annual Event Barcelona<\/a><\/h3><\/header><\/div><footer class=\"entry-footer\"><\/footer><\/article><\/div><\/div>\n","protected":false},"excerpt":{"rendered":"","protected":false},"author":2,"featured_media":7604,"parent":0,"menu_order":0,"comment_status":"closed","ping_status":"closed","template":"","meta":{"footnotes":""},"class_list":["post-10673","page","type-page","status-publish","has-post-thumbnail","hentry"],"yoast_head":"<!-- This site is optimized with the Yoast SEO Premium plugin v27.0 (Yoast SEO v27.5) - https:\/\/yoast.com\/product\/yoast-seo-premium-wordpress\/ -->\n<title>PROJECTS - CONGRESSES AND CONVENTIONS - Bacus Events - Creaci\u00f3n y Organizaci\u00f3n de Eventos<\/title>\n<meta name=\"description\" content=\"Discover how Bacus Events organizes congresses and conventions in Barcelona with professionalism and creativity. We transform every event into a unique experience, taking care of every detail to exceed your expectations. Make your congress a memorable success!\" \/>\n<meta name=\"robots\" content=\"index, follow, max-snippet:-1, max-image-preview:large, max-video-preview:-1\" \/>\n<link rel=\"canonical\" href=\"https:\/\/bacusevents.com\/en\/projects-congresses-and-conventions\/\" \/>\n<meta property=\"og:locale\" content=\"en_US\" \/>\n<meta property=\"og:type\" content=\"article\" \/>\n<meta property=\"og:title\" content=\"PROJECTS -- CONGRESSES AND CONVENTIONS\" \/>\n<meta property=\"og:description\" content=\"Discover how Bacus Events organizes congresses and conventions in Barcelona with professionalism and creativity. We transform every event into a unique experience, taking care of every detail to exceed your expectations. Make your congress a memorable success!\" \/>\n<meta property=\"og:url\" content=\"https:\/\/bacusevents.com\/en\/projects-congresses-and-conventions\/\" \/>\n<meta property=\"og:site_name\" content=\"Bacus Events - Creaci\u00f3n y Organizaci\u00f3n de Eventos\" \/>\n<meta property=\"article:publisher\" content=\"https:\/\/www.facebook.com\/BacusEventos\" \/>\n<meta property=\"article:modified_time\" content=\"2025-03-04T18:14:10+00:00\" \/>\n<meta property=\"og:image\" content=\"https:\/\/bacusevents.com\/wp-content\/uploads\/2020\/10\/Evento-desfile-internacional-1-Fashion-Global.jpg\" \/>\n\t<meta property=\"og:image:width\" content=\"1800\" \/>\n\t<meta property=\"og:image:height\" content=\"1200\" \/>\n\t<meta property=\"og:image:type\" content=\"image\/jpeg\" \/>\n<meta name=\"twitter:card\" content=\"summary_large_image\" \/>\n<meta name=\"twitter:label1\" content=\"Est. reading time\" \/>\n\t<meta name=\"twitter:data1\" content=\"2 minutes\" \/>\n<script type=\"application\/ld+json\" class=\"yoast-schema-graph\">{\"@context\":\"https:\\\/\\\/schema.org\",\"@graph\":[{\"@type\":\"WebPage\",\"@id\":\"https:\\\/\\\/bacusevents.com\\\/en\\\/projects-congresses-and-conventions\\\/\",\"url\":\"https:\\\/\\\/bacusevents.com\\\/en\\\/projects-congresses-and-conventions\\\/\",\"name\":\"PROJECTS - CONGRESSES AND CONVENTIONS - Bacus Events - Creaci\u00f3n y Organizaci\u00f3n de Eventos\",\"isPartOf\":{\"@id\":\"https:\\\/\\\/bacusevents.com\\\/en\\\/#website\"},\"primaryImageOfPage\":{\"@id\":\"https:\\\/\\\/bacusevents.com\\\/en\\\/projects-congresses-and-conventions\\\/#primaryimage\"},\"image\":{\"@id\":\"https:\\\/\\\/bacusevents.com\\\/en\\\/projects-congresses-and-conventions\\\/#primaryimage\"},\"thumbnailUrl\":\"https:\\\/\\\/bacusevents.com\\\/wp-content\\\/uploads\\\/2020\\\/10\\\/Evento-desfile-internacional-1-Fashion-Global.jpg\",\"datePublished\":\"2024-04-15T04:49:51+00:00\",\"dateModified\":\"2025-03-04T18:14:10+00:00\",\"description\":\"Discover how Bacus Events organizes congresses and conventions in Barcelona with professionalism and creativity. We transform every event into a unique experience, taking care of every detail to exceed your expectations. Make your congress a memorable success!\",\"breadcrumb\":{\"@id\":\"https:\\\/\\\/bacusevents.com\\\/en\\\/projects-congresses-and-conventions\\\/#breadcrumb\"},\"inLanguage\":\"en-US\",\"potentialAction\":[{\"@type\":\"ReadAction\",\"target\":[\"https:\\\/\\\/bacusevents.com\\\/en\\\/projects-congresses-and-conventions\\\/\"]}]},{\"@type\":\"ImageObject\",\"inLanguage\":\"en-US\",\"@id\":\"https:\\\/\\\/bacusevents.com\\\/en\\\/projects-congresses-and-conventions\\\/#primaryimage\",\"url\":\"https:\\\/\\\/bacusevents.com\\\/wp-content\\\/uploads\\\/2020\\\/10\\\/Evento-desfile-internacional-1-Fashion-Global.jpg\",\"contentUrl\":\"https:\\\/\\\/bacusevents.com\\\/wp-content\\\/uploads\\\/2020\\\/10\\\/Evento-desfile-internacional-1-Fashion-Global.jpg\",\"width\":1800,\"height\":1200,\"caption\":\"Evento Internacional Fashion Global\"},{\"@type\":\"BreadcrumbList\",\"@id\":\"https:\\\/\\\/bacusevents.com\\\/en\\\/projects-congresses-and-conventions\\\/#breadcrumb\",\"itemListElement\":[{\"@type\":\"ListItem\",\"position\":1,\"name\":\"Portada\",\"item\":\"https:\\\/\\\/bacusevents.com\\\/en\\\/\"},{\"@type\":\"ListItem\",\"position\":2,\"name\":\"PROJECTS &#8212; CONGRESSES AND CONVENTIONS\"}]},{\"@type\":\"WebSite\",\"@id\":\"https:\\\/\\\/bacusevents.com\\\/en\\\/#website\",\"url\":\"https:\\\/\\\/bacusevents.com\\\/en\\\/\",\"name\":\"Bacus Events - Creaci\u00f3n y Organizaci\u00f3n de Eventos\",\"description\":\"Bacus Events - Creaci\u00f3n y Organizaci\u00f3n de Eventos\",\"publisher\":{\"@id\":\"https:\\\/\\\/bacusevents.com\\\/en\\\/#organization\"},\"potentialAction\":[{\"@type\":\"SearchAction\",\"target\":{\"@type\":\"EntryPoint\",\"urlTemplate\":\"https:\\\/\\\/bacusevents.com\\\/en\\\/?s={search_term_string}\"},\"query-input\":{\"@type\":\"PropertyValueSpecification\",\"valueRequired\":true,\"valueName\":\"search_term_string\"}}],\"inLanguage\":\"en-US\"},{\"@type\":\"Organization\",\"@id\":\"https:\\\/\\\/bacusevents.com\\\/en\\\/#organization\",\"name\":\"Bacus Events - Creaci\u00f3n y Organizaci\u00f3n de Eventos\",\"url\":\"https:\\\/\\\/bacusevents.com\\\/en\\\/\",\"logo\":{\"@type\":\"ImageObject\",\"inLanguage\":\"en-US\",\"@id\":\"https:\\\/\\\/bacusevents.com\\\/en\\\/#\\\/schema\\\/logo\\\/image\\\/\",\"url\":\"https:\\\/\\\/bacusevents.com\\\/wp-content\\\/uploads\\\/2025\\\/03\\\/BacusEvents-5.png\",\"contentUrl\":\"https:\\\/\\\/bacusevents.com\\\/wp-content\\\/uploads\\\/2025\\\/03\\\/BacusEvents-5.png\",\"width\":393,\"height\":426,\"caption\":\"Bacus Events - Creaci\u00f3n y Organizaci\u00f3n de Eventos\"},\"image\":{\"@id\":\"https:\\\/\\\/bacusevents.com\\\/en\\\/#\\\/schema\\\/logo\\\/image\\\/\"},\"sameAs\":[\"https:\\\/\\\/www.facebook.com\\\/BacusEventos\",\"https:\\\/\\\/www.instagram.com\\\/bacusevents\\\/\",\"https:\\\/\\\/www.linkedin.com\\\/company\\\/1481874\\\/admin\\\/dashboard\\\/\"]}]}<\/script>\n<!-- \/ Yoast SEO Premium plugin. -->","yoast_head_json":{"title":"PROJECTS - CONGRESSES AND CONVENTIONS - Bacus Events - Creaci\u00f3n y Organizaci\u00f3n de Eventos","description":"Discover how Bacus Events organizes congresses and conventions in Barcelona with professionalism and creativity. We transform every event into a unique experience, taking care of every detail to exceed your expectations. Make your congress a memorable success!","robots":{"index":"index","follow":"follow","max-snippet":"max-snippet:-1","max-image-preview":"max-image-preview:large","max-video-preview":"max-video-preview:-1"},"canonical":"https:\/\/bacusevents.com\/en\/projects-congresses-and-conventions\/","og_locale":"en_US","og_type":"article","og_title":"PROJECTS -- CONGRESSES AND CONVENTIONS","og_description":"Discover how Bacus Events organizes congresses and conventions in Barcelona with professionalism and creativity. We transform every event into a unique experience, taking care of every detail to exceed your expectations. Make your congress a memorable success!","og_url":"https:\/\/bacusevents.com\/en\/projects-congresses-and-conventions\/","og_site_name":"Bacus Events - Creaci\u00f3n y Organizaci\u00f3n de Eventos","article_publisher":"https:\/\/www.facebook.com\/BacusEventos","article_modified_time":"2025-03-04T18:14:10+00:00","og_image":[{"width":1800,"height":1200,"url":"https:\/\/bacusevents.com\/wp-content\/uploads\/2020\/10\/Evento-desfile-internacional-1-Fashion-Global.jpg","type":"image\/jpeg"}],"twitter_card":"summary_large_image","twitter_misc":{"Est. reading time":"2 minutes"},"schema":{"@context":"https:\/\/schema.org","@graph":[{"@type":"WebPage","@id":"https:\/\/bacusevents.com\/en\/projects-congresses-and-conventions\/","url":"https:\/\/bacusevents.com\/en\/projects-congresses-and-conventions\/","name":"PROJECTS - CONGRESSES AND CONVENTIONS - Bacus Events - Creaci\u00f3n y Organizaci\u00f3n de Eventos","isPartOf":{"@id":"https:\/\/bacusevents.com\/en\/#website"},"primaryImageOfPage":{"@id":"https:\/\/bacusevents.com\/en\/projects-congresses-and-conventions\/#primaryimage"},"image":{"@id":"https:\/\/bacusevents.com\/en\/projects-congresses-and-conventions\/#primaryimage"},"thumbnailUrl":"https:\/\/bacusevents.com\/wp-content\/uploads\/2020\/10\/Evento-desfile-internacional-1-Fashion-Global.jpg","datePublished":"2024-04-15T04:49:51+00:00","dateModified":"2025-03-04T18:14:10+00:00","description":"Discover how Bacus Events organizes congresses and conventions in Barcelona with professionalism and creativity. We transform every event into a unique experience, taking care of every detail to exceed your expectations. Make your congress a memorable success!","breadcrumb":{"@id":"https:\/\/bacusevents.com\/en\/projects-congresses-and-conventions\/#breadcrumb"},"inLanguage":"en-US","potentialAction":[{"@type":"ReadAction","target":["https:\/\/bacusevents.com\/en\/projects-congresses-and-conventions\/"]}]},{"@type":"ImageObject","inLanguage":"en-US","@id":"https:\/\/bacusevents.com\/en\/projects-congresses-and-conventions\/#primaryimage","url":"https:\/\/bacusevents.com\/wp-content\/uploads\/2020\/10\/Evento-desfile-internacional-1-Fashion-Global.jpg","contentUrl":"https:\/\/bacusevents.com\/wp-content\/uploads\/2020\/10\/Evento-desfile-internacional-1-Fashion-Global.jpg","width":1800,"height":1200,"caption":"Evento Internacional Fashion Global"},{"@type":"BreadcrumbList","@id":"https:\/\/bacusevents.com\/en\/projects-congresses-and-conventions\/#breadcrumb","itemListElement":[{"@type":"ListItem","position":1,"name":"Portada","item":"https:\/\/bacusevents.com\/en\/"},{"@type":"ListItem","position":2,"name":"PROJECTS &#8212; CONGRESSES AND CONVENTIONS"}]},{"@type":"WebSite","@id":"https:\/\/bacusevents.com\/en\/#website","url":"https:\/\/bacusevents.com\/en\/","name":"Bacus Events - Creaci\u00f3n y Organizaci\u00f3n de Eventos","description":"Bacus Events - Creaci\u00f3n y Organizaci\u00f3n de Eventos","publisher":{"@id":"https:\/\/bacusevents.com\/en\/#organization"},"potentialAction":[{"@type":"SearchAction","target":{"@type":"EntryPoint","urlTemplate":"https:\/\/bacusevents.com\/en\/?s={search_term_string}"},"query-input":{"@type":"PropertyValueSpecification","valueRequired":true,"valueName":"search_term_string"}}],"inLanguage":"en-US"},{"@type":"Organization","@id":"https:\/\/bacusevents.com\/en\/#organization","name":"Bacus Events - Creaci\u00f3n y Organizaci\u00f3n de Eventos","url":"https:\/\/bacusevents.com\/en\/","logo":{"@type":"ImageObject","inLanguage":"en-US","@id":"https:\/\/bacusevents.com\/en\/#\/schema\/logo\/image\/","url":"https:\/\/bacusevents.com\/wp-content\/uploads\/2025\/03\/BacusEvents-5.png","contentUrl":"https:\/\/bacusevents.com\/wp-content\/uploads\/2025\/03\/BacusEvents-5.png","width":393,"height":426,"caption":"Bacus Events - Creaci\u00f3n y Organizaci\u00f3n de Eventos"},"image":{"@id":"https:\/\/bacusevents.com\/en\/#\/schema\/logo\/image\/"},"sameAs":["https:\/\/www.facebook.com\/BacusEventos","https:\/\/www.instagram.com\/bacusevents\/","https:\/\/www.linkedin.com\/company\/1481874\/admin\/dashboard\/"]}]}},"_links":{"self":[{"href":"https:\/\/bacusevents.com\/en\/wp-json\/wp\/v2\/pages\/10673","targetHints":{"allow":["GET"]}}],"collection":[{"href":"https:\/\/bacusevents.com\/en\/wp-json\/wp\/v2\/pages"}],"about":[{"href":"https:\/\/bacusevents.com\/en\/wp-json\/wp\/v2\/types\/page"}],"author":[{"embeddable":true,"href":"https:\/\/bacusevents.com\/en\/wp-json\/wp\/v2\/users\/2"}],"replies":[{"embeddable":true,"href":"https:\/\/bacusevents.com\/en\/wp-json\/wp\/v2\/comments?post=10673"}],"version-history":[{"count":4,"href":"https:\/\/bacusevents.com\/en\/wp-json\/wp\/v2\/pages\/10673\/revisions"}],"predecessor-version":[{"id":11647,"href":"https:\/\/bacusevents.com\/en\/wp-json\/wp\/v2\/pages\/10673\/revisions\/11647"}],"wp:featuredmedia":[{"embeddable":true,"href":"https:\/\/bacusevents.com\/en\/wp-json\/wp\/v2\/media\/7604"}],"wp:attachment":[{"href":"https:\/\/bacusevents.com\/en\/wp-json\/wp\/v2\/media?parent=10673"}],"curies":[{"name":"wp","href":"https:\/\/api.w.org\/{rel}","templated":true}]}}