{"id":11057,"date":"2020-10-05T10:23:37","date_gmt":"2020-10-05T10:23:37","guid":{"rendered":"https:\/\/bacusevents.com\/portfolio-item\/23-bouyges-immobilier-inauguration-ibis-styles-city-bogatell\/"},"modified":"2024-05-01T05:56:57","modified_gmt":"2024-05-01T05:56:57","slug":"23-bouyges-immobilier-inauguration-ibis-styles-city-bogatell","status":"publish","type":"portfolio","link":"https:\/\/bacusevents.com\/en\/portfolio-item\/23-bouyges-immobilier-inauguration-ibis-styles-city-bogatell\/","title":{"rendered":"23-BOUYGES IMMOBILIER &#8211; Inauguration Ibis Styles City Bogatell"},"content":{"rendered":"<div id='full_slider_1' class='avia-fullwidth-slider main_color avia-shadow   avia-builder-el-0  el_before_av_one_third  avia-builder-el-first   container_wrap sidebar_right' style=' '  ><div  data-size='featured_large'  data-lightbox_size='large'  data-animation='slide'  data-conditional_play=''  data-ids='3977,3973,3976,3972,3971,3975,3969,3974,3970,3978,5129,5131'  data-video_counter='0'  data-autoplay='true'  data-bg_slider='false'  data-slide_height=''  data-handle='av_slideshow_full'  data-interval='5'  data-class=' '  data-css_id=''  data-scroll_down=''  data-control_layout='av-control-minimal av-control-minimal-dark'  data-custom_markup=''  data-perma_caption=''  data-autoplay_stopper=''  data-image_attachment=''  data-min_height='0px'  data-src=''  data-position='top left'  data-repeat='no-repeat'  data-attach='scroll'  data-stretch=''  data-default-height='42'  class='avia-slideshow avia-slideshow-1  av-control-minimal av-control-minimal-dark av-default-height-applied avia-slideshow-featured_large av_slideshow_full   avia-slide-slider '  itemprop=\"image\" itemscope=\"itemscope\" itemtype=\"https:\/\/schema.org\/ImageObject\" ><ul class='avia-slideshow-inner ' style='padding-bottom: 42%;' ><li  class=' slide-1 ' ><div data-rel='slideshow-1' class='avia-slide-wrap '   ><img src='https:\/\/bacusevents.com\/wp-content\/uploads\/2020\/10\/Evento-Inaguracion-Ibis-Styles-City-Bogatell-08-1500x630.jpg' width='1500' height='630' title='Evento-Inaguraci\u00f3n Ibis Styles City Bogatell - 08' alt=''  itemprop=\"thumbnailUrl\"   \/><\/div><\/li><li  class=' slide-2 ' ><div data-rel='slideshow-1' class='avia-slide-wrap '   ><img src='https:\/\/bacusevents.com\/wp-content\/uploads\/2020\/10\/Evento-Inaguracion-Ibis-Styles-City-Bogatell-04-1500x630.jpg' width='1500' height='630' title='Evento Inaguraci\u00f3n Ibis Styles City Bogatell' alt=''  itemprop=\"thumbnailUrl\"   \/><\/div><\/li><li  class=' slide-3 ' ><div data-rel='slideshow-1' class='avia-slide-wrap '   ><img src='https:\/\/bacusevents.com\/wp-content\/uploads\/2020\/10\/Evento-Inaguracion-Ibis-Styles-City-Bogatell-07-1500x630.jpg' width='1500' height='630' title='Evento Inaguraci\u00f3n Ibis Styles City Bogatell' alt=''  itemprop=\"thumbnailUrl\"   \/><\/div><\/li><li  class=' slide-4 ' ><div data-rel='slideshow-1' class='avia-slide-wrap '   ><img src='https:\/\/bacusevents.com\/wp-content\/uploads\/2020\/10\/Evento-Inaguracion-Ibis-Styles-City-Bogatell-02-1500x630.jpg' width='1500' height='630' title='Evento-Inaguraci\u00f3n Ibis Styles City Bogatell - 02' alt=''  itemprop=\"thumbnailUrl\"   \/><\/div><\/li><li  class=' slide-5 ' ><div data-rel='slideshow-1' class='avia-slide-wrap '   ><img src='https:\/\/bacusevents.com\/wp-content\/uploads\/2020\/10\/Evento-Inaguracion-Ibis-Styles-City-Bogatell-01-1500x630.jpg' width='1500' height='630' title='Evento-Inaguraci\u00f3n Ibis Styles City Bogatell - 01' alt=''  itemprop=\"thumbnailUrl\"   \/><\/div><\/li><li  class=' slide-6 ' ><div data-rel='slideshow-1' class='avia-slide-wrap '  title='Evento IInaguraci\u00f3n Ibis Styles City Bogatell' ><img src='https:\/\/bacusevents.com\/wp-content\/uploads\/2020\/10\/Evento-Inaguracion-Ibis-Styles-City-Bogatell-06-1500x630.jpg' width='1500' height='630' title='Evento Inaguraci\u00f3n Ibis Styles City Bogatell' alt=''  itemprop=\"thumbnailUrl\"   \/><\/div><\/li><li  class=' slide-7 ' ><div data-rel='slideshow-1' class='avia-slide-wrap '   ><img src='https:\/\/bacusevents.com\/wp-content\/uploads\/2020\/10\/Evento-Inaguracion-Ibis-Styles-City-Bogatell-10-1500x630.jpg' width='1500' height='630' title='Evento Inaguraci\u00f3n Ibis Styles City Bogatell' alt=''  itemprop=\"thumbnailUrl\"   \/><\/div><\/li><li  class=' slide-8 ' ><div data-rel='slideshow-1' class='avia-slide-wrap '   ><img src='https:\/\/bacusevents.com\/wp-content\/uploads\/2020\/10\/Evento-Inaguracion-Ibis-Styles-City-Bogatell-05-1500x630.jpg' width='1500' height='630' title='Evento-Inaguraci\u00f3n Ibis Styles City Bogatell - 05' alt=''  itemprop=\"thumbnailUrl\"   \/><\/div><\/li><li  class=' slide-9 ' ><div data-rel='slideshow-1' class='avia-slide-wrap '   ><img src='https:\/\/bacusevents.com\/wp-content\/uploads\/2020\/10\/Evento-Inaguracion-Ibis-Styles-City-Bogatell-03-1500x630.jpg' width='1500' height='630' title='Evento-Inaguraci\u00f3n Ibis Styles City Bogatell - 03' alt=''  itemprop=\"thumbnailUrl\"   \/><\/div><\/li><li  class=' slide-10 ' ><div data-rel='slideshow-1' class='avia-slide-wrap '   ><img src='https:\/\/bacusevents.com\/wp-content\/uploads\/2020\/10\/Evento-Inaguracion-Ibis-Styles-City-Bogatell-09-1500x630.jpg' width='1500' height='630' title='Evento Inaguraci\u00f3n Ibis Styles City Bogatell' alt=''  itemprop=\"thumbnailUrl\"   \/><\/div><\/li><li  class=' slide-11 ' ><div data-rel='slideshow-1' class='avia-slide-wrap '   ><img src='https:\/\/bacusevents.com\/wp-content\/uploads\/2020\/10\/IBIS-Styles-City-105-1417x630.jpg' width='1417' height='630' title='IBIS Styles City-105' alt=''  itemprop=\"thumbnailUrl\"   \/><\/div><\/li><li  class=' slide-12 ' ><div data-rel='slideshow-1' class='avia-slide-wrap '   ><img src='https:\/\/bacusevents.com\/wp-content\/uploads\/2020\/10\/IBIS-Styles-City-183-1417x630.jpg' width='1417' height='630' title='IBIS Styles City-183' alt=''  itemprop=\"thumbnailUrl\"   \/><\/div><\/li><\/ul><div class='avia-slideshow-arrows avia-slideshow-controls'><a href='#prev' class='prev-slide' aria-hidden='true' data-av_icon='\ue87c' data-av_iconfont='entypo-fontello'>Previous<\/a><a href='#next' class='next-slide' aria-hidden='true' data-av_icon='\ue87d' data-av_iconfont='entypo-fontello'>Next<\/a><\/div><div class='avia-slideshow-dots avia-slideshow-controls'><a href='#1' class='goto-slide active' >1<\/a><a href='#2' class='goto-slide ' >2<\/a><a href='#3' class='goto-slide ' >3<\/a><a href='#4' class='goto-slide ' >4<\/a><a href='#5' class='goto-slide ' >5<\/a><a href='#6' class='goto-slide ' >6<\/a><a href='#7' class='goto-slide ' >7<\/a><a href='#8' class='goto-slide ' >8<\/a><a href='#9' class='goto-slide ' >9<\/a><a href='#10' class='goto-slide ' >10<\/a><a href='#11' class='goto-slide ' >11<\/a><a href='#12' class='goto-slide ' >12<\/a><\/div><\/div><\/div><div id='after_full_slider_1' class='main_color av_default_container_wrap container_wrap sidebar_right' style=' '  ><div class='container' ><div class='template-page content  av-content-small alpha units'><div class='post-entry post-entry-type-page post-entry-11057'><div class='entry-content-wrapper clearfix'>\n<div class=\"flex_column av_one_third  flex_column_div first  avia-builder-el-1  el_after_av_slideshow_full  el_before_av_two_third  avia-builder-el-first  \" ><p><div style='padding-bottom:10px; color:#000000;font-size:30px;' class='av-special-heading av-special-heading-h1 custom-color-heading blockquote modern-quote  avia-builder-el-2  el_before_av_textblock  avia-builder-el-first   av-inherit-size '><h1 class='av-special-heading-tag '  itemprop=\"headline\"  >TECHNICAL DATA SHEET<\/h1><div class='special-heading-border'><div class='special-heading-inner-border' style='border-color:#000000'><\/div><\/div><\/div><br \/>\n<section class=\"av_textblock_section \"  itemscope=\"itemscope\" itemtype=\"https:\/\/schema.org\/CreativeWork\" ><div class='avia_textblock  '   itemprop=\"text\" ><p><span style=\"font-family: graphik-regular;\">Inauguration of the Hotel Ibis Style City Bogatell, Barcelona<\/span><\/p>\n<\/div><\/section><br \/>\n<div style=' margin-top:10px; margin-bottom:15px;'  class='hr hr-custom hr-left hr-icon-no   avia-builder-el-4  el_after_av_textblock  el_before_av_textblock '><span class='hr-inner   inner-border-av-border-fat' style=' width:50px; border-color:#000000;' ><span class='hr-inner-style'><\/span><\/span><\/div><br \/>\n<section class=\"av_textblock_section \"  itemscope=\"itemscope\" itemtype=\"https:\/\/schema.org\/CreativeWork\" ><div class='avia_textblock  '   itemprop=\"text\" ><p><span style=\"font-family: graphik-regular;\"><strong>Client:<\/strong> Bouyges Immobilier \/ Ibis Style City Bogatell<\/span><br \/>\n<span style=\"font-family: graphik-regular;\"> <strong>Type of event:<\/strong> Inauguration of Hotel Ibis Style City Bogatell<\/span><br \/>\n<span style=\"font-family: graphik-regular;\"> <strong>No. Attendees:<\/strong>  200pax<\/span><br \/>\n<span style=\"font-family: graphik-regular;\"> <strong>Location:<\/strong> Ibis Style City Bogatell Hotel, Barcelona<\/span><\/p>\n<\/div><\/section><\/p><\/div><div class=\"flex_column av_two_third  flex_column_div av-zero-column-padding   avia-builder-el-6  el_after_av_one_third  el_before_av_one_full  \" style='border-radius:0px; '><p><div style='padding-bottom:10px; color:#000000;font-size:30px;' class='av-special-heading av-special-heading-h1 custom-color-heading blockquote modern-quote  avia-builder-el-7  el_before_av_tab_container  avia-builder-el-first   av-inherit-size '><h1 class='av-special-heading-tag '  itemprop=\"headline\"  >BOUYGES IMMOBILIER &#8211; Inauguration Ibis Styles City Bogatell<\/h1><div class='special-heading-border'><div class='special-heading-inner-border' style='border-color:#000000'><\/div><\/div><\/div><br \/>\n<div class=\"tabcontainer   top_tab   avia-builder-el-8  el_after_av_heading  avia-builder-el-last  \">\n\n<section class=\"av_tab_section\"  itemscope=\"itemscope\" itemtype=\"https:\/\/schema.org\/CreativeWork\" >    <div aria-controls=\"tab-id-1\" role=\"tab\" tabindex=\"0\" data-fake-id=\"#tab-id-1\" class=\"tab active_tab\"  itemprop=\"headline\" >Creative idea<\/div>\n    <div id=\"tab-id-1-container\" class=\"tab_content active_tab_content\" aria-hidden=\"false\">\n        <div class=\"tab_inner_content invers-color\"  itemprop=\"text\" >\n<p><span style=\"font-family: graphik-regular;\">Following the hotel&#8217;s own image and design, a graphic line was created for the invitations, mailing call, photocall, and inauguration moment based on the same.<\/span><\/p>\n<p><span style=\"font-family: graphik-regular;\">We surprised the guests with a very innovative inauguration moment, making a mosaic with the same graphic image, making the hosts, at the time of the inauguration, had to complete the mosaic with the last 2 pieces of the mosaic, completing the final mosaic with their logos.<\/span><\/p>\n<p><span style=\"font-family: graphik-regular;\">A design and avant-garde image that perfectly linked the whole event.<\/span><\/p>\n<p><span style=\"font-family: graphik-regular;\">In addition, a social responsibility action was introduced, with the sponsorship of fruit trees, which were used to donate fruit to the local food bank. All represented with a little &#8220;mastic&#8221; tree as a gift to all the guests.<\/span><\/p>\n\n        <\/div>\n    <\/div>\n<\/section>\n\n<section class=\"av_tab_section\"  itemscope=\"itemscope\" itemtype=\"https:\/\/schema.org\/CreativeWork\" >    <div aria-controls=\"tab-id-2\" role=\"tab\" tabindex=\"0\" data-fake-id=\"#tab-id-2\" class=\"tab \"  itemprop=\"headline\" >Challenge<\/div>\n    <div id=\"tab-id-2-container\" class=\"tab_content \" aria-hidden=\"true\">\n        <div class=\"tab_inner_content invers-color\"  itemprop=\"text\" >\n<p><span style=\"font-family: graphik-regular;\">To get the right call for the event, and to integrate the event and the inauguration with the design and decorations of the hotel.<\/span><\/p>\n<p><span style=\"font-family: graphik-regular;\">Enhancing the avant-garde, youthful and modern design of the hotel with the inauguration and event planned.<\/span><\/p>\n\n        <\/div>\n    <\/div>\n<\/section>\n\n<section class=\"av_tab_section\"  itemscope=\"itemscope\" itemtype=\"https:\/\/schema.org\/CreativeWork\" >    <div aria-controls=\"tab-id-3\" role=\"tab\" tabindex=\"0\" data-fake-id=\"#tab-id-3\" class=\"tab \"  itemprop=\"headline\" >Result<\/div>\n    <div id=\"tab-id-3-container\" class=\"tab_content \" aria-hidden=\"true\">\n        <div class=\"tab_inner_content invers-color\"  itemprop=\"text\" >\n<p><span style=\"font-family: graphik-regular;\">Success in the call for participants and in the impact of the event. Bacus Eventos organized, produced and executed the entire event, with a perfect attendance of its clients, collaborators and employees. You will be able to enjoy a novel inauguration event, surprising entertainment and a cocktail party at the height of its standard of quality and service.<\/span><\/p>\n\n        <\/div>\n    <\/div>\n<\/section>\n\n<\/div>\n<\/p><\/div><div class=\"flex_column av_one_full  flex_column_div av-zero-column-padding first  avia-builder-el-9  el_after_av_two_third  el_before_av_one_full  column-top-margin\" style='border-radius:0px; '><div id='av-masonry-1' class='av-masonry  noHover av-fixed-size av-large-gap av-hover-overlay-active av-masonry-animation-active av-masonry-col-3 av-caption-always av-caption-style- av-masonry-gallery     '  ><div class='av-masonry-container isotope av-js-disabled ' ><div class='av-masonry-entry isotope-item av-masonry-item-no-image '><\/div><a href=\"https:\/\/bacusevents.com\/wp-content\/uploads\/2020\/10\/Evento-Inaguracion-Ibis-Styles-City-Bogatell-08-1030x687.jpg\" id='av-masonry-1-item-7588' data-av-masonry-item='7588' class='av-masonry-entry isotope-item post-7588 attachment type-attachment status-inherit hentry  av-masonry-item-with-image' title=\"Evento-Inaguraci\u00f3n Ibis Styles City Bogatell &#8211; 08\"  itemprop=\"thumbnailUrl\" ><div class='av-inner-masonry-sizer'><\/div><figure class='av-inner-masonry main_color'><div class=\"av-masonry-outerimage-container\"><div class=\"av-masonry-image-container\" style=\"background-image: url(https:\/\/bacusevents.com\/wp-content\/uploads\/2020\/10\/Evento-Inaguracion-Ibis-Styles-City-Bogatell-08-705x470.jpg);\" title=\"Evento-Inaguraci\u00f3n Ibis Styles City Bogatell &#8211; 08\" ><\/div><\/div><\/figure><\/a><!--end av-masonry entry--><a href=\"https:\/\/bacusevents.com\/wp-content\/uploads\/2020\/10\/Evento-Inaguracion-Ibis-Styles-City-Bogatell-04-1030x687.jpg\" id='av-masonry-1-item-7580' data-av-masonry-item='7580' class='av-masonry-entry isotope-item post-7580 attachment type-attachment status-inherit hentry  av-masonry-item-with-image' title=\"Evento Inaguraci\u00f3n Ibis Styles City Bogatell\"  itemprop=\"thumbnailUrl\" ><div class='av-inner-masonry-sizer'><\/div><figure class='av-inner-masonry main_color'><div class=\"av-masonry-outerimage-container\"><div class=\"av-masonry-image-container\" style=\"background-image: url(https:\/\/bacusevents.com\/wp-content\/uploads\/2020\/10\/Evento-Inaguracion-Ibis-Styles-City-Bogatell-04-705x470.jpg);\" title=\"Evento Inaguraci\u00f3n Ibis Styles City Bogatell\" ><\/div><\/div><\/figure><\/a><!--end av-masonry entry--><a href=\"https:\/\/bacusevents.com\/wp-content\/uploads\/2020\/10\/Evento-Inaguracion-Ibis-Styles-City-Bogatell-07-1030x687.jpg\" id='av-masonry-1-item-7586' data-av-masonry-item='7586' class='av-masonry-entry isotope-item post-7586 attachment type-attachment status-inherit hentry  av-masonry-item-with-image' title=\"Evento Inaguraci\u00f3n Ibis Styles City Bogatell\"  itemprop=\"thumbnailUrl\" ><div class='av-inner-masonry-sizer'><\/div><figure class='av-inner-masonry main_color'><div class=\"av-masonry-outerimage-container\"><div class=\"av-masonry-image-container\" style=\"background-image: url(https:\/\/bacusevents.com\/wp-content\/uploads\/2020\/10\/Evento-Inaguracion-Ibis-Styles-City-Bogatell-07-705x470.jpg);\" title=\"Evento Inaguraci\u00f3n Ibis Styles City Bogatell\" ><\/div><\/div><\/figure><\/a><!--end av-masonry entry--><a href=\"https:\/\/bacusevents.com\/wp-content\/uploads\/2020\/10\/Evento-Inaguracion-Ibis-Styles-City-Bogatell-02-1030x687.jpg\" id='av-masonry-1-item-7578' data-av-masonry-item='7578' class='av-masonry-entry isotope-item post-7578 attachment type-attachment status-inherit hentry  av-masonry-item-with-image' title=\"Evento-Inaguraci\u00f3n Ibis Styles City Bogatell &#8211; 02\"  itemprop=\"thumbnailUrl\" ><div class='av-inner-masonry-sizer'><\/div><figure class='av-inner-masonry main_color'><div class=\"av-masonry-outerimage-container\"><div class=\"av-masonry-image-container\" style=\"background-image: url(https:\/\/bacusevents.com\/wp-content\/uploads\/2020\/10\/Evento-Inaguracion-Ibis-Styles-City-Bogatell-02-705x470.jpg);\" title=\"Evento-Inaguraci\u00f3n Ibis Styles City Bogatell &#8211; 02\" ><\/div><\/div><\/figure><\/a><!--end av-masonry entry--><a href=\"https:\/\/bacusevents.com\/wp-content\/uploads\/2020\/10\/Evento-Inaguracion-Ibis-Styles-City-Bogatell-01-1030x687.jpg\" id='av-masonry-1-item-7576' data-av-masonry-item='7576' class='av-masonry-entry isotope-item post-7576 attachment type-attachment status-inherit hentry  av-masonry-item-with-image' title=\"Evento-Inaguraci\u00f3n Ibis Styles City Bogatell &#8211; 01\"  itemprop=\"thumbnailUrl\" ><div class='av-inner-masonry-sizer'><\/div><figure class='av-inner-masonry main_color'><div class=\"av-masonry-outerimage-container\"><div class=\"av-masonry-image-container\" style=\"background-image: url(https:\/\/bacusevents.com\/wp-content\/uploads\/2020\/10\/Evento-Inaguracion-Ibis-Styles-City-Bogatell-01-705x470.jpg);\" title=\"Evento-Inaguraci\u00f3n Ibis Styles City Bogatell &#8211; 01\" ><\/div><\/div><\/figure><\/a><!--end av-masonry entry--><a href=\"https:\/\/bacusevents.com\/wp-content\/uploads\/2020\/10\/Evento-Inaguracion-Ibis-Styles-City-Bogatell-06-1030x687.jpg\" id='av-masonry-1-item-7584' data-av-masonry-item='7584' class='av-masonry-entry isotope-item post-7584 attachment type-attachment status-inherit hentry  av-masonry-item-with-image' title=\"Evento Inaguraci\u00f3n Ibis Styles City Bogatell\"  itemprop=\"thumbnailUrl\" ><div class='av-inner-masonry-sizer'><\/div><figure class='av-inner-masonry main_color'><div class=\"av-masonry-outerimage-container\"><div class=\"av-masonry-image-container\" style=\"background-image: url(https:\/\/bacusevents.com\/wp-content\/uploads\/2020\/10\/Evento-Inaguracion-Ibis-Styles-City-Bogatell-06-705x470.jpg);\" title=\"Evento Inaguraci\u00f3n Ibis Styles City Bogatell\" ><\/div><\/div><\/figure><\/a><!--end av-masonry entry--><a href=\"https:\/\/bacusevents.com\/wp-content\/uploads\/2020\/10\/Evento-Inaguracion-Ibis-Styles-City-Bogatell-10-1030x687.jpg\" id='av-masonry-1-item-7572' data-av-masonry-item='7572' class='av-masonry-entry isotope-item post-7572 attachment type-attachment status-inherit hentry  av-masonry-item-with-image' title=\"Evento Inaguraci\u00f3n Ibis Styles City Bogatell\"  itemprop=\"thumbnailUrl\" ><div class='av-inner-masonry-sizer'><\/div><figure class='av-inner-masonry main_color'><div class=\"av-masonry-outerimage-container\"><div class=\"av-masonry-image-container\" style=\"background-image: url(https:\/\/bacusevents.com\/wp-content\/uploads\/2020\/10\/Evento-Inaguracion-Ibis-Styles-City-Bogatell-10-705x470.jpg);\" title=\"Evento Inaguraci\u00f3n Ibis Styles City Bogatell\" ><\/div><\/div><\/figure><\/a><!--end av-masonry entry--><a href=\"https:\/\/bacusevents.com\/wp-content\/uploads\/2020\/10\/Evento-Inaguracion-Ibis-Styles-City-Bogatell-05-1030x687.jpg\" id='av-masonry-1-item-7582' data-av-masonry-item='7582' class='av-masonry-entry isotope-item post-7582 attachment type-attachment status-inherit hentry  av-masonry-item-with-image' title=\"Evento-Inaguraci\u00f3n Ibis Styles City Bogatell &#8211; 05\"  itemprop=\"thumbnailUrl\" ><div class='av-inner-masonry-sizer'><\/div><figure class='av-inner-masonry main_color'><div class=\"av-masonry-outerimage-container\"><div class=\"av-masonry-image-container\" style=\"background-image: url(https:\/\/bacusevents.com\/wp-content\/uploads\/2020\/10\/Evento-Inaguracion-Ibis-Styles-City-Bogatell-05-705x470.jpg);\" title=\"Evento-Inaguraci\u00f3n Ibis Styles City Bogatell &#8211; 05\" ><\/div><\/div><\/figure><\/a><!--end av-masonry entry--><a href=\"https:\/\/bacusevents.com\/wp-content\/uploads\/2020\/10\/Evento-Inaguracion-Ibis-Styles-City-Bogatell-03-1030x687.jpg\" id='av-masonry-1-item-7574' data-av-masonry-item='7574' class='av-masonry-entry isotope-item post-7574 attachment type-attachment status-inherit hentry  av-masonry-item-with-image' title=\"Evento-Inaguraci\u00f3n Ibis Styles City Bogatell &#8211; 03\"  itemprop=\"thumbnailUrl\" ><div class='av-inner-masonry-sizer'><\/div><figure class='av-inner-masonry main_color'><div class=\"av-masonry-outerimage-container\"><div class=\"av-masonry-image-container\" style=\"background-image: url(https:\/\/bacusevents.com\/wp-content\/uploads\/2020\/10\/Evento-Inaguracion-Ibis-Styles-City-Bogatell-03-705x470.jpg);\" title=\"Evento-Inaguraci\u00f3n Ibis Styles City Bogatell &#8211; 03\" ><\/div><\/div><\/figure><\/a><!--end av-masonry entry--><a href=\"https:\/\/bacusevents.com\/wp-content\/uploads\/2020\/10\/Evento-Inaguracion-Ibis-Styles-City-Bogatell-09-1030x687.jpg\" id='av-masonry-1-item-7590' data-av-masonry-item='7590' class='av-masonry-entry isotope-item post-7590 attachment type-attachment status-inherit hentry  av-masonry-item-with-image' title=\"Evento Inaguraci\u00f3n Ibis Styles City Bogatell\"  itemprop=\"thumbnailUrl\" ><div class='av-inner-masonry-sizer'><\/div><figure class='av-inner-masonry main_color'><div class=\"av-masonry-outerimage-container\"><div class=\"av-masonry-image-container\" style=\"background-image: url(https:\/\/bacusevents.com\/wp-content\/uploads\/2020\/10\/Evento-Inaguracion-Ibis-Styles-City-Bogatell-09-705x470.jpg);\" title=\"Evento Inaguraci\u00f3n Ibis Styles City Bogatell\" ><\/div><\/div><\/figure><\/a><!--end av-masonry entry--><a href=\"https:\/\/bacusevents.com\/wp-content\/uploads\/2020\/10\/IBIS-Styles-City-105-1030x687.jpg\" id='av-masonry-1-item-8706' data-av-masonry-item='8706' class='av-masonry-entry isotope-item post-8706 attachment type-attachment status-inherit hentry  av-masonry-item-with-image' title=\"IBIS Styles City-105\"  itemprop=\"thumbnailUrl\" ><div class='av-inner-masonry-sizer'><\/div><figure class='av-inner-masonry main_color'><div class=\"av-masonry-outerimage-container\"><div class=\"av-masonry-image-container\" style=\"background-image: url(https:\/\/bacusevents.com\/wp-content\/uploads\/2020\/10\/IBIS-Styles-City-105-705x470.jpg);\" title=\"IBIS Styles City-105\" ><\/div><\/div><\/figure><\/a><!--end av-masonry entry--><a href=\"https:\/\/bacusevents.com\/wp-content\/uploads\/2020\/10\/IBIS-Styles-City-183-1030x686.jpg\" id='av-masonry-1-item-8708' data-av-masonry-item='8708' class='av-masonry-entry isotope-item post-8708 attachment type-attachment status-inherit hentry  av-masonry-item-with-image' title=\"IBIS Styles City-183\"  itemprop=\"thumbnailUrl\" ><div class='av-inner-masonry-sizer'><\/div><figure class='av-inner-masonry main_color'><div class=\"av-masonry-outerimage-container\"><div class=\"av-masonry-image-container\" style=\"background-image: url(https:\/\/bacusevents.com\/wp-content\/uploads\/2020\/10\/IBIS-Styles-City-183-705x470.jpg);\" title=\"IBIS Styles City-183\" ><\/div><\/div><\/figure><\/a><!--end av-masonry entry--><\/div><\/div><\/div><\/p>\n<div class=\"flex_column av_one_full  flex_column_div av-zero-column-padding first  avia-builder-el-11  el_after_av_one_full  el_before_av_section  avia-builder-el-last  column-top-margin\" style='border-radius:0px; '><div class='avia-button-wrap avia-button-center  avia-builder-el-12  avia-builder-el-no-sibling  '><a href='javascript: history.go(-1)'  class='avia-button   avia-icon_select-yes-left-icon avia-color-black avia-size-medium avia-position-center '   ><span class='avia_button_icon avia_button_icon_left ' aria-hidden='true' data-av_icon='\ue880' data-av_iconfont='entypo-fontello'><\/span><span class='avia_iconbox_title' >Back<\/span><\/a><\/div><\/div>\n<\/div><\/div><\/div><!-- close content main div --><\/div><\/div><div id='av_section_1' class='avia-section main_color avia-section-default avia-no-border-styling avia-bg-style-scroll  avia-builder-el-13  el_after_av_one_full  el_before_av_portfolio   container_wrap sidebar_right' style='background-color: #f8f8f8;  '  ><div class='container' ><div class='template-page content  av-content-small alpha units'><div class='post-entry post-entry-type-page post-entry-11057'><div class='entry-content-wrapper clearfix'>\n<div style='padding-bottom:0px; color:#000000;font-size:30px;' class='av-special-heading av-special-heading-h1 custom-color-heading blockquote modern-quote modern-centered  avia-builder-el-14  avia-builder-el-no-sibling   av-inherit-size '><h1 class='av-special-heading-tag '  itemprop=\"headline\"  >Recent events<\/h1><div class='special-heading-border'><div class='special-heading-inner-border' style='border-color:#000000'><\/div><\/div><\/div>\n\n<div class=' grid-sort-container isotope   no_margin-container with-excerpt-container grid-total-even grid-col-4 grid-links-' data-portfolio-id='1'><div data-ajax-id='11369' class=' grid-entry flex_column isotope-item all_sort no_margin post-entry post-entry-11369 grid-entry-overview grid-loop-1 grid-parity-odd  corporate-events_sort  av_one_fourth first default_av_fullwidth '><article class='main_color inner-entry'  itemscope=\"itemscope\" itemtype=\"https:\/\/schema.org\/CreativeWork\" ><a href='https:\/\/bacusevents.com\/en\/portfolio-item\/07-novarama-summer-party-2022\/' title='07-NOVARAMA - Summer Party 2022'  data-rel='grid-1' class='grid-image avia-hover-fx'><img decoding=\"async\" width=\"260\" height=\"174\" src=\"https:\/\/bacusevents.com\/wp-content\/uploads\/2023\/05\/16-BacusEvents_eventos_summerparty_novarama-1-scaled.jpg\" class=\"attachment-portfolio_small size-portfolio_small wp-post-image\" alt=\"\" srcset=\"https:\/\/bacusevents.com\/wp-content\/uploads\/2023\/05\/16-BacusEvents_eventos_summerparty_novarama-1-scaled.jpg 2560w, https:\/\/bacusevents.com\/wp-content\/uploads\/2023\/05\/16-BacusEvents_eventos_summerparty_novarama-1-scaled-768x512.jpg 768w, https:\/\/bacusevents.com\/wp-content\/uploads\/2023\/05\/16-BacusEvents_eventos_summerparty_novarama-1-scaled-445x296.jpg 445w, https:\/\/bacusevents.com\/wp-content\/uploads\/2023\/05\/16-BacusEvents_eventos_summerparty_novarama-1-412x275.jpg 412w\" sizes=\"(max-width: 260px) 100vw, 260px\" \/><\/a><div class='grid-content'><div class='avia-arrow'><\/div><header class=\"entry-content-header\"><h3 class='grid-entry-title entry-title '  itemprop=\"headline\" ><a href='https:\/\/bacusevents.com\/en\/portfolio-item\/07-novarama-summer-party-2022\/' title='07-NOVARAMA - Summer Party 2022'>07-NOVARAMA - Summer Party 2022<\/a><\/h3><\/header><\/div><footer class=\"entry-footer\"><\/footer><\/article><\/div><div data-ajax-id='11354' class=' grid-entry flex_column isotope-item all_sort no_margin post-entry post-entry-11354 grid-entry-overview grid-loop-2 grid-parity-even  fairs-and-stands_sort  av_one_fourth  default_av_fullwidth '><article class='main_color inner-entry'  itemscope=\"itemscope\" itemtype=\"https:\/\/schema.org\/CreativeWork\" ><a href='https:\/\/bacusevents.com\/en\/portfolio-item\/08-wallbox-barcelona-auto-show-stand\/' title='08-WALLBOX - Barcelona Auto Show. Stand'  data-rel='grid-1' class='grid-image avia-hover-fx'><img decoding=\"async\" width=\"260\" height=\"173\" src=\"https:\/\/bacusevents.com\/wp-content\/uploads\/2023\/05\/1-cotada-scaled.jpg\" class=\"attachment-portfolio_small size-portfolio_small wp-post-image\" alt=\"\" srcset=\"https:\/\/bacusevents.com\/wp-content\/uploads\/2023\/05\/1-cotada-scaled.jpg 2560w, https:\/\/bacusevents.com\/wp-content\/uploads\/2023\/05\/1-cotada-scaled-768x512.jpg 768w, https:\/\/bacusevents.com\/wp-content\/uploads\/2023\/05\/1-cotada-scaled-445x296.jpg 445w, https:\/\/bacusevents.com\/wp-content\/uploads\/2023\/05\/1-cotada-412x275.jpg 412w\" sizes=\"(max-width: 260px) 100vw, 260px\" \/><\/a><div class='grid-content'><div class='avia-arrow'><\/div><header class=\"entry-content-header\"><h3 class='grid-entry-title entry-title '  itemprop=\"headline\" ><a href='https:\/\/bacusevents.com\/en\/portfolio-item\/08-wallbox-barcelona-auto-show-stand\/' title='08-WALLBOX - Barcelona Auto Show. Stand'>08-WALLBOX - Barcelona Auto Show. Stand<\/a><\/h3><\/header><\/div><footer class=\"entry-footer\"><\/footer><\/article><\/div><div data-ajax-id='11339' class=' grid-entry flex_column isotope-item all_sort no_margin post-entry post-entry-11339 grid-entry-overview grid-loop-3 grid-parity-odd  product-presentation_sort  av_one_fourth  default_av_fullwidth '><article class='main_color inner-entry'  itemscope=\"itemscope\" itemtype=\"https:\/\/schema.org\/CreativeWork\" ><a href='https:\/\/bacusevents.com\/en\/portfolio-item\/25-motor-munich-presentation-bmw-s3\/' title='25-MOTOR MUNICH - Presentation BMW S3'  data-rel='grid-1' class='grid-image avia-hover-fx'><img decoding=\"async\" width=\"260\" height=\"185\" src=\"https:\/\/bacusevents.com\/wp-content\/uploads\/2023\/04\/BACUS_EVENTOS_AGENCIA_1-260x185.jpg\" class=\"attachment-portfolio_small size-portfolio_small wp-post-image\" alt=\"\" \/><\/a><div class='grid-content'><div class='avia-arrow'><\/div><header class=\"entry-content-header\"><h3 class='grid-entry-title entry-title '  itemprop=\"headline\" ><a href='https:\/\/bacusevents.com\/en\/portfolio-item\/25-motor-munich-presentation-bmw-s3\/' title='25-MOTOR MUNICH - Presentation BMW S3'>25-MOTOR MUNICH - Presentation BMW S3<\/a><\/h3><\/header><\/div><footer class=\"entry-footer\"><\/footer><\/article><\/div><div data-ajax-id='11322' class=' grid-entry flex_column isotope-item all_sort no_margin post-entry post-entry-11322 grid-entry-overview grid-loop-4 grid-parity-even  post-entry-last  fairs-and-stands_sort  av_one_fourth  default_av_fullwidth '><article class='main_color inner-entry'  itemscope=\"itemscope\" itemtype=\"https:\/\/schema.org\/CreativeWork\" ><a href='https:\/\/bacusevents.com\/en\/portfolio-item\/17-baywa-tektonica-lisbon-fair-stand\/' title='17-BAYWA - Tektonica Lisbon Fair. Stand'  data-rel='grid-1' class='grid-image avia-hover-fx'><img loading=\"lazy\" decoding=\"async\" width=\"260\" height=\"173\" src=\"https:\/\/bacusevents.com\/wp-content\/uploads\/2023\/05\/Baywa-Bacus-Events-eventos-feria-stand-11-scaled-e1752684930265.jpg\" class=\"attachment-portfolio_small size-portfolio_small wp-post-image\" alt=\"\" srcset=\"https:\/\/bacusevents.com\/wp-content\/uploads\/2023\/05\/Baywa-Bacus-Events-eventos-feria-stand-11-scaled-e1752684930265.jpg 2413w, https:\/\/bacusevents.com\/wp-content\/uploads\/2023\/05\/Baywa-Bacus-Events-eventos-feria-stand-11-scaled-e1752684930265-768x512.jpg 768w, https:\/\/bacusevents.com\/wp-content\/uploads\/2023\/05\/Baywa-Bacus-Events-eventos-feria-stand-11-scaled-e1752684930265-445x296.jpg 445w\" sizes=\"(max-width: 260px) 100vw, 260px\" \/><\/a><div class='grid-content'><div class='avia-arrow'><\/div><header class=\"entry-content-header\"><h3 class='grid-entry-title entry-title '  itemprop=\"headline\" ><a href='https:\/\/bacusevents.com\/en\/portfolio-item\/17-baywa-tektonica-lisbon-fair-stand\/' title='17-BAYWA - Tektonica Lisbon Fair. Stand'>17-BAYWA - Tektonica Lisbon Fair. Stand<\/a><\/h3><\/header><\/div><footer class=\"entry-footer\"><\/footer><\/article><\/div><\/div>\n","protected":false},"excerpt":{"rendered":"","protected":false},"featured_media":7588,"comment_status":"open","ping_status":"closed","template":"","tags":[],"portfolio_entries":[215],"class_list":["post-11057","portfolio","type-portfolio","status-publish","has-post-thumbnail","hentry","portfolio_entries-inaugurations"],"yoast_head":"<!-- This site is optimized with the Yoast SEO Premium plugin v27.0 (Yoast SEO v27.5) - https:\/\/yoast.com\/product\/yoast-seo-premium-wordpress\/ -->\n<title>23-BOUYGES IMMOBILIER - Inauguration Ibis Styles City Bogatell - Bacus Events - Creaci\u00f3n y Organizaci\u00f3n de Eventos<\/title>\n<meta name=\"robots\" content=\"index, follow, max-snippet:-1, max-image-preview:large, max-video-preview:-1\" \/>\n<link rel=\"canonical\" href=\"https:\/\/bacusevents.com\/en\/portfolio-item\/23-bouyges-immobilier-inauguration-ibis-styles-city-bogatell\/\" \/>\n<meta property=\"og:locale\" content=\"en_US\" \/>\n<meta property=\"og:type\" content=\"article\" \/>\n<meta property=\"og:title\" content=\"23-BOUYGES IMMOBILIER - Inauguration Ibis Styles City Bogatell\" \/>\n<meta property=\"og:url\" content=\"https:\/\/bacusevents.com\/en\/portfolio-item\/23-bouyges-immobilier-inauguration-ibis-styles-city-bogatell\/\" \/>\n<meta property=\"og:site_name\" content=\"Bacus Events - Creaci\u00f3n y Organizaci\u00f3n de Eventos\" \/>\n<meta property=\"article:publisher\" content=\"https:\/\/www.facebook.com\/BacusEventos\" \/>\n<meta property=\"article:modified_time\" content=\"2024-05-01T05:56:57+00:00\" \/>\n<meta property=\"og:image\" content=\"https:\/\/bacusevents.com\/wp-content\/uploads\/2020\/10\/Evento-Inaguracion-Ibis-Styles-City-Bogatell-08.jpg\" \/>\n\t<meta property=\"og:image:width\" content=\"1800\" \/>\n\t<meta property=\"og:image:height\" content=\"1200\" \/>\n\t<meta property=\"og:image:type\" content=\"image\/jpeg\" \/>\n<meta name=\"twitter:card\" content=\"summary_large_image\" \/>\n<meta name=\"twitter:label1\" content=\"Est. reading time\" \/>\n\t<meta name=\"twitter:data1\" content=\"14 minutes\" \/>\n<script type=\"application\/ld+json\" class=\"yoast-schema-graph\">{\"@context\":\"https:\\\/\\\/schema.org\",\"@graph\":[{\"@type\":\"WebPage\",\"@id\":\"https:\\\/\\\/bacusevents.com\\\/en\\\/portfolio-item\\\/23-bouyges-immobilier-inauguration-ibis-styles-city-bogatell\\\/\",\"url\":\"https:\\\/\\\/bacusevents.com\\\/en\\\/portfolio-item\\\/23-bouyges-immobilier-inauguration-ibis-styles-city-bogatell\\\/\",\"name\":\"23-BOUYGES IMMOBILIER - Inauguration Ibis Styles City Bogatell - Bacus Events - Creaci\u00f3n y Organizaci\u00f3n de Eventos\",\"isPartOf\":{\"@id\":\"https:\\\/\\\/bacusevents.com\\\/en\\\/#website\"},\"primaryImageOfPage\":{\"@id\":\"https:\\\/\\\/bacusevents.com\\\/en\\\/portfolio-item\\\/23-bouyges-immobilier-inauguration-ibis-styles-city-bogatell\\\/#primaryimage\"},\"image\":{\"@id\":\"https:\\\/\\\/bacusevents.com\\\/en\\\/portfolio-item\\\/23-bouyges-immobilier-inauguration-ibis-styles-city-bogatell\\\/#primaryimage\"},\"thumbnailUrl\":\"https:\\\/\\\/bacusevents.com\\\/wp-content\\\/uploads\\\/2020\\\/10\\\/Evento-Inaguracion-Ibis-Styles-City-Bogatell-08.jpg\",\"datePublished\":\"2020-10-05T10:23:37+00:00\",\"dateModified\":\"2024-05-01T05:56:57+00:00\",\"breadcrumb\":{\"@id\":\"https:\\\/\\\/bacusevents.com\\\/en\\\/portfolio-item\\\/23-bouyges-immobilier-inauguration-ibis-styles-city-bogatell\\\/#breadcrumb\"},\"inLanguage\":\"en-US\",\"potentialAction\":[{\"@type\":\"ReadAction\",\"target\":[\"https:\\\/\\\/bacusevents.com\\\/en\\\/portfolio-item\\\/23-bouyges-immobilier-inauguration-ibis-styles-city-bogatell\\\/\"]}]},{\"@type\":\"ImageObject\",\"inLanguage\":\"en-US\",\"@id\":\"https:\\\/\\\/bacusevents.com\\\/en\\\/portfolio-item\\\/23-bouyges-immobilier-inauguration-ibis-styles-city-bogatell\\\/#primaryimage\",\"url\":\"https:\\\/\\\/bacusevents.com\\\/wp-content\\\/uploads\\\/2020\\\/10\\\/Evento-Inaguracion-Ibis-Styles-City-Bogatell-08.jpg\",\"contentUrl\":\"https:\\\/\\\/bacusevents.com\\\/wp-content\\\/uploads\\\/2020\\\/10\\\/Evento-Inaguracion-Ibis-Styles-City-Bogatell-08.jpg\",\"width\":1800,\"height\":1200},{\"@type\":\"BreadcrumbList\",\"@id\":\"https:\\\/\\\/bacusevents.com\\\/en\\\/portfolio-item\\\/23-bouyges-immobilier-inauguration-ibis-styles-city-bogatell\\\/#breadcrumb\",\"itemListElement\":[{\"@type\":\"ListItem\",\"position\":1,\"name\":\"Portada\",\"item\":\"https:\\\/\\\/bacusevents.com\\\/en\\\/\"},{\"@type\":\"ListItem\",\"position\":2,\"name\":\"23-BOUYGES IMMOBILIER &#8211; Inauguration Ibis Styles City Bogatell\"}]},{\"@type\":\"WebSite\",\"@id\":\"https:\\\/\\\/bacusevents.com\\\/en\\\/#website\",\"url\":\"https:\\\/\\\/bacusevents.com\\\/en\\\/\",\"name\":\"Bacus Events - Creaci\u00f3n y Organizaci\u00f3n de Eventos\",\"description\":\"Bacus Events - Creaci\u00f3n y Organizaci\u00f3n de Eventos\",\"publisher\":{\"@id\":\"https:\\\/\\\/bacusevents.com\\\/en\\\/#organization\"},\"potentialAction\":[{\"@type\":\"SearchAction\",\"target\":{\"@type\":\"EntryPoint\",\"urlTemplate\":\"https:\\\/\\\/bacusevents.com\\\/en\\\/?s={search_term_string}\"},\"query-input\":{\"@type\":\"PropertyValueSpecification\",\"valueRequired\":true,\"valueName\":\"search_term_string\"}}],\"inLanguage\":\"en-US\"},{\"@type\":\"Organization\",\"@id\":\"https:\\\/\\\/bacusevents.com\\\/en\\\/#organization\",\"name\":\"Bacus Events - Creaci\u00f3n y Organizaci\u00f3n de Eventos\",\"url\":\"https:\\\/\\\/bacusevents.com\\\/en\\\/\",\"logo\":{\"@type\":\"ImageObject\",\"inLanguage\":\"en-US\",\"@id\":\"https:\\\/\\\/bacusevents.com\\\/en\\\/#\\\/schema\\\/logo\\\/image\\\/\",\"url\":\"https:\\\/\\\/bacusevents.com\\\/wp-content\\\/uploads\\\/2025\\\/03\\\/BacusEvents-5.png\",\"contentUrl\":\"https:\\\/\\\/bacusevents.com\\\/wp-content\\\/uploads\\\/2025\\\/03\\\/BacusEvents-5.png\",\"width\":393,\"height\":426,\"caption\":\"Bacus Events - Creaci\u00f3n y Organizaci\u00f3n de Eventos\"},\"image\":{\"@id\":\"https:\\\/\\\/bacusevents.com\\\/en\\\/#\\\/schema\\\/logo\\\/image\\\/\"},\"sameAs\":[\"https:\\\/\\\/www.facebook.com\\\/BacusEventos\",\"https:\\\/\\\/www.instagram.com\\\/bacusevents\\\/\",\"https:\\\/\\\/www.linkedin.com\\\/company\\\/1481874\\\/admin\\\/dashboard\\\/\"]}]}<\/script>\n<!-- \/ Yoast SEO Premium plugin. -->","yoast_head_json":{"title":"23-BOUYGES IMMOBILIER - Inauguration Ibis Styles City Bogatell - Bacus Events - Creaci\u00f3n y Organizaci\u00f3n de Eventos","robots":{"index":"index","follow":"follow","max-snippet":"max-snippet:-1","max-image-preview":"max-image-preview:large","max-video-preview":"max-video-preview:-1"},"canonical":"https:\/\/bacusevents.com\/en\/portfolio-item\/23-bouyges-immobilier-inauguration-ibis-styles-city-bogatell\/","og_locale":"en_US","og_type":"article","og_title":"23-BOUYGES IMMOBILIER - Inauguration Ibis Styles City Bogatell","og_url":"https:\/\/bacusevents.com\/en\/portfolio-item\/23-bouyges-immobilier-inauguration-ibis-styles-city-bogatell\/","og_site_name":"Bacus Events - Creaci\u00f3n y Organizaci\u00f3n de Eventos","article_publisher":"https:\/\/www.facebook.com\/BacusEventos","article_modified_time":"2024-05-01T05:56:57+00:00","og_image":[{"width":1800,"height":1200,"url":"https:\/\/bacusevents.com\/wp-content\/uploads\/2020\/10\/Evento-Inaguracion-Ibis-Styles-City-Bogatell-08.jpg","type":"image\/jpeg"}],"twitter_card":"summary_large_image","twitter_misc":{"Est. reading time":"14 minutes"},"schema":{"@context":"https:\/\/schema.org","@graph":[{"@type":"WebPage","@id":"https:\/\/bacusevents.com\/en\/portfolio-item\/23-bouyges-immobilier-inauguration-ibis-styles-city-bogatell\/","url":"https:\/\/bacusevents.com\/en\/portfolio-item\/23-bouyges-immobilier-inauguration-ibis-styles-city-bogatell\/","name":"23-BOUYGES IMMOBILIER - Inauguration Ibis Styles City Bogatell - Bacus Events - Creaci\u00f3n y Organizaci\u00f3n de Eventos","isPartOf":{"@id":"https:\/\/bacusevents.com\/en\/#website"},"primaryImageOfPage":{"@id":"https:\/\/bacusevents.com\/en\/portfolio-item\/23-bouyges-immobilier-inauguration-ibis-styles-city-bogatell\/#primaryimage"},"image":{"@id":"https:\/\/bacusevents.com\/en\/portfolio-item\/23-bouyges-immobilier-inauguration-ibis-styles-city-bogatell\/#primaryimage"},"thumbnailUrl":"https:\/\/bacusevents.com\/wp-content\/uploads\/2020\/10\/Evento-Inaguracion-Ibis-Styles-City-Bogatell-08.jpg","datePublished":"2020-10-05T10:23:37+00:00","dateModified":"2024-05-01T05:56:57+00:00","breadcrumb":{"@id":"https:\/\/bacusevents.com\/en\/portfolio-item\/23-bouyges-immobilier-inauguration-ibis-styles-city-bogatell\/#breadcrumb"},"inLanguage":"en-US","potentialAction":[{"@type":"ReadAction","target":["https:\/\/bacusevents.com\/en\/portfolio-item\/23-bouyges-immobilier-inauguration-ibis-styles-city-bogatell\/"]}]},{"@type":"ImageObject","inLanguage":"en-US","@id":"https:\/\/bacusevents.com\/en\/portfolio-item\/23-bouyges-immobilier-inauguration-ibis-styles-city-bogatell\/#primaryimage","url":"https:\/\/bacusevents.com\/wp-content\/uploads\/2020\/10\/Evento-Inaguracion-Ibis-Styles-City-Bogatell-08.jpg","contentUrl":"https:\/\/bacusevents.com\/wp-content\/uploads\/2020\/10\/Evento-Inaguracion-Ibis-Styles-City-Bogatell-08.jpg","width":1800,"height":1200},{"@type":"BreadcrumbList","@id":"https:\/\/bacusevents.com\/en\/portfolio-item\/23-bouyges-immobilier-inauguration-ibis-styles-city-bogatell\/#breadcrumb","itemListElement":[{"@type":"ListItem","position":1,"name":"Portada","item":"https:\/\/bacusevents.com\/en\/"},{"@type":"ListItem","position":2,"name":"23-BOUYGES IMMOBILIER &#8211; Inauguration Ibis Styles City Bogatell"}]},{"@type":"WebSite","@id":"https:\/\/bacusevents.com\/en\/#website","url":"https:\/\/bacusevents.com\/en\/","name":"Bacus Events - Creaci\u00f3n y Organizaci\u00f3n de Eventos","description":"Bacus Events - Creaci\u00f3n y Organizaci\u00f3n de Eventos","publisher":{"@id":"https:\/\/bacusevents.com\/en\/#organization"},"potentialAction":[{"@type":"SearchAction","target":{"@type":"EntryPoint","urlTemplate":"https:\/\/bacusevents.com\/en\/?s={search_term_string}"},"query-input":{"@type":"PropertyValueSpecification","valueRequired":true,"valueName":"search_term_string"}}],"inLanguage":"en-US"},{"@type":"Organization","@id":"https:\/\/bacusevents.com\/en\/#organization","name":"Bacus Events - Creaci\u00f3n y Organizaci\u00f3n de Eventos","url":"https:\/\/bacusevents.com\/en\/","logo":{"@type":"ImageObject","inLanguage":"en-US","@id":"https:\/\/bacusevents.com\/en\/#\/schema\/logo\/image\/","url":"https:\/\/bacusevents.com\/wp-content\/uploads\/2025\/03\/BacusEvents-5.png","contentUrl":"https:\/\/bacusevents.com\/wp-content\/uploads\/2025\/03\/BacusEvents-5.png","width":393,"height":426,"caption":"Bacus Events - Creaci\u00f3n y Organizaci\u00f3n de Eventos"},"image":{"@id":"https:\/\/bacusevents.com\/en\/#\/schema\/logo\/image\/"},"sameAs":["https:\/\/www.facebook.com\/BacusEventos","https:\/\/www.instagram.com\/bacusevents\/","https:\/\/www.linkedin.com\/company\/1481874\/admin\/dashboard\/"]}]}},"_links":{"self":[{"href":"https:\/\/bacusevents.com\/en\/wp-json\/wp\/v2\/portfolio\/11057","targetHints":{"allow":["GET"]}}],"collection":[{"href":"https:\/\/bacusevents.com\/en\/wp-json\/wp\/v2\/portfolio"}],"about":[{"href":"https:\/\/bacusevents.com\/en\/wp-json\/wp\/v2\/types\/portfolio"}],"replies":[{"embeddable":true,"href":"https:\/\/bacusevents.com\/en\/wp-json\/wp\/v2\/comments?post=11057"}],"version-history":[{"count":1,"href":"https:\/\/bacusevents.com\/en\/wp-json\/wp\/v2\/portfolio\/11057\/revisions"}],"predecessor-version":[{"id":11108,"href":"https:\/\/bacusevents.com\/en\/wp-json\/wp\/v2\/portfolio\/11057\/revisions\/11108"}],"wp:featuredmedia":[{"embeddable":true,"href":"https:\/\/bacusevents.com\/en\/wp-json\/wp\/v2\/media\/7588"}],"wp:attachment":[{"href":"https:\/\/bacusevents.com\/en\/wp-json\/wp\/v2\/media?parent=11057"}],"wp:term":[{"taxonomy":"post_tag","embeddable":true,"href":"https:\/\/bacusevents.com\/en\/wp-json\/wp\/v2\/tags?post=11057"},{"taxonomy":"portfolio_entries","embeddable":true,"href":"https:\/\/bacusevents.com\/en\/wp-json\/wp\/v2\/portfolio_entries?post=11057"}],"curies":[{"name":"wp","href":"https:\/\/api.w.org\/{rel}","templated":true}]}}